{"id":4789,"date":"2023-08-16T20:23:02","date_gmt":"2023-08-16T20:23:02","guid":{"rendered":"https:\/\/aroucafilmfestival.com\/?page_id=4789"},"modified":"2023-08-30T22:08:30","modified_gmt":"2023-08-30T22:08:30","slug":"juri-2023","status":"publish","type":"page","link":"http:\/\/aroucafilmfestival.com\/en\/festival-de-cinema\/arouca-film-festival-2023\/juri-2023\/","title":{"rendered":"Jury 2023"},"content":{"rendered":"<div data-elementor-type=\"wp-page\" data-elementor-id=\"4789\" class=\"elementor elementor-4789\">\n\t\t\t\t\t\t<section class=\"elementor-section elementor-top-section elementor-element elementor-element-06599c5 elementor-section-boxed elementor-section-height-default elementor-section-height-default wpr-particle-no wpr-jarallax-no wpr-parallax-no wpr-sticky-section-no\" data-id=\"06599c5\" data-element_type=\"section\" data-e-type=\"section\">\n\t\t\t\t\t\t<div class=\"elementor-container elementor-column-gap-default\">\n\t\t\t\t\t<div class=\"elementor-column elementor-col-100 elementor-top-column elementor-element elementor-element-c198178\" data-id=\"c198178\" data-element_type=\"column\" data-e-type=\"column\">\n\t\t\t<div class=\"elementor-widget-wrap elementor-element-populated\">\n\t\t\t\t\t\t<div class=\"elementor-element elementor-element-cd05102 elementor-widget elementor-widget-heading\" data-id=\"cd05102\" data-element_type=\"widget\" data-e-type=\"widget\" data-widget_type=\"heading.default\">\n\t\t\t\t\t<h1 class=\"elementor-heading-title elementor-size-default\">Juri Edi\u00e7\u00e3o 2023<\/h1>\t\t\t\t<\/div>\n\t\t\t\t\t<\/div>\n\t\t<\/div>\n\t\t\t\t\t<\/div>\n\t\t<\/section>\n\t\t\t\t<section class=\"elementor-section elementor-top-section elementor-element elementor-element-4f57ffe elementor-section-boxed elementor-section-height-default elementor-section-height-default wpr-particle-no wpr-jarallax-no wpr-parallax-no wpr-sticky-section-no\" data-id=\"4f57ffe\" data-element_type=\"section\" data-e-type=\"section\">\n\t\t\t\t\t\t<div class=\"elementor-container elementor-column-gap-default\">\n\t\t\t\t\t<div class=\"elementor-column elementor-col-100 elementor-top-column elementor-element elementor-element-95fe05d\" data-id=\"95fe05d\" data-element_type=\"column\" data-e-type=\"column\">\n\t\t\t<div class=\"elementor-widget-wrap elementor-element-populated\">\n\t\t\t\t\t\t<div class=\"elementor-element elementor-element-bf69047 elementor-widget elementor-widget-spacer\" data-id=\"bf69047\" data-element_type=\"widget\" data-e-type=\"widget\" data-widget_type=\"spacer.default\">\n\t\t\t\t\t\t\t<div class=\"elementor-spacer\">\n\t\t\t<div class=\"elementor-spacer-inner\"><\/div>\n\t\t<\/div>\n\t\t\t\t\t\t<\/div>\n\t\t\t\t<div class=\"elementor-element elementor-element-f9854ce elementor-widget elementor-widget-image\" data-id=\"f9854ce\" data-element_type=\"widget\" data-e-type=\"widget\" data-widget_type=\"image.default\">\n\t\t\t\t\t\t\t\t\t\t\t\t\t\t\t\t<a href=\"https:\/\/aroucafilmfestival.com\/wp-content\/uploads\/2023\/08\/2023_AFF_JURIS-Todos-copiar-scaled.jpg\" data-elementor-open-lightbox=\"yes\" data-elementor-lightbox-title=\"Juri Arouca Film Festival 2023\" data-elementor-lightbox-description=\"Juri Arouca Film Festival 2023\" data-e-action-hash=\"#elementor-action%3Aaction%3Dlightbox%26settings%3DeyJpZCI6NDgyOSwidXJsIjoiaHR0cHM6XC9cL2Fyb3VjYWZpbG1mZXN0aXZhbC5jb21cL3dwLWNvbnRlbnRcL3VwbG9hZHNcLzIwMjNcLzA4XC8yMDIzX0FGRl9KVVJJUy1Ub2Rvcy1jb3BpYXItc2NhbGVkLmpwZyJ9\">\n\t\t\t\t\t\t\t<img fetchpriority=\"high\" decoding=\"async\" width=\"808\" height=\"1024\" src=\"https:\/\/aroucafilmfestival.com\/wp-content\/uploads\/2023\/08\/2023_AFF_JURIS-Todos-copiar-808x1024.jpg\" class=\"attachment-large size-large wp-image-4829\" alt=\"Juri Arouca Film Festival 2023\" srcset=\"https:\/\/aroucafilmfestival.com\/wp-content\/uploads\/2023\/08\/2023_AFF_JURIS-Todos-copiar-808x1024.jpg 808w, https:\/\/aroucafilmfestival.com\/wp-content\/uploads\/2023\/08\/2023_AFF_JURIS-Todos-copiar-237x300.jpg 237w, https:\/\/aroucafilmfestival.com\/wp-content\/uploads\/2023\/08\/2023_AFF_JURIS-Todos-copiar-768x974.jpg 768w, https:\/\/aroucafilmfestival.com\/wp-content\/uploads\/2023\/08\/2023_AFF_JURIS-Todos-copiar-1211x1536.jpg 1211w, https:\/\/aroucafilmfestival.com\/wp-content\/uploads\/2023\/08\/2023_AFF_JURIS-Todos-copiar-1615x2048.jpg 1615w, https:\/\/aroucafilmfestival.com\/wp-content\/uploads\/2023\/08\/2023_AFF_JURIS-Todos-copiar-9x12.jpg 9w, https:\/\/aroucafilmfestival.com\/wp-content\/uploads\/2023\/08\/2023_AFF_JURIS-Todos-copiar-scaled.jpg 2019w\" sizes=\"(max-width: 808px) 100vw, 808px\" \/>\t\t\t\t\t\t\t\t<\/a>\n\t\t\t\t\t\t\t\t\t\t\t\t\t\t\t<\/div>\n\t\t\t\t<div class=\"elementor-element elementor-element-0fbc514 elementor-widget elementor-widget-spacer\" data-id=\"0fbc514\" data-element_type=\"widget\" data-e-type=\"widget\" data-widget_type=\"spacer.default\">\n\t\t\t\t\t\t\t<div class=\"elementor-spacer\">\n\t\t\t<div class=\"elementor-spacer-inner\"><\/div>\n\t\t<\/div>\n\t\t\t\t\t\t<\/div>\n\t\t\t\t\t<\/div>\n\t\t<\/div>\n\t\t\t\t\t<\/div>\n\t\t<\/section>\n\t\t\t\t<section class=\"elementor-section elementor-top-section elementor-element elementor-element-d861aba elementor-section-boxed elementor-section-height-default elementor-section-height-default wpr-particle-no wpr-jarallax-no wpr-parallax-no wpr-sticky-section-no\" data-id=\"d861aba\" data-element_type=\"section\" data-e-type=\"section\">\n\t\t\t\t\t\t<div class=\"elementor-container elementor-column-gap-default\">\n\t\t\t\t\t<div class=\"elementor-column elementor-col-50 elementor-top-column elementor-element elementor-element-40983bd\" data-id=\"40983bd\" data-element_type=\"column\" data-e-type=\"column\" data-settings=\"{&quot;background_background&quot;:&quot;classic&quot;}\">\n\t\t\t<div class=\"elementor-widget-wrap elementor-element-populated\">\n\t\t\t\t\t\t<div class=\"elementor-element elementor-element-32133db elementor-widget elementor-widget-image\" data-id=\"32133db\" data-element_type=\"widget\" data-e-type=\"widget\" data-widget_type=\"image.default\">\n\t\t\t\t\t\t\t\t\t\t\t\t\t\t\t<img decoding=\"async\" width=\"812\" height=\"1024\" src=\"https:\/\/aroucafilmfestival.com\/wp-content\/uploads\/2023\/08\/2023_AFF_JURIS_1-copiar-812x1024.jpg\" class=\"attachment-large size-large wp-image-4793\" alt=\"Juri Arouca Film Festival 2023\" srcset=\"https:\/\/aroucafilmfestival.com\/wp-content\/uploads\/2023\/08\/2023_AFF_JURIS_1-copiar-812x1024.jpg 812w, https:\/\/aroucafilmfestival.com\/wp-content\/uploads\/2023\/08\/2023_AFF_JURIS_1-copiar-238x300.jpg 238w, https:\/\/aroucafilmfestival.com\/wp-content\/uploads\/2023\/08\/2023_AFF_JURIS_1-copiar-768x969.jpg 768w, https:\/\/aroucafilmfestival.com\/wp-content\/uploads\/2023\/08\/2023_AFF_JURIS_1-copiar-1217x1536.jpg 1217w, https:\/\/aroucafilmfestival.com\/wp-content\/uploads\/2023\/08\/2023_AFF_JURIS_1-copiar-1623x2048.jpg 1623w, https:\/\/aroucafilmfestival.com\/wp-content\/uploads\/2023\/08\/2023_AFF_JURIS_1-copiar-10x12.jpg 10w, https:\/\/aroucafilmfestival.com\/wp-content\/uploads\/2023\/08\/2023_AFF_JURIS_1-copiar-scaled.jpg 2029w\" sizes=\"(max-width: 812px) 100vw, 812px\" \/>\t\t\t\t\t\t\t\t\t\t\t\t\t\t\t<\/div>\n\t\t\t\t<div class=\"elementor-element elementor-element-52b8c8b elementor-widget__width-inherit elementor-widget elementor-widget-heading\" data-id=\"52b8c8b\" data-element_type=\"widget\" data-e-type=\"widget\" data-widget_type=\"heading.default\">\n\t\t\t\t\t<h2 class=\"elementor-heading-title elementor-size-default\">vicente alves do \u00f3<\/h2>\t\t\t\t<\/div>\n\t\t\t\t\t<\/div>\n\t\t<\/div>\n\t\t\t\t<div class=\"elementor-column elementor-col-50 elementor-top-column elementor-element elementor-element-d6e01b9\" data-id=\"d6e01b9\" data-element_type=\"column\" data-e-type=\"column\" data-settings=\"{&quot;background_background&quot;:&quot;classic&quot;}\">\n\t\t\t<div class=\"elementor-widget-wrap elementor-element-populated\">\n\t\t\t\t\t\t<div class=\"elementor-element elementor-element-2574143 elementor-widget elementor-widget-image\" data-id=\"2574143\" data-element_type=\"widget\" data-e-type=\"widget\" data-widget_type=\"image.default\">\n\t\t\t\t\t\t\t\t\t\t\t\t\t\t\t<img decoding=\"async\" width=\"812\" height=\"1024\" src=\"https:\/\/aroucafilmfestival.com\/wp-content\/uploads\/2023\/08\/2023_AFF_JURIS_2-copiar-812x1024.jpg\" class=\"attachment-large size-large wp-image-4794\" alt=\"Juri Arouca Film Festival 2023\" srcset=\"https:\/\/aroucafilmfestival.com\/wp-content\/uploads\/2023\/08\/2023_AFF_JURIS_2-copiar-812x1024.jpg 812w, https:\/\/aroucafilmfestival.com\/wp-content\/uploads\/2023\/08\/2023_AFF_JURIS_2-copiar-238x300.jpg 238w, https:\/\/aroucafilmfestival.com\/wp-content\/uploads\/2023\/08\/2023_AFF_JURIS_2-copiar-768x969.jpg 768w, https:\/\/aroucafilmfestival.com\/wp-content\/uploads\/2023\/08\/2023_AFF_JURIS_2-copiar-1218x1536.jpg 1218w, https:\/\/aroucafilmfestival.com\/wp-content\/uploads\/2023\/08\/2023_AFF_JURIS_2-copiar-1624x2048.jpg 1624w, https:\/\/aroucafilmfestival.com\/wp-content\/uploads\/2023\/08\/2023_AFF_JURIS_2-copiar-10x12.jpg 10w, https:\/\/aroucafilmfestival.com\/wp-content\/uploads\/2023\/08\/2023_AFF_JURIS_2-copiar-scaled.jpg 2030w\" sizes=\"(max-width: 812px) 100vw, 812px\" \/>\t\t\t\t\t\t\t\t\t\t\t\t\t\t\t<\/div>\n\t\t\t\t<div class=\"elementor-element elementor-element-d34e653 elementor-widget__width-inherit elementor-widget elementor-widget-heading\" data-id=\"d34e653\" data-element_type=\"widget\" data-e-type=\"widget\" data-widget_type=\"heading.default\">\n\t\t\t\t\t<h2 class=\"elementor-heading-title elementor-size-default\">amy beth clarke<\/h2>\t\t\t\t<\/div>\n\t\t\t\t\t<\/div>\n\t\t<\/div>\n\t\t\t\t\t<\/div>\n\t\t<\/section>\n\t\t\t\t<section class=\"elementor-section elementor-top-section elementor-element elementor-element-514b77b elementor-section-boxed elementor-section-height-default elementor-section-height-default wpr-particle-no wpr-jarallax-no wpr-parallax-no wpr-sticky-section-no\" data-id=\"514b77b\" data-element_type=\"section\" data-e-type=\"section\">\n\t\t\t\t\t\t<div class=\"elementor-container elementor-column-gap-default\">\n\t\t\t\t\t<div class=\"elementor-column elementor-col-50 elementor-top-column elementor-element elementor-element-71e2911\" data-id=\"71e2911\" data-element_type=\"column\" data-e-type=\"column\" data-settings=\"{&quot;background_background&quot;:&quot;classic&quot;}\">\n\t\t\t<div class=\"elementor-widget-wrap elementor-element-populated\">\n\t\t\t\t\t\t<div class=\"elementor-element elementor-element-f191cfa elementor-widget elementor-widget-image\" data-id=\"f191cfa\" data-element_type=\"widget\" data-e-type=\"widget\" data-widget_type=\"image.default\">\n\t\t\t\t\t\t\t\t\t\t\t\t\t\t\t<img loading=\"lazy\" decoding=\"async\" width=\"811\" height=\"1024\" src=\"https:\/\/aroucafilmfestival.com\/wp-content\/uploads\/2023\/08\/2023_AFF_JURIS_3-copiar-811x1024.jpg\" class=\"attachment-large size-large wp-image-4795\" alt=\"Juri Arouca Film Festival 2023\" srcset=\"https:\/\/aroucafilmfestival.com\/wp-content\/uploads\/2023\/08\/2023_AFF_JURIS_3-copiar-811x1024.jpg 811w, https:\/\/aroucafilmfestival.com\/wp-content\/uploads\/2023\/08\/2023_AFF_JURIS_3-copiar-237x300.jpg 237w, https:\/\/aroucafilmfestival.com\/wp-content\/uploads\/2023\/08\/2023_AFF_JURIS_3-copiar-768x970.jpg 768w, https:\/\/aroucafilmfestival.com\/wp-content\/uploads\/2023\/08\/2023_AFF_JURIS_3-copiar-1216x1536.jpg 1216w, https:\/\/aroucafilmfestival.com\/wp-content\/uploads\/2023\/08\/2023_AFF_JURIS_3-copiar-1621x2048.jpg 1621w, https:\/\/aroucafilmfestival.com\/wp-content\/uploads\/2023\/08\/2023_AFF_JURIS_3-copiar-9x12.jpg 9w, https:\/\/aroucafilmfestival.com\/wp-content\/uploads\/2023\/08\/2023_AFF_JURIS_3-copiar-scaled.jpg 2027w\" sizes=\"(max-width: 811px) 100vw, 811px\" \/>\t\t\t\t\t\t\t\t\t\t\t\t\t\t\t<\/div>\n\t\t\t\t<div class=\"elementor-element elementor-element-a93a945 elementor-widget__width-inherit elementor-widget elementor-widget-heading\" data-id=\"a93a945\" data-element_type=\"widget\" data-e-type=\"widget\" data-widget_type=\"heading.default\">\n\t\t\t\t\t<h2 class=\"elementor-heading-title elementor-size-default\">fernando pinho<\/h2>\t\t\t\t<\/div>\n\t\t\t\t\t<\/div>\n\t\t<\/div>\n\t\t\t\t<div class=\"elementor-column elementor-col-50 elementor-top-column elementor-element elementor-element-efd2756\" data-id=\"efd2756\" data-element_type=\"column\" data-e-type=\"column\" data-settings=\"{&quot;background_background&quot;:&quot;classic&quot;}\">\n\t\t\t<div class=\"elementor-widget-wrap elementor-element-populated\">\n\t\t\t\t\t\t<div class=\"elementor-element elementor-element-5419182 elementor-widget elementor-widget-image\" data-id=\"5419182\" data-element_type=\"widget\" data-e-type=\"widget\" data-widget_type=\"image.default\">\n\t\t\t\t\t\t\t\t\t\t\t\t\t\t\t<img loading=\"lazy\" decoding=\"async\" width=\"812\" height=\"1024\" src=\"https:\/\/aroucafilmfestival.com\/wp-content\/uploads\/2023\/08\/2023_AFF_JURIS_4-copiar-812x1024.jpg\" class=\"attachment-large size-large wp-image-4796\" alt=\"Juri Arouca Film Festival 2023\" srcset=\"https:\/\/aroucafilmfestival.com\/wp-content\/uploads\/2023\/08\/2023_AFF_JURIS_4-copiar-812x1024.jpg 812w, https:\/\/aroucafilmfestival.com\/wp-content\/uploads\/2023\/08\/2023_AFF_JURIS_4-copiar-238x300.jpg 238w, https:\/\/aroucafilmfestival.com\/wp-content\/uploads\/2023\/08\/2023_AFF_JURIS_4-copiar-768x969.jpg 768w, https:\/\/aroucafilmfestival.com\/wp-content\/uploads\/2023\/08\/2023_AFF_JURIS_4-copiar-1218x1536.jpg 1218w, https:\/\/aroucafilmfestival.com\/wp-content\/uploads\/2023\/08\/2023_AFF_JURIS_4-copiar-1624x2048.jpg 1624w, https:\/\/aroucafilmfestival.com\/wp-content\/uploads\/2023\/08\/2023_AFF_JURIS_4-copiar-10x12.jpg 10w, https:\/\/aroucafilmfestival.com\/wp-content\/uploads\/2023\/08\/2023_AFF_JURIS_4-copiar-scaled.jpg 2030w\" sizes=\"(max-width: 812px) 100vw, 812px\" \/>\t\t\t\t\t\t\t\t\t\t\t\t\t\t\t<\/div>\n\t\t\t\t<div class=\"elementor-element elementor-element-4e5e25e elementor-widget__width-inherit elementor-widget elementor-widget-heading\" data-id=\"4e5e25e\" data-element_type=\"widget\" data-e-type=\"widget\" data-widget_type=\"heading.default\">\n\t\t\t\t\t<h2 class=\"elementor-heading-title elementor-size-default\">mike beddoes<\/h2>\t\t\t\t<\/div>\n\t\t\t\t\t<\/div>\n\t\t<\/div>\n\t\t\t\t\t<\/div>\n\t\t<\/section>\n\t\t\t\t<section class=\"elementor-section elementor-top-section elementor-element elementor-element-ea644a2 elementor-section-boxed elementor-section-height-default elementor-section-height-default wpr-particle-no wpr-jarallax-no wpr-parallax-no wpr-sticky-section-no\" data-id=\"ea644a2\" data-element_type=\"section\" data-e-type=\"section\">\n\t\t\t\t\t\t<div class=\"elementor-container elementor-column-gap-default\">\n\t\t\t\t\t<div class=\"elementor-column elementor-col-50 elementor-top-column elementor-element elementor-element-ef2b27c\" data-id=\"ef2b27c\" data-element_type=\"column\" data-e-type=\"column\" data-settings=\"{&quot;background_background&quot;:&quot;classic&quot;}\">\n\t\t\t<div class=\"elementor-widget-wrap elementor-element-populated\">\n\t\t\t\t\t\t<div class=\"elementor-element elementor-element-23911a4 elementor-widget elementor-widget-image\" data-id=\"23911a4\" data-element_type=\"widget\" data-e-type=\"widget\" data-widget_type=\"image.default\">\n\t\t\t\t\t\t\t\t\t\t\t\t\t\t\t<img loading=\"lazy\" decoding=\"async\" width=\"810\" height=\"1024\" src=\"https:\/\/aroucafilmfestival.com\/wp-content\/uploads\/2023\/08\/2023_AFF_JURIS_5-copiar-810x1024.jpg\" class=\"attachment-large size-large wp-image-4797\" alt=\"Juri Arouca Film Festival 2023\" srcset=\"https:\/\/aroucafilmfestival.com\/wp-content\/uploads\/2023\/08\/2023_AFF_JURIS_5-copiar-810x1024.jpg 810w, https:\/\/aroucafilmfestival.com\/wp-content\/uploads\/2023\/08\/2023_AFF_JURIS_5-copiar-237x300.jpg 237w, https:\/\/aroucafilmfestival.com\/wp-content\/uploads\/2023\/08\/2023_AFF_JURIS_5-copiar-768x970.jpg 768w, https:\/\/aroucafilmfestival.com\/wp-content\/uploads\/2023\/08\/2023_AFF_JURIS_5-copiar-1216x1536.jpg 1216w, https:\/\/aroucafilmfestival.com\/wp-content\/uploads\/2023\/08\/2023_AFF_JURIS_5-copiar-1621x2048.jpg 1621w, https:\/\/aroucafilmfestival.com\/wp-content\/uploads\/2023\/08\/2023_AFF_JURIS_5-copiar-9x12.jpg 9w, https:\/\/aroucafilmfestival.com\/wp-content\/uploads\/2023\/08\/2023_AFF_JURIS_5-copiar-scaled.jpg 2026w\" sizes=\"(max-width: 810px) 100vw, 810px\" \/>\t\t\t\t\t\t\t\t\t\t\t\t\t\t\t<\/div>\n\t\t\t\t<div class=\"elementor-element elementor-element-21c4fbd elementor-widget__width-inherit elementor-widget elementor-widget-heading\" data-id=\"21c4fbd\" data-element_type=\"widget\" data-e-type=\"widget\" data-widget_type=\"heading.default\">\n\t\t\t\t\t<h2 class=\"elementor-heading-title elementor-size-default\">c\u00e9sar nobrega<\/h2>\t\t\t\t<\/div>\n\t\t\t\t\t<\/div>\n\t\t<\/div>\n\t\t\t\t<div class=\"elementor-column elementor-col-50 elementor-top-column elementor-element elementor-element-c535878\" data-id=\"c535878\" data-element_type=\"column\" data-e-type=\"column\" data-settings=\"{&quot;background_background&quot;:&quot;classic&quot;}\">\n\t\t\t<div class=\"elementor-widget-wrap elementor-element-populated\">\n\t\t\t\t\t\t<div class=\"elementor-element elementor-element-b3bd3ea elementor-widget elementor-widget-image\" data-id=\"b3bd3ea\" data-element_type=\"widget\" data-e-type=\"widget\" data-widget_type=\"image.default\">\n\t\t\t\t\t\t\t\t\t\t\t\t\t\t\t<img loading=\"lazy\" decoding=\"async\" width=\"804\" height=\"1024\" src=\"https:\/\/aroucafilmfestival.com\/wp-content\/uploads\/2023\/08\/2023_AFF_JURIS-Ines-copiar-804x1024.jpg\" class=\"attachment-large size-large wp-image-4830\" alt=\"Juri Arouca Film Festival 2023\" srcset=\"https:\/\/aroucafilmfestival.com\/wp-content\/uploads\/2023\/08\/2023_AFF_JURIS-Ines-copiar-804x1024.jpg 804w, https:\/\/aroucafilmfestival.com\/wp-content\/uploads\/2023\/08\/2023_AFF_JURIS-Ines-copiar-235x300.jpg 235w, https:\/\/aroucafilmfestival.com\/wp-content\/uploads\/2023\/08\/2023_AFF_JURIS-Ines-copiar-768x979.jpg 768w, https:\/\/aroucafilmfestival.com\/wp-content\/uploads\/2023\/08\/2023_AFF_JURIS-Ines-copiar-1205x1536.jpg 1205w, https:\/\/aroucafilmfestival.com\/wp-content\/uploads\/2023\/08\/2023_AFF_JURIS-Ines-copiar-1607x2048.jpg 1607w, https:\/\/aroucafilmfestival.com\/wp-content\/uploads\/2023\/08\/2023_AFF_JURIS-Ines-copiar-9x12.jpg 9w, https:\/\/aroucafilmfestival.com\/wp-content\/uploads\/2023\/08\/2023_AFF_JURIS-Ines-copiar-scaled.jpg 2009w\" sizes=\"(max-width: 804px) 100vw, 804px\" \/>\t\t\t\t\t\t\t\t\t\t\t\t\t\t\t<\/div>\n\t\t\t\t<div class=\"elementor-element elementor-element-62f5202 elementor-widget__width-inherit elementor-widget elementor-widget-heading\" data-id=\"62f5202\" data-element_type=\"widget\" data-e-type=\"widget\" data-widget_type=\"heading.default\">\n\t\t\t\t\t<h2 class=\"elementor-heading-title elementor-size-default\">in\u00eas marques<\/h2>\t\t\t\t<\/div>\n\t\t\t\t\t<\/div>\n\t\t<\/div>\n\t\t\t\t\t<\/div>\n\t\t<\/section>\n\t\t\t\t<section class=\"elementor-section elementor-top-section elementor-element elementor-element-f531031 elementor-section-boxed elementor-section-height-default elementor-section-height-default wpr-particle-no wpr-jarallax-no wpr-parallax-no wpr-sticky-section-no\" data-id=\"f531031\" data-element_type=\"section\" data-e-type=\"section\">\n\t\t\t\t\t\t<div class=\"elementor-container elementor-column-gap-default\">\n\t\t\t\t\t<div class=\"elementor-column elementor-col-50 elementor-top-column elementor-element elementor-element-f84caa9\" data-id=\"f84caa9\" data-element_type=\"column\" data-e-type=\"column\" data-settings=\"{&quot;background_background&quot;:&quot;classic&quot;}\">\n\t\t\t<div class=\"elementor-widget-wrap elementor-element-populated\">\n\t\t\t\t\t\t<div class=\"elementor-element elementor-element-cab2ab8 elementor-widget elementor-widget-image\" data-id=\"cab2ab8\" data-element_type=\"widget\" data-e-type=\"widget\" data-widget_type=\"image.default\">\n\t\t\t\t\t\t\t\t\t\t\t\t\t\t\t<img loading=\"lazy\" decoding=\"async\" width=\"809\" height=\"1024\" src=\"https:\/\/aroucafilmfestival.com\/wp-content\/uploads\/2023\/08\/2023_AFF_JURIS_7-copiar-809x1024.jpg\" class=\"attachment-large size-large wp-image-4799\" alt=\"Juri Arouca Film Festival 2023\" srcset=\"https:\/\/aroucafilmfestival.com\/wp-content\/uploads\/2023\/08\/2023_AFF_JURIS_7-copiar-809x1024.jpg 809w, https:\/\/aroucafilmfestival.com\/wp-content\/uploads\/2023\/08\/2023_AFF_JURIS_7-copiar-237x300.jpg 237w, https:\/\/aroucafilmfestival.com\/wp-content\/uploads\/2023\/08\/2023_AFF_JURIS_7-copiar-768x973.jpg 768w, https:\/\/aroucafilmfestival.com\/wp-content\/uploads\/2023\/08\/2023_AFF_JURIS_7-copiar-1213x1536.jpg 1213w, https:\/\/aroucafilmfestival.com\/wp-content\/uploads\/2023\/08\/2023_AFF_JURIS_7-copiar-1617x2048.jpg 1617w, https:\/\/aroucafilmfestival.com\/wp-content\/uploads\/2023\/08\/2023_AFF_JURIS_7-copiar-9x12.jpg 9w, https:\/\/aroucafilmfestival.com\/wp-content\/uploads\/2023\/08\/2023_AFF_JURIS_7-copiar-scaled.jpg 2021w\" sizes=\"(max-width: 809px) 100vw, 809px\" \/>\t\t\t\t\t\t\t\t\t\t\t\t\t\t\t<\/div>\n\t\t\t\t<div class=\"elementor-element elementor-element-d3e669c elementor-widget__width-inherit elementor-widget elementor-widget-heading\" data-id=\"d3e669c\" data-element_type=\"widget\" data-e-type=\"widget\" data-widget_type=\"heading.default\">\n\t\t\t\t\t<h2 class=\"elementor-heading-title elementor-size-default\">lu\u00eds fardilha<\/h2>\t\t\t\t<\/div>\n\t\t\t\t\t<\/div>\n\t\t<\/div>\n\t\t\t\t<div class=\"elementor-column elementor-col-50 elementor-top-column elementor-element elementor-element-02ee823\" data-id=\"02ee823\" data-element_type=\"column\" data-e-type=\"column\" data-settings=\"{&quot;background_background&quot;:&quot;classic&quot;}\">\n\t\t\t<div class=\"elementor-widget-wrap elementor-element-populated\">\n\t\t\t\t\t\t<div class=\"elementor-element elementor-element-c3c7722 elementor-widget elementor-widget-image\" data-id=\"c3c7722\" data-element_type=\"widget\" data-e-type=\"widget\" data-widget_type=\"image.default\">\n\t\t\t\t\t\t\t\t\t\t\t\t\t\t\t<img loading=\"lazy\" decoding=\"async\" width=\"812\" height=\"1024\" src=\"https:\/\/aroucafilmfestival.com\/wp-content\/uploads\/2023\/08\/2023_AFF_JURIS_8-copiar-812x1024.jpg\" class=\"attachment-large size-large wp-image-4800\" alt=\"Juri Arouca Film Festival 2023\" srcset=\"https:\/\/aroucafilmfestival.com\/wp-content\/uploads\/2023\/08\/2023_AFF_JURIS_8-copiar-812x1024.jpg 812w, https:\/\/aroucafilmfestival.com\/wp-content\/uploads\/2023\/08\/2023_AFF_JURIS_8-copiar-238x300.jpg 238w, https:\/\/aroucafilmfestival.com\/wp-content\/uploads\/2023\/08\/2023_AFF_JURIS_8-copiar-768x969.jpg 768w, https:\/\/aroucafilmfestival.com\/wp-content\/uploads\/2023\/08\/2023_AFF_JURIS_8-copiar-1217x1536.jpg 1217w, https:\/\/aroucafilmfestival.com\/wp-content\/uploads\/2023\/08\/2023_AFF_JURIS_8-copiar-1623x2048.jpg 1623w, https:\/\/aroucafilmfestival.com\/wp-content\/uploads\/2023\/08\/2023_AFF_JURIS_8-copiar-10x12.jpg 10w, https:\/\/aroucafilmfestival.com\/wp-content\/uploads\/2023\/08\/2023_AFF_JURIS_8-copiar-scaled.jpg 2029w\" sizes=\"(max-width: 812px) 100vw, 812px\" \/>\t\t\t\t\t\t\t\t\t\t\t\t\t\t\t<\/div>\n\t\t\t\t<div class=\"elementor-element elementor-element-ba742ef elementor-widget__width-inherit elementor-widget elementor-widget-heading\" data-id=\"ba742ef\" data-element_type=\"widget\" data-e-type=\"widget\" data-widget_type=\"heading.default\">\n\t\t\t\t\t<h2 class=\"elementor-heading-title elementor-size-default\">fernando m. pinho<\/h2>\t\t\t\t<\/div>\n\t\t\t\t\t<\/div>\n\t\t<\/div>\n\t\t\t\t\t<\/div>\n\t\t<\/section>\n\t\t\t\t<section class=\"elementor-section elementor-top-section elementor-element elementor-element-a54d6f9 elementor-section-boxed elementor-section-height-default elementor-section-height-default wpr-particle-no wpr-jarallax-no wpr-parallax-no wpr-sticky-section-no\" data-id=\"a54d6f9\" data-element_type=\"section\" data-e-type=\"section\">\n\t\t\t\t\t\t<div class=\"elementor-container elementor-column-gap-default\">\n\t\t\t\t\t<div class=\"elementor-column elementor-col-50 elementor-top-column elementor-element elementor-element-6e7bdbd\" data-id=\"6e7bdbd\" data-element_type=\"column\" data-e-type=\"column\" data-settings=\"{&quot;background_background&quot;:&quot;classic&quot;}\">\n\t\t\t<div class=\"elementor-widget-wrap elementor-element-populated\">\n\t\t\t\t\t\t<div class=\"elementor-element elementor-element-4fa4c30 elementor-widget elementor-widget-image\" data-id=\"4fa4c30\" data-element_type=\"widget\" data-e-type=\"widget\" data-widget_type=\"image.default\">\n\t\t\t\t\t\t\t\t\t\t\t\t\t\t\t<img loading=\"lazy\" decoding=\"async\" width=\"812\" height=\"1024\" src=\"https:\/\/aroucafilmfestival.com\/wp-content\/uploads\/2023\/08\/2023_AFF_JURIS_11-copiar-812x1024.jpg\" class=\"attachment-large size-large wp-image-4801\" alt=\"Juri Arouca Film Festival 2023\" srcset=\"https:\/\/aroucafilmfestival.com\/wp-content\/uploads\/2023\/08\/2023_AFF_JURIS_11-copiar-812x1024.jpg 812w, https:\/\/aroucafilmfestival.com\/wp-content\/uploads\/2023\/08\/2023_AFF_JURIS_11-copiar-238x300.jpg 238w, https:\/\/aroucafilmfestival.com\/wp-content\/uploads\/2023\/08\/2023_AFF_JURIS_11-copiar-768x969.jpg 768w, https:\/\/aroucafilmfestival.com\/wp-content\/uploads\/2023\/08\/2023_AFF_JURIS_11-copiar-1217x1536.jpg 1217w, https:\/\/aroucafilmfestival.com\/wp-content\/uploads\/2023\/08\/2023_AFF_JURIS_11-copiar-1623x2048.jpg 1623w, https:\/\/aroucafilmfestival.com\/wp-content\/uploads\/2023\/08\/2023_AFF_JURIS_11-copiar-10x12.jpg 10w, https:\/\/aroucafilmfestival.com\/wp-content\/uploads\/2023\/08\/2023_AFF_JURIS_11-copiar-scaled.jpg 2029w\" sizes=\"(max-width: 812px) 100vw, 812px\" \/>\t\t\t\t\t\t\t\t\t\t\t\t\t\t\t<\/div>\n\t\t\t\t<div class=\"elementor-element elementor-element-effb0b9 elementor-widget__width-inherit elementor-widget elementor-widget-heading\" data-id=\"effb0b9\" data-element_type=\"widget\" data-e-type=\"widget\" data-widget_type=\"heading.default\">\n\t\t\t\t\t<h2 class=\"elementor-heading-title elementor-size-default\">carlos teixeira<\/h2>\t\t\t\t<\/div>\n\t\t\t\t\t<\/div>\n\t\t<\/div>\n\t\t\t\t<div class=\"elementor-column elementor-col-50 elementor-top-column elementor-element elementor-element-cf2d08d\" data-id=\"cf2d08d\" data-element_type=\"column\" data-e-type=\"column\" data-settings=\"{&quot;background_background&quot;:&quot;classic&quot;}\">\n\t\t\t<div class=\"elementor-widget-wrap elementor-element-populated\">\n\t\t\t\t\t\t<div class=\"elementor-element elementor-element-9808e77 elementor-widget elementor-widget-image\" data-id=\"9808e77\" data-element_type=\"widget\" data-e-type=\"widget\" data-widget_type=\"image.default\">\n\t\t\t\t\t\t\t\t\t\t\t\t\t\t\t<img loading=\"lazy\" decoding=\"async\" width=\"811\" height=\"1024\" src=\"https:\/\/aroucafilmfestival.com\/wp-content\/uploads\/2023\/08\/2023_AFF_JURIS_9-copiar-811x1024.jpg\" class=\"attachment-large size-large wp-image-4802\" alt=\"Juri Arouca Film Festival 2023\" srcset=\"https:\/\/aroucafilmfestival.com\/wp-content\/uploads\/2023\/08\/2023_AFF_JURIS_9-copiar-811x1024.jpg 811w, https:\/\/aroucafilmfestival.com\/wp-content\/uploads\/2023\/08\/2023_AFF_JURIS_9-copiar-237x300.jpg 237w, https:\/\/aroucafilmfestival.com\/wp-content\/uploads\/2023\/08\/2023_AFF_JURIS_9-copiar-768x970.jpg 768w, https:\/\/aroucafilmfestival.com\/wp-content\/uploads\/2023\/08\/2023_AFF_JURIS_9-copiar-1216x1536.jpg 1216w, https:\/\/aroucafilmfestival.com\/wp-content\/uploads\/2023\/08\/2023_AFF_JURIS_9-copiar-1621x2048.jpg 1621w, https:\/\/aroucafilmfestival.com\/wp-content\/uploads\/2023\/08\/2023_AFF_JURIS_9-copiar-9x12.jpg 9w, https:\/\/aroucafilmfestival.com\/wp-content\/uploads\/2023\/08\/2023_AFF_JURIS_9-copiar-scaled.jpg 2027w\" sizes=\"(max-width: 811px) 100vw, 811px\" \/>\t\t\t\t\t\t\t\t\t\t\t\t\t\t\t<\/div>\n\t\t\t\t<div class=\"elementor-element elementor-element-40c93a2 elementor-widget__width-inherit elementor-widget elementor-widget-heading\" data-id=\"40c93a2\" data-element_type=\"widget\" data-e-type=\"widget\" data-widget_type=\"heading.default\">\n\t\t\t\t\t<h2 class=\"elementor-heading-title elementor-size-default\">hugo nicolau<\/h2>\t\t\t\t<\/div>\n\t\t\t\t\t<\/div>\n\t\t<\/div>\n\t\t\t\t\t<\/div>\n\t\t<\/section>\n\t\t\t\t<\/div>","protected":false},"excerpt":{"rendered":"<p>Juri Edi\u00e7\u00e3o 2023 vicente alves do \u00f3 amy beth clarke fernando pinho mike beddoes c\u00e9sar nobrega in\u00eas marques lu\u00eds fardilha fernando m. pinho carlos teixeira hugo nicolau<\/p>","protected":false},"author":7,"featured_media":4675,"parent":4127,"menu_order":0,"comment_status":"closed","ping_status":"closed","template":"elementor_header_footer","meta":{"zakra_page_container_layout":"centered","zakra_page_sidebar_layout":"no_sidebar","zakra_remove_content_margin":false,"zakra_sidebar":"customizer","zakra_transparent_header":"customizer","zakra_logo":0,"zakra_main_header_style":"default","zakra_menu_item_color":"","zakra_menu_item_hover_color":"","zakra_menu_item_active_color":"","zakra_menu_active_style":"","zakra_page_header":false,"footnotes":""},"class_list":["post-4789","page","type-page","status-publish","has-post-thumbnail","hentry"],"yoast_head":"<!-- This site is optimized with the Yoast SEO plugin v27.2 - https:\/\/yoast.com\/product\/yoast-seo-wordpress\/ -->\n<title>Juri 2023 - Arouca Film Festival<\/title>\n<meta name=\"description\" content=\"Filmes Selecionados 2023 do Arouca Film Festival! Descubra as obras-primas que emocionar\u00e3o e surpreender\u00e3o durante o evento.\" \/>\n<meta name=\"robots\" content=\"index, follow, max-snippet:-1, max-image-preview:large, max-video-preview:-1\" \/>\n<link rel=\"canonical\" href=\"https:\/\/aroucafilmfestival.com\/en\/festival-de-cinema\/arouca-film-festival-2023\/juri-2023\/\" \/>\n<meta property=\"og:locale\" content=\"en_GB\" \/>\n<meta property=\"og:type\" content=\"article\" \/>\n<meta property=\"og:title\" content=\"Juri 2023 - Arouca Film Festival\" \/>\n<meta property=\"og:description\" content=\"Filmes Selecionados 2023 do Arouca Film Festival! Descubra as obras-primas que emocionar\u00e3o e surpreender\u00e3o durante o evento.\" \/>\n<meta property=\"og:url\" content=\"https:\/\/aroucafilmfestival.com\/en\/festival-de-cinema\/arouca-film-festival-2023\/juri-2023\/\" \/>\n<meta property=\"og:site_name\" content=\"Arouca Film Festival\" \/>\n<meta property=\"article:publisher\" content=\"https:\/\/www.facebook.com\/aroucafilmfestival\" \/>\n<meta property=\"article:modified_time\" content=\"2023-08-30T22:08:30+00:00\" \/>\n<meta property=\"og:image\" content=\"https:\/\/aroucafilmfestival.com\/wp-content\/uploads\/2023\/08\/Banner-Inscricoes-2023_AFF_1-copiar-2-scaled.jpg\" \/>\n\t<meta property=\"og:image:width\" content=\"2560\" \/>\n\t<meta property=\"og:image:height\" content=\"1068\" \/>\n\t<meta property=\"og:image:type\" content=\"image\/jpeg\" \/>\n<meta name=\"twitter:card\" content=\"summary_large_image\" \/>\n<meta name=\"twitter:label1\" content=\"Estimated reading time\" \/>\n\t<meta name=\"twitter:data1\" content=\"3 minutes\" \/>\n<script type=\"application\/ld+json\" class=\"yoast-schema-graph\">{\"@context\":\"https:\/\/schema.org\",\"@graph\":[{\"@type\":\"WebPage\",\"@id\":\"https:\/\/aroucafilmfestival.com\/festival-de-cinema\/arouca-film-festival-2023\/juri-2023\/\",\"url\":\"https:\/\/aroucafilmfestival.com\/festival-de-cinema\/arouca-film-festival-2023\/juri-2023\/\",\"name\":\"Juri 2023 - Arouca Film Festival\",\"isPartOf\":{\"@id\":\"https:\/\/aroucafilmfestival.com\/#website\"},\"primaryImageOfPage\":{\"@id\":\"https:\/\/aroucafilmfestival.com\/festival-de-cinema\/arouca-film-festival-2023\/juri-2023\/#primaryimage\"},\"image\":{\"@id\":\"https:\/\/aroucafilmfestival.com\/festival-de-cinema\/arouca-film-festival-2023\/juri-2023\/#primaryimage\"},\"thumbnailUrl\":\"https:\/\/aroucafilmfestival.com\/wp-content\/uploads\/2023\/08\/Banner-Inscricoes-2023_AFF_1-copiar-2-scaled.jpg\",\"datePublished\":\"2023-08-16T20:23:02+00:00\",\"dateModified\":\"2023-08-30T22:08:30+00:00\",\"description\":\"Filmes Selecionados 2023 do Arouca Film Festival! Descubra as obras-primas que emocionar\u00e3o e surpreender\u00e3o durante o evento.\",\"breadcrumb\":{\"@id\":\"https:\/\/aroucafilmfestival.com\/festival-de-cinema\/arouca-film-festival-2023\/juri-2023\/#breadcrumb\"},\"inLanguage\":\"en-GB\",\"potentialAction\":[{\"@type\":\"ReadAction\",\"target\":[\"https:\/\/aroucafilmfestival.com\/festival-de-cinema\/arouca-film-festival-2023\/juri-2023\/\"]}]},{\"@type\":\"ImageObject\",\"inLanguage\":\"en-GB\",\"@id\":\"https:\/\/aroucafilmfestival.com\/festival-de-cinema\/arouca-film-festival-2023\/juri-2023\/#primaryimage\",\"url\":\"https:\/\/aroucafilmfestival.com\/wp-content\/uploads\/2023\/08\/Banner-Inscricoes-2023_AFF_1-copiar-2-scaled.jpg\",\"contentUrl\":\"https:\/\/aroucafilmfestival.com\/wp-content\/uploads\/2023\/08\/Banner-Inscricoes-2023_AFF_1-copiar-2-scaled.jpg\",\"width\":2560,\"height\":1068,\"caption\":\"Banner Filmes Selecionados 2023 AFF\"},{\"@type\":\"BreadcrumbList\",\"@id\":\"https:\/\/aroucafilmfestival.com\/festival-de-cinema\/arouca-film-festival-2023\/juri-2023\/#breadcrumb\",\"itemListElement\":[{\"@type\":\"ListItem\",\"position\":1,\"name\":\"In\u00edcio\",\"item\":\"https:\/\/aroucafilmfestival.com\/\"},{\"@type\":\"ListItem\",\"position\":2,\"name\":\"Home\",\"item\":\"https:\/\/aroucafilmfestival.com\/\"},{\"@type\":\"ListItem\",\"position\":3,\"name\":\"Edi\u00e7\u00e3o 2023\",\"item\":\"https:\/\/aroucafilmfestival.com\/festival-de-cinema\/arouca-film-festival-2023\/\"},{\"@type\":\"ListItem\",\"position\":4,\"name\":\"Juri 2023\"}]},{\"@type\":\"WebSite\",\"@id\":\"https:\/\/aroucafilmfestival.com\/#website\",\"url\":\"https:\/\/aroucafilmfestival.com\/\",\"name\":\"Arouca Film Festival\",\"description\":\"Portuguese Internacional Film Festival\",\"publisher\":{\"@id\":\"https:\/\/aroucafilmfestival.com\/#organization\"},\"potentialAction\":[{\"@type\":\"SearchAction\",\"target\":{\"@type\":\"EntryPoint\",\"urlTemplate\":\"https:\/\/aroucafilmfestival.com\/?s={search_term_string}\"},\"query-input\":{\"@type\":\"PropertyValueSpecification\",\"valueRequired\":true,\"valueName\":\"search_term_string\"}}],\"inLanguage\":\"en-GB\"},{\"@type\":\"Organization\",\"@id\":\"https:\/\/aroucafilmfestival.com\/#organization\",\"name\":\"Arouca Film Festival\",\"alternateName\":\"AFF\",\"url\":\"https:\/\/aroucafilmfestival.com\/\",\"logo\":{\"@type\":\"ImageObject\",\"inLanguage\":\"en-GB\",\"@id\":\"https:\/\/aroucafilmfestival.com\/#\/schema\/logo\/image\/\",\"url\":\"https:\/\/aroucafilmfestival.com\/wp-content\/uploads\/2021\/09\/TelaLIT_AFF_2021_3-scaled-e1631835841735.jpg\",\"contentUrl\":\"https:\/\/aroucafilmfestival.com\/wp-content\/uploads\/2021\/09\/TelaLIT_AFF_2021_3-scaled-e1631835841735.jpg\",\"width\":2560,\"height\":889,\"caption\":\"Arouca Film Festival\"},\"image\":{\"@id\":\"https:\/\/aroucafilmfestival.com\/#\/schema\/logo\/image\/\"},\"sameAs\":[\"https:\/\/www.facebook.com\/aroucafilmfestival\",\"https:\/\/www.instagram.com\/aroucafilmfestival_portugal\/\"]}]}<\/script>\n<!-- \/ Yoast SEO plugin. -->","yoast_head_json":{"title":"Juri 2023 - Arouca Film Festival","description":"Filmes Selecionados 2023 do Arouca Film Festival! Descubra as obras-primas que emocionar\u00e3o e surpreender\u00e3o durante o evento.","robots":{"index":"index","follow":"follow","max-snippet":"max-snippet:-1","max-image-preview":"max-image-preview:large","max-video-preview":"max-video-preview:-1"},"canonical":"https:\/\/aroucafilmfestival.com\/en\/festival-de-cinema\/arouca-film-festival-2023\/juri-2023\/","og_locale":"en_GB","og_type":"article","og_title":"Juri 2023 - Arouca Film Festival","og_description":"Filmes Selecionados 2023 do Arouca Film Festival! Descubra as obras-primas que emocionar\u00e3o e surpreender\u00e3o durante o evento.","og_url":"https:\/\/aroucafilmfestival.com\/en\/festival-de-cinema\/arouca-film-festival-2023\/juri-2023\/","og_site_name":"Arouca Film Festival","article_publisher":"https:\/\/www.facebook.com\/aroucafilmfestival","article_modified_time":"2023-08-30T22:08:30+00:00","og_image":[{"width":2560,"height":1068,"url":"https:\/\/aroucafilmfestival.com\/wp-content\/uploads\/2023\/08\/Banner-Inscricoes-2023_AFF_1-copiar-2-scaled.jpg","type":"image\/jpeg"}],"twitter_card":"summary_large_image","twitter_misc":{"Estimated reading time":"3 minutes"},"schema":{"@context":"https:\/\/schema.org","@graph":[{"@type":"WebPage","@id":"https:\/\/aroucafilmfestival.com\/festival-de-cinema\/arouca-film-festival-2023\/juri-2023\/","url":"https:\/\/aroucafilmfestival.com\/festival-de-cinema\/arouca-film-festival-2023\/juri-2023\/","name":"Juri 2023 - Arouca Film Festival","isPartOf":{"@id":"https:\/\/aroucafilmfestival.com\/#website"},"primaryImageOfPage":{"@id":"https:\/\/aroucafilmfestival.com\/festival-de-cinema\/arouca-film-festival-2023\/juri-2023\/#primaryimage"},"image":{"@id":"https:\/\/aroucafilmfestival.com\/festival-de-cinema\/arouca-film-festival-2023\/juri-2023\/#primaryimage"},"thumbnailUrl":"https:\/\/aroucafilmfestival.com\/wp-content\/uploads\/2023\/08\/Banner-Inscricoes-2023_AFF_1-copiar-2-scaled.jpg","datePublished":"2023-08-16T20:23:02+00:00","dateModified":"2023-08-30T22:08:30+00:00","description":"Filmes Selecionados 2023 do Arouca Film Festival! Descubra as obras-primas que emocionar\u00e3o e surpreender\u00e3o durante o evento.","breadcrumb":{"@id":"https:\/\/aroucafilmfestival.com\/festival-de-cinema\/arouca-film-festival-2023\/juri-2023\/#breadcrumb"},"inLanguage":"en-GB","potentialAction":[{"@type":"ReadAction","target":["https:\/\/aroucafilmfestival.com\/festival-de-cinema\/arouca-film-festival-2023\/juri-2023\/"]}]},{"@type":"ImageObject","inLanguage":"en-GB","@id":"https:\/\/aroucafilmfestival.com\/festival-de-cinema\/arouca-film-festival-2023\/juri-2023\/#primaryimage","url":"https:\/\/aroucafilmfestival.com\/wp-content\/uploads\/2023\/08\/Banner-Inscricoes-2023_AFF_1-copiar-2-scaled.jpg","contentUrl":"https:\/\/aroucafilmfestival.com\/wp-content\/uploads\/2023\/08\/Banner-Inscricoes-2023_AFF_1-copiar-2-scaled.jpg","width":2560,"height":1068,"caption":"Banner Filmes Selecionados 2023 AFF"},{"@type":"BreadcrumbList","@id":"https:\/\/aroucafilmfestival.com\/festival-de-cinema\/arouca-film-festival-2023\/juri-2023\/#breadcrumb","itemListElement":[{"@type":"ListItem","position":1,"name":"In\u00edcio","item":"https:\/\/aroucafilmfestival.com\/"},{"@type":"ListItem","position":2,"name":"Home","item":"https:\/\/aroucafilmfestival.com\/"},{"@type":"ListItem","position":3,"name":"Edi\u00e7\u00e3o 2023","item":"https:\/\/aroucafilmfestival.com\/festival-de-cinema\/arouca-film-festival-2023\/"},{"@type":"ListItem","position":4,"name":"Juri 2023"}]},{"@type":"WebSite","@id":"https:\/\/aroucafilmfestival.com\/#website","url":"https:\/\/aroucafilmfestival.com\/","name":"Arouca Film Festival","description":"Portuguese Internacional Film Festival","publisher":{"@id":"https:\/\/aroucafilmfestival.com\/#organization"},"potentialAction":[{"@type":"SearchAction","target":{"@type":"EntryPoint","urlTemplate":"https:\/\/aroucafilmfestival.com\/?s={search_term_string}"},"query-input":{"@type":"PropertyValueSpecification","valueRequired":true,"valueName":"search_term_string"}}],"inLanguage":"en-GB"},{"@type":"Organization","@id":"https:\/\/aroucafilmfestival.com\/#organization","name":"Arouca Film Festival","alternateName":"AFF","url":"https:\/\/aroucafilmfestival.com\/","logo":{"@type":"ImageObject","inLanguage":"en-GB","@id":"https:\/\/aroucafilmfestival.com\/#\/schema\/logo\/image\/","url":"https:\/\/aroucafilmfestival.com\/wp-content\/uploads\/2021\/09\/TelaLIT_AFF_2021_3-scaled-e1631835841735.jpg","contentUrl":"https:\/\/aroucafilmfestival.com\/wp-content\/uploads\/2021\/09\/TelaLIT_AFF_2021_3-scaled-e1631835841735.jpg","width":2560,"height":889,"caption":"Arouca Film Festival"},"image":{"@id":"https:\/\/aroucafilmfestival.com\/#\/schema\/logo\/image\/"},"sameAs":["https:\/\/www.facebook.com\/aroucafilmfestival","https:\/\/www.instagram.com\/aroucafilmfestival_portugal\/"]}]}},"_links":{"self":[{"href":"http:\/\/aroucafilmfestival.com\/en\/wp-json\/wp\/v2\/pages\/4789","targetHints":{"allow":["GET"]}}],"collection":[{"href":"http:\/\/aroucafilmfestival.com\/en\/wp-json\/wp\/v2\/pages"}],"about":[{"href":"http:\/\/aroucafilmfestival.com\/en\/wp-json\/wp\/v2\/types\/page"}],"author":[{"embeddable":true,"href":"http:\/\/aroucafilmfestival.com\/en\/wp-json\/wp\/v2\/users\/7"}],"replies":[{"embeddable":true,"href":"http:\/\/aroucafilmfestival.com\/en\/wp-json\/wp\/v2\/comments?post=4789"}],"version-history":[{"count":0,"href":"http:\/\/aroucafilmfestival.com\/en\/wp-json\/wp\/v2\/pages\/4789\/revisions"}],"up":[{"embeddable":true,"href":"http:\/\/aroucafilmfestival.com\/en\/wp-json\/wp\/v2\/pages\/4127"}],"wp:featuredmedia":[{"embeddable":true,"href":"http:\/\/aroucafilmfestival.com\/en\/wp-json\/wp\/v2\/media\/4675"}],"wp:attachment":[{"href":"http:\/\/aroucafilmfestival.com\/en\/wp-json\/wp\/v2\/media?parent=4789"}],"curies":[{"name":"wp","href":"https:\/\/api.w.org\/{rel}","templated":true}]}}