{"id":5708,"date":"2025-08-07T19:28:55","date_gmt":"2025-08-07T19:28:55","guid":{"rendered":"https:\/\/aroucafilmfestival.com\/?page_id=5708"},"modified":"2025-09-04T20:35:52","modified_gmt":"2025-09-04T20:35:52","slug":"filmes-selecionados-2025","status":"publish","type":"page","link":"http:\/\/aroucafilmfestival.com\/en\/edicao-2025\/filmes-selecionados-2025\/","title":{"rendered":"Filmes Selecionados 2025"},"content":{"rendered":"<div data-elementor-type=\"wp-page\" data-elementor-id=\"5708\" class=\"elementor elementor-5708\">\n\t\t\t\t\t\t<section class=\"elementor-section elementor-top-section elementor-element elementor-element-ba72ed2 elementor-section-boxed elementor-section-height-default elementor-section-height-default wpr-particle-no wpr-jarallax-no wpr-parallax-no wpr-sticky-section-no\" data-id=\"ba72ed2\" data-element_type=\"section\" data-e-type=\"section\">\n\t\t\t\t\t\t<div class=\"elementor-container elementor-column-gap-default\">\n\t\t\t\t\t<div class=\"elementor-column elementor-col-100 elementor-top-column elementor-element elementor-element-51d4eba\" data-id=\"51d4eba\" data-element_type=\"column\" data-e-type=\"column\">\n\t\t\t<div class=\"elementor-widget-wrap elementor-element-populated\">\n\t\t\t\t\t\t<div class=\"elementor-element elementor-element-45b36ac elementor-widget elementor-widget-heading\" data-id=\"45b36ac\" data-element_type=\"widget\" data-e-type=\"widget\" data-widget_type=\"heading.default\">\n\t\t\t\t\t<h1 class=\"elementor-heading-title elementor-size-default\">Selected Films<\/h1>\t\t\t\t<\/div>\n\t\t\t\t<div class=\"elementor-element elementor-element-d32479d elementor-widget elementor-widget-heading\" data-id=\"d32479d\" data-element_type=\"widget\" data-e-type=\"widget\" data-widget_type=\"heading.default\">\n\t\t\t\t\t<h2 class=\"elementor-heading-title elementor-size-default\">Arouca Film Festival 2025<\/h2>\t\t\t\t<\/div>\n\t\t\t\t<div class=\"elementor-element elementor-element-99f6a6b elementor-widget elementor-widget-image\" data-id=\"99f6a6b\" data-element_type=\"widget\" data-e-type=\"widget\" data-widget_type=\"image.default\">\n\t\t\t\t\t\t\t\t\t\t\t\t\t\t\t<img fetchpriority=\"high\" decoding=\"async\" width=\"2048\" height=\"858\" src=\"https:\/\/aroucafilmfestival.com\/wp-content\/uploads\/2025\/08\/AFF-Filmes-Selecionados_.jpg\" class=\"attachment-full size-full wp-image-5738\" alt=\"Filmes Selecionados Edi\u00e7\u00e3o 23 Arouca Film Festival\" srcset=\"https:\/\/aroucafilmfestival.com\/wp-content\/uploads\/2025\/08\/AFF-Filmes-Selecionados_.jpg 2048w, https:\/\/aroucafilmfestival.com\/wp-content\/uploads\/2025\/08\/AFF-Filmes-Selecionados_-300x126.jpg 300w, https:\/\/aroucafilmfestival.com\/wp-content\/uploads\/2025\/08\/AFF-Filmes-Selecionados_-1024x429.jpg 1024w, https:\/\/aroucafilmfestival.com\/wp-content\/uploads\/2025\/08\/AFF-Filmes-Selecionados_-768x322.jpg 768w, https:\/\/aroucafilmfestival.com\/wp-content\/uploads\/2025\/08\/AFF-Filmes-Selecionados_-1536x644.jpg 1536w, https:\/\/aroucafilmfestival.com\/wp-content\/uploads\/2025\/08\/AFF-Filmes-Selecionados_-18x8.jpg 18w\" sizes=\"(max-width: 2048px) 100vw, 2048px\" \/>\t\t\t\t\t\t\t\t\t\t\t\t\t\t\t<\/div>\n\t\t\t\t<div class=\"elementor-element elementor-element-3db6706 elementor-widget elementor-widget-heading\" data-id=\"3db6706\" data-element_type=\"widget\" data-e-type=\"widget\" data-widget_type=\"heading.default\">\n\t\t\t\t\t<p class=\"elementor-heading-title elementor-size-default\">Aqui poder\u00e3o encontrar todas os filmes selecionados para a 23\u00aa edi\u00e7\u00e3o do Arouca Filme Festival<\/p>\t\t\t\t<\/div>\n\t\t\t\t<div class=\"elementor-element elementor-element-bf1ca36 elementor-widget elementor-widget-spacer\" data-id=\"bf1ca36\" data-element_type=\"widget\" data-e-type=\"widget\" data-widget_type=\"spacer.default\">\n\t\t\t\t\t\t\t<div class=\"elementor-spacer\">\n\t\t\t<div class=\"elementor-spacer-inner\"><\/div>\n\t\t<\/div>\n\t\t\t\t\t\t<\/div>\n\t\t\t\t\t<\/div>\n\t\t<\/div>\n\t\t\t\t\t<\/div>\n\t\t<\/section>\n\t\t<div class=\"elementor-element elementor-element-af3f192 e-flex e-con-boxed wpr-particle-no wpr-jarallax-no wpr-parallax-no wpr-sticky-section-no e-con e-parent\" data-id=\"af3f192\" data-element_type=\"container\" data-e-type=\"container\">\n\t\t\t\t\t<div class=\"e-con-inner\">\n\t\t\t\t<div class=\"elementor-element elementor-element-dad4528 elementor-widget elementor-widget-spacer\" data-id=\"dad4528\" data-element_type=\"widget\" data-e-type=\"widget\" data-widget_type=\"spacer.default\">\n\t\t\t\t\t\t\t<div class=\"elementor-spacer\">\n\t\t\t<div class=\"elementor-spacer-inner\"><\/div>\n\t\t<\/div>\n\t\t\t\t\t\t<\/div>\n\t\t\t\t<div class=\"elementor-element elementor-element-cad15e6 elementor-widget elementor-widget-heading\" data-id=\"cad15e6\" data-element_type=\"widget\" data-e-type=\"widget\" data-widget_type=\"heading.default\">\n\t\t\t\t\t<h3 class=\"elementor-heading-title elementor-size-default\">Filmes por Sess\u00f5es<\/h3>\t\t\t\t<\/div>\n\t\t\t\t<div class=\"elementor-element elementor-element-f0ad977 elementor-widget elementor-widget-text-editor\" data-id=\"f0ad977\" data-element_type=\"widget\" data-e-type=\"widget\" data-widget_type=\"text-editor.default\">\n\t\t\t\t\t\t\t\t\t <div>\n    <h4>Quarta-feira, 10 de Setembro<\/h4>\n    <ul>\n      <li>\n        <strong>10:30 | Angola \/ Luanda<\/strong>\n        <ul>\n          <li>SEFARAD | Lu\u00eds Ismael | 90\u2019 | Fic\u00e7\u00e3o | Portugal<\/li>\n        <\/ul>\n      <\/li>\n      <li>\n        <strong>15:00\u201316:30 | Loja Interativa | Arouca<\/strong>\n        <ul>\n          <li>RED WIND | Vasilije Bujakovic, Filip Marojevic, Ljubica Blagojevic | 4\u2019 | Fic\u00e7\u00e3o | S\u00e9rvia<\/li>\n          <li>ADI\u00d3S | \u00c1lvaro G. Company, Mario Hern\u00e1ndez | 13\u2019 | Fic\u00e7\u00e3o | Espanha<\/li>\n          <li>DOG TAGS | Soheil Arab | 3\u2019 | Fic\u00e7\u00e3o | Ir\u00e3o<\/li>\n          <li>CARLITOS NARANJAS | Julia Motta Cardozo | 2\u2019 | Anima\u00e7\u00e3o | Brasil<\/li>\n          <li>AL\u00c9M DO TERNO | Camila Taunay | 4\u2019 | Anima\u00e7\u00e3o | Brasil<\/li>\n          <li>O MUNDO POR CARLITOS | Karine Itao Paulos | 4\u2019 | Anima\u00e7\u00e3o | Brasil<\/li>\n          <li>CARMELA | Vicente Mallols | 14\u2019 | Anima\u00e7\u00e3o | Espanha<\/li>\n          <li>I EXIST | Fatemeh Mokhtari | 11\u2019 | Fic\u00e7\u00e3o | Ir\u00e3o<\/li>\n        <\/ul>\n      <\/li>\n    <\/ul>\n  <\/div>\n  \n  <div>\n    <h4>Quinta-feira, 11 de Setembro<\/h4>\n    <strong>15:00\u201316:30 | Loja Interativa | Arouca<\/strong>\n    <ul>\n      <li>MEDUSAS | I\u00f1aki S\u00e1nchez Arrieta | 6\u2019 | Fic\u00e7\u00e3o | Espanha<\/li>\n      <li>PREDATOR | Javier Fesser | 8\u2019 | Fic\u00e7\u00e3o | Espanha<\/li>\n      <li>GARU Y PONKY | Cristhian Jallier | 11\u2019 | Anima\u00e7\u00e3o | Espanha<\/li>\n      <li>WHAT IS LEFT OF US | Diego Borges | 62\u2019 | Fic\u00e7\u00e3o | Portugal<\/li>\n    <\/ul>\n  <\/div>\n  \n  <div>\n    <h4>Sexta-feira, 12 de Setembro<\/h4>\n    <strong>22:30 | Casa da Criatividade | SJM<\/strong>\n    <ul>\n      <li>PORTUGUESES | Vicente Alves do \u00d3 | 120\u2019 | Fic\u00e7\u00e3o | Portugal<\/li>\n    <\/ul>\n  <\/div>\n  \n  <div>\n    <h4>S\u00e1bado, 13 de Setembro<\/h4>\n    <strong>14:40\u201316:40 | Loja Interativa Turismo | Arouca<\/strong>\n    <ul>\n      <li>DONDE SE QUEJAN LOS PINOS | Ed Antoja | 11\u2019 | Fic\u00e7\u00e3o | Espanha<\/li>\n      <li>EL CASTING | Mar\u00eda Maganto Buitrago | 9\u2019 | Fic\u00e7\u00e3o | Espanha<\/li>\n      <li>RED | Elif Boyacioglu | 2\u2019 | Anima\u00e7\u00e3o | Canad\u00e1<\/li>\n      <li>BRIGHT | Caterina de Marchis O\u00f1ate, Ana Tirado S\u00e1ez-Bravo | 6\u2019 | Anima\u00e7\u00e3o | Espanha<\/li>\n      <li>ALUADO | Cla\u00fadio Jordao | 7\u2019 | Anima\u00e7\u00e3o | Portugal<\/li>\n      <li>GUIOMAR | Jessyka Santos | 1\u2019 | Experimental | Brasil<\/li>\n      <li>SOM DA ALMA | Luis Moya | 21\u2019 | Document\u00e1rio | Portugal<\/li>\n      <li>NINGU\u00c9M \u00c9 CAMPE\u00c3O SOZINHO | Elder Fraga | 80\u2019 | Document\u00e1rio | Brasil<\/li>\n    <\/ul>\n  <\/div>\n  \n  <div>\n    <h4>Domingo, 14 de Setembro<\/h4>\n    <strong>14:40\u201316:50 | Loja Interativa Turismo | Arouca<\/strong>\n    <ul>\n      <li>BONITA | Albert Carb\u00f3, Eva Santana | 15\u2019 | Fic\u00e7\u00e3o | Maiorca, Espanha<\/li>\n      <li>C\u00d2LERA | Jose Luis L\u00e1zaro | 10\u2019 | Fic\u00e7\u00e3o | Espanha<\/li>\n      <li>CAN\u00c7\u00c3O DA PACI\u00caNCIA | Pedro E. Semedo | 3\u2019 | V\u00eddeo-Clip | Portugal<\/li>\n      <li>JAMUARY | Joaquim Pav\u00e3o | 4\u2019 | V\u00eddeo-Clip | Portugal<\/li>\n      <li>PLANO B | Dorivaldo Cortez | 87\u2019 | Fic\u00e7\u00e3o | Angola<\/li>\n    <\/ul>\n  <\/div>\n  \n  <div>\n    <h4>Segunda-feira, 15 de Setembro<\/h4>\n    <strong>15:00 | Loja Interativa Turismo | Arouca<\/strong>\n    <ul>\n      <li>ALGUIEN QUE S\u00cd | Veki Velilla | 10\u2019 | Fic\u00e7\u00e3o | Espanha<\/li>\n      <li>7 MINUTS AL PARAD\u00cdS | Victoria Aviny\u00f3 | 14\u2019 | Fic\u00e7\u00e3o | Maiorca, Espanha<\/li>\n      <li>ANGIE | Josep Varo | 9\u2019 | Fic\u00e7\u00e3o | Espanha<\/li>\n    <\/ul>\n  <\/div>\n  \n  <div>\n    <h4>Ter\u00e7a-feira, 16 de Setembro<\/h4>\n    <strong>14:30\u201316:00 | Loja Interativa Turismo | Arouca<\/strong>\n    <ul>\n      <li>DISPARO DE NIEVE | Guillermo Rodr\u00edguez Marruecos | 8\u2019 | Fic\u00e7\u00e3o | Espanha<\/li>\n      <li>A NEWLYWED STORY | Renu Razdan | 14\u2019 | Fic\u00e7\u00e3o | EUA<\/li>\n      <li>LA GENTE NO TIENE PRINCIPIOS | Helher Escribano | 6\u2019 | Fic\u00e7\u00e3o | Espanha<\/li>\n      <li>EVOLUA | Guilherme Ogura | 2\u2019 | Anima\u00e7\u00e3o | Brasil<\/li>\n      <li>MASSAIA | Carlos Silva, Pedro Carvalho de Almeida, Helena Caspurro | 3\u2019 | Anima\u00e7\u00e3o | Portugal<\/li>\n      <li>A ALM\u00c9RIA DE LEONE | Paulo Fajardo | 53\u2019 | Document\u00e1rio | Portugal<\/li>\n    <\/ul>\n    <strong>21:15<\/strong>\n    <ul>\n      <li>A CAIXA | Carlos G. Rodrigues | 98\u2019 | Fic\u00e7\u00e3o | Angola<\/li>\n    <\/ul>\n  <\/div>\n  \n  <div>\n    <h4>Quarta-feira, 17 de Setembro<\/h4>\n    <strong>14:30\u201316:00 | Loja Interativa Turismo | Arouca<\/strong>\n    <ul>\n      <li>GOOD TRACK | Marco Pellegrino | 3\u2019 | V\u00eddeo-Clip | It\u00e1lia<\/li>\n      <li>PERSONAL JESUS | Pedro E. Semedo | 5\u2019 | V\u00eddeo-Clip | Portugal<\/li>\n      <li>AMPHIBOLOS LITHOS | Valery Grysha | 9\u2019 | Experimental | Ucr\u00e2nia<\/li>\n      <li>RHEUM | Xilindraw Lab. | 2\u2019 | Anima\u00e7\u00e3o | Brasil<\/li>\n      <li>PERIQUITOS | Alex Rey | 6\u2019 | Anima\u00e7\u00e3o | Espanha<\/li>\n      <li>TRUE_IT.UA\/DEFENCE_TECH | Artem Burba | 75\u2019 | Document\u00e1rio | Ucr\u00e2nia<\/li>\n    <\/ul>\n    <strong>21:15<\/strong>\n    <ul>\n      <li>QUEM \u00c9 O PAI DO MI\u00daDO? | Henrique \u201cDito\u201d Narciso | 90\u2019 | Fic\u00e7\u00e3o | Angola<\/li>\n    <\/ul>\n  <\/div>\n  \n  <div>\n    <h4>Quinta-feira, 18 de Setembro<\/h4>\n    <strong>14:30\u201316:40 | Loja Interativa Turismo | Arouca<\/strong>\n    <ul>\n      <li>B203 | Manuel Rodriguez | 12\u2019 | Fic\u00e7\u00e3o | Alemanha<\/li>\n      <li>SILENT NIGHT | Michael Cygan | 11\u2019 | Fic\u00e7\u00e3o | Reino Unido<\/li>\n      <li>IRRELEVANTE | Joel Munu | 4\u2019 | Fic\u00e7\u00e3o | Espanha<\/li>\n      <li>LA MONTA\u00d1A T\u00d3XICA | Luis Miguel Ariza | 6\u2019 | Document\u00e1rio | Espanha<\/li>\n      <li>A DIFFERENT GOAL | Marco Joubert | 3\u2019 | Anima\u00e7\u00e3o | Canad\u00e1<\/li>\n      <li>RICORDI | Cindy Macedo, Vitor Taborda | 3\u2019 | Anima\u00e7\u00e3o | Brasil<\/li>\n      <li>THE WOMAN AND THE CROSS | Arno Oehri | 80\u2019 | Fic\u00e7\u00e3o | Liechtenstein<\/li>\n    <\/ul>\n    <strong>21:15 | CINEMA UCRANIANO \/ FILME: CUPRESSUS \/ SJM Pa\u00e7os da Cultura<\/strong>\n  <\/div>\n  \n  <div>\n    <h4>Sexta-feira, 19 de Setembro<\/h4>\n    <strong>14:30\u201316:00 \/ 21:15 | Loja Interativa Turismo | Arouca<\/strong>\n    <ul>\n      <li>FEAR NOT FEAR ITSELF | Dawn Westlake | 5\u2019 | Fic\u00e7\u00e3o | Los Angeles, EUA<\/li>\n      <li>YOU GOT MY BACK? | Javier Fesser | 10\u2019 | Fic\u00e7\u00e3o | Espanha<\/li>\n      <li>THE SWEET PERFUME | Mohammadi Reza Mohammadi | 15\u2019 | Fic\u00e7\u00e3o | Ir\u00e3o<\/li>\n      <li>21:15 | VIVE E DEIXA ANDAR | Miguel Cadilhe | Fic\u00e7\u00e3o | Portugal<\/li>\n    <\/ul>\n  <\/div>\n  \n  <div>\n    <h4>S\u00e1bado, 20 de Setembro<\/h4>\n    <strong>14:30\u201316:00 \/ 21:15 | Loja Interativa Turismo | Arouca<\/strong>\n    <ul>\n      <li>Proje\u00e7\u00e3o do filme vencedor da 23\u00aa edi\u00e7\u00e3o AFF<\/li>\n    <\/ul>\n  <\/div>\t\t\t\t\t\t\t\t<\/div>\n\t\t\t\t\t<\/div>\n\t\t\t\t<\/div>\n\t\t\t\t<section class=\"elementor-section elementor-top-section elementor-element elementor-element-df7c685 elementor-section-boxed elementor-section-height-default elementor-section-height-default wpr-particle-no wpr-jarallax-no wpr-parallax-no wpr-sticky-section-no\" data-id=\"df7c685\" data-element_type=\"section\" data-e-type=\"section\">\n\t\t\t\t\t\t<div class=\"elementor-container elementor-column-gap-default\">\n\t\t\t\t\t<div class=\"elementor-column elementor-col-100 elementor-top-column elementor-element elementor-element-6934574\" data-id=\"6934574\" data-element_type=\"column\" data-e-type=\"column\">\n\t\t\t<div class=\"elementor-widget-wrap elementor-element-populated\">\n\t\t\t\t\t\t<div class=\"elementor-element elementor-element-7d0e1ab elementor-widget elementor-widget-spacer\" data-id=\"7d0e1ab\" data-element_type=\"widget\" data-e-type=\"widget\" data-widget_type=\"spacer.default\">\n\t\t\t\t\t\t\t<div class=\"elementor-spacer\">\n\t\t\t<div class=\"elementor-spacer-inner\"><\/div>\n\t\t<\/div>\n\t\t\t\t\t\t<\/div>\n\t\t\t\t<div class=\"elementor-element elementor-element-6335bf5 elementor-widget elementor-widget-heading\" data-id=\"6335bf5\" data-element_type=\"widget\" data-e-type=\"widget\" data-widget_type=\"heading.default\">\n\t\t\t\t\t<h3 class=\"elementor-heading-title elementor-size-default\">Todos os Filmes Selecionados<\/h3>\t\t\t\t<\/div>\n\t\t\t\t<div class=\"elementor-element elementor-element-0453bc7 elementor-widget elementor-widget-text-editor\" data-id=\"0453bc7\" data-element_type=\"widget\" data-e-type=\"widget\" data-widget_type=\"text-editor.default\">\n\t\t\t\t\t\t\t\t\t<p><strong>FEAR NOT FEAR ITSELF<\/strong> | Dawn Westlake | 5\u00b4 | Fiction | Los Angels USA<\/p><p><strong>B203<\/strong> | Manuel Rodriguez | 12\u00b4 | Fiction | Germany<\/p><p><strong>A DIFFERENT GOAL<\/strong> | Marco Joubert | 3\u00b4 | Anim | Canada<\/p><p><strong>THE SWEET PERFUME<\/strong> | Mohammadi Reza Mohammadi | 15\u00b4 | Fiction | Iran<\/p><p><strong>I EXIST<\/strong> | Fatemeh Mokhtari | 11\u00b4 | Fiction | Iran<\/p><p><strong>SILENT NIGHT<\/strong> | Michael Cygan | 11\u00b4 | Fiction | United Kingdom<\/p><p><strong>RED WIND<\/strong> | Vasilije Bujakovic, Filip Marojevic, Ljubica Blagojevic | 4\u00b4 | Fiction | Servia<\/p><p><strong>AMPHIBOLOS LITHOS<\/strong> | Valery Grysha | 9\u00b4 | Exp. | Ukrain<\/p><p><strong>RHEUM<\/strong> | Xilindraw Lab. | 2\u00b4 | Anim. | Brasil<\/p><p><strong>CARLITOS NARANJAS<\/strong> | Julia Motta Cardozo | 2\u00b4 | Anim. | Brasil<\/p><p><strong>AL\u00c9M DO TERNO<\/strong> | Camila Taunay | 4\u00b4 | Anim. | Brasil<\/p><p><strong>O MUNDO POR CARLITOS<\/strong> | Karine Itao Paulos | 4\u00b4 | Anim. | Brasil<\/p><p><strong>EVOLUA<\/strong> | Guilherme Ogura | 2\u00b4 | Anim. | Brasil<\/p><p><strong>RICORDI<\/strong> | Cindy Macedo e Vitor Taborda | 3\u00b4 | Anim. | Brasil<\/p><p><strong>RED<\/strong> | Elif Boyacioglu | 2\u00b4 | Anim. | Canada<\/p><p><strong>GUIOMAR<\/strong> | Jessyka Santos | 1\u00b4 | Exp. | Brasil<\/p><p><strong>CAN\u00c7\u00c3O DA PACI\u00caNCIA<\/strong> | Pedro E. Semedo | 3\u00b4 | Video-Clip | Portugal<\/p><p><strong>PERSONAL JESUS<\/strong> | Pedro E. Semedo | 5\u00b4 | Video-Clip | Portugal<\/p><p><strong>DOG TAGS<\/strong> | Soheil Arab | 3\u00b4 | Fiction | Iran<\/p><p><strong>ALUADO<\/strong> | Cla\u00fadio Jordao | 7\u00b4 | Anim. | Portugal<\/p><p><strong>JAMUARY<\/strong> | Joaquim Pav\u00e3o | 4\u00b4 | V\u00eddeo-Clip | Portugal<\/p><p><strong>MASSAIA<\/strong> | Carlos Silva, Pedro Carvalho de Almeida, Helena Caspurro | 3\u00b4 | Anim. | Portugal<\/p><p><strong>7 MINUTS AL PARAD\u00cdS<\/strong> | Victoria Aviny\u00f3 | 14\u00b4 | Fiction | Maiorca Spain<\/p><p><strong>ADI\u00d3S<\/strong> | \u00c1lvaro G. Company, Mario Hern\u00e1ndez | 13\u00b4 | Fiction | Spain<\/p><p><strong>ALGUIEN QUE S\u00cd<\/strong> | Veki Velilla | 10\u00b4 | Fiction | Spain<\/p><p><strong>ANGIE<\/strong> | Josep Varo | 9\u00b4 | Fiction | Spain<\/p><p><strong>BONITA<\/strong> | Albert Carb\u00f3, Eva Santana | 15\u00b4 | Fiction | Maiorca Spain<\/p><p><strong>BRIGHT<\/strong> | Caterina de Marchis O\u00f1ate, Ana Tirado S\u00e1ez-Bravo | 6\u00b4 | Anim. | Spain<\/p><p><strong>CARMELA<\/strong> | Vicente Mallols | 14\u00b4 | Anim. | Spain<\/p><p><strong>C\u00d2LERA<\/strong> | Jose Luis L\u00e1zaro | 10\u00b4 | Fiction | Spain<\/p><p><strong>DONDE SE QUEJAN LOS PINOS<\/strong> | Ed Antoja | 11\u00b4 | Fiction | Spain<\/p><p><strong>EL CASTING<\/strong> | Mar\u00eda Maganto Buitrago | 9\u00b4 | Fiction | Spain<\/p><p><strong>GARU Y PONKY<\/strong> | Cristhian Jallier | 11\u00b4 | Anim. | Spain<\/p><p><strong>IRRELEVANTE<\/strong> | Joel Munu | 4\u00b4 | Fiction | Spain<\/p><p><strong>MEDUSAS<\/strong> | I\u00f1aki S\u00e1nchez Arrieta | 6\u00b4 | Fiction | Spain<\/p><p><strong>PREDATOR<\/strong> | Javier Fesser | 8\u00b4 | Fiction | Spain<\/p><p><strong>YOU GOT MY BACK?<\/strong> | Javier Fesser | 10\u00b4 | Fiction | Spain<\/p><p><strong>GOOD TRACK<\/strong> | Marco Pellegrino | 3\u00b4 | Video-Clip | Italy<\/p><p><strong>LA MONTA\u00d1A T\u00d3XICA<\/strong> | Luis Miguel Ariza | 6\u00b4 | Doc. | Spain<\/p><p><strong> DISPARO DE NIEVE<\/strong> | Guillermo Rodr\u00edguez Marruecos | 8\u00b4 | Fiction | Spain<\/p><p><strong>A NEWLYWED STORY<\/strong> | Renu Razdan | 14\u00b4 | Fiction | USA<\/p><p><strong> LA GENTE NO TIENE PRINCIPIOS<\/strong> | Helher Escribano | 6\u00b4 | Fiction | Spain<\/p><p><strong>PERIQUITOS<\/strong> | Alex Rey | 6\u00b4 | Anim. | Spain<\/p><p><strong>SOM DA ALMA<\/strong> | Luis Moya | 21\u00b4 | Doc. | Portugal<\/p>\t\t\t\t\t\t\t\t<\/div>\n\t\t\t\t<div class=\"elementor-element elementor-element-bac1602 elementor-widget-divider--view-line elementor-widget elementor-widget-divider\" data-id=\"bac1602\" data-element_type=\"widget\" data-e-type=\"widget\" data-widget_type=\"divider.default\">\n\t\t\t\t\t\t\t<div class=\"elementor-divider\">\n\t\t\t<span class=\"elementor-divider-separator\">\n\t\t\t\t\t\t<\/span>\n\t\t<\/div>\n\t\t\t\t\t\t<\/div>\n\t\t\t\t<div class=\"elementor-element elementor-element-4d2fb63 elementor-widget elementor-widget-heading\" data-id=\"4d2fb63\" data-element_type=\"widget\" data-e-type=\"widget\" data-widget_type=\"heading.default\">\n\t\t\t\t\t<h3 class=\"elementor-heading-title elementor-size-default\">Longas Metragens<\/h3>\t\t\t\t<\/div>\n\t\t\t\t<div class=\"elementor-element elementor-element-5e2fa2e elementor-widget elementor-widget-text-editor\" data-id=\"5e2fa2e\" data-element_type=\"widget\" data-e-type=\"widget\" data-widget_type=\"text-editor.default\">\n\t\t\t\t\t\t\t\t\t<p><strong>NINGU\u00c9M \u00c9 CAMPE\u00c3O SOZINHO<\/strong> | Elder Fraga | 80\u00b4 | Doc. | Brasil<\/p><p><strong>WHAT IS LEFT OF US<\/strong> | Diego Borges | 62\u00b4 | Fiction | Portugal<\/p><p><strong>A CAIXA<\/strong> | Carlos G. Rodrigues | 98\u00b4 | Fiction | Angola<\/p><p><strong>QUEM \u00c9 O PAI DO MI\u00daDO?<\/strong> | Henrique \u201cDito\u201d Narciso | 90\u00b4 | Fiction | Angola<\/p><p><strong>PLANO B<\/strong> | Dorivaldo Cortez | 87\u00b4 | Fiction | Angola<\/p><p><strong>A ALM\u00c9RIA DE LEONE<\/strong> | Paulo Fajardo | 53\u00b4 | Doc. | Portugal<\/p><p><strong>TRUE_IT.UA\/DEFENCE_TECH<\/strong> | Artem Burba | 75\u00b4 | Doc. | Ucrain<\/p><p><strong>THE WOMAN AND THE CROSS<\/strong> | Arno Oehri | 80\u00b4 | Fiction | Liechtenstein<\/p><p><strong>SEFARAD<\/strong> | Lu\u00eds Ismael | 90\u00b4 | Fiction | Portugal<\/p><p><strong>Vicente Alves do \u00d3<\/strong> | 120\u2019 Fiction | Portugal<\/p>\t\t\t\t\t\t\t\t<\/div>\n\t\t\t\t\t<\/div>\n\t\t<\/div>\n\t\t\t\t\t<\/div>\n\t\t<\/section>\n\t\t\t\t<section class=\"elementor-section elementor-top-section elementor-element elementor-element-8d5ec24 elementor-section-boxed elementor-section-height-default elementor-section-height-default wpr-particle-no wpr-jarallax-no wpr-parallax-no wpr-sticky-section-no\" data-id=\"8d5ec24\" data-element_type=\"section\" data-e-type=\"section\">\n\t\t\t\t\t\t<div class=\"elementor-container elementor-column-gap-default\">\n\t\t\t\t\t<div class=\"elementor-column elementor-col-100 elementor-top-column elementor-element elementor-element-92c9383\" data-id=\"92c9383\" data-element_type=\"column\" data-e-type=\"column\">\n\t\t\t<div class=\"elementor-widget-wrap elementor-element-populated\">\n\t\t\t\t\t\t<div class=\"elementor-element elementor-element-f1528f3 elementor-widget elementor-widget-image\" data-id=\"f1528f3\" data-element_type=\"widget\" data-e-type=\"widget\" data-widget_type=\"image.default\">\n\t\t\t\t\t\t\t\t\t\t\t\t\t\t\t<img decoding=\"async\" width=\"2048\" height=\"2560\" src=\"https:\/\/aroucafilmfestival.com\/wp-content\/uploads\/2025\/08\/Banner-AFF-FilmesSelecionados_Listagem-Final-2025-scaled.jpg\" class=\"attachment-full size-full wp-image-5761\" alt=\"Filmes Selecionados Edi\u00e7\u00e3o 23 Arouca Film Festival\" srcset=\"https:\/\/aroucafilmfestival.com\/wp-content\/uploads\/2025\/08\/Banner-AFF-FilmesSelecionados_Listagem-Final-2025-scaled.jpg 2048w, https:\/\/aroucafilmfestival.com\/wp-content\/uploads\/2025\/08\/Banner-AFF-FilmesSelecionados_Listagem-Final-2025-240x300.jpg 240w, https:\/\/aroucafilmfestival.com\/wp-content\/uploads\/2025\/08\/Banner-AFF-FilmesSelecionados_Listagem-Final-2025-819x1024.jpg 819w, https:\/\/aroucafilmfestival.com\/wp-content\/uploads\/2025\/08\/Banner-AFF-FilmesSelecionados_Listagem-Final-2025-768x960.jpg 768w, https:\/\/aroucafilmfestival.com\/wp-content\/uploads\/2025\/08\/Banner-AFF-FilmesSelecionados_Listagem-Final-2025-1229x1536.jpg 1229w, https:\/\/aroucafilmfestival.com\/wp-content\/uploads\/2025\/08\/Banner-AFF-FilmesSelecionados_Listagem-Final-2025-1638x2048.jpg 1638w, https:\/\/aroucafilmfestival.com\/wp-content\/uploads\/2025\/08\/Banner-AFF-FilmesSelecionados_Listagem-Final-2025-10x12.jpg 10w\" sizes=\"(max-width: 2048px) 100vw, 2048px\" \/>\t\t\t\t\t\t\t\t\t\t\t\t\t\t\t<\/div>\n\t\t\t\t\t<\/div>\n\t\t<\/div>\n\t\t\t\t\t<\/div>\n\t\t<\/section>\n\t\t\t\t<\/div>","protected":false},"excerpt":{"rendered":"<p>Filmes Selecionados Arouca Film Festival 2025 Aqui poder\u00e3o encontrar todas os filmes selecionados para a 23\u00aa edi\u00e7\u00e3o do Arouca Filme Festival Filmes por Sess\u00f5es Quarta-feira, 10 de Setembro 10:30 | Angola \/ Luanda SEFARAD | Lu\u00eds Ismael | 90\u2019 | Fic\u00e7\u00e3o | Portugal 15:00\u201316:30 | Loja Interativa | Arouca RED WIND | Vasilije Bujakovic, Filip Marojevic, Ljubica Blagojevic | 4\u2019 | Fic\u00e7\u00e3o | S\u00e9rvia ADI\u00d3S | \u00c1lvaro G. Company, Mario Hern\u00e1ndez | 13\u2019 | Fic\u00e7\u00e3o | Espanha DOG TAGS | Soheil Arab | 3\u2019 | Fic\u00e7\u00e3o | Ir\u00e3o CARLITOS NARANJAS | Julia Motta Cardozo | 2\u2019 | Anima\u00e7\u00e3o | Brasil AL\u00c9M DO TERNO | Camila Taunay | 4\u2019 | Anima\u00e7\u00e3o | Brasil O MUNDO POR CARLITOS | Karine Itao Paulos | 4\u2019 | Anima\u00e7\u00e3o | Brasil CARMELA | Vicente Mallols | 14\u2019 | Anima\u00e7\u00e3o | Espanha I EXIST | Fatemeh Mokhtari | 11\u2019 | Fic\u00e7\u00e3o | Ir\u00e3o Quinta-feira, 11 de Setembro 15:00\u201316:30 | Loja Interativa | Arouca MEDUSAS | I\u00f1aki S\u00e1nchez Arrieta | 6\u2019 | Fic\u00e7\u00e3o | Espanha PREDATOR | Javier Fesser | 8\u2019 | Fic\u00e7\u00e3o | Espanha GARU Y PONKY | Cristhian Jallier | 11\u2019 | Anima\u00e7\u00e3o | Espanha WHAT IS LEFT OF US | Diego Borges | 62\u2019 | Fic\u00e7\u00e3o | Portugal Sexta-feira, 12 de Setembro 22:30 | Casa da Criatividade | SJM PORTUGUESES | Vicente Alves do \u00d3 | 120\u2019 | Fic\u00e7\u00e3o | Portugal S\u00e1bado, 13 de Setembro 14:40\u201316:40 | Loja Interativa Turismo | Arouca DONDE SE QUEJAN LOS PINOS | Ed Antoja | 11\u2019 | Fic\u00e7\u00e3o | Espanha EL CASTING | Mar\u00eda Maganto Buitrago | 9\u2019 | Fic\u00e7\u00e3o | Espanha RED | Elif Boyacioglu | 2\u2019 | Anima\u00e7\u00e3o | Canad\u00e1 BRIGHT | Caterina de Marchis O\u00f1ate, Ana Tirado S\u00e1ez-Bravo | 6\u2019 | Anima\u00e7\u00e3o | Espanha ALUADO | Cla\u00fadio Jordao | 7\u2019 | Anima\u00e7\u00e3o | Portugal GUIOMAR | Jessyka Santos | 1\u2019 | Experimental | Brasil SOM DA ALMA | Luis Moya | 21\u2019 | Document\u00e1rio | Portugal NINGU\u00c9M \u00c9 CAMPE\u00c3O SOZINHO | Elder Fraga | 80\u2019 | Document\u00e1rio | Brasil Domingo, 14 de Setembro 14:40\u201316:50 | Loja Interativa Turismo | Arouca BONITA | Albert Carb\u00f3, Eva Santana | 15\u2019 | Fic\u00e7\u00e3o | Maiorca, Espanha C\u00d2LERA | Jose Luis L\u00e1zaro | 10\u2019 | Fic\u00e7\u00e3o | Espanha CAN\u00c7\u00c3O DA PACI\u00caNCIA | Pedro E. Semedo | 3\u2019 | V\u00eddeo-Clip | Portugal JAMUARY | Joaquim Pav\u00e3o | 4\u2019 | V\u00eddeo-Clip | Portugal PLANO B | Dorivaldo Cortez | 87\u2019 | Fic\u00e7\u00e3o | Angola Segunda-feira, 15 de Setembro 15:00 | Loja Interativa Turismo | Arouca ALGUIEN QUE S\u00cd | Veki Velilla | 10\u2019 | Fic\u00e7\u00e3o | Espanha 7 MINUTS AL PARAD\u00cdS | Victoria Aviny\u00f3 | 14\u2019 | Fic\u00e7\u00e3o | Maiorca, Espanha ANGIE | Josep Varo | 9\u2019 | Fic\u00e7\u00e3o | Espanha Ter\u00e7a-feira, 16 de Setembro 14:30\u201316:00 | Loja Interativa Turismo | Arouca DISPARO DE NIEVE | Guillermo Rodr\u00edguez Marruecos | 8\u2019 | Fic\u00e7\u00e3o | Espanha A NEWLYWED STORY | Renu Razdan | 14\u2019 | Fic\u00e7\u00e3o | EUA LA GENTE NO TIENE PRINCIPIOS | Helher Escribano | 6\u2019 | Fic\u00e7\u00e3o | Espanha EVOLUA | Guilherme Ogura | 2\u2019 | Anima\u00e7\u00e3o | Brasil MASSAIA | Carlos Silva, Pedro Carvalho de Almeida, Helena Caspurro | 3\u2019 | Anima\u00e7\u00e3o | Portugal A ALM\u00c9RIA DE LEONE | Paulo Fajardo | 53\u2019 | Document\u00e1rio | Portugal 21:15 A CAIXA | Carlos G. Rodrigues | 98\u2019 | Fic\u00e7\u00e3o | Angola Quarta-feira, 17 de Setembro 14:30\u201316:00 | Loja Interativa Turismo | Arouca GOOD TRACK | Marco Pellegrino | 3\u2019 | V\u00eddeo-Clip | It\u00e1lia PERSONAL JESUS | Pedro E. Semedo | 5\u2019 | V\u00eddeo-Clip | Portugal AMPHIBOLOS LITHOS | Valery Grysha | 9\u2019 | Experimental | Ucr\u00e2nia RHEUM | Xilindraw Lab. | 2\u2019 | Anima\u00e7\u00e3o | Brasil PERIQUITOS | Alex Rey | 6\u2019 | Anima\u00e7\u00e3o | Espanha TRUE_IT.UA\/DEFENCE_TECH | Artem Burba | 75\u2019 | Document\u00e1rio | Ucr\u00e2nia 21:15 QUEM \u00c9 O PAI DO MI\u00daDO? | Henrique \u201cDito\u201d Narciso | 90\u2019 | Fic\u00e7\u00e3o | Angola Quinta-feira, 18 de Setembro 14:30\u201316:40 | Loja Interativa Turismo | Arouca B203 | Manuel Rodriguez | 12\u2019 | Fic\u00e7\u00e3o | Alemanha SILENT NIGHT | Michael Cygan | 11\u2019 | Fic\u00e7\u00e3o | Reino Unido IRRELEVANTE | Joel Munu | 4\u2019 | Fic\u00e7\u00e3o | Espanha LA MONTA\u00d1A T\u00d3XICA | Luis Miguel Ariza | 6\u2019 | Document\u00e1rio | Espanha A DIFFERENT GOAL | Marco Joubert | 3\u2019 | Anima\u00e7\u00e3o | Canad\u00e1 RICORDI | Cindy Macedo, Vitor Taborda | 3\u2019 | Anima\u00e7\u00e3o | Brasil THE WOMAN AND THE CROSS | Arno Oehri | 80\u2019 | Fic\u00e7\u00e3o | Liechtenstein 21:15 | CINEMA UCRANIANO \/ FILME: CUPRESSUS \/ SJM Pa\u00e7os da Cultura Sexta-feira, 19 de Setembro 14:30\u201316:00 \/ 21:15 | Loja Interativa Turismo | Arouca FEAR NOT FEAR ITSELF | Dawn Westlake | 5\u2019 | Fic\u00e7\u00e3o | Los Angeles, EUA YOU GOT MY BACK? | Javier Fesser | 10\u2019 | Fic\u00e7\u00e3o | Espanha THE SWEET PERFUME | Mohammadi Reza Mohammadi | 15\u2019 | Fic\u00e7\u00e3o | Ir\u00e3o 21:15 | VIVE E DEIXA ANDAR | Miguel Cadilhe | Fic\u00e7\u00e3o | Portugal S\u00e1bado, 20 de Setembro 14:30\u201316:00 \/ 21:15 | Loja Interativa Turismo | Arouca Proje\u00e7\u00e3o do filme vencedor da 23\u00aa edi\u00e7\u00e3o AFF Todos os Filmes Selecionados FEAR NOT FEAR ITSELF | Dawn Westlake | 5\u00b4 | Fiction | Los Angels USA B203 | Manuel Rodriguez | 12\u00b4 | Fiction | Germany A DIFFERENT GOAL | Marco Joubert | 3\u00b4 | Anim | Canada THE SWEET PERFUME | Mohammadi Reza Mohammadi | 15\u00b4 | Fiction | Iran I EXIST | Fatemeh Mokhtari | 11\u00b4 | Fiction | Iran SILENT NIGHT | Michael Cygan | 11\u00b4 | Fiction | United Kingdom RED WIND | Vasilije Bujakovic, Filip Marojevic, Ljubica Blagojevic | 4\u00b4 | Fiction | Servia AMPHIBOLOS LITHOS | Valery Grysha | 9\u00b4 | Exp. | Ukrain RHEUM | Xilindraw Lab. | 2\u00b4 | Anim. | Brasil CARLITOS NARANJAS | Julia Motta Cardozo | 2\u00b4 | Anim. | Brasil AL\u00c9M DO TERNO | Camila Taunay | 4\u00b4 | Anim. | Brasil O MUNDO POR CARLITOS | Karine Itao Paulos | 4\u00b4 | Anim. | Brasil EVOLUA | Guilherme Ogura | 2\u00b4 | Anim. | Brasil<\/p>","protected":false},"author":7,"featured_media":5738,"parent":5603,"menu_order":0,"comment_status":"closed","ping_status":"closed","template":"elementor_header_footer","meta":{"zakra_page_container_layout":"customizer","zakra_page_sidebar_layout":"customizer","zakra_remove_content_margin":false,"zakra_sidebar":"customizer","zakra_transparent_header":"customizer","zakra_logo":0,"zakra_main_header_style":"default","zakra_menu_item_color":"","zakra_menu_item_hover_color":"","zakra_menu_item_active_color":"","zakra_menu_active_style":"","zakra_page_header":false,"footnotes":""},"class_list":["post-5708","page","type-page","status-publish","has-post-thumbnail","hentry"],"yoast_head":"<!-- This site is optimized with the Yoast SEO plugin v27.2 - https:\/\/yoast.com\/product\/yoast-seo-wordpress\/ -->\n<title>Filmes Selecionados 2025 - Arouca Film Festival<\/title>\n<meta name=\"description\" content=\"Aqui poder\u00e3o encontrar todas os filmes selecionados para a 23\u00aa edi\u00e7\u00e3o do Arouca Filme Festival\" \/>\n<meta name=\"robots\" content=\"index, follow, max-snippet:-1, max-image-preview:large, max-video-preview:-1\" \/>\n<link rel=\"canonical\" href=\"https:\/\/aroucafilmfestival.com\/en\/edicao-2025\/filmes-selecionados-2025\/\" \/>\n<meta property=\"og:locale\" content=\"en_GB\" \/>\n<meta property=\"og:type\" content=\"article\" \/>\n<meta property=\"og:title\" content=\"Filmes Selecionados Arouca Film Festival 2025\" \/>\n<meta property=\"og:description\" content=\"Aqui poder\u00e3o encontrar todas os filmes selecionados para a 23\u00aa edi\u00e7\u00e3o do Arouca Filme Festival\" \/>\n<meta property=\"og:url\" content=\"https:\/\/aroucafilmfestival.com\/en\/edicao-2025\/filmes-selecionados-2025\/\" \/>\n<meta property=\"og:site_name\" content=\"Arouca Film Festival\" \/>\n<meta property=\"article:publisher\" content=\"https:\/\/www.facebook.com\/aroucafilmfestival\" \/>\n<meta property=\"article:modified_time\" content=\"2025-09-04T20:35:52+00:00\" \/>\n<meta property=\"og:image\" content=\"https:\/\/aroucafilmfestival.com\/wp-content\/uploads\/2025\/08\/AFF-Filmes-Selecionados_.jpg\" \/>\n\t<meta property=\"og:image:width\" content=\"2048\" \/>\n\t<meta property=\"og:image:height\" content=\"858\" \/>\n\t<meta property=\"og:image:type\" content=\"image\/jpeg\" \/>\n<meta name=\"twitter:card\" content=\"summary_large_image\" \/>\n<meta name=\"twitter:label1\" content=\"Estimated reading time\" \/>\n\t<meta name=\"twitter:data1\" content=\"9 minutes\" \/>\n<script type=\"application\/ld+json\" class=\"yoast-schema-graph\">{\"@context\":\"https:\/\/schema.org\",\"@graph\":[{\"@type\":\"WebPage\",\"@id\":\"https:\/\/aroucafilmfestival.com\/edicao-2025\/filmes-selecionados-2025\/\",\"url\":\"https:\/\/aroucafilmfestival.com\/edicao-2025\/filmes-selecionados-2025\/\",\"name\":\"Filmes Selecionados 2025 - Arouca Film Festival\",\"isPartOf\":{\"@id\":\"https:\/\/aroucafilmfestival.com\/#website\"},\"primaryImageOfPage\":{\"@id\":\"https:\/\/aroucafilmfestival.com\/edicao-2025\/filmes-selecionados-2025\/#primaryimage\"},\"image\":{\"@id\":\"https:\/\/aroucafilmfestival.com\/edicao-2025\/filmes-selecionados-2025\/#primaryimage\"},\"thumbnailUrl\":\"https:\/\/aroucafilmfestival.com\/wp-content\/uploads\/2025\/08\/AFF-Filmes-Selecionados_.jpg\",\"datePublished\":\"2025-08-07T19:28:55+00:00\",\"dateModified\":\"2025-09-04T20:35:52+00:00\",\"description\":\"Aqui poder\u00e3o encontrar todas os filmes selecionados para a 23\u00aa edi\u00e7\u00e3o do Arouca Filme Festival\",\"breadcrumb\":{\"@id\":\"https:\/\/aroucafilmfestival.com\/edicao-2025\/filmes-selecionados-2025\/#breadcrumb\"},\"inLanguage\":\"en-GB\",\"potentialAction\":[{\"@type\":\"ReadAction\",\"target\":[\"https:\/\/aroucafilmfestival.com\/edicao-2025\/filmes-selecionados-2025\/\"]}]},{\"@type\":\"ImageObject\",\"inLanguage\":\"en-GB\",\"@id\":\"https:\/\/aroucafilmfestival.com\/edicao-2025\/filmes-selecionados-2025\/#primaryimage\",\"url\":\"https:\/\/aroucafilmfestival.com\/wp-content\/uploads\/2025\/08\/AFF-Filmes-Selecionados_.jpg\",\"contentUrl\":\"https:\/\/aroucafilmfestival.com\/wp-content\/uploads\/2025\/08\/AFF-Filmes-Selecionados_.jpg\",\"width\":2048,\"height\":858,\"caption\":\"Filmes Selecionados Edi\u00e7\u00e3o 23 Arouca Film Festival\"},{\"@type\":\"BreadcrumbList\",\"@id\":\"https:\/\/aroucafilmfestival.com\/edicao-2025\/filmes-selecionados-2025\/#breadcrumb\",\"itemListElement\":[{\"@type\":\"ListItem\",\"position\":1,\"name\":\"In\u00edcio\",\"item\":\"https:\/\/aroucafilmfestival.com\/\"},{\"@type\":\"ListItem\",\"position\":2,\"name\":\"Edi\u00e7\u00e3o 2025\",\"item\":\"https:\/\/aroucafilmfestival.com\/edicao-2025\/\"},{\"@type\":\"ListItem\",\"position\":3,\"name\":\"Filmes Selecionados 2025\"}]},{\"@type\":\"WebSite\",\"@id\":\"https:\/\/aroucafilmfestival.com\/#website\",\"url\":\"https:\/\/aroucafilmfestival.com\/\",\"name\":\"Arouca Film Festival\",\"description\":\"Portuguese Internacional Film Festival\",\"publisher\":{\"@id\":\"https:\/\/aroucafilmfestival.com\/#organization\"},\"potentialAction\":[{\"@type\":\"SearchAction\",\"target\":{\"@type\":\"EntryPoint\",\"urlTemplate\":\"https:\/\/aroucafilmfestival.com\/?s={search_term_string}\"},\"query-input\":{\"@type\":\"PropertyValueSpecification\",\"valueRequired\":true,\"valueName\":\"search_term_string\"}}],\"inLanguage\":\"en-GB\"},{\"@type\":\"Organization\",\"@id\":\"https:\/\/aroucafilmfestival.com\/#organization\",\"name\":\"Arouca Film Festival\",\"alternateName\":\"AFF\",\"url\":\"https:\/\/aroucafilmfestival.com\/\",\"logo\":{\"@type\":\"ImageObject\",\"inLanguage\":\"en-GB\",\"@id\":\"https:\/\/aroucafilmfestival.com\/#\/schema\/logo\/image\/\",\"url\":\"https:\/\/aroucafilmfestival.com\/wp-content\/uploads\/2021\/09\/TelaLIT_AFF_2021_3-scaled-e1631835841735.jpg\",\"contentUrl\":\"https:\/\/aroucafilmfestival.com\/wp-content\/uploads\/2021\/09\/TelaLIT_AFF_2021_3-scaled-e1631835841735.jpg\",\"width\":2560,\"height\":889,\"caption\":\"Arouca Film Festival\"},\"image\":{\"@id\":\"https:\/\/aroucafilmfestival.com\/#\/schema\/logo\/image\/\"},\"sameAs\":[\"https:\/\/www.facebook.com\/aroucafilmfestival\",\"https:\/\/www.instagram.com\/aroucafilmfestival_portugal\/\"]}]}<\/script>\n<!-- \/ Yoast SEO plugin. -->","yoast_head_json":{"title":"Filmes Selecionados 2025 - Arouca Film Festival","description":"Aqui poder\u00e3o encontrar todas os filmes selecionados para a 23\u00aa edi\u00e7\u00e3o do Arouca Filme Festival","robots":{"index":"index","follow":"follow","max-snippet":"max-snippet:-1","max-image-preview":"max-image-preview:large","max-video-preview":"max-video-preview:-1"},"canonical":"https:\/\/aroucafilmfestival.com\/en\/edicao-2025\/filmes-selecionados-2025\/","og_locale":"en_GB","og_type":"article","og_title":"Filmes Selecionados Arouca Film Festival 2025","og_description":"Aqui poder\u00e3o encontrar todas os filmes selecionados para a 23\u00aa edi\u00e7\u00e3o do Arouca Filme Festival","og_url":"https:\/\/aroucafilmfestival.com\/en\/edicao-2025\/filmes-selecionados-2025\/","og_site_name":"Arouca Film Festival","article_publisher":"https:\/\/www.facebook.com\/aroucafilmfestival","article_modified_time":"2025-09-04T20:35:52+00:00","og_image":[{"width":2048,"height":858,"url":"https:\/\/aroucafilmfestival.com\/wp-content\/uploads\/2025\/08\/AFF-Filmes-Selecionados_.jpg","type":"image\/jpeg"}],"twitter_card":"summary_large_image","twitter_misc":{"Estimated reading time":"9 minutes"},"schema":{"@context":"https:\/\/schema.org","@graph":[{"@type":"WebPage","@id":"https:\/\/aroucafilmfestival.com\/edicao-2025\/filmes-selecionados-2025\/","url":"https:\/\/aroucafilmfestival.com\/edicao-2025\/filmes-selecionados-2025\/","name":"Filmes Selecionados 2025 - Arouca Film Festival","isPartOf":{"@id":"https:\/\/aroucafilmfestival.com\/#website"},"primaryImageOfPage":{"@id":"https:\/\/aroucafilmfestival.com\/edicao-2025\/filmes-selecionados-2025\/#primaryimage"},"image":{"@id":"https:\/\/aroucafilmfestival.com\/edicao-2025\/filmes-selecionados-2025\/#primaryimage"},"thumbnailUrl":"https:\/\/aroucafilmfestival.com\/wp-content\/uploads\/2025\/08\/AFF-Filmes-Selecionados_.jpg","datePublished":"2025-08-07T19:28:55+00:00","dateModified":"2025-09-04T20:35:52+00:00","description":"Aqui poder\u00e3o encontrar todas os filmes selecionados para a 23\u00aa edi\u00e7\u00e3o do Arouca Filme Festival","breadcrumb":{"@id":"https:\/\/aroucafilmfestival.com\/edicao-2025\/filmes-selecionados-2025\/#breadcrumb"},"inLanguage":"en-GB","potentialAction":[{"@type":"ReadAction","target":["https:\/\/aroucafilmfestival.com\/edicao-2025\/filmes-selecionados-2025\/"]}]},{"@type":"ImageObject","inLanguage":"en-GB","@id":"https:\/\/aroucafilmfestival.com\/edicao-2025\/filmes-selecionados-2025\/#primaryimage","url":"https:\/\/aroucafilmfestival.com\/wp-content\/uploads\/2025\/08\/AFF-Filmes-Selecionados_.jpg","contentUrl":"https:\/\/aroucafilmfestival.com\/wp-content\/uploads\/2025\/08\/AFF-Filmes-Selecionados_.jpg","width":2048,"height":858,"caption":"Filmes Selecionados Edi\u00e7\u00e3o 23 Arouca Film Festival"},{"@type":"BreadcrumbList","@id":"https:\/\/aroucafilmfestival.com\/edicao-2025\/filmes-selecionados-2025\/#breadcrumb","itemListElement":[{"@type":"ListItem","position":1,"name":"In\u00edcio","item":"https:\/\/aroucafilmfestival.com\/"},{"@type":"ListItem","position":2,"name":"Edi\u00e7\u00e3o 2025","item":"https:\/\/aroucafilmfestival.com\/edicao-2025\/"},{"@type":"ListItem","position":3,"name":"Filmes Selecionados 2025"}]},{"@type":"WebSite","@id":"https:\/\/aroucafilmfestival.com\/#website","url":"https:\/\/aroucafilmfestival.com\/","name":"Arouca Film Festival","description":"Portuguese Internacional Film Festival","publisher":{"@id":"https:\/\/aroucafilmfestival.com\/#organization"},"potentialAction":[{"@type":"SearchAction","target":{"@type":"EntryPoint","urlTemplate":"https:\/\/aroucafilmfestival.com\/?s={search_term_string}"},"query-input":{"@type":"PropertyValueSpecification","valueRequired":true,"valueName":"search_term_string"}}],"inLanguage":"en-GB"},{"@type":"Organization","@id":"https:\/\/aroucafilmfestival.com\/#organization","name":"Arouca Film Festival","alternateName":"AFF","url":"https:\/\/aroucafilmfestival.com\/","logo":{"@type":"ImageObject","inLanguage":"en-GB","@id":"https:\/\/aroucafilmfestival.com\/#\/schema\/logo\/image\/","url":"https:\/\/aroucafilmfestival.com\/wp-content\/uploads\/2021\/09\/TelaLIT_AFF_2021_3-scaled-e1631835841735.jpg","contentUrl":"https:\/\/aroucafilmfestival.com\/wp-content\/uploads\/2021\/09\/TelaLIT_AFF_2021_3-scaled-e1631835841735.jpg","width":2560,"height":889,"caption":"Arouca Film Festival"},"image":{"@id":"https:\/\/aroucafilmfestival.com\/#\/schema\/logo\/image\/"},"sameAs":["https:\/\/www.facebook.com\/aroucafilmfestival","https:\/\/www.instagram.com\/aroucafilmfestival_portugal\/"]}]}},"_links":{"self":[{"href":"http:\/\/aroucafilmfestival.com\/en\/wp-json\/wp\/v2\/pages\/5708","targetHints":{"allow":["GET"]}}],"collection":[{"href":"http:\/\/aroucafilmfestival.com\/en\/wp-json\/wp\/v2\/pages"}],"about":[{"href":"http:\/\/aroucafilmfestival.com\/en\/wp-json\/wp\/v2\/types\/page"}],"author":[{"embeddable":true,"href":"http:\/\/aroucafilmfestival.com\/en\/wp-json\/wp\/v2\/users\/7"}],"replies":[{"embeddable":true,"href":"http:\/\/aroucafilmfestival.com\/en\/wp-json\/wp\/v2\/comments?post=5708"}],"version-history":[{"count":43,"href":"http:\/\/aroucafilmfestival.com\/en\/wp-json\/wp\/v2\/pages\/5708\/revisions"}],"predecessor-version":[{"id":6007,"href":"http:\/\/aroucafilmfestival.com\/en\/wp-json\/wp\/v2\/pages\/5708\/revisions\/6007"}],"up":[{"embeddable":true,"href":"http:\/\/aroucafilmfestival.com\/en\/wp-json\/wp\/v2\/pages\/5603"}],"wp:featuredmedia":[{"embeddable":true,"href":"http:\/\/aroucafilmfestival.com\/en\/wp-json\/wp\/v2\/media\/5738"}],"wp:attachment":[{"href":"http:\/\/aroucafilmfestival.com\/en\/wp-json\/wp\/v2\/media?parent=5708"}],"curies":[{"name":"wp","href":"https:\/\/api.w.org\/{rel}","templated":true}]}}