{"id":2604,"date":"2021-08-10T11:28:33","date_gmt":"2021-08-10T11:28:33","guid":{"rendered":"https:\/\/aroucafilmfestival.com\/?page_id=2604"},"modified":"2022-02-24T15:04:36","modified_gmt":"2022-02-24T15:04:36","slug":"juri-2021","status":"publish","type":"page","link":"https:\/\/aroucafilmfestival.com\/en\/festival-2021\/juri-2021\/","title":{"rendered":"2021 Jury"},"content":{"rendered":"\t\t<div data-elementor-type=\"wp-page\" data-elementor-id=\"2604\" class=\"elementor elementor-2604\">\n\t\t\t\t\t\t<section class=\"elementor-section elementor-top-section elementor-element elementor-element-c206f2e elementor-section-boxed elementor-section-height-default elementor-section-height-default wpr-particle-no wpr-jarallax-no wpr-parallax-no wpr-sticky-section-no\" data-id=\"c206f2e\" data-element_type=\"section\" data-e-type=\"section\">\n\t\t\t\t\t\t<div class=\"elementor-container elementor-column-gap-default\">\n\t\t\t\t\t<div class=\"elementor-column elementor-col-100 elementor-top-column elementor-element elementor-element-6d11ad3\" data-id=\"6d11ad3\" data-element_type=\"column\" data-e-type=\"column\">\n\t\t\t<div class=\"elementor-widget-wrap elementor-element-populated\">\n\t\t\t\t\t\t<div class=\"elementor-element elementor-element-ef74b68 elementor-widget elementor-widget-heading\" data-id=\"ef74b68\" data-element_type=\"widget\" data-e-type=\"widget\" data-widget_type=\"heading.default\">\n\t\t\t\t\t<h1 class=\"elementor-heading-title elementor-size-default\">J\u00fari Edi\u00e7\u00e3o 19<\/h1>\t\t\t\t<\/div>\n\t\t\t\t<div class=\"elementor-element elementor-element-66fabc0 elementor-widget elementor-widget-image\" data-id=\"66fabc0\" data-element_type=\"widget\" data-e-type=\"widget\" data-widget_type=\"image.default\">\n\t\t\t\t\t\t\t\t\t\t\t\t\t\t\t<img fetchpriority=\"high\" decoding=\"async\" width=\"1024\" height=\"400\" src=\"https:\/\/aroucafilmfestival.com\/wp-content\/uploads\/2021\/08\/Juris-AFF-Todos-2021-1-1024x400.jpg\" class=\"attachment-large size-large wp-image-2514\" alt=\"J\u00fari Arouca Film Festival 2021\" srcset=\"https:\/\/aroucafilmfestival.com\/wp-content\/uploads\/2021\/08\/Juris-AFF-Todos-2021-1-1024x400.jpg 1024w, https:\/\/aroucafilmfestival.com\/wp-content\/uploads\/2021\/08\/Juris-AFF-Todos-2021-1-300x117.jpg 300w, https:\/\/aroucafilmfestival.com\/wp-content\/uploads\/2021\/08\/Juris-AFF-Todos-2021-1-768x300.jpg 768w, https:\/\/aroucafilmfestival.com\/wp-content\/uploads\/2021\/08\/Juris-AFF-Todos-2021-1-1536x600.jpg 1536w, https:\/\/aroucafilmfestival.com\/wp-content\/uploads\/2021\/08\/Juris-AFF-Todos-2021-1-2048x800.jpg 2048w, https:\/\/aroucafilmfestival.com\/wp-content\/uploads\/2021\/08\/Juris-AFF-Todos-2021-1-18x7.jpg 18w\" sizes=\"(max-width: 1024px) 100vw, 1024px\" \/>\t\t\t\t\t\t\t\t\t\t\t\t\t\t\t<\/div>\n\t\t\t\t\t<\/div>\n\t\t<\/div>\n\t\t\t\t\t<\/div>\n\t\t<\/section>\n\t\t\t\t<section class=\"elementor-section elementor-top-section elementor-element elementor-element-12a2892 elementor-section-boxed elementor-section-height-default elementor-section-height-default wpr-particle-no wpr-jarallax-no wpr-parallax-no wpr-sticky-section-no\" data-id=\"12a2892\" data-element_type=\"section\" data-e-type=\"section\">\n\t\t\t\t\t\t<div class=\"elementor-container elementor-column-gap-default\">\n\t\t\t\t\t<div class=\"elementor-column elementor-col-100 elementor-top-column elementor-element elementor-element-bda2ae8\" data-id=\"bda2ae8\" data-element_type=\"column\" data-e-type=\"column\">\n\t\t\t<div class=\"elementor-widget-wrap elementor-element-populated\">\n\t\t\t\t\t\t<div class=\"elementor-element elementor-element-ab5a537 elementor-widget elementor-widget-accordion\" data-id=\"ab5a537\" data-element_type=\"widget\" data-e-type=\"widget\" data-widget_type=\"accordion.default\">\n\t\t\t\t\t\t\t<div class=\"elementor-accordion\">\n\t\t\t\t\t\t\t<div class=\"elementor-accordion-item\">\n\t\t\t\t\t<div id=\"elementor-tab-title-1791\" class=\"elementor-tab-title\" data-tab=\"1\" role=\"button\" aria-controls=\"elementor-tab-content-1791\" aria-expanded=\"false\">\n\t\t\t\t\t\t\t\t\t\t\t\t\t<span class=\"elementor-accordion-icon elementor-accordion-icon-left\" aria-hidden=\"true\">\n\t\t\t\t\t\t\t\t\t\t\t\t\t\t\t<span class=\"elementor-accordion-icon-closed\"><i class=\"fas fa-plus\"><\/i><\/span>\n\t\t\t\t\t\t\t\t<span class=\"elementor-accordion-icon-opened\"><i class=\"fas fa-minus\"><\/i><\/span>\n\t\t\t\t\t\t\t\t\t\t\t\t\t\t<\/span>\n\t\t\t\t\t\t\t\t\t\t\t\t<a class=\"elementor-accordion-title\" tabindex=\"0\">Fernando Pinho<\/a>\n\t\t\t\t\t<\/div>\n\t\t\t\t\t<div id=\"elementor-tab-content-1791\" class=\"elementor-tab-content elementor-clearfix\" data-tab=\"1\" role=\"region\" aria-labelledby=\"elementor-tab-title-1791\"><p><img decoding=\"async\" class=\"size-medium wp-image-2492 aligncenter\" src=\"https:\/\/aroucafilmfestival.com\/wp-content\/uploads\/2021\/08\/Juris-Individuais_AFF2021_3-241x300.jpg\" alt=\"\" width=\"241\" height=\"300\" srcset=\"https:\/\/aroucafilmfestival.com\/wp-content\/uploads\/2021\/08\/Juris-Individuais_AFF2021_3-241x300.jpg 241w, https:\/\/aroucafilmfestival.com\/wp-content\/uploads\/2021\/08\/Juris-Individuais_AFF2021_3-824x1024.jpg 824w, https:\/\/aroucafilmfestival.com\/wp-content\/uploads\/2021\/08\/Juris-Individuais_AFF2021_3-768x954.jpg 768w, https:\/\/aroucafilmfestival.com\/wp-content\/uploads\/2021\/08\/Juris-Individuais_AFF2021_3-1236x1536.jpg 1236w, https:\/\/aroucafilmfestival.com\/wp-content\/uploads\/2021\/08\/Juris-Individuais_AFF2021_3-1648x2048.jpg 1648w, https:\/\/aroucafilmfestival.com\/wp-content\/uploads\/2021\/08\/Juris-Individuais_AFF2021_3-10x12.jpg 10w\" sizes=\"(max-width: 241px) 100vw, 241px\" \/><\/p><p><strong>Produtor e encenador residente e m Cambridge, Reino Unido.\u00a0Licenciado pela Guildhall School of Music &amp; Drama, Fernando estreou-se como produtor no Barbican Centre de Londres. Entre outros, a sua carreira inclui projetos na Royal Opera House e Royal Albert Hall tendo trabalhado com alguns dos maiores nomes do teatro e m\u00fasica dos quais se destacam Lilly James, Ant\u00f3nio Papano, Sir David Colins e Sir Jonathan Miller. Fernando inaugurou a Casa da Criatividade em S\u00e3o Jo\u00e3o Da Madeira em 2012 onde foi diretor art\u00edstico entre 2010 e 2013.<\/strong><\/p><p><strong>Fundador da organiza\u00e7\u00e3o n\u00e3o governamental Please Take Me There que at\u00e9 hoje j\u00e1 ajudou a salvar mais de 4,000 crian\u00e7as com cancro que vivem em pobreza extrema e sem aceso a tratamento oncol\u00f3gico. O seu trabalho humanit\u00e1rio tem sido destacado internacionalmente pela BBC e NBC.<\/strong><\/p><p><strong>Tamb\u00e9m convidado regularmente para apresentar o seu trabalho em confer\u00eancias internacionais se onde se destaca a apresenta\u00e7\u00e3o na sede do Facebook em S\u00e3o Francisco.\u00a0| Portugal \/ Inglaterra<\/strong><\/p><p><em>Based in Cambridge (UK), Pinho is both a producer and director who graduated in the Guildhall School of Music &amp; Drama. Fernando made his debut as a producer at the Barbican Center in London.<\/em><\/p><p><em>Some of his most highlighted projects were carried out at the Royal Opera House and Royal Albert Hall. Furthermore, he has worked with some of the biggest names in theater and music, including Lilly James, Ant\u00f3nio Papano, Sir David Colins and Sir Jonathan Miller.<\/em><\/p><p><em>Fernando Pinho launched the Casa da Criatividade in S\u00e3o Jo\u00e3o Da Madeira in 2012 where he worked as an artistic director from 2010 to 2013.<\/em><\/p><p><em>He is also the founder of the non-governmental organization Please Take Me There, which has helped more than 4,000 children with cancer so far, most of whom are living in extreme poverty and without access to cancer treatment. His humanitarian work has been highlighted internationally by the BBC and NBC.<\/em><\/p><p><em>He is regularly invited to offer his work at international conferences where the presentation at the Facebook headquarters in San Francisco stands out. | Portugal \/ England<\/em><\/p><\/div>\n\t\t\t\t<\/div>\n\t\t\t\t\t\t\t<div class=\"elementor-accordion-item\">\n\t\t\t\t\t<div id=\"elementor-tab-title-1792\" class=\"elementor-tab-title\" data-tab=\"2\" role=\"button\" aria-controls=\"elementor-tab-content-1792\" aria-expanded=\"false\">\n\t\t\t\t\t\t\t\t\t\t\t\t\t<span class=\"elementor-accordion-icon elementor-accordion-icon-left\" aria-hidden=\"true\">\n\t\t\t\t\t\t\t\t\t\t\t\t\t\t\t<span class=\"elementor-accordion-icon-closed\"><i class=\"fas fa-plus\"><\/i><\/span>\n\t\t\t\t\t\t\t\t<span class=\"elementor-accordion-icon-opened\"><i class=\"fas fa-minus\"><\/i><\/span>\n\t\t\t\t\t\t\t\t\t\t\t\t\t\t<\/span>\n\t\t\t\t\t\t\t\t\t\t\t\t<a class=\"elementor-accordion-title\" tabindex=\"0\">C\u00e9sar N\u00f3brega<\/a>\n\t\t\t\t\t<\/div>\n\t\t\t\t\t<div id=\"elementor-tab-content-1792\" class=\"elementor-tab-content elementor-clearfix\" data-tab=\"2\" role=\"region\" aria-labelledby=\"elementor-tab-title-1792\"><p><img decoding=\"async\" class=\"size-medium wp-image-2493 aligncenter\" src=\"https:\/\/aroucafilmfestival.com\/wp-content\/uploads\/2021\/08\/Juris-Individuais_AFF2021_7-241x300.jpg\" alt=\"\" width=\"241\" height=\"300\" srcset=\"https:\/\/aroucafilmfestival.com\/wp-content\/uploads\/2021\/08\/Juris-Individuais_AFF2021_7-241x300.jpg 241w, https:\/\/aroucafilmfestival.com\/wp-content\/uploads\/2021\/08\/Juris-Individuais_AFF2021_7-822x1024.jpg 822w, https:\/\/aroucafilmfestival.com\/wp-content\/uploads\/2021\/08\/Juris-Individuais_AFF2021_7-768x956.jpg 768w, https:\/\/aroucafilmfestival.com\/wp-content\/uploads\/2021\/08\/Juris-Individuais_AFF2021_7-1234x1536.jpg 1234w, https:\/\/aroucafilmfestival.com\/wp-content\/uploads\/2021\/08\/Juris-Individuais_AFF2021_7-1645x2048.jpg 1645w, https:\/\/aroucafilmfestival.com\/wp-content\/uploads\/2021\/08\/Juris-Individuais_AFF2021_7-10x12.jpg 10w\" sizes=\"(max-width: 241px) 100vw, 241px\" \/><\/p><p><strong>Jornalista profissional desde 1993. Trabalha na R\u00e1dio Nova \u2013 Porto. O cinema \u00e9 uma das suas paix\u00f5es. Foi programador e assessor do Fantasporto.\u00a0| Portugal<\/strong><\/p><p><em>Professional journalist since 1993. Works at R\u00e1dio Nova \u2013 Porto. Cinema is one of his passions. He was a programmer and advisor at Fantasporto. | Portugal<\/em><\/p><\/div>\n\t\t\t\t<\/div>\n\t\t\t\t\t\t\t<div class=\"elementor-accordion-item\">\n\t\t\t\t\t<div id=\"elementor-tab-title-1793\" class=\"elementor-tab-title\" data-tab=\"3\" role=\"button\" aria-controls=\"elementor-tab-content-1793\" aria-expanded=\"false\">\n\t\t\t\t\t\t\t\t\t\t\t\t\t<span class=\"elementor-accordion-icon elementor-accordion-icon-left\" aria-hidden=\"true\">\n\t\t\t\t\t\t\t\t\t\t\t\t\t\t\t<span class=\"elementor-accordion-icon-closed\"><i class=\"fas fa-plus\"><\/i><\/span>\n\t\t\t\t\t\t\t\t<span class=\"elementor-accordion-icon-opened\"><i class=\"fas fa-minus\"><\/i><\/span>\n\t\t\t\t\t\t\t\t\t\t\t\t\t\t<\/span>\n\t\t\t\t\t\t\t\t\t\t\t\t<a class=\"elementor-accordion-title\" tabindex=\"0\">Amy Clarke<\/a>\n\t\t\t\t\t<\/div>\n\t\t\t\t\t<div id=\"elementor-tab-content-1793\" class=\"elementor-tab-content elementor-clearfix\" data-tab=\"3\" role=\"region\" aria-labelledby=\"elementor-tab-title-1793\"><p><img loading=\"lazy\" decoding=\"async\" class=\"size-medium wp-image-2494 aligncenter\" src=\"https:\/\/aroucafilmfestival.com\/wp-content\/uploads\/2021\/08\/Juris-Individuais_AFF2021_9-241x300.jpg\" alt=\"\" width=\"241\" height=\"300\" srcset=\"https:\/\/aroucafilmfestival.com\/wp-content\/uploads\/2021\/08\/Juris-Individuais_AFF2021_9-241x300.jpg 241w, https:\/\/aroucafilmfestival.com\/wp-content\/uploads\/2021\/08\/Juris-Individuais_AFF2021_9-824x1024.jpg 824w, https:\/\/aroucafilmfestival.com\/wp-content\/uploads\/2021\/08\/Juris-Individuais_AFF2021_9-768x954.jpg 768w, https:\/\/aroucafilmfestival.com\/wp-content\/uploads\/2021\/08\/Juris-Individuais_AFF2021_9-1236x1536.jpg 1236w, https:\/\/aroucafilmfestival.com\/wp-content\/uploads\/2021\/08\/Juris-Individuais_AFF2021_9-1648x2048.jpg 1648w, https:\/\/aroucafilmfestival.com\/wp-content\/uploads\/2021\/08\/Juris-Individuais_AFF2021_9-10x12.jpg 10w\" sizes=\"(max-width: 241px) 100vw, 241px\" \/><\/p><p><strong>Amy Clarke \u00e9 argumentista, natural do Reino Unido, mas criada na Irlanda. Desde que concluiu o mestrado em Escrita de Argumentos na Goldsmiths University of London em 2018, escreveu e fez a sua primeira curta-metragem, Sequins, sobre um ambicioso adolescente em Blackpool dos anos 90 que busca ser uma drag queen.<\/strong><br \/><strong>Apresentado em 24 festivais em todo o mundo, incluindo o Festival de Cinema de Norwich (Reino Unido), o Festival de Cinema de Edmonton (Canad\u00e1) e o Festival de Cinema Inside Out LGBTQ + em Toronto, o filme recebeu tr\u00eas pr\u00eamios de Melhor Curta-Metragem e tamb\u00e9m uma s\u00e9rie de outras nomea\u00e7\u00f5es, incluindo Melhor Argumento. Foi incrivelmente bem recebido pela comunidade LGBTQ + e pelo p\u00fablico principal.<\/strong><br \/><strong>Escreveu tamb\u00e9m dois epis\u00f3dios da com\u00e9dia de bloqueio online Angry Quiz Guy (estrelada por Nick Helm), co-escreveu o piloto da com\u00e9dia dram\u00e1tica 28 Dates Later e \u00e9 co-argumentista de toda a temporada. Atualmente, escreve um argumento piloto para uma adapta\u00e7\u00e3o de Sequins para uma s\u00e9rie de TV. | Inglaterra<\/strong><\/p><p><em>Amy Clarke is a screenwriter originally from the UK but raised in Ireland. Since completing a master\u2019s degree in Scriptwriting at Goldsmiths University of London in 2018 she has gone on to write and make her debut short film, Sequins, following an ambitious teenager in 90\u2019s Blackpool who has his sights set on being a drag queen.<\/em><br \/><em>Playing at twenty-four festivals worldwide including BAFTA qualifying Norwich Film Festival (UK), Oscar qualifying Edmonton Film Festival (Canada), and the renowned Inside Out LGBTQ+ Film Festival in Toronto, the film has received three awards for Best Short Film as well as a number of other nominations including Best Screenplay. It has been incredibly well received by both the LGBTQ+ community and mainstream audiences.<\/em><br \/><em>She wrote two episodes of online lockdown comedy Angry Quiz Guy (starring Nick Helm), co-wrote the pilot for comedy-drama 28 Dates Later and is a co-writer for the whole season. She is currently writing a pilot script for a TV series adaptation of Sequins.\u00a0|\u00a0England<\/em><\/p><\/div>\n\t\t\t\t<\/div>\n\t\t\t\t\t\t\t<div class=\"elementor-accordion-item\">\n\t\t\t\t\t<div id=\"elementor-tab-title-1794\" class=\"elementor-tab-title\" data-tab=\"4\" role=\"button\" aria-controls=\"elementor-tab-content-1794\" aria-expanded=\"false\">\n\t\t\t\t\t\t\t\t\t\t\t\t\t<span class=\"elementor-accordion-icon elementor-accordion-icon-left\" aria-hidden=\"true\">\n\t\t\t\t\t\t\t\t\t\t\t\t\t\t\t<span class=\"elementor-accordion-icon-closed\"><i class=\"fas fa-plus\"><\/i><\/span>\n\t\t\t\t\t\t\t\t<span class=\"elementor-accordion-icon-opened\"><i class=\"fas fa-minus\"><\/i><\/span>\n\t\t\t\t\t\t\t\t\t\t\t\t\t\t<\/span>\n\t\t\t\t\t\t\t\t\t\t\t\t<a class=\"elementor-accordion-title\" tabindex=\"0\">Fernando M. Pinho<\/a>\n\t\t\t\t\t<\/div>\n\t\t\t\t\t<div id=\"elementor-tab-content-1794\" class=\"elementor-tab-content elementor-clearfix\" data-tab=\"4\" role=\"region\" aria-labelledby=\"elementor-tab-title-1794\"><p><img loading=\"lazy\" decoding=\"async\" class=\"size-medium wp-image-2495 aligncenter\" src=\"https:\/\/aroucafilmfestival.com\/wp-content\/uploads\/2021\/08\/Juris-Individuais_AFF2021_8-241x300.jpg\" alt=\"\" width=\"241\" height=\"300\" srcset=\"https:\/\/aroucafilmfestival.com\/wp-content\/uploads\/2021\/08\/Juris-Individuais_AFF2021_8-241x300.jpg 241w, https:\/\/aroucafilmfestival.com\/wp-content\/uploads\/2021\/08\/Juris-Individuais_AFF2021_8-824x1024.jpg 824w, https:\/\/aroucafilmfestival.com\/wp-content\/uploads\/2021\/08\/Juris-Individuais_AFF2021_8-768x954.jpg 768w, https:\/\/aroucafilmfestival.com\/wp-content\/uploads\/2021\/08\/Juris-Individuais_AFF2021_8-1236x1536.jpg 1236w, https:\/\/aroucafilmfestival.com\/wp-content\/uploads\/2021\/08\/Juris-Individuais_AFF2021_8-1648x2048.jpg 1648w, https:\/\/aroucafilmfestival.com\/wp-content\/uploads\/2021\/08\/Juris-Individuais_AFF2021_8-10x12.jpg 10w\" sizes=\"(max-width: 241px) 100vw, 241px\" \/><\/p><p><strong>Fernando Pinho \u00e9\u00a0desde 2007 membro do j\u00fari do\u00a0Arouca Film Festival. Licenciado em Comunica\u00e7\u00e3o Social (especializa\u00e7\u00e3o em televis\u00e3o) e p\u00f3s-graduado em Direito da Comunica\u00e7\u00e3o,\u00a0foi jornalista profissional durante cerca de 30 anos,\u00a0mantendo\u00a0colabora\u00e7\u00e3o em diferentes meios de informa\u00e7\u00e3o \u2013 como a Gazeta dos Desportos, O Com\u00e9rcio do Porto, Ag\u00eancia LUSA, Jornal \u201ci\u201d ou o Di\u00e1rio de Aveiro -,\u00a0sendo atualmente\u00a0consultor de comunica\u00e7\u00e3o.\u00a0|\u00a0Portugal<\/strong><br \/><strong>A Internet e o document\u00e1rio cinematogr\u00e1fico s\u00e3o outras das atividades a que se dedica. Na rede global, esteve na cria\u00e7\u00e3o da EDVI (Ag\u00eancia de Conte\u00fados Informativos do Entre Douro e Vouga), projeto pioneiro no\u00a0pa\u00eds, enquadrado no Programa Cidades e Regi\u00f5es Digitais.\u00a0Faz parte,\u00a0com regularidade,\u00a0do j\u00fari de festivais\u00a0de cinema\u00a0nacionais e internacionais. | Portugal<\/strong><\/p><p><em>Fernando Pinho has been a member of the jury of the Arouca Film Festival since 2007. With a degree in Social Communication (specialized in television) and a postgraduate degree in Communication Law, he has been a professional journalist for about 30 years. During all these years he has developed his skills in different media \u2013 such as Gazeta dos Sports, O Com\u00e9rcio do Porto, Ag\u00eancia LUSA, Jornal \u201ci\u201d or the Di\u00e1rio de Aveiro -, where he currently continues being a communication consultant. | Portugal<\/em><\/p><p><em>The Internet and cinematographic documentary are some of the other activities he has been dedicated to. In the global network, he has been involved in the creation of EDVI (Entre Douro e Vouga Information Content Agency), a pioneering project in the country, as part of the Digital Cities and Regions Program. Moreover, he is a juror for both national and international film festivals. | Portugal<\/em><\/p><\/div>\n\t\t\t\t<\/div>\n\t\t\t\t\t\t\t<div class=\"elementor-accordion-item\">\n\t\t\t\t\t<div id=\"elementor-tab-title-1795\" class=\"elementor-tab-title\" data-tab=\"5\" role=\"button\" aria-controls=\"elementor-tab-content-1795\" aria-expanded=\"false\">\n\t\t\t\t\t\t\t\t\t\t\t\t\t<span class=\"elementor-accordion-icon elementor-accordion-icon-left\" aria-hidden=\"true\">\n\t\t\t\t\t\t\t\t\t\t\t\t\t\t\t<span class=\"elementor-accordion-icon-closed\"><i class=\"fas fa-plus\"><\/i><\/span>\n\t\t\t\t\t\t\t\t<span class=\"elementor-accordion-icon-opened\"><i class=\"fas fa-minus\"><\/i><\/span>\n\t\t\t\t\t\t\t\t\t\t\t\t\t\t<\/span>\n\t\t\t\t\t\t\t\t\t\t\t\t<a class=\"elementor-accordion-title\" tabindex=\"0\">Michael Beddoes<\/a>\n\t\t\t\t\t<\/div>\n\t\t\t\t\t<div id=\"elementor-tab-content-1795\" class=\"elementor-tab-content elementor-clearfix\" data-tab=\"5\" role=\"region\" aria-labelledby=\"elementor-tab-title-1795\"><p><img loading=\"lazy\" decoding=\"async\" class=\"size-medium wp-image-2499 aligncenter\" src=\"https:\/\/aroucafilmfestival.com\/wp-content\/uploads\/2021\/08\/Juris-Individuais_AFF2021_5-241x300.jpg\" alt=\"\" width=\"241\" height=\"300\" srcset=\"https:\/\/aroucafilmfestival.com\/wp-content\/uploads\/2021\/08\/Juris-Individuais_AFF2021_5-241x300.jpg 241w, https:\/\/aroucafilmfestival.com\/wp-content\/uploads\/2021\/08\/Juris-Individuais_AFF2021_5-822x1024.jpg 822w, https:\/\/aroucafilmfestival.com\/wp-content\/uploads\/2021\/08\/Juris-Individuais_AFF2021_5-768x956.jpg 768w, https:\/\/aroucafilmfestival.com\/wp-content\/uploads\/2021\/08\/Juris-Individuais_AFF2021_5-1234x1536.jpg 1234w, https:\/\/aroucafilmfestival.com\/wp-content\/uploads\/2021\/08\/Juris-Individuais_AFF2021_5-1645x2048.jpg 1645w, https:\/\/aroucafilmfestival.com\/wp-content\/uploads\/2021\/08\/Juris-Individuais_AFF2021_5-10x12.jpg 10w\" sizes=\"(max-width: 241px) 100vw, 241px\" \/><\/p><p><strong>Michael Beddoes \u00e9 um escritor, realizador e produtor sediado em Londres, Reino Unido. Depois de receber sele\u00e7\u00f5es e indica\u00e7\u00f5es por seu trabalho de produ\u00e7\u00e3o em festivais de qualifica\u00e7\u00e3o para os Oscar e BAFTA, como SXSW, Aesthetica e os Hamptons, passou a escrever e realizar.<\/strong><br \/><strong>Como escritor e realizador, atualmente tem uma s\u00e9rie de projetos em desenvolvimento com diferentes emissoras de TV no Reino Unido e nos Estados Unidos. \u00c9 representado por Christina Pickworth na Imagine Talent. | Inglaterra<\/strong><\/p><p><em>Michael Beddoes is a writer, director and producer based in London, UK. After picking up selections and nominations for his producing work at Oscar and BAFTA qualifying festivals such as SXSW, Aesthetica and the Hamptons, he moved across into writing and directing.<\/em><br \/><em>As a writer and director he currently has a number of projects in-development with different TV broadcasters both in the UK and the US. He is represented by Christina Pickworth at Imagine Talent.\u00a0|\u00a0England<\/em><\/p><\/div>\n\t\t\t\t<\/div>\n\t\t\t\t\t\t\t<div class=\"elementor-accordion-item\">\n\t\t\t\t\t<div id=\"elementor-tab-title-1796\" class=\"elementor-tab-title\" data-tab=\"6\" role=\"button\" aria-controls=\"elementor-tab-content-1796\" aria-expanded=\"false\">\n\t\t\t\t\t\t\t\t\t\t\t\t\t<span class=\"elementor-accordion-icon elementor-accordion-icon-left\" aria-hidden=\"true\">\n\t\t\t\t\t\t\t\t\t\t\t\t\t\t\t<span class=\"elementor-accordion-icon-closed\"><i class=\"fas fa-plus\"><\/i><\/span>\n\t\t\t\t\t\t\t\t<span class=\"elementor-accordion-icon-opened\"><i class=\"fas fa-minus\"><\/i><\/span>\n\t\t\t\t\t\t\t\t\t\t\t\t\t\t<\/span>\n\t\t\t\t\t\t\t\t\t\t\t\t<a class=\"elementor-accordion-title\" tabindex=\"0\">In\u00eas Marques<\/a>\n\t\t\t\t\t<\/div>\n\t\t\t\t\t<div id=\"elementor-tab-content-1796\" class=\"elementor-tab-content elementor-clearfix\" data-tab=\"6\" role=\"region\" aria-labelledby=\"elementor-tab-title-1796\"><p><img loading=\"lazy\" decoding=\"async\" class=\"size-medium wp-image-2500 aligncenter\" src=\"https:\/\/aroucafilmfestival.com\/wp-content\/uploads\/2021\/08\/Juris-Individuais_AFF2021_4-241x300.jpg\" alt=\"\" width=\"241\" height=\"300\" srcset=\"https:\/\/aroucafilmfestival.com\/wp-content\/uploads\/2021\/08\/Juris-Individuais_AFF2021_4-241x300.jpg 241w, https:\/\/aroucafilmfestival.com\/wp-content\/uploads\/2021\/08\/Juris-Individuais_AFF2021_4-823x1024.jpg 823w, https:\/\/aroucafilmfestival.com\/wp-content\/uploads\/2021\/08\/Juris-Individuais_AFF2021_4-768x955.jpg 768w, https:\/\/aroucafilmfestival.com\/wp-content\/uploads\/2021\/08\/Juris-Individuais_AFF2021_4-1235x1536.jpg 1235w, https:\/\/aroucafilmfestival.com\/wp-content\/uploads\/2021\/08\/Juris-Individuais_AFF2021_4-1647x2048.jpg 1647w, https:\/\/aroucafilmfestival.com\/wp-content\/uploads\/2021\/08\/Juris-Individuais_AFF2021_4-10x12.jpg 10w\" sizes=\"(max-width: 241px) 100vw, 241px\" \/><\/p><p><strong>In\u00eas Marques \u00e9 formada em artes, em Cinema &amp; V\u00eddeo pela Universidade ESAP, Porto.<\/strong><br \/><strong>Trabalhou como Produtora de Televis\u00e3o e acumulou um portef\u00f3lio diversificado de Produ\u00e7\u00f5es Televisivas premiadas e colaborou com diversas Institui\u00e7\u00f5es na difus\u00e3o do Cinema Portugu\u00eas. Trabalha como freelance em Leicester, Reino Unido e tem v\u00e1rios projetos em desenvolvimento com diferentes organiza\u00e7\u00f5es em Portugal e no Reino Unido. | Portugal \/ Inglaterra<\/strong><\/p><p><em>Ines Marques is graduated in Arts (Hons) in Cinema &amp; Video from ESAP University, Porto.<\/em><br \/><em>Worked as a TV Producer and it amassed a diverse portfolio of award-winning and long-running Television Productions and\u00a0collaborated with different Institutions in the diffusion of Portuguese Cinema.\u00a0Is working as freelance in Leicester, UK and has several projects in-development with different organizations both in Portugal and UK.<\/em><br \/><em>| Portugal \/ England<\/em><\/p><\/div>\n\t\t\t\t<\/div>\n\t\t\t\t\t\t\t<div class=\"elementor-accordion-item\">\n\t\t\t\t\t<div id=\"elementor-tab-title-1797\" class=\"elementor-tab-title\" data-tab=\"7\" role=\"button\" aria-controls=\"elementor-tab-content-1797\" aria-expanded=\"false\">\n\t\t\t\t\t\t\t\t\t\t\t\t\t<span class=\"elementor-accordion-icon elementor-accordion-icon-left\" aria-hidden=\"true\">\n\t\t\t\t\t\t\t\t\t\t\t\t\t\t\t<span class=\"elementor-accordion-icon-closed\"><i class=\"fas fa-plus\"><\/i><\/span>\n\t\t\t\t\t\t\t\t<span class=\"elementor-accordion-icon-opened\"><i class=\"fas fa-minus\"><\/i><\/span>\n\t\t\t\t\t\t\t\t\t\t\t\t\t\t<\/span>\n\t\t\t\t\t\t\t\t\t\t\t\t<a class=\"elementor-accordion-title\" tabindex=\"0\">Jos\u00e9 Miranda<\/a>\n\t\t\t\t\t<\/div>\n\t\t\t\t\t<div id=\"elementor-tab-content-1797\" class=\"elementor-tab-content elementor-clearfix\" data-tab=\"7\" role=\"region\" aria-labelledby=\"elementor-tab-title-1797\"><p><img loading=\"lazy\" decoding=\"async\" class=\"size-medium wp-image-2501 aligncenter\" src=\"https:\/\/aroucafilmfestival.com\/wp-content\/uploads\/2021\/08\/Juris-Individuais_AFF2021_6-242x300.jpg\" alt=\"\" width=\"242\" height=\"300\" srcset=\"https:\/\/aroucafilmfestival.com\/wp-content\/uploads\/2021\/08\/Juris-Individuais_AFF2021_6-242x300.jpg 242w, https:\/\/aroucafilmfestival.com\/wp-content\/uploads\/2021\/08\/Juris-Individuais_AFF2021_6-824x1024.jpg 824w, https:\/\/aroucafilmfestival.com\/wp-content\/uploads\/2021\/08\/Juris-Individuais_AFF2021_6-768x954.jpg 768w, https:\/\/aroucafilmfestival.com\/wp-content\/uploads\/2021\/08\/Juris-Individuais_AFF2021_6-1237x1536.jpg 1237w, https:\/\/aroucafilmfestival.com\/wp-content\/uploads\/2021\/08\/Juris-Individuais_AFF2021_6-1649x2048.jpg 1649w, https:\/\/aroucafilmfestival.com\/wp-content\/uploads\/2021\/08\/Juris-Individuais_AFF2021_6-10x12.jpg 10w\" sizes=\"(max-width: 242px) 100vw, 242px\" \/><\/p><p><strong>Fundador e gestor de v\u00e1rias empresas de produ\u00e7\u00e3o de filmes e publicidade. Produtor Executivo e autor de in\u00fameras produ\u00e7\u00f5es. Atualmente reside em Inglaterra e \u00e9 consultor de produ\u00e7\u00e3o de filmes de Publicidade e conte\u00fados para Televis\u00e3o, Internet e Mobile. Fundador da Isotope Watches. | Portugal \/ Inglaterra<\/strong><\/p><p><em>Founder and manager of several film productions and advertising companies. Executive producer and author of numerous productions. He currently resides in England and he is a consultant in the production of advertising films and content for Television, Internet and Mobile. Founder of Isotope Watches. | Portugal \/ England<\/em><\/p><\/div>\n\t\t\t\t<\/div>\n\t\t\t\t\t\t\t<div class=\"elementor-accordion-item\">\n\t\t\t\t\t<div id=\"elementor-tab-title-1798\" class=\"elementor-tab-title\" data-tab=\"8\" role=\"button\" aria-controls=\"elementor-tab-content-1798\" aria-expanded=\"false\">\n\t\t\t\t\t\t\t\t\t\t\t\t\t<span class=\"elementor-accordion-icon elementor-accordion-icon-left\" aria-hidden=\"true\">\n\t\t\t\t\t\t\t\t\t\t\t\t\t\t\t<span class=\"elementor-accordion-icon-closed\"><i class=\"fas fa-plus\"><\/i><\/span>\n\t\t\t\t\t\t\t\t<span class=\"elementor-accordion-icon-opened\"><i class=\"fas fa-minus\"><\/i><\/span>\n\t\t\t\t\t\t\t\t\t\t\t\t\t\t<\/span>\n\t\t\t\t\t\t\t\t\t\t\t\t<a class=\"elementor-accordion-title\" tabindex=\"0\">Hugo Nicolau Cal\u00e7ada<\/a>\n\t\t\t\t\t<\/div>\n\t\t\t\t\t<div id=\"elementor-tab-content-1798\" class=\"elementor-tab-content elementor-clearfix\" data-tab=\"8\" role=\"region\" aria-labelledby=\"elementor-tab-title-1798\"><p><img loading=\"lazy\" decoding=\"async\" class=\"size-medium wp-image-2502 aligncenter\" src=\"https:\/\/aroucafilmfestival.com\/wp-content\/uploads\/2021\/08\/Juris-Individuais_AFF2021_1-241x300.jpg\" alt=\"\" width=\"241\" height=\"300\" srcset=\"https:\/\/aroucafilmfestival.com\/wp-content\/uploads\/2021\/08\/Juris-Individuais_AFF2021_1-241x300.jpg 241w, https:\/\/aroucafilmfestival.com\/wp-content\/uploads\/2021\/08\/Juris-Individuais_AFF2021_1-822x1024.jpg 822w, https:\/\/aroucafilmfestival.com\/wp-content\/uploads\/2021\/08\/Juris-Individuais_AFF2021_1-768x956.jpg 768w, https:\/\/aroucafilmfestival.com\/wp-content\/uploads\/2021\/08\/Juris-Individuais_AFF2021_1-1234x1536.jpg 1234w, https:\/\/aroucafilmfestival.com\/wp-content\/uploads\/2021\/08\/Juris-Individuais_AFF2021_1-1645x2048.jpg 1645w, https:\/\/aroucafilmfestival.com\/wp-content\/uploads\/2021\/08\/Juris-Individuais_AFF2021_1-10x12.jpg 10w\" sizes=\"(max-width: 241px) 100vw, 241px\" \/><\/p><p><strong>Hugo Nicolau Cal\u00e7ada Natural de Arouca, licenciado em Jornalismo, acabou por trabalhar como fotojornalista em jornais e revistas nacionais, e depois como freelancer. Mais tarde embarcou na aventura do cinema, fez o seu primeiro filme em 2001. Estudou interpreta\u00e7\u00e3o em Nova Iorque, Porto e Londres (onde residiu nos \u00faltimos anos). \u00c9 actor profissional desde 2010. | Portugal \/ Inglaterra<\/strong><\/p><p><em>From Arouca, after doing a degree in Media, he ended up working as photojournalist in several national newspapers and magazines. Later on, he started his cinema odyssey in 2001. He studied acting in New York, Porto and London (where he lived in the last decade). He\u2019s professional actor since 2010. | Portugal \/ England<\/em><\/p><\/div>\n\t\t\t\t<\/div>\n\t\t\t\t\t\t\t<div class=\"elementor-accordion-item\">\n\t\t\t\t\t<div id=\"elementor-tab-title-1799\" class=\"elementor-tab-title\" data-tab=\"9\" role=\"button\" aria-controls=\"elementor-tab-content-1799\" aria-expanded=\"false\">\n\t\t\t\t\t\t\t\t\t\t\t\t\t<span class=\"elementor-accordion-icon elementor-accordion-icon-left\" aria-hidden=\"true\">\n\t\t\t\t\t\t\t\t\t\t\t\t\t\t\t<span class=\"elementor-accordion-icon-closed\"><i class=\"fas fa-plus\"><\/i><\/span>\n\t\t\t\t\t\t\t\t<span class=\"elementor-accordion-icon-opened\"><i class=\"fas fa-minus\"><\/i><\/span>\n\t\t\t\t\t\t\t\t\t\t\t\t\t\t<\/span>\n\t\t\t\t\t\t\t\t\t\t\t\t<a class=\"elementor-accordion-title\" tabindex=\"0\">Lu\u00eds Fardilha<\/a>\n\t\t\t\t\t<\/div>\n\t\t\t\t\t<div id=\"elementor-tab-content-1799\" class=\"elementor-tab-content elementor-clearfix\" data-tab=\"9\" role=\"region\" aria-labelledby=\"elementor-tab-title-1799\"><p><img loading=\"lazy\" decoding=\"async\" class=\"size-medium wp-image-2503 aligncenter\" src=\"https:\/\/aroucafilmfestival.com\/wp-content\/uploads\/2021\/08\/Juris-Individuais_AFF2021_2-241x300.jpg\" alt=\"\" width=\"241\" height=\"300\" srcset=\"https:\/\/aroucafilmfestival.com\/wp-content\/uploads\/2021\/08\/Juris-Individuais_AFF2021_2-241x300.jpg 241w, https:\/\/aroucafilmfestival.com\/wp-content\/uploads\/2021\/08\/Juris-Individuais_AFF2021_2-824x1024.jpg 824w, https:\/\/aroucafilmfestival.com\/wp-content\/uploads\/2021\/08\/Juris-Individuais_AFF2021_2-768x954.jpg 768w, https:\/\/aroucafilmfestival.com\/wp-content\/uploads\/2021\/08\/Juris-Individuais_AFF2021_2-1236x1536.jpg 1236w, https:\/\/aroucafilmfestival.com\/wp-content\/uploads\/2021\/08\/Juris-Individuais_AFF2021_2-1648x2048.jpg 1648w, https:\/\/aroucafilmfestival.com\/wp-content\/uploads\/2021\/08\/Juris-Individuais_AFF2021_2-10x12.jpg 10w\" sizes=\"(max-width: 241px) 100vw, 241px\" \/><\/p><p><strong>T\u00e9cnico e representante regional do IPDJ de Aveiro e estudioso da \u00e1rea do cinema e audiovisual.\u00a0Orador e participante em v\u00e1rios festivais de cinema |\u00a0Portugal<\/strong><\/p><p><em>Technician and regional representative of the IPDJ of Aveiro and scholar in the field of cinema and audiovisual. Speaker and participant in several film festivals | Portugal<\/em><\/p><\/div>\n\t\t\t\t<\/div>\n\t\t\t\t\t\t\t\t\t\t<script type=\"application\/ld+json\">{\"@context\":\"https:\\\/\\\/schema.org\",\"@type\":\"FAQPage\",\"mainEntity\":[{\"@type\":\"Question\",\"name\":\"Fernando Pinho\",\"acceptedAnswer\":{\"@type\":\"Answer\",\"text\":\"<p><img class=\\\"size-medium wp-image-2492 aligncenter\\\" src=\\\"https:\\\/\\\/aroucafilmfestival.com\\\/wp-content\\\/uploads\\\/2021\\\/08\\\/Juris-Individuais_AFF2021_3-241x300.jpg\\\" alt=\\\"\\\" width=\\\"241\\\" height=\\\"300\\\" \\\/><\\\/p><p><strong>Produtor e encenador residente e m Cambridge, Reino Unido.\\u00a0Licenciado pela Guildhall School of Music &amp; Drama, Fernando estreou-se como produtor no Barbican Centre de Londres. Entre outros, a sua carreira inclui projetos na Royal Opera House e Royal Albert Hall tendo trabalhado com alguns dos maiores nomes do teatro e m\\u00fasica dos quais se destacam Lilly James, Ant\\u00f3nio Papano, Sir David Colins e Sir Jonathan Miller. Fernando inaugurou a Casa da Criatividade em S\\u00e3o Jo\\u00e3o Da Madeira em 2012 onde foi diretor art\\u00edstico entre 2010 e 2013.<\\\/strong><\\\/p><p><strong>Fundador da organiza\\u00e7\\u00e3o n\\u00e3o governamental Please Take Me There que at\\u00e9 hoje j\\u00e1 ajudou a salvar mais de 4,000 crian\\u00e7as com cancro que vivem em pobreza extrema e sem aceso a tratamento oncol\\u00f3gico. O seu trabalho humanit\\u00e1rio tem sido destacado internacionalmente pela BBC e NBC.<\\\/strong><\\\/p><p><strong>Tamb\\u00e9m convidado regularmente para apresentar o seu trabalho em confer\\u00eancias internacionais se onde se destaca a apresenta\\u00e7\\u00e3o na sede do Facebook em S\\u00e3o Francisco.\\u00a0| Portugal \\\/ Inglaterra<\\\/strong><\\\/p><p><em>Based in Cambridge (UK), Pinho is both a producer and director who graduated in the Guildhall School of Music &amp; Drama. Fernando made his debut as a producer at the Barbican Center in London.<\\\/em><\\\/p><p><em>Some of his most highlighted projects were carried out at the Royal Opera House and Royal Albert Hall. Furthermore, he has worked with some of the biggest names in theater and music, including Lilly James, Ant\\u00f3nio Papano, Sir David Colins and Sir Jonathan Miller.<\\\/em><\\\/p><p><em>Fernando Pinho launched the Casa da Criatividade in S\\u00e3o Jo\\u00e3o Da Madeira in 2012 where he worked as an artistic director from 2010 to 2013.<\\\/em><\\\/p><p><em>He is also the founder of the non-governmental organization Please Take Me There, which has helped more than 4,000 children with cancer so far, most of whom are living in extreme poverty and without access to cancer treatment. His humanitarian work has been highlighted internationally by the BBC and NBC.<\\\/em><\\\/p><p><em>He is regularly invited to offer his work at international conferences where the presentation at the Facebook headquarters in San Francisco stands out. | Portugal \\\/ England<\\\/em><\\\/p>\"}},{\"@type\":\"Question\",\"name\":\"C\\u00e9sar N\\u00f3brega\",\"acceptedAnswer\":{\"@type\":\"Answer\",\"text\":\"<p><img class=\\\"size-medium wp-image-2493 aligncenter\\\" src=\\\"https:\\\/\\\/aroucafilmfestival.com\\\/wp-content\\\/uploads\\\/2021\\\/08\\\/Juris-Individuais_AFF2021_7-241x300.jpg\\\" alt=\\\"\\\" width=\\\"241\\\" height=\\\"300\\\" \\\/><\\\/p><p><strong>Jornalista profissional desde 1993. Trabalha na R\\u00e1dio Nova \\u2013 Porto. O cinema \\u00e9 uma das suas paix\\u00f5es. Foi programador e assessor do Fantasporto.\\u00a0| Portugal<\\\/strong><\\\/p><p><em>Professional journalist since 1993. Works at R\\u00e1dio Nova \\u2013 Porto. Cinema is one of his passions. He was a programmer and advisor at Fantasporto. | Portugal<\\\/em><\\\/p>\"}},{\"@type\":\"Question\",\"name\":\"Amy Clarke\",\"acceptedAnswer\":{\"@type\":\"Answer\",\"text\":\"<p><img class=\\\"size-medium wp-image-2494 aligncenter\\\" src=\\\"https:\\\/\\\/aroucafilmfestival.com\\\/wp-content\\\/uploads\\\/2021\\\/08\\\/Juris-Individuais_AFF2021_9-241x300.jpg\\\" alt=\\\"\\\" width=\\\"241\\\" height=\\\"300\\\" \\\/><\\\/p><p><strong>Amy Clarke \\u00e9 argumentista, natural do Reino Unido, mas criada na Irlanda. Desde que concluiu o mestrado em Escrita de Argumentos na Goldsmiths University of London em 2018, escreveu e fez a sua primeira curta-metragem, Sequins, sobre um ambicioso adolescente em Blackpool dos anos 90 que busca ser uma drag queen.<\\\/strong><br \\\/><strong>Apresentado em 24 festivais em todo o mundo, incluindo o Festival de Cinema de Norwich (Reino Unido), o Festival de Cinema de Edmonton (Canad\\u00e1) e o Festival de Cinema Inside Out LGBTQ + em Toronto, o filme recebeu tr\\u00eas pr\\u00eamios de Melhor Curta-Metragem e tamb\\u00e9m uma s\\u00e9rie de outras nomea\\u00e7\\u00f5es, incluindo Melhor Argumento. Foi incrivelmente bem recebido pela comunidade LGBTQ + e pelo p\\u00fablico principal.<\\\/strong><br \\\/><strong>Escreveu tamb\\u00e9m dois epis\\u00f3dios da com\\u00e9dia de bloqueio online Angry Quiz Guy (estrelada por Nick Helm), co-escreveu o piloto da com\\u00e9dia dram\\u00e1tica 28 Dates Later e \\u00e9 co-argumentista de toda a temporada. Atualmente, escreve um argumento piloto para uma adapta\\u00e7\\u00e3o de Sequins para uma s\\u00e9rie de TV. | Inglaterra<\\\/strong><\\\/p><p><em>Amy Clarke is a screenwriter originally from the UK but raised in Ireland. Since completing a master\\u2019s degree in Scriptwriting at Goldsmiths University of London in 2018 she has gone on to write and make her debut short film, Sequins, following an ambitious teenager in 90\\u2019s Blackpool who has his sights set on being a drag queen.<\\\/em><br \\\/><em>Playing at twenty-four festivals worldwide including BAFTA qualifying Norwich Film Festival (UK), Oscar qualifying Edmonton Film Festival (Canada), and the renowned Inside Out LGBTQ+ Film Festival in Toronto, the film has received three awards for Best Short Film as well as a number of other nominations including Best Screenplay. It has been incredibly well received by both the LGBTQ+ community and mainstream audiences.<\\\/em><br \\\/><em>She wrote two episodes of online lockdown comedy Angry Quiz Guy (starring Nick Helm), co-wrote the pilot for comedy-drama 28 Dates Later and is a co-writer for the whole season. She is currently writing a pilot script for a TV series adaptation of Sequins.\\u00a0|\\u00a0England<\\\/em><\\\/p>\"}},{\"@type\":\"Question\",\"name\":\"Fernando M. Pinho\",\"acceptedAnswer\":{\"@type\":\"Answer\",\"text\":\"<p><img class=\\\"size-medium wp-image-2495 aligncenter\\\" src=\\\"https:\\\/\\\/aroucafilmfestival.com\\\/wp-content\\\/uploads\\\/2021\\\/08\\\/Juris-Individuais_AFF2021_8-241x300.jpg\\\" alt=\\\"\\\" width=\\\"241\\\" height=\\\"300\\\" \\\/><\\\/p><p><strong>Fernando Pinho \\u00e9\\u00a0desde 2007 membro do j\\u00fari do\\u00a0Arouca Film Festival. Licenciado em Comunica\\u00e7\\u00e3o Social (especializa\\u00e7\\u00e3o em televis\\u00e3o) e p\\u00f3s-graduado em Direito da Comunica\\u00e7\\u00e3o,\\u00a0foi jornalista profissional durante cerca de 30 anos,\\u00a0mantendo\\u00a0colabora\\u00e7\\u00e3o em diferentes meios de informa\\u00e7\\u00e3o \\u2013 como a Gazeta dos Desportos, O Com\\u00e9rcio do Porto, Ag\\u00eancia LUSA, Jornal \\u201ci\\u201d ou o Di\\u00e1rio de Aveiro -,\\u00a0sendo atualmente\\u00a0consultor de comunica\\u00e7\\u00e3o.\\u00a0|\\u00a0Portugal<\\\/strong><br \\\/><strong>A Internet e o document\\u00e1rio cinematogr\\u00e1fico s\\u00e3o outras das atividades a que se dedica. Na rede global, esteve na cria\\u00e7\\u00e3o da EDVI (Ag\\u00eancia de Conte\\u00fados Informativos do Entre Douro e Vouga), projeto pioneiro no\\u00a0pa\\u00eds, enquadrado no Programa Cidades e Regi\\u00f5es Digitais.\\u00a0Faz parte,\\u00a0com regularidade,\\u00a0do j\\u00fari de festivais\\u00a0de cinema\\u00a0nacionais e internacionais. | Portugal<\\\/strong><\\\/p><p><em>Fernando Pinho has been a member of the jury of the Arouca Film Festival since 2007. With a degree in Social Communication (specialized in television) and a postgraduate degree in Communication Law, he has been a professional journalist for about 30 years. During all these years he has developed his skills in different media \\u2013 such as Gazeta dos Sports, O Com\\u00e9rcio do Porto, Ag\\u00eancia LUSA, Jornal \\u201ci\\u201d or the Di\\u00e1rio de Aveiro -, where he currently continues being a communication consultant. | Portugal<\\\/em><\\\/p><p><em>The Internet and cinematographic documentary are some of the other activities he has been dedicated to. In the global network, he has been involved in the creation of EDVI (Entre Douro e Vouga Information Content Agency), a pioneering project in the country, as part of the Digital Cities and Regions Program. Moreover, he is a juror for both national and international film festivals. | Portugal<\\\/em><\\\/p>\"}},{\"@type\":\"Question\",\"name\":\"Michael Beddoes\",\"acceptedAnswer\":{\"@type\":\"Answer\",\"text\":\"<p><img class=\\\"size-medium wp-image-2499 aligncenter\\\" src=\\\"https:\\\/\\\/aroucafilmfestival.com\\\/wp-content\\\/uploads\\\/2021\\\/08\\\/Juris-Individuais_AFF2021_5-241x300.jpg\\\" alt=\\\"\\\" width=\\\"241\\\" height=\\\"300\\\" \\\/><\\\/p><p><strong>Michael Beddoes \\u00e9 um escritor, realizador e produtor sediado em Londres, Reino Unido. Depois de receber sele\\u00e7\\u00f5es e indica\\u00e7\\u00f5es por seu trabalho de produ\\u00e7\\u00e3o em festivais de qualifica\\u00e7\\u00e3o para os Oscar e BAFTA, como SXSW, Aesthetica e os Hamptons, passou a escrever e realizar.<\\\/strong><br \\\/><strong>Como escritor e realizador, atualmente tem uma s\\u00e9rie de projetos em desenvolvimento com diferentes emissoras de TV no Reino Unido e nos Estados Unidos. \\u00c9 representado por Christina Pickworth na Imagine Talent. | Inglaterra<\\\/strong><\\\/p><p><em>Michael Beddoes is a writer, director and producer based in London, UK. After picking up selections and nominations for his producing work at Oscar and BAFTA qualifying festivals such as SXSW, Aesthetica and the Hamptons, he moved across into writing and directing.<\\\/em><br \\\/><em>As a writer and director he currently has a number of projects in-development with different TV broadcasters both in the UK and the US. He is represented by Christina Pickworth at Imagine Talent.\\u00a0|\\u00a0England<\\\/em><\\\/p>\"}},{\"@type\":\"Question\",\"name\":\"In\\u00eas Marques\",\"acceptedAnswer\":{\"@type\":\"Answer\",\"text\":\"<p><img class=\\\"size-medium wp-image-2500 aligncenter\\\" src=\\\"https:\\\/\\\/aroucafilmfestival.com\\\/wp-content\\\/uploads\\\/2021\\\/08\\\/Juris-Individuais_AFF2021_4-241x300.jpg\\\" alt=\\\"\\\" width=\\\"241\\\" height=\\\"300\\\" \\\/><\\\/p><p><strong>In\\u00eas Marques \\u00e9 formada em artes, em Cinema &amp; V\\u00eddeo pela Universidade ESAP, Porto.<\\\/strong><br \\\/><strong>Trabalhou como Produtora de Televis\\u00e3o e acumulou um portef\\u00f3lio diversificado de Produ\\u00e7\\u00f5es Televisivas premiadas e colaborou com diversas Institui\\u00e7\\u00f5es na difus\\u00e3o do Cinema Portugu\\u00eas. Trabalha como freelance em Leicester, Reino Unido e tem v\\u00e1rios projetos em desenvolvimento com diferentes organiza\\u00e7\\u00f5es em Portugal e no Reino Unido. | Portugal \\\/ Inglaterra<\\\/strong><\\\/p><p><em>Ines Marques is graduated in Arts (Hons) in Cinema &amp; Video from ESAP University, Porto.<\\\/em><br \\\/><em>Worked as a TV Producer and it amassed a diverse portfolio of award-winning and long-running Television Productions and\\u00a0collaborated with different Institutions in the diffusion of Portuguese Cinema.\\u00a0Is working as freelance in Leicester, UK and has several projects in-development with different organizations both in Portugal and UK.<\\\/em><br \\\/><em>| Portugal \\\/ England<\\\/em><\\\/p>\"}},{\"@type\":\"Question\",\"name\":\"Jos\\u00e9 Miranda\",\"acceptedAnswer\":{\"@type\":\"Answer\",\"text\":\"<p><img class=\\\"size-medium wp-image-2501 aligncenter\\\" src=\\\"https:\\\/\\\/aroucafilmfestival.com\\\/wp-content\\\/uploads\\\/2021\\\/08\\\/Juris-Individuais_AFF2021_6-242x300.jpg\\\" alt=\\\"\\\" width=\\\"242\\\" height=\\\"300\\\" \\\/><\\\/p><p><strong>Fundador e gestor de v\\u00e1rias empresas de produ\\u00e7\\u00e3o de filmes e publicidade. Produtor Executivo e autor de in\\u00fameras produ\\u00e7\\u00f5es. Atualmente reside em Inglaterra e \\u00e9 consultor de produ\\u00e7\\u00e3o de filmes de Publicidade e conte\\u00fados para Televis\\u00e3o, Internet e Mobile. Fundador da Isotope Watches. | Portugal \\\/ Inglaterra<\\\/strong><\\\/p><p><em>Founder and manager of several film productions and advertising companies. Executive producer and author of numerous productions. He currently resides in England and he is a consultant in the production of advertising films and content for Television, Internet and Mobile. Founder of Isotope Watches. | Portugal \\\/ England<\\\/em><\\\/p>\"}},{\"@type\":\"Question\",\"name\":\"Hugo Nicolau Cal\\u00e7ada\",\"acceptedAnswer\":{\"@type\":\"Answer\",\"text\":\"<p><img class=\\\"size-medium wp-image-2502 aligncenter\\\" src=\\\"https:\\\/\\\/aroucafilmfestival.com\\\/wp-content\\\/uploads\\\/2021\\\/08\\\/Juris-Individuais_AFF2021_1-241x300.jpg\\\" alt=\\\"\\\" width=\\\"241\\\" height=\\\"300\\\" \\\/><\\\/p><p><strong>Hugo Nicolau Cal\\u00e7ada Natural de Arouca, licenciado em Jornalismo, acabou por trabalhar como fotojornalista em jornais e revistas nacionais, e depois como freelancer. Mais tarde embarcou na aventura do cinema, fez o seu primeiro filme em 2001. Estudou interpreta\\u00e7\\u00e3o em Nova Iorque, Porto e Londres (onde residiu nos \\u00faltimos anos). \\u00c9 actor profissional desde 2010. | Portugal \\\/ Inglaterra<\\\/strong><\\\/p><p><em>From Arouca, after doing a degree in Media, he ended up working as photojournalist in several national newspapers and magazines. Later on, he started his cinema odyssey in 2001. He studied acting in New York, Porto and London (where he lived in the last decade). He\\u2019s professional actor since 2010. | Portugal \\\/ England<\\\/em><\\\/p>\"}},{\"@type\":\"Question\",\"name\":\"Lu\\u00eds Fardilha\",\"acceptedAnswer\":{\"@type\":\"Answer\",\"text\":\"<p><img class=\\\"size-medium wp-image-2503 aligncenter\\\" src=\\\"https:\\\/\\\/aroucafilmfestival.com\\\/wp-content\\\/uploads\\\/2021\\\/08\\\/Juris-Individuais_AFF2021_2-241x300.jpg\\\" alt=\\\"\\\" width=\\\"241\\\" height=\\\"300\\\" \\\/><\\\/p><p><strong>T\\u00e9cnico e representante regional do IPDJ de Aveiro e estudioso da \\u00e1rea do cinema e audiovisual.\\u00a0Orador e participante em v\\u00e1rios festivais de cinema |\\u00a0Portugal<\\\/strong><\\\/p><p><em>Technician and regional representative of the IPDJ of Aveiro and scholar in the field of cinema and audiovisual. Speaker and participant in several film festivals | Portugal<\\\/em><\\\/p>\"}}]}<\/script>\n\t\t\t\t\t<\/div>\n\t\t\t\t\t\t<\/div>\n\t\t\t\t\t<\/div>\n\t\t<\/div>\n\t\t\t\t\t<\/div>\n\t\t<\/section>\n\t\t\t\t<\/div>\n\t\t","protected":false},"excerpt":{"rendered":"<p>J\u00fari Edi\u00e7\u00e3o 19 Fernando Pinho Produtor e encenador residente e m Cambridge, Reino Unido.\u00a0Licenciado pela Guildhall School of Music &amp; Drama, Fernando estreou-se como produtor no Barbican Centre de Londres. Entre outros, a sua carreira inclui projetos na Royal Opera House e Royal Albert Hall tendo trabalhado com alguns dos maiores nomes do teatro e m\u00fasica dos quais se destacam Lilly James, Ant\u00f3nio Papano, Sir David Colins e Sir Jonathan Miller. Fernando inaugurou a Casa da Criatividade em S\u00e3o Jo\u00e3o Da Madeira em 2012 onde foi diretor art\u00edstico entre 2010 e 2013. Fundador da organiza\u00e7\u00e3o n\u00e3o governamental Please Take Me There que at\u00e9 hoje j\u00e1 ajudou a salvar mais de 4,000 crian\u00e7as com cancro que vivem em pobreza extrema e sem aceso a tratamento oncol\u00f3gico. O seu trabalho humanit\u00e1rio tem sido destacado internacionalmente pela BBC e NBC. Tamb\u00e9m convidado regularmente para apresentar o seu trabalho em confer\u00eancias internacionais se onde se destaca a apresenta\u00e7\u00e3o na sede do Facebook em S\u00e3o Francisco.\u00a0| Portugal \/ Inglaterra Based in Cambridge (UK), Pinho is both a producer and director who graduated in the Guildhall School of Music &amp; Drama. Fernando made his debut as a producer at the Barbican Center in London. Some of his most highlighted projects were carried out at the Royal Opera House and Royal Albert Hall. Furthermore, he has worked with some of the biggest names in theater and music, including Lilly James, Ant\u00f3nio Papano, Sir David Colins and Sir Jonathan Miller. Fernando Pinho launched the Casa da Criatividade in S\u00e3o Jo\u00e3o Da Madeira in 2012 where he worked as an artistic director from 2010 to 2013. He is also the founder of the non-governmental organization Please Take Me There, which has helped more than 4,000 children with cancer so far, most of whom are living in extreme poverty and without access to cancer treatment. His humanitarian work has been highlighted internationally by the BBC and NBC. He is regularly invited to offer his work at international conferences where the presentation at the Facebook headquarters in San Francisco stands out. | Portugal \/ England C\u00e9sar N\u00f3brega Jornalista profissional desde 1993. Trabalha na R\u00e1dio Nova \u2013 Porto. O cinema \u00e9 uma das suas paix\u00f5es. Foi programador e assessor do Fantasporto.\u00a0| Portugal Professional journalist since 1993. Works at R\u00e1dio Nova \u2013 Porto. Cinema is one of his passions. He was a programmer and advisor at Fantasporto. | Portugal Amy Clarke Amy Clarke \u00e9 argumentista, natural do Reino Unido, mas criada na Irlanda. Desde que concluiu o mestrado em Escrita de Argumentos na Goldsmiths University of London em 2018, escreveu e fez a sua primeira curta-metragem, Sequins, sobre um ambicioso adolescente em Blackpool dos anos 90 que busca ser uma drag queen.Apresentado em 24 festivais em todo o mundo, incluindo o Festival de Cinema de Norwich (Reino Unido), o Festival de Cinema de Edmonton (Canad\u00e1) e o Festival de Cinema Inside Out LGBTQ + em Toronto, o filme recebeu tr\u00eas pr\u00eamios de Melhor Curta-Metragem e tamb\u00e9m uma s\u00e9rie de outras nomea\u00e7\u00f5es, incluindo Melhor Argumento. Foi incrivelmente bem recebido pela comunidade LGBTQ + e pelo p\u00fablico principal.Escreveu tamb\u00e9m dois epis\u00f3dios da com\u00e9dia de bloqueio online Angry Quiz Guy (estrelada por Nick Helm), co-escreveu o piloto da com\u00e9dia dram\u00e1tica 28 Dates Later e \u00e9 co-argumentista de toda a temporada. Atualmente, escreve um argumento piloto para uma adapta\u00e7\u00e3o de Sequins para uma s\u00e9rie de TV. | Inglaterra Amy Clarke is a screenwriter originally from the UK but raised in Ireland. Since completing a master\u2019s degree in Scriptwriting at Goldsmiths University of London in 2018 she has gone on to write and make her debut short film, Sequins, following an ambitious teenager in 90\u2019s Blackpool who has his sights set on being a drag queen.Playing at twenty-four festivals worldwide including BAFTA qualifying Norwich Film Festival (UK), Oscar qualifying Edmonton Film Festival (Canada), and the renowned Inside Out LGBTQ+ Film Festival in Toronto, the film has received three awards for Best Short Film as well as a number of other nominations including Best Screenplay. It has been incredibly well received by both the LGBTQ+ community and mainstream audiences.She wrote two episodes of online lockdown comedy Angry Quiz Guy (starring Nick Helm), co-wrote the pilot for comedy-drama 28 Dates Later and is a co-writer for the whole season. She is currently writing a pilot script for a TV series adaptation of Sequins.\u00a0|\u00a0England Fernando M. Pinho Fernando Pinho \u00e9\u00a0desde 2007 membro do j\u00fari do\u00a0Arouca Film Festival. Licenciado em Comunica\u00e7\u00e3o Social (especializa\u00e7\u00e3o em televis\u00e3o) e p\u00f3s-graduado em Direito da Comunica\u00e7\u00e3o,\u00a0foi jornalista profissional durante cerca de 30 anos,\u00a0mantendo\u00a0colabora\u00e7\u00e3o em diferentes meios de informa\u00e7\u00e3o \u2013 como a Gazeta dos Desportos, O Com\u00e9rcio do Porto, Ag\u00eancia LUSA, Jornal \u201ci\u201d ou o Di\u00e1rio de Aveiro -,\u00a0sendo atualmente\u00a0consultor de comunica\u00e7\u00e3o.\u00a0|\u00a0PortugalA Internet e o document\u00e1rio cinematogr\u00e1fico s\u00e3o outras das atividades a que se dedica. Na rede global, esteve na cria\u00e7\u00e3o da EDVI (Ag\u00eancia de Conte\u00fados Informativos do Entre Douro e Vouga), projeto pioneiro no\u00a0pa\u00eds, enquadrado no Programa Cidades e Regi\u00f5es Digitais.\u00a0Faz parte,\u00a0com regularidade,\u00a0do j\u00fari de festivais\u00a0de cinema\u00a0nacionais e internacionais. | Portugal Fernando Pinho has been a member of the jury of the Arouca Film Festival since 2007. With a degree in Social Communication (specialized in television) and a postgraduate degree in Communication Law, he has been a professional journalist for about 30 years. During all these years he has developed his skills in different media \u2013 such as Gazeta dos Sports, O Com\u00e9rcio do Porto, Ag\u00eancia LUSA, Jornal \u201ci\u201d or the Di\u00e1rio de Aveiro -, where he currently continues being a communication consultant. | Portugal The Internet and cinematographic documentary are some of the other activities he has been dedicated to. In the global network, he has been involved in the creation of EDVI (Entre Douro e Vouga Information Content Agency), a pioneering project in the country, as part of the Digital Cities and Regions Program. Moreover, he is a juror for both national and international film festivals. | Portugal Michael Beddoes Michael Beddoes \u00e9 um escritor, realizador e produtor sediado em Londres, Reino Unido. Depois<\/p>","protected":false},"author":7,"featured_media":2514,"parent":1092,"menu_order":0,"comment_status":"closed","ping_status":"closed","template":"elementor_header_footer","meta":{"zakra_page_container_layout":"centered","zakra_page_sidebar_layout":"no_sidebar","zakra_remove_content_margin":false,"zakra_sidebar":"customizer","zakra_transparent_header":"customizer","zakra_logo":0,"zakra_main_header_style":"default","zakra_menu_item_color":"","zakra_menu_item_hover_color":"","zakra_menu_item_active_color":"","zakra_menu_active_style":"","zakra_page_header":false,"footnotes":""},"class_list":["post-2604","page","type-page","status-publish","has-post-thumbnail","hentry"],"yoast_head":"<!-- This site is optimized with the Yoast SEO plugin v27.2 - https:\/\/yoast.com\/product\/yoast-seo-wordpress\/ -->\n<title>J\u00fari 2021 - Arouca Film Festival<\/title>\n<meta name=\"robots\" content=\"index, follow, max-snippet:-1, max-image-preview:large, max-video-preview:-1\" \/>\n<link rel=\"canonical\" href=\"https:\/\/aroucafilmfestival.com\/en\/festival-2021\/juri-2021\/\" \/>\n<meta property=\"og:locale\" content=\"en_GB\" \/>\n<meta property=\"og:type\" content=\"article\" \/>\n<meta property=\"og:title\" content=\"J\u00fari 2021 - Arouca Film Festival\" \/>\n<meta property=\"og:description\" content=\"J\u00fari Edi\u00e7\u00e3o 19 Fernando Pinho Produtor e encenador residente e m Cambridge, Reino Unido.\u00a0Licenciado pela Guildhall School of Music &amp; Drama, Fernando estreou-se como produtor no Barbican Centre de Londres. Entre outros, a sua carreira inclui projetos na Royal Opera House e Royal Albert Hall tendo trabalhado com alguns dos maiores nomes do teatro e m\u00fasica dos quais se destacam Lilly James, Ant\u00f3nio Papano, Sir David Colins e Sir Jonathan Miller. Fernando inaugurou a Casa da Criatividade em S\u00e3o Jo\u00e3o Da Madeira em 2012 onde foi diretor art\u00edstico entre 2010 e 2013. Fundador da organiza\u00e7\u00e3o n\u00e3o governamental Please Take Me There que at\u00e9 hoje j\u00e1 ajudou a salvar mais de 4,000 crian\u00e7as com cancro que vivem em pobreza extrema e sem aceso a tratamento oncol\u00f3gico. O seu trabalho humanit\u00e1rio tem sido destacado internacionalmente pela BBC e NBC. Tamb\u00e9m convidado regularmente para apresentar o seu trabalho em confer\u00eancias internacionais se onde se destaca a apresenta\u00e7\u00e3o na sede do Facebook em S\u00e3o Francisco.\u00a0| Portugal \/ Inglaterra Based in Cambridge (UK), Pinho is both a producer and director who graduated in the Guildhall School of Music &amp; Drama. Fernando made his debut as a producer at the Barbican Center in London. Some of his most highlighted projects were carried out at the Royal Opera House and Royal Albert Hall. Furthermore, he has worked with some of the biggest names in theater and music, including Lilly James, Ant\u00f3nio Papano, Sir David Colins and Sir Jonathan Miller. Fernando Pinho launched the Casa da Criatividade in S\u00e3o Jo\u00e3o Da Madeira in 2012 where he worked as an artistic director from 2010 to 2013. He is also the founder of the non-governmental organization Please Take Me There, which has helped more than 4,000 children with cancer so far, most of whom are living in extreme poverty and without access to cancer treatment. His humanitarian work has been highlighted internationally by the BBC and NBC. He is regularly invited to offer his work at international conferences where the presentation at the Facebook headquarters in San Francisco stands out. | Portugal \/ England C\u00e9sar N\u00f3brega Jornalista profissional desde 1993. Trabalha na R\u00e1dio Nova \u2013 Porto. O cinema \u00e9 uma das suas paix\u00f5es. Foi programador e assessor do Fantasporto.\u00a0| Portugal Professional journalist since 1993. Works at R\u00e1dio Nova \u2013 Porto. Cinema is one of his passions. He was a programmer and advisor at Fantasporto. | Portugal Amy Clarke Amy Clarke \u00e9 argumentista, natural do Reino Unido, mas criada na Irlanda. Desde que concluiu o mestrado em Escrita de Argumentos na Goldsmiths University of London em 2018, escreveu e fez a sua primeira curta-metragem, Sequins, sobre um ambicioso adolescente em Blackpool dos anos 90 que busca ser uma drag queen.Apresentado em 24 festivais em todo o mundo, incluindo o Festival de Cinema de Norwich (Reino Unido), o Festival de Cinema de Edmonton (Canad\u00e1) e o Festival de Cinema Inside Out LGBTQ + em Toronto, o filme recebeu tr\u00eas pr\u00eamios de Melhor Curta-Metragem e tamb\u00e9m uma s\u00e9rie de outras nomea\u00e7\u00f5es, incluindo Melhor Argumento. Foi incrivelmente bem recebido pela comunidade LGBTQ + e pelo p\u00fablico principal.Escreveu tamb\u00e9m dois epis\u00f3dios da com\u00e9dia de bloqueio online Angry Quiz Guy (estrelada por Nick Helm), co-escreveu o piloto da com\u00e9dia dram\u00e1tica 28 Dates Later e \u00e9 co-argumentista de toda a temporada. Atualmente, escreve um argumento piloto para uma adapta\u00e7\u00e3o de Sequins para uma s\u00e9rie de TV. | Inglaterra Amy Clarke is a screenwriter originally from the UK but raised in Ireland. Since completing a master\u2019s degree in Scriptwriting at Goldsmiths University of London in 2018 she has gone on to write and make her debut short film, Sequins, following an ambitious teenager in 90\u2019s Blackpool who has his sights set on being a drag queen.Playing at twenty-four festivals worldwide including BAFTA qualifying Norwich Film Festival (UK), Oscar qualifying Edmonton Film Festival (Canada), and the renowned Inside Out LGBTQ+ Film Festival in Toronto, the film has received three awards for Best Short Film as well as a number of other nominations including Best Screenplay. It has been incredibly well received by both the LGBTQ+ community and mainstream audiences.She wrote two episodes of online lockdown comedy Angry Quiz Guy (starring Nick Helm), co-wrote the pilot for comedy-drama 28 Dates Later and is a co-writer for the whole season. She is currently writing a pilot script for a TV series adaptation of Sequins.\u00a0|\u00a0England Fernando M. Pinho Fernando Pinho \u00e9\u00a0desde 2007 membro do j\u00fari do\u00a0Arouca Film Festival. Licenciado em Comunica\u00e7\u00e3o Social (especializa\u00e7\u00e3o em televis\u00e3o) e p\u00f3s-graduado em Direito da Comunica\u00e7\u00e3o,\u00a0foi jornalista profissional durante cerca de 30 anos,\u00a0mantendo\u00a0colabora\u00e7\u00e3o em diferentes meios de informa\u00e7\u00e3o \u2013 como a Gazeta dos Desportos, O Com\u00e9rcio do Porto, Ag\u00eancia LUSA, Jornal \u201ci\u201d ou o Di\u00e1rio de Aveiro -,\u00a0sendo atualmente\u00a0consultor de comunica\u00e7\u00e3o.\u00a0|\u00a0PortugalA Internet e o document\u00e1rio cinematogr\u00e1fico s\u00e3o outras das atividades a que se dedica. Na rede global, esteve na cria\u00e7\u00e3o da EDVI (Ag\u00eancia de Conte\u00fados Informativos do Entre Douro e Vouga), projeto pioneiro no\u00a0pa\u00eds, enquadrado no Programa Cidades e Regi\u00f5es Digitais.\u00a0Faz parte,\u00a0com regularidade,\u00a0do j\u00fari de festivais\u00a0de cinema\u00a0nacionais e internacionais. | Portugal Fernando Pinho has been a member of the jury of the Arouca Film Festival since 2007. With a degree in Social Communication (specialized in television) and a postgraduate degree in Communication Law, he has been a professional journalist for about 30 years. During all these years he has developed his skills in different media \u2013 such as Gazeta dos Sports, O Com\u00e9rcio do Porto, Ag\u00eancia LUSA, Jornal \u201ci\u201d or the Di\u00e1rio de Aveiro -, where he currently continues being a communication consultant. | Portugal The Internet and cinematographic documentary are some of the other activities he has been dedicated to. In the global network, he has been involved in the creation of EDVI (Entre Douro e Vouga Information Content Agency), a pioneering project in the country, as part of the Digital Cities and Regions Program. Moreover, he is a juror for both national and international film festivals. | Portugal Michael Beddoes Michael Beddoes \u00e9 um escritor, realizador e produtor sediado em Londres, Reino Unido. Depois\" \/>\n<meta property=\"og:url\" content=\"https:\/\/aroucafilmfestival.com\/en\/festival-2021\/juri-2021\/\" \/>\n<meta property=\"og:site_name\" content=\"Arouca Film Festival\" \/>\n<meta property=\"article:publisher\" content=\"https:\/\/www.facebook.com\/aroucafilmfestival\" \/>\n<meta property=\"article:modified_time\" content=\"2022-02-24T15:04:36+00:00\" \/>\n<meta property=\"og:image\" content=\"https:\/\/aroucafilmfestival.com\/wp-content\/uploads\/2021\/08\/Juris-AFF-Todos-2021-1-scaled.jpg\" \/>\n\t<meta property=\"og:image:width\" content=\"2560\" \/>\n\t<meta property=\"og:image:height\" content=\"1000\" \/>\n\t<meta property=\"og:image:type\" content=\"image\/jpeg\" \/>\n<meta name=\"twitter:card\" content=\"summary_large_image\" \/>\n<script type=\"application\/ld+json\" class=\"yoast-schema-graph\">{\"@context\":\"https:\/\/schema.org\",\"@graph\":[{\"@type\":\"WebPage\",\"@id\":\"https:\/\/aroucafilmfestival.com\/festival-2021\/juri-2021\/\",\"url\":\"https:\/\/aroucafilmfestival.com\/festival-2021\/juri-2021\/\",\"name\":\"J\u00fari 2021 - Arouca Film Festival\",\"isPartOf\":{\"@id\":\"https:\/\/aroucafilmfestival.com\/#website\"},\"primaryImageOfPage\":{\"@id\":\"https:\/\/aroucafilmfestival.com\/festival-2021\/juri-2021\/#primaryimage\"},\"image\":{\"@id\":\"https:\/\/aroucafilmfestival.com\/festival-2021\/juri-2021\/#primaryimage\"},\"thumbnailUrl\":\"https:\/\/aroucafilmfestival.com\/wp-content\/uploads\/2021\/08\/Juris-AFF-Todos-2021-1-scaled.jpg\",\"datePublished\":\"2021-08-10T11:28:33+00:00\",\"dateModified\":\"2022-02-24T15:04:36+00:00\",\"breadcrumb\":{\"@id\":\"https:\/\/aroucafilmfestival.com\/festival-2021\/juri-2021\/#breadcrumb\"},\"inLanguage\":\"en-GB\",\"potentialAction\":[{\"@type\":\"ReadAction\",\"target\":[\"https:\/\/aroucafilmfestival.com\/festival-2021\/juri-2021\/\"]}]},{\"@type\":\"ImageObject\",\"inLanguage\":\"en-GB\",\"@id\":\"https:\/\/aroucafilmfestival.com\/festival-2021\/juri-2021\/#primaryimage\",\"url\":\"https:\/\/aroucafilmfestival.com\/wp-content\/uploads\/2021\/08\/Juris-AFF-Todos-2021-1-scaled.jpg\",\"contentUrl\":\"https:\/\/aroucafilmfestival.com\/wp-content\/uploads\/2021\/08\/Juris-AFF-Todos-2021-1-scaled.jpg\",\"width\":2560,\"height\":1000,\"caption\":\"J\u00fari Arouca Film Festival 2021\"},{\"@type\":\"BreadcrumbList\",\"@id\":\"https:\/\/aroucafilmfestival.com\/festival-2021\/juri-2021\/#breadcrumb\",\"itemListElement\":[{\"@type\":\"ListItem\",\"position\":1,\"name\":\"In\u00edcio\",\"item\":\"https:\/\/aroucafilmfestival.com\/\"},{\"@type\":\"ListItem\",\"position\":2,\"name\":\"Festival 2021\",\"item\":\"https:\/\/aroucafilmfestival.com\/en\/festival-2021\/\"},{\"@type\":\"ListItem\",\"position\":3,\"name\":\"J\u00fari 2021\"}]},{\"@type\":\"WebSite\",\"@id\":\"https:\/\/aroucafilmfestival.com\/#website\",\"url\":\"https:\/\/aroucafilmfestival.com\/\",\"name\":\"Arouca Film Festival\",\"description\":\"Portuguese Internacional Film Festival\",\"publisher\":{\"@id\":\"https:\/\/aroucafilmfestival.com\/#organization\"},\"potentialAction\":[{\"@type\":\"SearchAction\",\"target\":{\"@type\":\"EntryPoint\",\"urlTemplate\":\"https:\/\/aroucafilmfestival.com\/?s={search_term_string}\"},\"query-input\":{\"@type\":\"PropertyValueSpecification\",\"valueRequired\":true,\"valueName\":\"search_term_string\"}}],\"inLanguage\":\"en-GB\"},{\"@type\":\"Organization\",\"@id\":\"https:\/\/aroucafilmfestival.com\/#organization\",\"name\":\"Arouca Film Festival\",\"alternateName\":\"AFF\",\"url\":\"https:\/\/aroucafilmfestival.com\/\",\"logo\":{\"@type\":\"ImageObject\",\"inLanguage\":\"en-GB\",\"@id\":\"https:\/\/aroucafilmfestival.com\/#\/schema\/logo\/image\/\",\"url\":\"https:\/\/aroucafilmfestival.com\/wp-content\/uploads\/2021\/09\/TelaLIT_AFF_2021_3-scaled-e1631835841735.jpg\",\"contentUrl\":\"https:\/\/aroucafilmfestival.com\/wp-content\/uploads\/2021\/09\/TelaLIT_AFF_2021_3-scaled-e1631835841735.jpg\",\"width\":2560,\"height\":889,\"caption\":\"Arouca Film Festival\"},\"image\":{\"@id\":\"https:\/\/aroucafilmfestival.com\/#\/schema\/logo\/image\/\"},\"sameAs\":[\"https:\/\/www.facebook.com\/aroucafilmfestival\",\"https:\/\/www.instagram.com\/aroucafilmfestival_portugal\/\"]}]}<\/script>\n<!-- \/ Yoast SEO plugin. -->","yoast_head_json":{"title":"J\u00fari 2021 - Arouca Film Festival","robots":{"index":"index","follow":"follow","max-snippet":"max-snippet:-1","max-image-preview":"max-image-preview:large","max-video-preview":"max-video-preview:-1"},"canonical":"https:\/\/aroucafilmfestival.com\/en\/festival-2021\/juri-2021\/","og_locale":"en_GB","og_type":"article","og_title":"J\u00fari 2021 - Arouca Film Festival","og_description":"J\u00fari Edi\u00e7\u00e3o 19 Fernando Pinho Produtor e encenador residente e m Cambridge, Reino Unido.\u00a0Licenciado pela Guildhall School of Music &amp; Drama, Fernando estreou-se como produtor no Barbican Centre de Londres. Entre outros, a sua carreira inclui projetos na Royal Opera House e Royal Albert Hall tendo trabalhado com alguns dos maiores nomes do teatro e m\u00fasica dos quais se destacam Lilly James, Ant\u00f3nio Papano, Sir David Colins e Sir Jonathan Miller. Fernando inaugurou a Casa da Criatividade em S\u00e3o Jo\u00e3o Da Madeira em 2012 onde foi diretor art\u00edstico entre 2010 e 2013. Fundador da organiza\u00e7\u00e3o n\u00e3o governamental Please Take Me There que at\u00e9 hoje j\u00e1 ajudou a salvar mais de 4,000 crian\u00e7as com cancro que vivem em pobreza extrema e sem aceso a tratamento oncol\u00f3gico. O seu trabalho humanit\u00e1rio tem sido destacado internacionalmente pela BBC e NBC. Tamb\u00e9m convidado regularmente para apresentar o seu trabalho em confer\u00eancias internacionais se onde se destaca a apresenta\u00e7\u00e3o na sede do Facebook em S\u00e3o Francisco.\u00a0| Portugal \/ Inglaterra Based in Cambridge (UK), Pinho is both a producer and director who graduated in the Guildhall School of Music &amp; Drama. Fernando made his debut as a producer at the Barbican Center in London. Some of his most highlighted projects were carried out at the Royal Opera House and Royal Albert Hall. Furthermore, he has worked with some of the biggest names in theater and music, including Lilly James, Ant\u00f3nio Papano, Sir David Colins and Sir Jonathan Miller. Fernando Pinho launched the Casa da Criatividade in S\u00e3o Jo\u00e3o Da Madeira in 2012 where he worked as an artistic director from 2010 to 2013. He is also the founder of the non-governmental organization Please Take Me There, which has helped more than 4,000 children with cancer so far, most of whom are living in extreme poverty and without access to cancer treatment. His humanitarian work has been highlighted internationally by the BBC and NBC. He is regularly invited to offer his work at international conferences where the presentation at the Facebook headquarters in San Francisco stands out. | Portugal \/ England C\u00e9sar N\u00f3brega Jornalista profissional desde 1993. Trabalha na R\u00e1dio Nova \u2013 Porto. O cinema \u00e9 uma das suas paix\u00f5es. Foi programador e assessor do Fantasporto.\u00a0| Portugal Professional journalist since 1993. Works at R\u00e1dio Nova \u2013 Porto. Cinema is one of his passions. He was a programmer and advisor at Fantasporto. | Portugal Amy Clarke Amy Clarke \u00e9 argumentista, natural do Reino Unido, mas criada na Irlanda. Desde que concluiu o mestrado em Escrita de Argumentos na Goldsmiths University of London em 2018, escreveu e fez a sua primeira curta-metragem, Sequins, sobre um ambicioso adolescente em Blackpool dos anos 90 que busca ser uma drag queen.Apresentado em 24 festivais em todo o mundo, incluindo o Festival de Cinema de Norwich (Reino Unido), o Festival de Cinema de Edmonton (Canad\u00e1) e o Festival de Cinema Inside Out LGBTQ + em Toronto, o filme recebeu tr\u00eas pr\u00eamios de Melhor Curta-Metragem e tamb\u00e9m uma s\u00e9rie de outras nomea\u00e7\u00f5es, incluindo Melhor Argumento. Foi incrivelmente bem recebido pela comunidade LGBTQ + e pelo p\u00fablico principal.Escreveu tamb\u00e9m dois epis\u00f3dios da com\u00e9dia de bloqueio online Angry Quiz Guy (estrelada por Nick Helm), co-escreveu o piloto da com\u00e9dia dram\u00e1tica 28 Dates Later e \u00e9 co-argumentista de toda a temporada. Atualmente, escreve um argumento piloto para uma adapta\u00e7\u00e3o de Sequins para uma s\u00e9rie de TV. | Inglaterra Amy Clarke is a screenwriter originally from the UK but raised in Ireland. Since completing a master\u2019s degree in Scriptwriting at Goldsmiths University of London in 2018 she has gone on to write and make her debut short film, Sequins, following an ambitious teenager in 90\u2019s Blackpool who has his sights set on being a drag queen.Playing at twenty-four festivals worldwide including BAFTA qualifying Norwich Film Festival (UK), Oscar qualifying Edmonton Film Festival (Canada), and the renowned Inside Out LGBTQ+ Film Festival in Toronto, the film has received three awards for Best Short Film as well as a number of other nominations including Best Screenplay. It has been incredibly well received by both the LGBTQ+ community and mainstream audiences.She wrote two episodes of online lockdown comedy Angry Quiz Guy (starring Nick Helm), co-wrote the pilot for comedy-drama 28 Dates Later and is a co-writer for the whole season. She is currently writing a pilot script for a TV series adaptation of Sequins.\u00a0|\u00a0England Fernando M. Pinho Fernando Pinho \u00e9\u00a0desde 2007 membro do j\u00fari do\u00a0Arouca Film Festival. Licenciado em Comunica\u00e7\u00e3o Social (especializa\u00e7\u00e3o em televis\u00e3o) e p\u00f3s-graduado em Direito da Comunica\u00e7\u00e3o,\u00a0foi jornalista profissional durante cerca de 30 anos,\u00a0mantendo\u00a0colabora\u00e7\u00e3o em diferentes meios de informa\u00e7\u00e3o \u2013 como a Gazeta dos Desportos, O Com\u00e9rcio do Porto, Ag\u00eancia LUSA, Jornal \u201ci\u201d ou o Di\u00e1rio de Aveiro -,\u00a0sendo atualmente\u00a0consultor de comunica\u00e7\u00e3o.\u00a0|\u00a0PortugalA Internet e o document\u00e1rio cinematogr\u00e1fico s\u00e3o outras das atividades a que se dedica. Na rede global, esteve na cria\u00e7\u00e3o da EDVI (Ag\u00eancia de Conte\u00fados Informativos do Entre Douro e Vouga), projeto pioneiro no\u00a0pa\u00eds, enquadrado no Programa Cidades e Regi\u00f5es Digitais.\u00a0Faz parte,\u00a0com regularidade,\u00a0do j\u00fari de festivais\u00a0de cinema\u00a0nacionais e internacionais. | Portugal Fernando Pinho has been a member of the jury of the Arouca Film Festival since 2007. With a degree in Social Communication (specialized in television) and a postgraduate degree in Communication Law, he has been a professional journalist for about 30 years. During all these years he has developed his skills in different media \u2013 such as Gazeta dos Sports, O Com\u00e9rcio do Porto, Ag\u00eancia LUSA, Jornal \u201ci\u201d or the Di\u00e1rio de Aveiro -, where he currently continues being a communication consultant. | Portugal The Internet and cinematographic documentary are some of the other activities he has been dedicated to. In the global network, he has been involved in the creation of EDVI (Entre Douro e Vouga Information Content Agency), a pioneering project in the country, as part of the Digital Cities and Regions Program. Moreover, he is a juror for both national and international film festivals. | Portugal Michael Beddoes Michael Beddoes \u00e9 um escritor, realizador e produtor sediado em Londres, Reino Unido. Depois","og_url":"https:\/\/aroucafilmfestival.com\/en\/festival-2021\/juri-2021\/","og_site_name":"Arouca Film Festival","article_publisher":"https:\/\/www.facebook.com\/aroucafilmfestival","article_modified_time":"2022-02-24T15:04:36+00:00","og_image":[{"width":2560,"height":1000,"url":"https:\/\/aroucafilmfestival.com\/wp-content\/uploads\/2021\/08\/Juris-AFF-Todos-2021-1-scaled.jpg","type":"image\/jpeg"}],"twitter_card":"summary_large_image","schema":{"@context":"https:\/\/schema.org","@graph":[{"@type":"WebPage","@id":"https:\/\/aroucafilmfestival.com\/festival-2021\/juri-2021\/","url":"https:\/\/aroucafilmfestival.com\/festival-2021\/juri-2021\/","name":"J\u00fari 2021 - Arouca Film Festival","isPartOf":{"@id":"https:\/\/aroucafilmfestival.com\/#website"},"primaryImageOfPage":{"@id":"https:\/\/aroucafilmfestival.com\/festival-2021\/juri-2021\/#primaryimage"},"image":{"@id":"https:\/\/aroucafilmfestival.com\/festival-2021\/juri-2021\/#primaryimage"},"thumbnailUrl":"https:\/\/aroucafilmfestival.com\/wp-content\/uploads\/2021\/08\/Juris-AFF-Todos-2021-1-scaled.jpg","datePublished":"2021-08-10T11:28:33+00:00","dateModified":"2022-02-24T15:04:36+00:00","breadcrumb":{"@id":"https:\/\/aroucafilmfestival.com\/festival-2021\/juri-2021\/#breadcrumb"},"inLanguage":"en-GB","potentialAction":[{"@type":"ReadAction","target":["https:\/\/aroucafilmfestival.com\/festival-2021\/juri-2021\/"]}]},{"@type":"ImageObject","inLanguage":"en-GB","@id":"https:\/\/aroucafilmfestival.com\/festival-2021\/juri-2021\/#primaryimage","url":"https:\/\/aroucafilmfestival.com\/wp-content\/uploads\/2021\/08\/Juris-AFF-Todos-2021-1-scaled.jpg","contentUrl":"https:\/\/aroucafilmfestival.com\/wp-content\/uploads\/2021\/08\/Juris-AFF-Todos-2021-1-scaled.jpg","width":2560,"height":1000,"caption":"J\u00fari Arouca Film Festival 2021"},{"@type":"BreadcrumbList","@id":"https:\/\/aroucafilmfestival.com\/festival-2021\/juri-2021\/#breadcrumb","itemListElement":[{"@type":"ListItem","position":1,"name":"In\u00edcio","item":"https:\/\/aroucafilmfestival.com\/"},{"@type":"ListItem","position":2,"name":"Festival 2021","item":"https:\/\/aroucafilmfestival.com\/en\/festival-2021\/"},{"@type":"ListItem","position":3,"name":"J\u00fari 2021"}]},{"@type":"WebSite","@id":"https:\/\/aroucafilmfestival.com\/#website","url":"https:\/\/aroucafilmfestival.com\/","name":"Arouca Film Festival","description":"Portuguese Internacional Film Festival","publisher":{"@id":"https:\/\/aroucafilmfestival.com\/#organization"},"potentialAction":[{"@type":"SearchAction","target":{"@type":"EntryPoint","urlTemplate":"https:\/\/aroucafilmfestival.com\/?s={search_term_string}"},"query-input":{"@type":"PropertyValueSpecification","valueRequired":true,"valueName":"search_term_string"}}],"inLanguage":"en-GB"},{"@type":"Organization","@id":"https:\/\/aroucafilmfestival.com\/#organization","name":"Arouca Film Festival","alternateName":"AFF","url":"https:\/\/aroucafilmfestival.com\/","logo":{"@type":"ImageObject","inLanguage":"en-GB","@id":"https:\/\/aroucafilmfestival.com\/#\/schema\/logo\/image\/","url":"https:\/\/aroucafilmfestival.com\/wp-content\/uploads\/2021\/09\/TelaLIT_AFF_2021_3-scaled-e1631835841735.jpg","contentUrl":"https:\/\/aroucafilmfestival.com\/wp-content\/uploads\/2021\/09\/TelaLIT_AFF_2021_3-scaled-e1631835841735.jpg","width":2560,"height":889,"caption":"Arouca Film Festival"},"image":{"@id":"https:\/\/aroucafilmfestival.com\/#\/schema\/logo\/image\/"},"sameAs":["https:\/\/www.facebook.com\/aroucafilmfestival","https:\/\/www.instagram.com\/aroucafilmfestival_portugal\/"]}]}},"_links":{"self":[{"href":"https:\/\/aroucafilmfestival.com\/en\/wp-json\/wp\/v2\/pages\/2604","targetHints":{"allow":["GET"]}}],"collection":[{"href":"https:\/\/aroucafilmfestival.com\/en\/wp-json\/wp\/v2\/pages"}],"about":[{"href":"https:\/\/aroucafilmfestival.com\/en\/wp-json\/wp\/v2\/types\/page"}],"author":[{"embeddable":true,"href":"https:\/\/aroucafilmfestival.com\/en\/wp-json\/wp\/v2\/users\/7"}],"replies":[{"embeddable":true,"href":"https:\/\/aroucafilmfestival.com\/en\/wp-json\/wp\/v2\/comments?post=2604"}],"version-history":[{"count":0,"href":"https:\/\/aroucafilmfestival.com\/en\/wp-json\/wp\/v2\/pages\/2604\/revisions"}],"up":[{"embeddable":true,"href":"https:\/\/aroucafilmfestival.com\/en\/wp-json\/wp\/v2\/pages\/1092"}],"wp:featuredmedia":[{"embeddable":true,"href":"https:\/\/aroucafilmfestival.com\/en\/wp-json\/wp\/v2\/media\/2514"}],"wp:attachment":[{"href":"https:\/\/aroucafilmfestival.com\/en\/wp-json\/wp\/v2\/media?parent=2604"}],"curies":[{"name":"wp","href":"https:\/\/api.w.org\/{rel}","templated":true}]}}