{"id":2852,"date":"2021-09-04T22:01:09","date_gmt":"2021-09-04T22:01:09","guid":{"rendered":"https:\/\/aroucafilmfestival.com\/?page_id=2852"},"modified":"2022-02-24T15:04:51","modified_gmt":"2022-02-24T15:04:51","slug":"filmes-projecoes","status":"publish","type":"page","link":"https:\/\/aroucafilmfestival.com\/en\/festival-2021\/filmes-projecoes\/","title":{"rendered":"2021 Films \/ Projections"},"content":{"rendered":"<div data-elementor-type=\"wp-page\" data-elementor-id=\"2852\" class=\"elementor elementor-2852\">\n\t\t\t\t\t\t<section class=\"elementor-section elementor-top-section elementor-element elementor-element-a81d565 elementor-section-full_width elementor-section-height-default elementor-section-height-default wpr-particle-no wpr-jarallax-no wpr-parallax-no wpr-sticky-section-no\" data-id=\"a81d565\" data-element_type=\"section\" data-e-type=\"section\">\n\t\t\t\t\t\t<div class=\"elementor-container elementor-column-gap-default\">\n\t\t\t\t\t<div class=\"elementor-column elementor-col-100 elementor-top-column elementor-element elementor-element-6fc353f\" data-id=\"6fc353f\" data-element_type=\"column\" data-e-type=\"column\">\n\t\t\t<div class=\"elementor-widget-wrap elementor-element-populated\">\n\t\t\t\t\t\t<div class=\"elementor-element elementor-element-a20b6e1 elementor-widget elementor-widget-heading\" data-id=\"a20b6e1\" data-element_type=\"widget\" data-e-type=\"widget\" data-widget_type=\"heading.default\">\n\t\t\t\t\t<h1 class=\"elementor-heading-title elementor-size-default\">Filmes Projetados<\/h1>\t\t\t\t<\/div>\n\t\t\t\t\t<\/div>\n\t\t<\/div>\n\t\t\t\t\t<\/div>\n\t\t<\/section>\n\t\t\t\t<section class=\"elementor-section elementor-top-section elementor-element elementor-element-f94a1f5 elementor-section-full_width elementor-section-height-default elementor-section-height-default wpr-particle-no wpr-jarallax-no wpr-parallax-no wpr-sticky-section-no\" data-id=\"f94a1f5\" data-element_type=\"section\" data-e-type=\"section\">\n\t\t\t\t\t\t<div class=\"elementor-container elementor-column-gap-default\">\n\t\t\t\t\t<div class=\"elementor-column elementor-col-100 elementor-top-column elementor-element elementor-element-8eb1a02\" data-id=\"8eb1a02\" data-element_type=\"column\" data-e-type=\"column\">\n\t\t\t<div class=\"elementor-widget-wrap elementor-element-populated\">\n\t\t\t\t\t\t<div class=\"elementor-element elementor-element-2d25c6b elementor-widget elementor-widget-heading\" data-id=\"2d25c6b\" data-element_type=\"widget\" data-e-type=\"widget\" data-widget_type=\"heading.default\">\n\t\t\t\t\t<h1 class=\"elementor-heading-title elementor-size-large\">9 de setembro | quinta-feira | S. Jo\u00e3o da Madeira<\/h1>\t\t\t\t<\/div>\n\t\t\t\t<div class=\"elementor-element elementor-element-76eb9fa elementor-widget elementor-widget-text-editor\" data-id=\"76eb9fa\" data-element_type=\"widget\" data-e-type=\"widget\" data-widget_type=\"text-editor.default\">\n\t\t\t\t\t\t\t\t\t<p><strong>16:00h \u00e0s 17:00h: Coffee and Cinema: Tert\u00falia Cinematogr\u00e1fica\u00a0<\/strong><\/p><p>\u201cA Inclus\u00e3o no Mundo do Cinema\u201d | Associa\u00e7\u00e3o AMPLOS | Porto<\/p><p>Transmiss\u00e3o em direto no Facebook<\/p>\t\t\t\t\t\t\t\t<\/div>\n\t\t\t\t\t<\/div>\n\t\t<\/div>\n\t\t\t\t\t<\/div>\n\t\t<\/section>\n\t\t\t\t<section class=\"elementor-section elementor-top-section elementor-element elementor-element-b1aa496 elementor-section-full_width elementor-section-height-default elementor-section-height-default wpr-particle-no wpr-jarallax-no wpr-parallax-no wpr-sticky-section-no\" data-id=\"b1aa496\" data-element_type=\"section\" data-e-type=\"section\">\n\t\t\t\t\t\t<div class=\"elementor-container elementor-column-gap-default\">\n\t\t\t\t\t<div class=\"elementor-column elementor-col-100 elementor-top-column elementor-element elementor-element-6dad0b8\" data-id=\"6dad0b8\" data-element_type=\"column\" data-e-type=\"column\">\n\t\t\t<div class=\"elementor-widget-wrap elementor-element-populated\">\n\t\t\t\t\t\t<div class=\"elementor-element elementor-element-ce535eb elementor-widget elementor-widget-heading\" data-id=\"ce535eb\" data-element_type=\"widget\" data-e-type=\"widget\" data-widget_type=\"heading.default\">\n\t\t\t\t\t<h1 class=\"elementor-heading-title elementor-size-large\">10 de setembro | sexta-feira | S. Jo\u00e3o da Madeira<\/h1>\t\t\t\t<\/div>\n\t\t\t\t<div class=\"elementor-element elementor-element-35565ab elementor-widget elementor-widget-text-editor\" data-id=\"35565ab\" data-element_type=\"widget\" data-e-type=\"widget\" data-widget_type=\"text-editor.default\">\n\t\t\t\t\t\t\t\t\t<p><strong>21:35h: 1\u00aa Sess\u00e3o Competitiva &#8211; Proje\u00e7\u00e3o filmes competi\u00e7\u00e3o | Casa da Criatividade<\/strong><\/p><p><strong>21:30h: Cine S. Jo\u00e3o: Proje\u00e7\u00e3o do filme \u201cBEMBOM\u201d | Parque do rio UL<\/strong><\/p>\t\t\t\t\t\t\t\t<\/div>\n\t\t\t\t\t<\/div>\n\t\t<\/div>\n\t\t\t\t\t<\/div>\n\t\t<\/section>\n\t\t\t\t<section class=\"elementor-section elementor-top-section elementor-element elementor-element-63d0d75 elementor-section-full_width elementor-section-height-default elementor-section-height-default wpr-particle-no wpr-jarallax-no wpr-parallax-no wpr-sticky-section-no\" data-id=\"63d0d75\" data-element_type=\"section\" data-e-type=\"section\">\n\t\t\t\t\t\t<div class=\"elementor-container elementor-column-gap-default\">\n\t\t\t\t\t<div class=\"elementor-column elementor-col-100 elementor-top-column elementor-element elementor-element-5b3aab8\" data-id=\"5b3aab8\" data-element_type=\"column\" data-e-type=\"column\">\n\t\t\t<div class=\"elementor-widget-wrap elementor-element-populated\">\n\t\t\t\t\t\t<div class=\"elementor-element elementor-element-112b005 elementor-widget elementor-widget-heading\" data-id=\"112b005\" data-element_type=\"widget\" data-e-type=\"widget\" data-widget_type=\"heading.default\">\n\t\t\t\t\t<h1 class=\"elementor-heading-title elementor-size-large\">11 de setembro | s\u00e1bado | Arouca<\/h1>\t\t\t\t<\/div>\n\t\t\t\t<div class=\"elementor-element elementor-element-18422ea elementor-widget elementor-widget-text-editor\" data-id=\"18422ea\" data-element_type=\"widget\" data-e-type=\"widget\" data-widget_type=\"text-editor.default\">\n\t\t\t\t\t\t\t\t\t<p><strong>20:30h: 2\u00aa Sess\u00e3o Competitiva: Proje\u00e7\u00e3o de filmes em competi\u00e7\u00e3o | | Loja dos Doces<\/strong><\/p><p>The Cage | Soheil Arab | Exp. | 2\u00b4 | Iran<\/p><p>The road to Eden | Bakyt Mukul &amp; Dastan Zhapar Uulu | Fiction | 120\u00b4| Kyrgyzstan<\/p>\t\t\t\t\t\t\t\t<\/div>\n\t\t\t\t\t<\/div>\n\t\t<\/div>\n\t\t\t\t\t<\/div>\n\t\t<\/section>\n\t\t\t\t<section class=\"elementor-section elementor-top-section elementor-element elementor-element-d9e1e7f elementor-section-full_width elementor-section-height-default elementor-section-height-default wpr-particle-no wpr-jarallax-no wpr-parallax-no wpr-sticky-section-no\" data-id=\"d9e1e7f\" data-element_type=\"section\" data-e-type=\"section\">\n\t\t\t\t\t\t<div class=\"elementor-container elementor-column-gap-default\">\n\t\t\t\t\t<div class=\"elementor-column elementor-col-100 elementor-top-column elementor-element elementor-element-08e695d\" data-id=\"08e695d\" data-element_type=\"column\" data-e-type=\"column\">\n\t\t\t<div class=\"elementor-widget-wrap elementor-element-populated\">\n\t\t\t\t\t\t<div class=\"elementor-element elementor-element-0947bbb elementor-widget elementor-widget-heading\" data-id=\"0947bbb\" data-element_type=\"widget\" data-e-type=\"widget\" data-widget_type=\"heading.default\">\n\t\t\t\t\t<h1 class=\"elementor-heading-title elementor-size-large\">12 de setembro | domingo | SJM | Arouca<\/h1>\t\t\t\t<\/div>\n\t\t\t\t<div class=\"elementor-element elementor-element-2119684 elementor-widget elementor-widget-text-editor\" data-id=\"2119684\" data-element_type=\"widget\" data-e-type=\"widget\" data-widget_type=\"text-editor.default\">\n\t\t\t\t\t\t\t\t\t<p><strong>15:00h: Marcha LGBT | SJM\u00a0<\/strong><\/p><p><strong>20:30h: 3\u00aa Sess\u00e3o Competitiva: Proje\u00e7\u00e3o de filmes em competi\u00e7\u00e3o | Loja dos Doces<\/strong><\/p><p>Linha da Frente Brasil | Elder Fraga | 2h04\u00b4| Doc. | Brasil<\/p><p><strong>21:00h: Proje\u00e7\u00e3o do filme \u201cBEMBOM\u201d | Pa\u00e7os da Cultura | SJM<\/strong><\/p>\t\t\t\t\t\t\t\t<\/div>\n\t\t\t\t\t<\/div>\n\t\t<\/div>\n\t\t\t\t\t<\/div>\n\t\t<\/section>\n\t\t\t\t<section class=\"elementor-section elementor-top-section elementor-element elementor-element-7f32c06 elementor-section-full_width elementor-section-height-default elementor-section-height-default wpr-particle-no wpr-jarallax-no wpr-parallax-no wpr-sticky-section-no\" data-id=\"7f32c06\" data-element_type=\"section\" data-e-type=\"section\">\n\t\t\t\t\t\t<div class=\"elementor-container elementor-column-gap-default\">\n\t\t\t\t\t<div class=\"elementor-column elementor-col-100 elementor-top-column elementor-element elementor-element-f58f3dc\" data-id=\"f58f3dc\" data-element_type=\"column\" data-e-type=\"column\">\n\t\t\t<div class=\"elementor-widget-wrap elementor-element-populated\">\n\t\t\t\t\t\t<div class=\"elementor-element elementor-element-2bf0974 elementor-widget elementor-widget-heading\" data-id=\"2bf0974\" data-element_type=\"widget\" data-e-type=\"widget\" data-widget_type=\"heading.default\">\n\t\t\t\t\t<h1 class=\"elementor-heading-title elementor-size-large\">13 de setembro | segunda-feira | Arouca<\/h1>\t\t\t\t<\/div>\n\t\t\t\t<div class=\"elementor-element elementor-element-bf589ac elementor-widget elementor-widget-text-editor\" data-id=\"bf589ac\" data-element_type=\"widget\" data-e-type=\"widget\" data-widget_type=\"text-editor.default\">\n\t\t\t\t\t\t\t\t\t<p><strong>20:30h: 4\u00aa Sess\u00e3o Competitiva: Proje\u00e7\u00e3o de filmes em competi\u00e7\u00e3o | Loja dos Doces\u00a0<\/strong><\/p><p>Flores e Rifles | Raphael Correia | Video-clip | 4\u00b4 | Brazil<\/p><p>L\u00b4Infinito | Giacomo Leopardi | Ani. | 2\u00b4 | Italy<\/p><p>Desconfinamento -Unconfined | Paulo Fajardo | Doc. | 2\u00b4 | Portugal<\/p><p>Pacha Kuti &#8211; The Golden Path | Reed Rickert | Doc. | 6\u00b4 | Spain<\/p><p>Autumn | Sofia Gutman | Ani. | 2\u00b4 | Spain<\/p><p>Meat Jelly | Alexey Marusov | Fiction | 14\u00b4 | Russia<\/p><p>A Silent Song | D\u00f3ra L\u00e1szl\u00f3-Guly\u00e1s | Fiction | 15\u00b4 | Poland<\/p><p>Kirolak | Ibon Landa | Fiction | 3\u00b4 | Spain<\/p><p>Isabel | Matthew Murdoch | Fiction | 9\u00b4 | England<\/p><p>Lipstick | Svetlana Yashina | Fiction | 1\u00b4 | Russia<\/p>\t\t\t\t\t\t\t\t<\/div>\n\t\t\t\t\t<\/div>\n\t\t<\/div>\n\t\t\t\t\t<\/div>\n\t\t<\/section>\n\t\t\t\t<section class=\"elementor-section elementor-top-section elementor-element elementor-element-fc51d13 elementor-section-full_width elementor-section-height-default elementor-section-height-default wpr-particle-no wpr-jarallax-no wpr-parallax-no wpr-sticky-section-no\" data-id=\"fc51d13\" data-element_type=\"section\" data-e-type=\"section\">\n\t\t\t\t\t\t<div class=\"elementor-container elementor-column-gap-default\">\n\t\t\t\t\t<div class=\"elementor-column elementor-col-100 elementor-top-column elementor-element elementor-element-ea8f599\" data-id=\"ea8f599\" data-element_type=\"column\" data-e-type=\"column\">\n\t\t\t<div class=\"elementor-widget-wrap elementor-element-populated\">\n\t\t\t\t\t\t<div class=\"elementor-element elementor-element-d5eab58 elementor-widget elementor-widget-heading\" data-id=\"d5eab58\" data-element_type=\"widget\" data-e-type=\"widget\" data-widget_type=\"heading.default\">\n\t\t\t\t\t<h1 class=\"elementor-heading-title elementor-size-large\">14 de setembro | ter\u00e7a-feira | Arouca | ESA<\/h1>\t\t\t\t<\/div>\n\t\t\t\t<div class=\"elementor-element elementor-element-0d78346 elementor-widget elementor-widget-text-editor\" data-id=\"0d78346\" data-element_type=\"widget\" data-e-type=\"widget\" data-widget_type=\"text-editor.default\">\n\t\t\t\t\t\t\t\t\t<p><strong>20:30h: 5\u00aa Sess\u00e3o Competitiva: Proje\u00e7\u00e3o de filmes em competi\u00e7\u00e3o | Loja dos Doces<\/strong><\/p><p>Doctor | Alexander Solovyov | Fiction | 6\u00b4 | Russia<\/p><p>Voyage avec Monsieur | C\u00e9line Brengou | Ani. | 3\u00b4 | France\u00a0<\/p><p>Luggage | Mark Sergienko | Fiction | 13\u00b4 | Russia<\/p><p>Noel | Robert Rabanal | Fiction | 4\u00b4 | Spain<\/p><p>Livre-se | Matheus Lopes e Vin\u00edcios de Lima | Ani. | 3\u00b4 | Brazil<\/p><p>One Year Pandemic | Nuno Franco | Fiction | 3\u00b4 | Portugal<\/p><p>Seed | Fabr\u00edcio Rabachim | | Ani. | 2\u00b4 | Brazil<\/p><p>Colrun | Jorge Sarria de Vicente | Ani. | 5\u00b4 | Spain<\/p><p>Made in China | Ale Damiani | Fiction | 7\u00b4 | Spain<\/p><p>Target | Gwai Lou | Fiction | 10\u00b4 | Kuala Lumpur<\/p>\t\t\t\t\t\t\t\t<\/div>\n\t\t\t\t\t<\/div>\n\t\t<\/div>\n\t\t\t\t\t<\/div>\n\t\t<\/section>\n\t\t\t\t<section class=\"elementor-section elementor-top-section elementor-element elementor-element-d3b59ab elementor-section-full_width elementor-section-height-default elementor-section-height-default wpr-particle-no wpr-jarallax-no wpr-parallax-no wpr-sticky-section-no\" data-id=\"d3b59ab\" data-element_type=\"section\" data-e-type=\"section\">\n\t\t\t\t\t\t<div class=\"elementor-container elementor-column-gap-default\">\n\t\t\t\t\t<div class=\"elementor-column elementor-col-100 elementor-top-column elementor-element elementor-element-898c53b\" data-id=\"898c53b\" data-element_type=\"column\" data-e-type=\"column\">\n\t\t\t<div class=\"elementor-widget-wrap elementor-element-populated\">\n\t\t\t\t\t\t<div class=\"elementor-element elementor-element-c4312b3 elementor-widget elementor-widget-heading\" data-id=\"c4312b3\" data-element_type=\"widget\" data-e-type=\"widget\" data-widget_type=\"heading.default\">\n\t\t\t\t\t<h1 class=\"elementor-heading-title elementor-size-large\">15 de setembro | quarta-feira | Arouca<\/h1>\t\t\t\t<\/div>\n\t\t\t\t<div class=\"elementor-element elementor-element-9b70fda elementor-widget elementor-widget-text-editor\" data-id=\"9b70fda\" data-element_type=\"widget\" data-e-type=\"widget\" data-widget_type=\"text-editor.default\">\n\t\t\t\t\t\t\t\t\t<p><strong>20:30h: 6\u00aa Sess\u00e3o Competitiva: Proje\u00e7\u00e3o de filmes em competi\u00e7\u00e3o | Loja dos Doces<\/strong><\/p><p>\u201cPodarok\u201d \u2013 The Gift | Elena Elagina | Fiction | 1\u00b4 | Russia<\/p><p>R\u00e9sistence | Anne Sophie Liban | Fiction | 2\u00b4 | France\u00a0<\/p><p>De qui\u00e9n es tu piel | Rebeca Alemany | Fiction | 10\u00b4 | Spain<\/p><p>Selfie | Paulo Fajardo | Doc. | 4\u00b4 | Portugal<\/p><p>Dosolopin | Javad Atefeh | Fiction | 11\u00b4 | USA<\/p><p>Bottleneck | Mans Berthas | Fiction | 8\u00b4 | Sweden<\/p><p>Introverso | Barbara Lesiv, Nicole Andrade, Camille Kaiser | Ani. | 2\u00b4 | Brazil<\/p><p>Nomad | Gabriel Aleluia | Ani. | 5\u00b4 | Brazil<\/p><p>White eye | Tomer Shushan | Fiction | 20\u00b4 | Israel<\/p>\t\t\t\t\t\t\t\t<\/div>\n\t\t\t\t\t<\/div>\n\t\t<\/div>\n\t\t\t\t\t<\/div>\n\t\t<\/section>\n\t\t\t\t<section class=\"elementor-section elementor-top-section elementor-element elementor-element-84639d0 elementor-section-full_width elementor-section-height-default elementor-section-height-default wpr-particle-no wpr-jarallax-no wpr-parallax-no wpr-sticky-section-no\" data-id=\"84639d0\" data-element_type=\"section\" data-e-type=\"section\">\n\t\t\t\t\t\t<div class=\"elementor-container elementor-column-gap-default\">\n\t\t\t\t\t<div class=\"elementor-column elementor-col-100 elementor-top-column elementor-element elementor-element-23e7fe7\" data-id=\"23e7fe7\" data-element_type=\"column\" data-e-type=\"column\">\n\t\t\t<div class=\"elementor-widget-wrap elementor-element-populated\">\n\t\t\t\t\t\t<div class=\"elementor-element elementor-element-4911add elementor-widget elementor-widget-heading\" data-id=\"4911add\" data-element_type=\"widget\" data-e-type=\"widget\" data-widget_type=\"heading.default\">\n\t\t\t\t\t<h1 class=\"elementor-heading-title elementor-size-large\">16 de setembro | Quinta-feira | Arouca<\/h1>\t\t\t\t<\/div>\n\t\t\t\t<div class=\"elementor-element elementor-element-7cdf1e2 elementor-widget elementor-widget-text-editor\" data-id=\"7cdf1e2\" data-element_type=\"widget\" data-e-type=\"widget\" data-widget_type=\"text-editor.default\">\n\t\t\t\t\t\t\t\t\t<p><strong>20:30h: 7\u00aa Sess\u00e3o Competitiva: Proje\u00e7\u00e3o de filmes em competi\u00e7\u00e3o | Loja dos Doces<\/strong><\/p><p>103 | David Airob and Jos\u00e9 Bautista | Doc. | 19\u00b4 | Spain<\/p><p>Cortus\u00a0interruptus | Robert Rabanal | Fiction | 4\u00b4 | Spain<\/p><p>La Cirila | Ibai Altuna | Fiction | 12\u00b4 | Spain<\/p><p>The Van | Erenik Beqiri | Fiction | 15\u00b4 | France<\/p><p>Coronavideo | Carlos Fraga | Exp. | 3\u00b4 | Portugal<\/p><p>Persist\u00eancia | David Barros | Fiction | 3\u00b4 | Portugal<\/p>\t\t\t\t\t\t\t\t<\/div>\n\t\t\t\t\t<\/div>\n\t\t<\/div>\n\t\t\t\t\t<\/div>\n\t\t<\/section>\n\t\t\t\t<section class=\"elementor-section elementor-top-section elementor-element elementor-element-9e6a34a elementor-section-full_width elementor-section-height-default elementor-section-height-default wpr-particle-no wpr-jarallax-no wpr-parallax-no wpr-sticky-section-no\" data-id=\"9e6a34a\" data-element_type=\"section\" data-e-type=\"section\">\n\t\t\t\t\t\t<div class=\"elementor-container elementor-column-gap-default\">\n\t\t\t\t\t<div class=\"elementor-column elementor-col-100 elementor-top-column elementor-element elementor-element-8294ab5\" data-id=\"8294ab5\" data-element_type=\"column\" data-e-type=\"column\">\n\t\t\t<div class=\"elementor-widget-wrap elementor-element-populated\">\n\t\t\t\t\t\t<div class=\"elementor-element elementor-element-0693283 elementor-widget elementor-widget-heading\" data-id=\"0693283\" data-element_type=\"widget\" data-e-type=\"widget\" data-widget_type=\"heading.default\">\n\t\t\t\t\t<h1 class=\"elementor-heading-title elementor-size-large\">17 de setembro | sexta-feira | Arouca<\/h1>\t\t\t\t<\/div>\n\t\t\t\t<div class=\"elementor-element elementor-element-65a8a3c elementor-widget elementor-widget-text-editor\" data-id=\"65a8a3c\" data-element_type=\"widget\" data-e-type=\"widget\" data-widget_type=\"text-editor.default\">\n\t\t\t\t\t\t\t\t\t<p><strong>22:35h: 8\u00aa Sess\u00e3o Competitiva &#8211; Proje\u00e7\u00e3o de filmes em competi\u00e7\u00e3o | Loja de Turismo<\/strong><\/p><p>Petit Poisson | Anne Sophie Liban | Fiction | 2\u00b4 | France<\/p><p><strong>22:35h: Proje\u00e7\u00e3o do filme de abertura do 19\u00ba Arouca Film Festival \u201cBEMBOM\u201d<\/strong><\/p>\t\t\t\t\t\t\t\t<\/div>\n\t\t\t\t\t<\/div>\n\t\t<\/div>\n\t\t\t\t\t<\/div>\n\t\t<\/section>\n\t\t\t\t<section class=\"elementor-section elementor-top-section elementor-element elementor-element-4c96b16 elementor-section-full_width elementor-section-height-default elementor-section-height-default wpr-particle-no wpr-jarallax-no wpr-parallax-no wpr-sticky-section-no\" data-id=\"4c96b16\" data-element_type=\"section\" data-e-type=\"section\">\n\t\t\t\t\t\t<div class=\"elementor-container elementor-column-gap-default\">\n\t\t\t\t\t<div class=\"elementor-column elementor-col-100 elementor-top-column elementor-element elementor-element-3a71c9d\" data-id=\"3a71c9d\" data-element_type=\"column\" data-e-type=\"column\">\n\t\t\t<div class=\"elementor-widget-wrap elementor-element-populated\">\n\t\t\t\t\t\t<div class=\"elementor-element elementor-element-078ab4e elementor-widget elementor-widget-heading\" data-id=\"078ab4e\" data-element_type=\"widget\" data-e-type=\"widget\" data-widget_type=\"heading.default\">\n\t\t\t\t\t<h1 class=\"elementor-heading-title elementor-size-large\">18 de setembro | s\u00e1bado | Arouca<\/h1>\t\t\t\t<\/div>\n\t\t\t\t<div class=\"elementor-element elementor-element-e24909b elementor-widget elementor-widget-text-editor\" data-id=\"e24909b\" data-element_type=\"widget\" data-e-type=\"widget\" data-widget_type=\"text-editor.default\">\n\t\t\t\t\t\t\t\t\t<p><strong>21h15: 9\u00aa Sess\u00e3o Competitiva: Proje\u00e7\u00e3o de filmes em competi\u00e7\u00e3o | Loja dos Doces<\/strong><\/p><p>Doloris | Mitja Strehlow &amp; Aim\u00e9e Goepfert | Fiction | 8\u00b4 | Germany<\/p><p>+1 Viral | Willy Su\u00e1rez | Fiction | 1\u00b4 | Spain<\/p><p>Oddity | Anna Juesas &amp; Germ\u00e1n Chazarra | Ani. | 4\u00b4 | Spain<\/p><p>Tou Cansado | Ant\u00f3nio Soares | Video-clip | 4\u00b4 | Portugal<\/p><p>Going Home | Beatriz Ribeiro | Ani. | 3\u00b4 | Portugal<\/p><p>Cabra Cega | Marcos Koe | Fic\u00e7\u00e3o | 7\u00b4 | Portugal<\/p><p>Mediterraneo &#8211; A Garota N\u00e3o | Pedro Est\u00eav\u00e3o Semedo | Video-Clip | 3\u00b4 | Portugal<\/p><p>Centella | Pilar Guti\u00e9rrez | Fiction | 10\u00b4 | Spain<\/p><p>Um Conto de Natal Pand\u00e9mico | Jos\u00e9 Pedro Lopes | Fiction | 2\u00b4 | Portugal<\/p><p>Como Siempre | Blanca Munoz | Fiction | 10\u00b4 | Spain<\/p>\t\t\t\t\t\t\t\t<\/div>\n\t\t\t\t\t<\/div>\n\t\t<\/div>\n\t\t\t\t\t<\/div>\n\t\t<\/section>\n\t\t\t\t<\/div>","protected":false},"excerpt":{"rendered":"<p>Filmes Projetados 9 de setembro | quinta-feira | S. Jo\u00e3o da Madeira 16:00h \u00e0s 17:00h: Coffee and Cinema: Tert\u00falia Cinematogr\u00e1fica\u00a0 \u201cA Inclus\u00e3o no Mundo do Cinema\u201d | Associa\u00e7\u00e3o AMPLOS | Porto Transmiss\u00e3o em direto no Facebook 10 de setembro | sexta-feira | S. Jo\u00e3o da Madeira 21:35h: 1\u00aa Sess\u00e3o Competitiva &#8211; Proje\u00e7\u00e3o filmes competi\u00e7\u00e3o | Casa da Criatividade 21:30h: Cine S. Jo\u00e3o: Proje\u00e7\u00e3o do filme \u201cBEMBOM\u201d | Parque do rio UL 11 de setembro | s\u00e1bado | Arouca 20:30h: 2\u00aa Sess\u00e3o Competitiva: Proje\u00e7\u00e3o de filmes em competi\u00e7\u00e3o | | Loja dos Doces The Cage | Soheil Arab | Exp. | 2\u00b4 | Iran The road to Eden | Bakyt Mukul &amp; Dastan Zhapar Uulu | Fiction | 120\u00b4| Kyrgyzstan 12 de setembro | domingo | SJM | Arouca 15:00h: Marcha LGBT | SJM\u00a0 20:30h: 3\u00aa Sess\u00e3o Competitiva: Proje\u00e7\u00e3o de filmes em competi\u00e7\u00e3o | Loja dos Doces Linha da Frente Brasil | Elder Fraga | 2h04\u00b4| Doc. | Brasil 21:00h: Proje\u00e7\u00e3o do filme \u201cBEMBOM\u201d | Pa\u00e7os da Cultura | SJM 13 de setembro | segunda-feira | Arouca 20:30h: 4\u00aa Sess\u00e3o Competitiva: Proje\u00e7\u00e3o de filmes em competi\u00e7\u00e3o | Loja dos Doces\u00a0 Flores e Rifles | Raphael Correia | Video-clip | 4\u00b4 | Brazil L\u00b4Infinito | Giacomo Leopardi | Ani. | 2\u00b4 | Italy Desconfinamento -Unconfined | Paulo Fajardo | Doc. | 2\u00b4 | Portugal Pacha Kuti &#8211; The Golden Path | Reed Rickert | Doc. | 6\u00b4 | Spain Autumn | Sofia Gutman | Ani. | 2\u00b4 | Spain Meat Jelly | Alexey Marusov | Fiction | 14\u00b4 | Russia A Silent Song | D\u00f3ra L\u00e1szl\u00f3-Guly\u00e1s | Fiction | 15\u00b4 | Poland Kirolak | Ibon Landa | Fiction | 3\u00b4 | Spain Isabel | Matthew Murdoch | Fiction | 9\u00b4 | England Lipstick | Svetlana Yashina | Fiction | 1\u00b4 | Russia 14 de setembro | ter\u00e7a-feira | Arouca | ESA 20:30h: 5\u00aa Sess\u00e3o Competitiva: Proje\u00e7\u00e3o de filmes em competi\u00e7\u00e3o | Loja dos Doces Doctor | Alexander Solovyov | Fiction | 6\u00b4 | Russia Voyage avec Monsieur | C\u00e9line Brengou | Ani. | 3\u00b4 | France\u00a0 Luggage | Mark Sergienko | Fiction | 13\u00b4 | Russia Noel | Robert Rabanal | Fiction | 4\u00b4 | Spain Livre-se | Matheus Lopes e Vin\u00edcios de Lima | Ani. | 3\u00b4 | Brazil One Year Pandemic | Nuno Franco | Fiction | 3\u00b4 | Portugal Seed | Fabr\u00edcio Rabachim | | Ani. | 2\u00b4 | Brazil Colrun | Jorge Sarria de Vicente | Ani. | 5\u00b4 | Spain Made in China | Ale Damiani | Fiction | 7\u00b4 | Spain Target | Gwai Lou | Fiction | 10\u00b4 | Kuala Lumpur 15 de setembro | quarta-feira | Arouca 20:30h: 6\u00aa Sess\u00e3o Competitiva: Proje\u00e7\u00e3o de filmes em competi\u00e7\u00e3o | Loja dos Doces \u201cPodarok\u201d \u2013 The Gift | Elena Elagina | Fiction | 1\u00b4 | Russia R\u00e9sistence | Anne Sophie Liban | Fiction | 2\u00b4 | France\u00a0 De qui\u00e9n es tu piel | Rebeca Alemany | Fiction | 10\u00b4 | Spain Selfie | Paulo Fajardo | Doc. | 4\u00b4 | Portugal Dosolopin | Javad Atefeh | Fiction | 11\u00b4 | USA Bottleneck | Mans Berthas | Fiction | 8\u00b4 | Sweden Introverso | Barbara Lesiv, Nicole Andrade, Camille Kaiser | Ani. | 2\u00b4 | Brazil Nomad | Gabriel Aleluia | Ani. | 5\u00b4 | Brazil White eye | Tomer Shushan | Fiction | 20\u00b4 | Israel 16 de setembro | Quinta-feira | Arouca 20:30h: 7\u00aa Sess\u00e3o Competitiva: Proje\u00e7\u00e3o de filmes em competi\u00e7\u00e3o | Loja dos Doces 103 | David Airob and Jos\u00e9 Bautista | Doc. | 19\u00b4 | Spain Cortus\u00a0interruptus | Robert Rabanal | Fiction | 4\u00b4 | Spain La Cirila | Ibai Altuna | Fiction | 12\u00b4 | Spain The Van | Erenik Beqiri | Fiction | 15\u00b4 | France Coronavideo | Carlos Fraga | Exp. | 3\u00b4 | Portugal Persist\u00eancia | David Barros | Fiction | 3\u00b4 | Portugal 17 de setembro | sexta-feira | Arouca 22:35h: 8\u00aa Sess\u00e3o Competitiva &#8211; Proje\u00e7\u00e3o de filmes em competi\u00e7\u00e3o | Loja de Turismo Petit Poisson | Anne Sophie Liban | Fiction | 2\u00b4 | France 22:35h: Proje\u00e7\u00e3o do filme de abertura do 19\u00ba Arouca Film Festival \u201cBEMBOM\u201d 18 de setembro | s\u00e1bado | Arouca 21h15: 9\u00aa Sess\u00e3o Competitiva: Proje\u00e7\u00e3o de filmes em competi\u00e7\u00e3o | Loja dos Doces Doloris | Mitja Strehlow &amp; Aim\u00e9e Goepfert | Fiction | 8\u00b4 | Germany +1 Viral | Willy Su\u00e1rez | Fiction | 1\u00b4 | Spain Oddity | Anna Juesas &amp; Germ\u00e1n Chazarra | Ani. | 4\u00b4 | Spain Tou Cansado | Ant\u00f3nio Soares | Video-clip | 4\u00b4 | Portugal Going Home | Beatriz Ribeiro | Ani. | 3\u00b4 | Portugal Cabra Cega | Marcos Koe | Fic\u00e7\u00e3o | 7\u00b4 | Portugal Mediterraneo &#8211; A Garota N\u00e3o | Pedro Est\u00eav\u00e3o Semedo | Video-Clip | 3\u00b4 | Portugal Centella | Pilar Guti\u00e9rrez | Fiction | 10\u00b4 | Spain Um Conto de Natal Pand\u00e9mico | Jos\u00e9 Pedro Lopes | Fiction | 2\u00b4 | Portugal Como Siempre | Blanca Munoz | Fiction | 10\u00b4 | Spain<\/p>","protected":false},"author":7,"featured_media":0,"parent":1092,"menu_order":0,"comment_status":"closed","ping_status":"closed","template":"elementor_header_footer","meta":{"zakra_page_container_layout":"centered","zakra_page_sidebar_layout":"no_sidebar","zakra_remove_content_margin":false,"zakra_sidebar":"customizer","zakra_transparent_header":"customizer","zakra_logo":0,"zakra_main_header_style":"default","zakra_menu_item_color":"","zakra_menu_item_hover_color":"","zakra_menu_item_active_color":"","zakra_menu_active_style":"","zakra_page_header":false,"footnotes":""},"class_list":["post-2852","page","type-page","status-publish","hentry"],"yoast_head":"<!-- This site is optimized with the Yoast SEO plugin v27.2 - https:\/\/yoast.com\/product\/yoast-seo-wordpress\/ -->\n<title>Filmes \/ Proje\u00e7\u00f5es 2021 - Arouca Film Festival<\/title>\n<meta name=\"robots\" content=\"index, follow, max-snippet:-1, max-image-preview:large, max-video-preview:-1\" \/>\n<link rel=\"canonical\" href=\"https:\/\/aroucafilmfestival.com\/en\/festival-2021\/filmes-projecoes\/\" \/>\n<meta property=\"og:locale\" content=\"en_GB\" \/>\n<meta property=\"og:type\" content=\"article\" \/>\n<meta property=\"og:title\" content=\"Filmes \/ Proje\u00e7\u00f5es 2021 - Arouca Film Festival\" \/>\n<meta property=\"og:description\" content=\"Filmes Projetados 9 de setembro | quinta-feira | S. Jo\u00e3o da Madeira 16:00h \u00e0s 17:00h: Coffee and Cinema: Tert\u00falia Cinematogr\u00e1fica\u00a0 \u201cA Inclus\u00e3o no Mundo do Cinema\u201d | Associa\u00e7\u00e3o AMPLOS | Porto Transmiss\u00e3o em direto no Facebook 10 de setembro | sexta-feira | S. Jo\u00e3o da Madeira 21:35h: 1\u00aa Sess\u00e3o Competitiva &#8211; Proje\u00e7\u00e3o filmes competi\u00e7\u00e3o | Casa da Criatividade 21:30h: Cine S. Jo\u00e3o: Proje\u00e7\u00e3o do filme \u201cBEMBOM\u201d | Parque do rio UL 11 de setembro | s\u00e1bado | Arouca 20:30h: 2\u00aa Sess\u00e3o Competitiva: Proje\u00e7\u00e3o de filmes em competi\u00e7\u00e3o | | Loja dos Doces The Cage | Soheil Arab | Exp. | 2\u00b4 | Iran The road to Eden | Bakyt Mukul &amp; Dastan Zhapar Uulu | Fiction | 120\u00b4| Kyrgyzstan 12 de setembro | domingo | SJM | Arouca 15:00h: Marcha LGBT | SJM\u00a0 20:30h: 3\u00aa Sess\u00e3o Competitiva: Proje\u00e7\u00e3o de filmes em competi\u00e7\u00e3o | Loja dos Doces Linha da Frente Brasil | Elder Fraga | 2h04\u00b4| Doc. | Brasil 21:00h: Proje\u00e7\u00e3o do filme \u201cBEMBOM\u201d | Pa\u00e7os da Cultura | SJM 13 de setembro | segunda-feira | Arouca 20:30h: 4\u00aa Sess\u00e3o Competitiva: Proje\u00e7\u00e3o de filmes em competi\u00e7\u00e3o | Loja dos Doces\u00a0 Flores e Rifles | Raphael Correia | Video-clip | 4\u00b4 | Brazil L\u00b4Infinito | Giacomo Leopardi | Ani. | 2\u00b4 | Italy Desconfinamento -Unconfined | Paulo Fajardo | Doc. | 2\u00b4 | Portugal Pacha Kuti &#8211; The Golden Path | Reed Rickert | Doc. | 6\u00b4 | Spain Autumn | Sofia Gutman | Ani. | 2\u00b4 | Spain Meat Jelly | Alexey Marusov | Fiction | 14\u00b4 | Russia A Silent Song | D\u00f3ra L\u00e1szl\u00f3-Guly\u00e1s | Fiction | 15\u00b4 | Poland Kirolak | Ibon Landa | Fiction | 3\u00b4 | Spain Isabel | Matthew Murdoch | Fiction | 9\u00b4 | England Lipstick | Svetlana Yashina | Fiction | 1\u00b4 | Russia 14 de setembro | ter\u00e7a-feira | Arouca | ESA 20:30h: 5\u00aa Sess\u00e3o Competitiva: Proje\u00e7\u00e3o de filmes em competi\u00e7\u00e3o | Loja dos Doces Doctor | Alexander Solovyov | Fiction | 6\u00b4 | Russia Voyage avec Monsieur | C\u00e9line Brengou | Ani. | 3\u00b4 | France\u00a0 Luggage | Mark Sergienko | Fiction | 13\u00b4 | Russia Noel | Robert Rabanal | Fiction | 4\u00b4 | Spain Livre-se | Matheus Lopes e Vin\u00edcios de Lima | Ani. | 3\u00b4 | Brazil One Year Pandemic | Nuno Franco | Fiction | 3\u00b4 | Portugal Seed | Fabr\u00edcio Rabachim | | Ani. | 2\u00b4 | Brazil Colrun | Jorge Sarria de Vicente | Ani. | 5\u00b4 | Spain Made in China | Ale Damiani | Fiction | 7\u00b4 | Spain Target | Gwai Lou | Fiction | 10\u00b4 | Kuala Lumpur 15 de setembro | quarta-feira | Arouca 20:30h: 6\u00aa Sess\u00e3o Competitiva: Proje\u00e7\u00e3o de filmes em competi\u00e7\u00e3o | Loja dos Doces \u201cPodarok\u201d \u2013 The Gift | Elena Elagina | Fiction | 1\u00b4 | Russia R\u00e9sistence | Anne Sophie Liban | Fiction | 2\u00b4 | France\u00a0 De qui\u00e9n es tu piel | Rebeca Alemany | Fiction | 10\u00b4 | Spain Selfie | Paulo Fajardo | Doc. | 4\u00b4 | Portugal Dosolopin | Javad Atefeh | Fiction | 11\u00b4 | USA Bottleneck | Mans Berthas | Fiction | 8\u00b4 | Sweden Introverso | Barbara Lesiv, Nicole Andrade, Camille Kaiser | Ani. | 2\u00b4 | Brazil Nomad | Gabriel Aleluia | Ani. | 5\u00b4 | Brazil White eye | Tomer Shushan | Fiction | 20\u00b4 | Israel 16 de setembro | Quinta-feira | Arouca 20:30h: 7\u00aa Sess\u00e3o Competitiva: Proje\u00e7\u00e3o de filmes em competi\u00e7\u00e3o | Loja dos Doces 103 | David Airob and Jos\u00e9 Bautista | Doc. | 19\u00b4 | Spain Cortus\u00a0interruptus | Robert Rabanal | Fiction | 4\u00b4 | Spain La Cirila | Ibai Altuna | Fiction | 12\u00b4 | Spain The Van | Erenik Beqiri | Fiction | 15\u00b4 | France Coronavideo | Carlos Fraga | Exp. | 3\u00b4 | Portugal Persist\u00eancia | David Barros | Fiction | 3\u00b4 | Portugal 17 de setembro | sexta-feira | Arouca 22:35h: 8\u00aa Sess\u00e3o Competitiva &#8211; Proje\u00e7\u00e3o de filmes em competi\u00e7\u00e3o | Loja de Turismo Petit Poisson | Anne Sophie Liban | Fiction | 2\u00b4 | France 22:35h: Proje\u00e7\u00e3o do filme de abertura do 19\u00ba Arouca Film Festival \u201cBEMBOM\u201d 18 de setembro | s\u00e1bado | Arouca 21h15: 9\u00aa Sess\u00e3o Competitiva: Proje\u00e7\u00e3o de filmes em competi\u00e7\u00e3o | Loja dos Doces Doloris | Mitja Strehlow &amp; Aim\u00e9e Goepfert | Fiction | 8\u00b4 | Germany +1 Viral | Willy Su\u00e1rez | Fiction | 1\u00b4 | Spain Oddity | Anna Juesas &amp; Germ\u00e1n Chazarra | Ani. | 4\u00b4 | Spain Tou Cansado | Ant\u00f3nio Soares | Video-clip | 4\u00b4 | Portugal Going Home | Beatriz Ribeiro | Ani. | 3\u00b4 | Portugal Cabra Cega | Marcos Koe | Fic\u00e7\u00e3o | 7\u00b4 | Portugal Mediterraneo &#8211; A Garota N\u00e3o | Pedro Est\u00eav\u00e3o Semedo | Video-Clip | 3\u00b4 | Portugal Centella | Pilar Guti\u00e9rrez | Fiction | 10\u00b4 | Spain Um Conto de Natal Pand\u00e9mico | Jos\u00e9 Pedro Lopes | Fiction | 2\u00b4 | Portugal Como Siempre | Blanca Munoz | Fiction | 10\u00b4 | Spain\" \/>\n<meta property=\"og:url\" content=\"https:\/\/aroucafilmfestival.com\/en\/festival-2021\/filmes-projecoes\/\" \/>\n<meta property=\"og:site_name\" content=\"Arouca Film Festival\" \/>\n<meta property=\"article:publisher\" content=\"https:\/\/www.facebook.com\/aroucafilmfestival\" \/>\n<meta property=\"article:modified_time\" content=\"2022-02-24T15:04:51+00:00\" \/>\n<meta property=\"og:image\" content=\"https:\/\/aroucafilmfestival.com\/wp-content\/uploads\/2023\/04\/Banner-Inscricoes-2023_FACE-scaled.jpg\" \/>\n\t<meta property=\"og:image:width\" content=\"2560\" \/>\n\t<meta property=\"og:image:height\" content=\"1073\" \/>\n\t<meta property=\"og:image:type\" content=\"image\/jpeg\" \/>\n<meta name=\"twitter:card\" content=\"summary_large_image\" \/>\n<meta name=\"twitter:label1\" content=\"Estimated reading time\" \/>\n\t<meta name=\"twitter:data1\" content=\"3 minutes\" \/>\n<script type=\"application\/ld+json\" class=\"yoast-schema-graph\">{\"@context\":\"https:\/\/schema.org\",\"@graph\":[{\"@type\":\"WebPage\",\"@id\":\"https:\/\/aroucafilmfestival.com\/en\/festival-2021\/filmes-projecoes\/\",\"url\":\"https:\/\/aroucafilmfestival.com\/en\/festival-2021\/filmes-projecoes\/\",\"name\":\"Filmes \/ Proje\u00e7\u00f5es 2021 - Arouca Film Festival\",\"isPartOf\":{\"@id\":\"https:\/\/aroucafilmfestival.com\/#website\"},\"datePublished\":\"2021-09-04T22:01:09+00:00\",\"dateModified\":\"2022-02-24T15:04:51+00:00\",\"breadcrumb\":{\"@id\":\"https:\/\/aroucafilmfestival.com\/en\/festival-2021\/filmes-projecoes\/#breadcrumb\"},\"inLanguage\":\"en-GB\",\"potentialAction\":[{\"@type\":\"ReadAction\",\"target\":[\"https:\/\/aroucafilmfestival.com\/en\/festival-2021\/filmes-projecoes\/\"]}]},{\"@type\":\"BreadcrumbList\",\"@id\":\"https:\/\/aroucafilmfestival.com\/en\/festival-2021\/filmes-projecoes\/#breadcrumb\",\"itemListElement\":[{\"@type\":\"ListItem\",\"position\":1,\"name\":\"In\u00edcio\",\"item\":\"https:\/\/aroucafilmfestival.com\/\"},{\"@type\":\"ListItem\",\"position\":2,\"name\":\"Festival 2021\",\"item\":\"https:\/\/aroucafilmfestival.com\/en\/festival-2021\/\"},{\"@type\":\"ListItem\",\"position\":3,\"name\":\"Filmes \/ Proje\u00e7\u00f5es 2021\"}]},{\"@type\":\"WebSite\",\"@id\":\"https:\/\/aroucafilmfestival.com\/#website\",\"url\":\"https:\/\/aroucafilmfestival.com\/\",\"name\":\"Arouca Film Festival\",\"description\":\"Portuguese Internacional Film Festival\",\"publisher\":{\"@id\":\"https:\/\/aroucafilmfestival.com\/#organization\"},\"potentialAction\":[{\"@type\":\"SearchAction\",\"target\":{\"@type\":\"EntryPoint\",\"urlTemplate\":\"https:\/\/aroucafilmfestival.com\/?s={search_term_string}\"},\"query-input\":{\"@type\":\"PropertyValueSpecification\",\"valueRequired\":true,\"valueName\":\"search_term_string\"}}],\"inLanguage\":\"en-GB\"},{\"@type\":\"Organization\",\"@id\":\"https:\/\/aroucafilmfestival.com\/#organization\",\"name\":\"Arouca Film Festival\",\"alternateName\":\"AFF\",\"url\":\"https:\/\/aroucafilmfestival.com\/\",\"logo\":{\"@type\":\"ImageObject\",\"inLanguage\":\"en-GB\",\"@id\":\"https:\/\/aroucafilmfestival.com\/#\/schema\/logo\/image\/\",\"url\":\"https:\/\/aroucafilmfestival.com\/wp-content\/uploads\/2021\/09\/TelaLIT_AFF_2021_3-scaled-e1631835841735.jpg\",\"contentUrl\":\"https:\/\/aroucafilmfestival.com\/wp-content\/uploads\/2021\/09\/TelaLIT_AFF_2021_3-scaled-e1631835841735.jpg\",\"width\":2560,\"height\":889,\"caption\":\"Arouca Film Festival\"},\"image\":{\"@id\":\"https:\/\/aroucafilmfestival.com\/#\/schema\/logo\/image\/\"},\"sameAs\":[\"https:\/\/www.facebook.com\/aroucafilmfestival\",\"https:\/\/www.instagram.com\/aroucafilmfestival_portugal\/\"]}]}<\/script>\n<!-- \/ Yoast SEO plugin. -->","yoast_head_json":{"title":"Filmes \/ Proje\u00e7\u00f5es 2021 - Arouca Film Festival","robots":{"index":"index","follow":"follow","max-snippet":"max-snippet:-1","max-image-preview":"max-image-preview:large","max-video-preview":"max-video-preview:-1"},"canonical":"https:\/\/aroucafilmfestival.com\/en\/festival-2021\/filmes-projecoes\/","og_locale":"en_GB","og_type":"article","og_title":"Filmes \/ Proje\u00e7\u00f5es 2021 - Arouca Film Festival","og_description":"Filmes Projetados 9 de setembro | quinta-feira | S. Jo\u00e3o da Madeira 16:00h \u00e0s 17:00h: Coffee and Cinema: Tert\u00falia Cinematogr\u00e1fica\u00a0 \u201cA Inclus\u00e3o no Mundo do Cinema\u201d | Associa\u00e7\u00e3o AMPLOS | Porto Transmiss\u00e3o em direto no Facebook 10 de setembro | sexta-feira | S. Jo\u00e3o da Madeira 21:35h: 1\u00aa Sess\u00e3o Competitiva &#8211; Proje\u00e7\u00e3o filmes competi\u00e7\u00e3o | Casa da Criatividade 21:30h: Cine S. Jo\u00e3o: Proje\u00e7\u00e3o do filme \u201cBEMBOM\u201d | Parque do rio UL 11 de setembro | s\u00e1bado | Arouca 20:30h: 2\u00aa Sess\u00e3o Competitiva: Proje\u00e7\u00e3o de filmes em competi\u00e7\u00e3o | | Loja dos Doces The Cage | Soheil Arab | Exp. | 2\u00b4 | Iran The road to Eden | Bakyt Mukul &amp; Dastan Zhapar Uulu | Fiction | 120\u00b4| Kyrgyzstan 12 de setembro | domingo | SJM | Arouca 15:00h: Marcha LGBT | SJM\u00a0 20:30h: 3\u00aa Sess\u00e3o Competitiva: Proje\u00e7\u00e3o de filmes em competi\u00e7\u00e3o | Loja dos Doces Linha da Frente Brasil | Elder Fraga | 2h04\u00b4| Doc. | Brasil 21:00h: Proje\u00e7\u00e3o do filme \u201cBEMBOM\u201d | Pa\u00e7os da Cultura | SJM 13 de setembro | segunda-feira | Arouca 20:30h: 4\u00aa Sess\u00e3o Competitiva: Proje\u00e7\u00e3o de filmes em competi\u00e7\u00e3o | Loja dos Doces\u00a0 Flores e Rifles | Raphael Correia | Video-clip | 4\u00b4 | Brazil L\u00b4Infinito | Giacomo Leopardi | Ani. | 2\u00b4 | Italy Desconfinamento -Unconfined | Paulo Fajardo | Doc. | 2\u00b4 | Portugal Pacha Kuti &#8211; The Golden Path | Reed Rickert | Doc. | 6\u00b4 | Spain Autumn | Sofia Gutman | Ani. | 2\u00b4 | Spain Meat Jelly | Alexey Marusov | Fiction | 14\u00b4 | Russia A Silent Song | D\u00f3ra L\u00e1szl\u00f3-Guly\u00e1s | Fiction | 15\u00b4 | Poland Kirolak | Ibon Landa | Fiction | 3\u00b4 | Spain Isabel | Matthew Murdoch | Fiction | 9\u00b4 | England Lipstick | Svetlana Yashina | Fiction | 1\u00b4 | Russia 14 de setembro | ter\u00e7a-feira | Arouca | ESA 20:30h: 5\u00aa Sess\u00e3o Competitiva: Proje\u00e7\u00e3o de filmes em competi\u00e7\u00e3o | Loja dos Doces Doctor | Alexander Solovyov | Fiction | 6\u00b4 | Russia Voyage avec Monsieur | C\u00e9line Brengou | Ani. | 3\u00b4 | France\u00a0 Luggage | Mark Sergienko | Fiction | 13\u00b4 | Russia Noel | Robert Rabanal | Fiction | 4\u00b4 | Spain Livre-se | Matheus Lopes e Vin\u00edcios de Lima | Ani. | 3\u00b4 | Brazil One Year Pandemic | Nuno Franco | Fiction | 3\u00b4 | Portugal Seed | Fabr\u00edcio Rabachim | | Ani. | 2\u00b4 | Brazil Colrun | Jorge Sarria de Vicente | Ani. | 5\u00b4 | Spain Made in China | Ale Damiani | Fiction | 7\u00b4 | Spain Target | Gwai Lou | Fiction | 10\u00b4 | Kuala Lumpur 15 de setembro | quarta-feira | Arouca 20:30h: 6\u00aa Sess\u00e3o Competitiva: Proje\u00e7\u00e3o de filmes em competi\u00e7\u00e3o | Loja dos Doces \u201cPodarok\u201d \u2013 The Gift | Elena Elagina | Fiction | 1\u00b4 | Russia R\u00e9sistence | Anne Sophie Liban | Fiction | 2\u00b4 | France\u00a0 De qui\u00e9n es tu piel | Rebeca Alemany | Fiction | 10\u00b4 | Spain Selfie | Paulo Fajardo | Doc. | 4\u00b4 | Portugal Dosolopin | Javad Atefeh | Fiction | 11\u00b4 | USA Bottleneck | Mans Berthas | Fiction | 8\u00b4 | Sweden Introverso | Barbara Lesiv, Nicole Andrade, Camille Kaiser | Ani. | 2\u00b4 | Brazil Nomad | Gabriel Aleluia | Ani. | 5\u00b4 | Brazil White eye | Tomer Shushan | Fiction | 20\u00b4 | Israel 16 de setembro | Quinta-feira | Arouca 20:30h: 7\u00aa Sess\u00e3o Competitiva: Proje\u00e7\u00e3o de filmes em competi\u00e7\u00e3o | Loja dos Doces 103 | David Airob and Jos\u00e9 Bautista | Doc. | 19\u00b4 | Spain Cortus\u00a0interruptus | Robert Rabanal | Fiction | 4\u00b4 | Spain La Cirila | Ibai Altuna | Fiction | 12\u00b4 | Spain The Van | Erenik Beqiri | Fiction | 15\u00b4 | France Coronavideo | Carlos Fraga | Exp. | 3\u00b4 | Portugal Persist\u00eancia | David Barros | Fiction | 3\u00b4 | Portugal 17 de setembro | sexta-feira | Arouca 22:35h: 8\u00aa Sess\u00e3o Competitiva &#8211; Proje\u00e7\u00e3o de filmes em competi\u00e7\u00e3o | Loja de Turismo Petit Poisson | Anne Sophie Liban | Fiction | 2\u00b4 | France 22:35h: Proje\u00e7\u00e3o do filme de abertura do 19\u00ba Arouca Film Festival \u201cBEMBOM\u201d 18 de setembro | s\u00e1bado | Arouca 21h15: 9\u00aa Sess\u00e3o Competitiva: Proje\u00e7\u00e3o de filmes em competi\u00e7\u00e3o | Loja dos Doces Doloris | Mitja Strehlow &amp; Aim\u00e9e Goepfert | Fiction | 8\u00b4 | Germany +1 Viral | Willy Su\u00e1rez | Fiction | 1\u00b4 | Spain Oddity | Anna Juesas &amp; Germ\u00e1n Chazarra | Ani. | 4\u00b4 | Spain Tou Cansado | Ant\u00f3nio Soares | Video-clip | 4\u00b4 | Portugal Going Home | Beatriz Ribeiro | Ani. | 3\u00b4 | Portugal Cabra Cega | Marcos Koe | Fic\u00e7\u00e3o | 7\u00b4 | Portugal Mediterraneo &#8211; A Garota N\u00e3o | Pedro Est\u00eav\u00e3o Semedo | Video-Clip | 3\u00b4 | Portugal Centella | Pilar Guti\u00e9rrez | Fiction | 10\u00b4 | Spain Um Conto de Natal Pand\u00e9mico | Jos\u00e9 Pedro Lopes | Fiction | 2\u00b4 | Portugal Como Siempre | Blanca Munoz | Fiction | 10\u00b4 | Spain","og_url":"https:\/\/aroucafilmfestival.com\/en\/festival-2021\/filmes-projecoes\/","og_site_name":"Arouca Film Festival","article_publisher":"https:\/\/www.facebook.com\/aroucafilmfestival","article_modified_time":"2022-02-24T15:04:51+00:00","og_image":[{"width":2560,"height":1073,"url":"https:\/\/aroucafilmfestival.com\/wp-content\/uploads\/2023\/04\/Banner-Inscricoes-2023_FACE-scaled.jpg","type":"image\/jpeg"}],"twitter_card":"summary_large_image","twitter_misc":{"Estimated reading time":"3 minutes"},"schema":{"@context":"https:\/\/schema.org","@graph":[{"@type":"WebPage","@id":"https:\/\/aroucafilmfestival.com\/en\/festival-2021\/filmes-projecoes\/","url":"https:\/\/aroucafilmfestival.com\/en\/festival-2021\/filmes-projecoes\/","name":"Filmes \/ Proje\u00e7\u00f5es 2021 - Arouca Film Festival","isPartOf":{"@id":"https:\/\/aroucafilmfestival.com\/#website"},"datePublished":"2021-09-04T22:01:09+00:00","dateModified":"2022-02-24T15:04:51+00:00","breadcrumb":{"@id":"https:\/\/aroucafilmfestival.com\/en\/festival-2021\/filmes-projecoes\/#breadcrumb"},"inLanguage":"en-GB","potentialAction":[{"@type":"ReadAction","target":["https:\/\/aroucafilmfestival.com\/en\/festival-2021\/filmes-projecoes\/"]}]},{"@type":"BreadcrumbList","@id":"https:\/\/aroucafilmfestival.com\/en\/festival-2021\/filmes-projecoes\/#breadcrumb","itemListElement":[{"@type":"ListItem","position":1,"name":"In\u00edcio","item":"https:\/\/aroucafilmfestival.com\/"},{"@type":"ListItem","position":2,"name":"Festival 2021","item":"https:\/\/aroucafilmfestival.com\/en\/festival-2021\/"},{"@type":"ListItem","position":3,"name":"Filmes \/ Proje\u00e7\u00f5es 2021"}]},{"@type":"WebSite","@id":"https:\/\/aroucafilmfestival.com\/#website","url":"https:\/\/aroucafilmfestival.com\/","name":"Arouca Film Festival","description":"Portuguese Internacional Film Festival","publisher":{"@id":"https:\/\/aroucafilmfestival.com\/#organization"},"potentialAction":[{"@type":"SearchAction","target":{"@type":"EntryPoint","urlTemplate":"https:\/\/aroucafilmfestival.com\/?s={search_term_string}"},"query-input":{"@type":"PropertyValueSpecification","valueRequired":true,"valueName":"search_term_string"}}],"inLanguage":"en-GB"},{"@type":"Organization","@id":"https:\/\/aroucafilmfestival.com\/#organization","name":"Arouca Film Festival","alternateName":"AFF","url":"https:\/\/aroucafilmfestival.com\/","logo":{"@type":"ImageObject","inLanguage":"en-GB","@id":"https:\/\/aroucafilmfestival.com\/#\/schema\/logo\/image\/","url":"https:\/\/aroucafilmfestival.com\/wp-content\/uploads\/2021\/09\/TelaLIT_AFF_2021_3-scaled-e1631835841735.jpg","contentUrl":"https:\/\/aroucafilmfestival.com\/wp-content\/uploads\/2021\/09\/TelaLIT_AFF_2021_3-scaled-e1631835841735.jpg","width":2560,"height":889,"caption":"Arouca Film Festival"},"image":{"@id":"https:\/\/aroucafilmfestival.com\/#\/schema\/logo\/image\/"},"sameAs":["https:\/\/www.facebook.com\/aroucafilmfestival","https:\/\/www.instagram.com\/aroucafilmfestival_portugal\/"]}]}},"_links":{"self":[{"href":"https:\/\/aroucafilmfestival.com\/en\/wp-json\/wp\/v2\/pages\/2852","targetHints":{"allow":["GET"]}}],"collection":[{"href":"https:\/\/aroucafilmfestival.com\/en\/wp-json\/wp\/v2\/pages"}],"about":[{"href":"https:\/\/aroucafilmfestival.com\/en\/wp-json\/wp\/v2\/types\/page"}],"author":[{"embeddable":true,"href":"https:\/\/aroucafilmfestival.com\/en\/wp-json\/wp\/v2\/users\/7"}],"replies":[{"embeddable":true,"href":"https:\/\/aroucafilmfestival.com\/en\/wp-json\/wp\/v2\/comments?post=2852"}],"version-history":[{"count":0,"href":"https:\/\/aroucafilmfestival.com\/en\/wp-json\/wp\/v2\/pages\/2852\/revisions"}],"up":[{"embeddable":true,"href":"https:\/\/aroucafilmfestival.com\/en\/wp-json\/wp\/v2\/pages\/1092"}],"wp:attachment":[{"href":"https:\/\/aroucafilmfestival.com\/en\/wp-json\/wp\/v2\/media?parent=2852"}],"curies":[{"name":"wp","href":"https:\/\/api.w.org\/{rel}","templated":true}]}}