{"id":4864,"date":"2023-09-03T17:22:01","date_gmt":"2023-09-03T17:22:01","guid":{"rendered":"https:\/\/aroucafilmfestival.com\/?page_id=4864"},"modified":"2023-09-15T15:15:22","modified_gmt":"2023-09-15T15:15:22","slug":"programa-de-festival-2023","status":"publish","type":"page","link":"https:\/\/aroucafilmfestival.com\/en\/festival-de-cinema\/arouca-film-festival-2023\/programa-de-festival-2023\/","title":{"rendered":"Festival Program 2023"},"content":{"rendered":"<div data-elementor-type=\"wp-page\" data-elementor-id=\"4864\" class=\"elementor elementor-4864\">\n\t\t\t\t\t\t<section class=\"elementor-section elementor-top-section elementor-element elementor-element-06599c5 elementor-section-boxed elementor-section-height-default elementor-section-height-default wpr-particle-no wpr-jarallax-no wpr-parallax-no wpr-sticky-section-no\" data-id=\"06599c5\" data-element_type=\"section\" data-e-type=\"section\">\n\t\t\t\t\t\t<div class=\"elementor-container elementor-column-gap-default\">\n\t\t\t\t\t<div class=\"elementor-column elementor-col-100 elementor-top-column elementor-element elementor-element-c198178\" data-id=\"c198178\" data-element_type=\"column\" data-e-type=\"column\">\n\t\t\t<div class=\"elementor-widget-wrap elementor-element-populated\">\n\t\t\t\t\t\t<div class=\"elementor-element elementor-element-cd05102 elementor-widget elementor-widget-heading\" data-id=\"cd05102\" data-element_type=\"widget\" data-e-type=\"widget\" data-widget_type=\"heading.default\">\n\t\t\t\t\t<h1 class=\"elementor-heading-title elementor-size-default\">Programa 2023 do Arouca Film Festival! Descubra o que vai acontecer na pr\u00f3xima edi\u00e7\u00e3o do festival.<\/h1>\t\t\t\t<\/div>\n\t\t\t\t\t<\/div>\n\t\t<\/div>\n\t\t\t\t\t<\/div>\n\t\t<\/section>\n\t\t\t\t<section class=\"elementor-section elementor-top-section elementor-element elementor-element-8b67aff elementor-section-boxed elementor-section-height-default elementor-section-height-default wpr-particle-no wpr-jarallax-no wpr-parallax-no wpr-sticky-section-no\" data-id=\"8b67aff\" data-element_type=\"section\" data-e-type=\"section\">\n\t\t\t\t\t\t<div class=\"elementor-container elementor-column-gap-default\">\n\t\t\t\t\t<div class=\"elementor-column elementor-col-100 elementor-top-column elementor-element elementor-element-0ef2b0a\" data-id=\"0ef2b0a\" data-element_type=\"column\" data-e-type=\"column\" data-settings=\"{&quot;background_background&quot;:&quot;classic&quot;}\">\n\t\t\t<div class=\"elementor-widget-wrap elementor-element-populated\">\n\t\t\t\t\t\t<div class=\"elementor-element elementor-element-d49ba6d elementor-widget elementor-widget-heading\" data-id=\"d49ba6d\" data-element_type=\"widget\" data-e-type=\"widget\" data-widget_type=\"heading.default\">\n\t\t\t\t\t<h2 class=\"elementor-heading-title elementor-size-default\">7 de setembro | quinta-feira | S. Jo\u00e3o da Madeira | Casa da Criatividade<\/h2>\t\t\t\t<\/div>\n\t\t\t\t<div class=\"elementor-element elementor-element-b6bbeb0 elementor-widget elementor-widget-text-editor\" data-id=\"b6bbeb0\" data-element_type=\"widget\" data-e-type=\"widget\" data-widget_type=\"text-editor.default\">\n\t\t\t\t\t\t\t\t\t<p>20:20h: Abertura de Portas<\/p><p>20:30h: <strong>Cerim\u00f3nia Abertura<\/strong> | Rece\u00e7\u00e3o convidados | Casa da Criatividade<\/p><p>\ud83d\udd34 21:15h: <strong>Discursos de abertura<\/strong> | (transmiss\u00e3o em direto no Facebook) \ud83d\udd34\u00a0 (a confirmar)<\/p><p>21:30h: <strong>Tert\u00falia cinematogr\u00e1fica<\/strong>: Convidados | Casa da Criatividade<\/p><p>22:10h: <strong>Sess\u00e3o Competitiva<\/strong> | Casa da Criatividade<\/p><p>22:15h: <strong>Cine S. Jo\u00e3o<\/strong>: Proje\u00e7\u00e3o do filme <strong>Por do Sol \u2013 O Mist\u00e9rio de S\u00e3o Caj\u00f3<\/strong> | Casa da. Criatividade<\/p>\t\t\t\t\t\t\t\t<\/div>\n\t\t\t\t\t<\/div>\n\t\t<\/div>\n\t\t\t\t\t<\/div>\n\t\t<\/section>\n\t\t\t\t<section class=\"elementor-section elementor-top-section elementor-element elementor-element-7511bca elementor-section-boxed elementor-section-height-default elementor-section-height-default wpr-particle-no wpr-jarallax-no wpr-parallax-no wpr-sticky-section-no\" data-id=\"7511bca\" data-element_type=\"section\" data-e-type=\"section\">\n\t\t\t\t\t\t<div class=\"elementor-container elementor-column-gap-default\">\n\t\t\t\t\t<div class=\"elementor-column elementor-col-100 elementor-top-column elementor-element elementor-element-9bb4916\" data-id=\"9bb4916\" data-element_type=\"column\" data-e-type=\"column\" data-settings=\"{&quot;background_background&quot;:&quot;classic&quot;}\">\n\t\t\t<div class=\"elementor-widget-wrap elementor-element-populated\">\n\t\t\t\t\t\t<div class=\"elementor-element elementor-element-5bac6f6 elementor-widget elementor-widget-heading\" data-id=\"5bac6f6\" data-element_type=\"widget\" data-e-type=\"widget\" data-widget_type=\"heading.default\">\n\t\t\t\t\t<h2 class=\"elementor-heading-title elementor-size-default\">8 de setembro | sexta-feira | Arouca | Loja Interativa de Turismo<\/h2>\t\t\t\t<\/div>\n\t\t\t\t<div class=\"elementor-element elementor-element-9fd4dab elementor-widget elementor-widget-text-editor\" data-id=\"9fd4dab\" data-element_type=\"widget\" data-e-type=\"widget\" data-widget_type=\"text-editor.default\">\n\t\t\t\t\t\t\t\t\t<p>17:00h: Divulga\u00e7\u00e3o 21\u00aa edi\u00e7\u00e3o Festival Cinema + A\u00e7\u00e3o Sensibiliza\u00e7\u00e3o, tema Ucr\u00e2nia | Arouca | Loja dos Doces Conventuais<\/p><p>21:15h: Sess\u00e3o Competitiva: Proje\u00e7\u00e3o | Loja Interativa de Turismo<\/p><p>21:30h: Proje\u00e7\u00e3o do filme: Yarik the Rascal | Yurii Pupipin | Documentary | 1:24h | Ucrain, com apresenta\u00e7\u00e3o de Maryna Trepova | Loja Interativa de Turismo<\/p>\t\t\t\t\t\t\t\t<\/div>\n\t\t\t\t\t<\/div>\n\t\t<\/div>\n\t\t\t\t\t<\/div>\n\t\t<\/section>\n\t\t\t\t<section class=\"elementor-section elementor-top-section elementor-element elementor-element-047688e elementor-section-boxed elementor-section-height-default elementor-section-height-default wpr-particle-no wpr-jarallax-no wpr-parallax-no wpr-sticky-section-no\" data-id=\"047688e\" data-element_type=\"section\" data-e-type=\"section\">\n\t\t\t\t\t\t<div class=\"elementor-container elementor-column-gap-default\">\n\t\t\t\t\t<div class=\"elementor-column elementor-col-100 elementor-top-column elementor-element elementor-element-caf13c3\" data-id=\"caf13c3\" data-element_type=\"column\" data-e-type=\"column\" data-settings=\"{&quot;background_background&quot;:&quot;classic&quot;}\">\n\t\t\t<div class=\"elementor-widget-wrap elementor-element-populated\">\n\t\t\t\t\t\t<div class=\"elementor-element elementor-element-cdcd200 elementor-widget elementor-widget-heading\" data-id=\"cdcd200\" data-element_type=\"widget\" data-e-type=\"widget\" data-widget_type=\"heading.default\">\n\t\t\t\t\t<h2 class=\"elementor-heading-title elementor-size-default\">9 de setembro | s\u00e1bado | Porto<\/h2>\t\t\t\t<\/div>\n\t\t\t\t<div class=\"elementor-element elementor-element-7afcbaf elementor-widget elementor-widget-text-editor\" data-id=\"7afcbaf\" data-element_type=\"widget\" data-e-type=\"widget\" data-widget_type=\"text-editor.default\">\n\t\t\t\t\t\t\t\t\t<p>\ud83d\udd34 18:00h: Tert\u00falia Cinematogr\u00e1fica| Carmina Balaguer | Hotel Oca | Porto<br \/>Com a cineasta catal\u00e3, jornalista e escritora da National Geographic Carmina Balaguer \/ linguagem Ingl\u00eas + Espanhol (transmiss\u00e3o em direto no Facebook) \ud83d\udd34 (a confirmar)<\/p>\t\t\t\t\t\t\t\t<\/div>\n\t\t\t\t\t<\/div>\n\t\t<\/div>\n\t\t\t\t\t<\/div>\n\t\t<\/section>\n\t\t\t\t<section class=\"elementor-section elementor-top-section elementor-element elementor-element-5b2adc5 elementor-section-boxed elementor-section-height-default elementor-section-height-default wpr-particle-no wpr-jarallax-no wpr-parallax-no wpr-sticky-section-no\" data-id=\"5b2adc5\" data-element_type=\"section\" data-e-type=\"section\">\n\t\t\t\t\t\t<div class=\"elementor-container elementor-column-gap-default\">\n\t\t\t\t\t<div class=\"elementor-column elementor-col-100 elementor-top-column elementor-element elementor-element-0aab071\" data-id=\"0aab071\" data-element_type=\"column\" data-e-type=\"column\" data-settings=\"{&quot;background_background&quot;:&quot;classic&quot;}\">\n\t\t\t<div class=\"elementor-widget-wrap elementor-element-populated\">\n\t\t\t\t\t\t<div class=\"elementor-element elementor-element-fdd1575 elementor-widget elementor-widget-heading\" data-id=\"fdd1575\" data-element_type=\"widget\" data-e-type=\"widget\" data-widget_type=\"heading.default\">\n\t\t\t\t\t<h2 class=\"elementor-heading-title elementor-size-default\">10 de setembro | domingo | Arouca<\/h2>\t\t\t\t<\/div>\n\t\t\t\t<div class=\"elementor-element elementor-element-748a930 elementor-widget elementor-widget-text-editor\" data-id=\"748a930\" data-element_type=\"widget\" data-e-type=\"widget\" data-widget_type=\"text-editor.default\">\n\t\t\t\t\t\t\t\t\t<p>15:00h \u00e0s 16:30h: Sess\u00e3o Competitiva: Proje\u00e7\u00e3o filmes competi\u00e7\u00e3o | Arouca | Loja Interativa<\/p>\t\t\t\t\t\t\t\t<\/div>\n\t\t\t\t\t<\/div>\n\t\t<\/div>\n\t\t\t\t\t<\/div>\n\t\t<\/section>\n\t\t\t\t<section class=\"elementor-section elementor-top-section elementor-element elementor-element-f4a1289 elementor-section-boxed elementor-section-height-default elementor-section-height-default wpr-particle-no wpr-jarallax-no wpr-parallax-no wpr-sticky-section-no\" data-id=\"f4a1289\" data-element_type=\"section\" data-e-type=\"section\">\n\t\t\t\t\t\t<div class=\"elementor-container elementor-column-gap-default\">\n\t\t\t\t\t<div class=\"elementor-column elementor-col-100 elementor-top-column elementor-element elementor-element-6e90984\" data-id=\"6e90984\" data-element_type=\"column\" data-e-type=\"column\" data-settings=\"{&quot;background_background&quot;:&quot;classic&quot;}\">\n\t\t\t<div class=\"elementor-widget-wrap elementor-element-populated\">\n\t\t\t\t\t\t<div class=\"elementor-element elementor-element-aa7c926 elementor-widget elementor-widget-heading\" data-id=\"aa7c926\" data-element_type=\"widget\" data-e-type=\"widget\" data-widget_type=\"heading.default\">\n\t\t\t\t\t<h2 class=\"elementor-heading-title elementor-size-default\">11 de setembro | segunda-feira | Arouca | Arouca<\/h2>\t\t\t\t<\/div>\n\t\t\t\t<div class=\"elementor-element elementor-element-4cbb911 elementor-widget elementor-widget-text-editor\" data-id=\"4cbb911\" data-element_type=\"widget\" data-e-type=\"widget\" data-widget_type=\"text-editor.default\">\n\t\t\t\t\t\t\t\t\t<p>14:30h: Sess\u00e3o Competitiva: Proje\u00e7\u00e3o filmes em competi\u00e7\u00e3o | Loja Interativa<\/p>\t\t\t\t\t\t\t\t<\/div>\n\t\t\t\t\t<\/div>\n\t\t<\/div>\n\t\t\t\t\t<\/div>\n\t\t<\/section>\n\t\t\t\t<section class=\"elementor-section elementor-top-section elementor-element elementor-element-dfc255e elementor-section-boxed elementor-section-height-default elementor-section-height-default wpr-particle-no wpr-jarallax-no wpr-parallax-no wpr-sticky-section-no\" data-id=\"dfc255e\" data-element_type=\"section\" data-e-type=\"section\">\n\t\t\t\t\t\t<div class=\"elementor-container elementor-column-gap-default\">\n\t\t\t\t\t<div class=\"elementor-column elementor-col-100 elementor-top-column elementor-element elementor-element-149b1b2\" data-id=\"149b1b2\" data-element_type=\"column\" data-e-type=\"column\" data-settings=\"{&quot;background_background&quot;:&quot;classic&quot;}\">\n\t\t\t<div class=\"elementor-widget-wrap elementor-element-populated\">\n\t\t\t\t\t\t<div class=\"elementor-element elementor-element-1208efb elementor-widget elementor-widget-heading\" data-id=\"1208efb\" data-element_type=\"widget\" data-e-type=\"widget\" data-widget_type=\"heading.default\">\n\t\t\t\t\t<h2 class=\"elementor-heading-title elementor-size-default\">12 de setembro | ter\u00e7a-feira | Arouca<\/h2>\t\t\t\t<\/div>\n\t\t\t\t<div class=\"elementor-element elementor-element-9fdf613 elementor-widget elementor-widget-text-editor\" data-id=\"9fdf613\" data-element_type=\"widget\" data-e-type=\"widget\" data-widget_type=\"text-editor.default\">\n\t\t\t\t\t\t\t\t\t<p>14:30h: Sess\u00e3o Competitiva: Proje\u00e7\u00e3o filmes em competi\u00e7\u00e3o | Loja Interativa<\/p>\t\t\t\t\t\t\t\t<\/div>\n\t\t\t\t\t<\/div>\n\t\t<\/div>\n\t\t\t\t\t<\/div>\n\t\t<\/section>\n\t\t\t\t<section class=\"elementor-section elementor-top-section elementor-element elementor-element-311f6a8 elementor-section-boxed elementor-section-height-default elementor-section-height-default wpr-particle-no wpr-jarallax-no wpr-parallax-no wpr-sticky-section-no\" data-id=\"311f6a8\" data-element_type=\"section\" data-e-type=\"section\">\n\t\t\t\t\t\t<div class=\"elementor-container elementor-column-gap-default\">\n\t\t\t\t\t<div class=\"elementor-column elementor-col-100 elementor-top-column elementor-element elementor-element-04ef855\" data-id=\"04ef855\" data-element_type=\"column\" data-e-type=\"column\" data-settings=\"{&quot;background_background&quot;:&quot;classic&quot;}\">\n\t\t\t<div class=\"elementor-widget-wrap elementor-element-populated\">\n\t\t\t\t\t\t<div class=\"elementor-element elementor-element-9f18415 elementor-widget elementor-widget-heading\" data-id=\"9f18415\" data-element_type=\"widget\" data-e-type=\"widget\" data-widget_type=\"heading.default\">\n\t\t\t\t\t<h2 class=\"elementor-heading-title elementor-size-default\">13 de setembro | quarta-feira | Arouca | ESA<\/h2>\t\t\t\t<\/div>\n\t\t\t\t<div class=\"elementor-element elementor-element-50cdf39 elementor-widget elementor-widget-text-editor\" data-id=\"50cdf39\" data-element_type=\"widget\" data-e-type=\"widget\" data-widget_type=\"text-editor.default\">\n\t\t\t\t\t\t\t\t\t<p>10:00-12:00h: Programa Educativo | Cinema na Escola PNA + PNC | Rece\u00e7\u00e3o Alunos ESA + visualiza\u00e7\u00e3o e An\u00e1lise de filmes \/ Sess\u00e3o Competitiva extra | Loja Interativa Turismo<\/p><p>14:30h: Sess\u00e3o Competitiva: Proje\u00e7\u00e3o filmes em competi\u00e7\u00e3o | Loja Interativa<\/p>\t\t\t\t\t\t\t\t<\/div>\n\t\t\t\t\t<\/div>\n\t\t<\/div>\n\t\t\t\t\t<\/div>\n\t\t<\/section>\n\t\t\t\t<section class=\"elementor-section elementor-top-section elementor-element elementor-element-487ef95 elementor-section-boxed elementor-section-height-default elementor-section-height-default wpr-particle-no wpr-jarallax-no wpr-parallax-no wpr-sticky-section-no\" data-id=\"487ef95\" data-element_type=\"section\" data-e-type=\"section\">\n\t\t\t\t\t\t<div class=\"elementor-container elementor-column-gap-default\">\n\t\t\t\t\t<div class=\"elementor-column elementor-col-100 elementor-top-column elementor-element elementor-element-79167b8\" data-id=\"79167b8\" data-element_type=\"column\" data-e-type=\"column\" data-settings=\"{&quot;background_background&quot;:&quot;classic&quot;}\">\n\t\t\t<div class=\"elementor-widget-wrap elementor-element-populated\">\n\t\t\t\t\t\t<div class=\"elementor-element elementor-element-8a62f57 elementor-widget elementor-widget-heading\" data-id=\"8a62f57\" data-element_type=\"widget\" data-e-type=\"widget\" data-widget_type=\"heading.default\">\n\t\t\t\t\t<h2 class=\"elementor-heading-title elementor-size-default\">14 de setembro | quinta-feira | Arouca | ESA<\/h2>\t\t\t\t<\/div>\n\t\t\t\t<div class=\"elementor-element elementor-element-5a922b2 elementor-widget elementor-widget-text-editor\" data-id=\"5a922b2\" data-element_type=\"widget\" data-e-type=\"widget\" data-widget_type=\"text-editor.default\">\n\t\t\t\t\t\t\t\t\t<p>9:30-12:00h: Programa Educativo | Cinema na Escola | Orienta\u00e7\u00e3o Helder Antunes |<br \/>ESA Arouca<\/p><p>14:30h: Sess\u00e3o Competitiva: Proje\u00e7\u00e3o filmes em competi\u00e7\u00e3o | Loja Interativa<\/p>\t\t\t\t\t\t\t\t<\/div>\n\t\t\t\t\t<\/div>\n\t\t<\/div>\n\t\t\t\t\t<\/div>\n\t\t<\/section>\n\t\t\t\t<section class=\"elementor-section elementor-top-section elementor-element elementor-element-fe11abb elementor-section-boxed elementor-section-height-default elementor-section-height-default wpr-particle-no wpr-jarallax-no wpr-parallax-no wpr-sticky-section-no\" data-id=\"fe11abb\" data-element_type=\"section\" data-e-type=\"section\">\n\t\t\t\t\t\t<div class=\"elementor-container elementor-column-gap-default\">\n\t\t\t\t\t<div class=\"elementor-column elementor-col-100 elementor-top-column elementor-element elementor-element-a6d4581\" data-id=\"a6d4581\" data-element_type=\"column\" data-e-type=\"column\" data-settings=\"{&quot;background_background&quot;:&quot;classic&quot;}\">\n\t\t\t<div class=\"elementor-widget-wrap elementor-element-populated\">\n\t\t\t\t\t\t<div class=\"elementor-element elementor-element-602dac7 elementor-widget elementor-widget-heading\" data-id=\"602dac7\" data-element_type=\"widget\" data-e-type=\"widget\" data-widget_type=\"heading.default\">\n\t\t\t\t\t<h2 class=\"elementor-heading-title elementor-size-default\">15 de setembro | sexta-feira | Arouca | ESA | Porto<\/h2>\t\t\t\t<\/div>\n\t\t\t\t<div class=\"elementor-element elementor-element-36452fe elementor-widget elementor-widget-text-editor\" data-id=\"36452fe\" data-element_type=\"widget\" data-e-type=\"widget\" data-widget_type=\"text-editor.default\">\n\t\t\t\t\t\t\t\t\t<p>9:30-12:30h: Programa Educativo | Cinema na Escola | Workshop Cinema e<br>Jornalismo. Como elaborar uma entrevista para o cinema? An\u00e1lise de tert\u00falia realizada com Carmina Balaguer, sob orienta\u00e7\u00e3o da jornalista Maria Adrover | ESA Arouca<\/p>\n<p>17:30h: Apresenta\u00e7\u00e3o Livro \u201cComo se Fosse um Romance\u201d + proje\u00e7\u00e3o \u201cO Cinema no<br>Mundo\u201d | M\u00e1rio Augusto | Oca Hotel \/ Flores | Porto Apresenta\u00e7\u00e3o em Ingl\u00eas \/ Portugu\u00eas<\/p>\n<p>21:00h: Conferencia: Intelig\u00eancia Artificial, da Transforma\u00e7\u00e3o do mundo do Trabalho ao Caminho para as Mentes Digitais \u2013 Quando a Realidade Alcan\u00e7a a Fic\u00e7\u00e3o Cient\u00edfica (o exemplo do cinema) | Arlindo Oliveira Em parceria com: C\u00edrculo Cultura e Democracia | Loja de Turismo | Arouca<\/p>\t\t\t\t\t\t\t\t<\/div>\n\t\t\t\t\t<\/div>\n\t\t<\/div>\n\t\t\t\t\t<\/div>\n\t\t<\/section>\n\t\t\t\t<section class=\"elementor-section elementor-top-section elementor-element elementor-element-9066b2e elementor-section-boxed elementor-section-height-default elementor-section-height-default wpr-particle-no wpr-jarallax-no wpr-parallax-no wpr-sticky-section-no\" data-id=\"9066b2e\" data-element_type=\"section\" data-e-type=\"section\">\n\t\t\t\t\t\t<div class=\"elementor-container elementor-column-gap-default\">\n\t\t\t\t\t<div class=\"elementor-column elementor-col-100 elementor-top-column elementor-element elementor-element-8478f9f\" data-id=\"8478f9f\" data-element_type=\"column\" data-e-type=\"column\" data-settings=\"{&quot;background_background&quot;:&quot;classic&quot;}\">\n\t\t\t<div class=\"elementor-widget-wrap elementor-element-populated\">\n\t\t\t\t\t\t<div class=\"elementor-element elementor-element-20b8706 elementor-widget elementor-widget-heading\" data-id=\"20b8706\" data-element_type=\"widget\" data-e-type=\"widget\" data-widget_type=\"heading.default\">\n\t\t\t\t\t<h2 class=\"elementor-heading-title elementor-size-default\">16 de setembro | s\u00e1bado | Arouca | Loja dos Doces<\/h2>\t\t\t\t<\/div>\n\t\t\t\t<div class=\"elementor-element elementor-element-22791d0 elementor-widget elementor-widget-text-editor\" data-id=\"22791d0\" data-element_type=\"widget\" data-e-type=\"widget\" data-widget_type=\"text-editor.default\">\n\t\t\t\t\t\t\t\t\t<p>19:00h: Jantar dos Realizadores | Arouca<\/p><p>20:40h: Abertura de portas \/ rece\u00e7\u00e3o aos convidados | Loja Interativa | Arouca<\/p><p>\ud83d\udd34 21h15: Cerim\u00f3nia de abertura do 20.\u00ba Arouca Film Festival (transmiss\u00e3o em direto no Facebook) \ud83d\udd34\u00a0<\/p><p class=\"style-scope ytd-watch-metadata\">21:20h: Discursos de Abertura<\/p><p class=\"style-scope ytd-watch-metadata\">21:40h: Tert\u00falia cinematogr\u00e1fica: \u201cOs 21 Anos de um Festival de Cinema na regi\u00e3o e no Mundo do Cinema\u201d | Convidados | Loja de Turismo | Arouca<\/p><p class=\"style-scope ytd-watch-metadata\">22:10h: Cerim\u00f3nia de Encerramento | An\u00fancio dos vencedores da 21\u00aa edi\u00e7\u00e3o<\/p><p class=\"style-scope ytd-watch-metadata\">22:20h: Proje\u00e7\u00e3o do filme de abertura do 21\u00ba Arouca Film Festival | Por do Sol \u2013 O Mist\u00e9rio de S\u00e3o Caj\u00f3<\/p><p class=\"style-scope ytd-watch-metadata\">23:50h: A Festa do Cinema | Festa tem\u00e1tica<\/p>\t\t\t\t\t\t\t\t<\/div>\n\t\t\t\t\t<\/div>\n\t\t<\/div>\n\t\t\t\t\t<\/div>\n\t\t<\/section>\n\t\t\t\t<section class=\"elementor-section elementor-top-section elementor-element elementor-element-151896f elementor-section-boxed elementor-section-height-default elementor-section-height-default wpr-particle-no wpr-jarallax-no wpr-parallax-no wpr-sticky-section-no\" data-id=\"151896f\" data-element_type=\"section\" data-e-type=\"section\">\n\t\t\t\t\t\t<div class=\"elementor-container elementor-column-gap-default\">\n\t\t\t\t\t<div class=\"elementor-column elementor-col-100 elementor-top-column elementor-element elementor-element-5298b20\" data-id=\"5298b20\" data-element_type=\"column\" data-e-type=\"column\" data-settings=\"{&quot;background_background&quot;:&quot;classic&quot;}\">\n\t\t\t<div class=\"elementor-widget-wrap elementor-element-populated\">\n\t\t\t\t\t\t<div class=\"elementor-element elementor-element-b5cc91e elementor-widget elementor-widget-heading\" data-id=\"b5cc91e\" data-element_type=\"widget\" data-e-type=\"widget\" data-widget_type=\"heading.default\">\n\t\t\t\t\t<p class=\"elementor-heading-title elementor-size-default\">Este programa poder\u00e1 vir a sofrer ligeiras altera\u00e7\u00f5es no decorrer do evento.<\/p>\t\t\t\t<\/div>\n\t\t\t\t\t<\/div>\n\t\t<\/div>\n\t\t\t\t\t<\/div>\n\t\t<\/section>\n\t\t\t\t<\/div>","protected":false},"excerpt":{"rendered":"<p>Programa 2023 do Arouca Film Festival! Descubra o que vai acontecer na pr\u00f3xima edi\u00e7\u00e3o do festival. 7 de setembro | quinta-feira | S. Jo\u00e3o da Madeira | Casa da Criatividade 20:20h: Abertura de Portas 20:30h: Cerim\u00f3nia Abertura | Rece\u00e7\u00e3o convidados | Casa da Criatividade \ud83d\udd34 21:15h: Discursos de abertura | (transmiss\u00e3o em direto no Facebook) \ud83d\udd34\u00a0 (a confirmar) 21:30h: Tert\u00falia cinematogr\u00e1fica: Convidados | Casa da Criatividade 22:10h: Sess\u00e3o Competitiva | Casa da Criatividade 22:15h: Cine S. Jo\u00e3o: Proje\u00e7\u00e3o do filme Por do Sol \u2013 O Mist\u00e9rio de S\u00e3o Caj\u00f3 | Casa da. Criatividade 8 de setembro | sexta-feira | Arouca | Loja Interativa de Turismo 17:00h: Divulga\u00e7\u00e3o 21\u00aa edi\u00e7\u00e3o Festival Cinema + A\u00e7\u00e3o Sensibiliza\u00e7\u00e3o, tema Ucr\u00e2nia | Arouca | Loja dos Doces Conventuais 21:15h: Sess\u00e3o Competitiva: Proje\u00e7\u00e3o | Loja Interativa de Turismo 21:30h: Proje\u00e7\u00e3o do filme: Yarik the Rascal | Yurii Pupipin | Documentary | 1:24h | Ucrain, com apresenta\u00e7\u00e3o de Maryna Trepova | Loja Interativa de Turismo 9 de setembro | s\u00e1bado | Porto \ud83d\udd34 18:00h: Tert\u00falia Cinematogr\u00e1fica| Carmina Balaguer | Hotel Oca | PortoCom a cineasta catal\u00e3, jornalista e escritora da National Geographic Carmina Balaguer \/ linguagem Ingl\u00eas + Espanhol (transmiss\u00e3o em direto no Facebook) \ud83d\udd34 (a confirmar) 10 de setembro | domingo | Arouca 15:00h \u00e0s 16:30h: Sess\u00e3o Competitiva: Proje\u00e7\u00e3o filmes competi\u00e7\u00e3o | Arouca | Loja Interativa 11 de setembro | segunda-feira | Arouca | Arouca 14:30h: Sess\u00e3o Competitiva: Proje\u00e7\u00e3o filmes em competi\u00e7\u00e3o | Loja Interativa 12 de setembro | ter\u00e7a-feira | Arouca 14:30h: Sess\u00e3o Competitiva: Proje\u00e7\u00e3o filmes em competi\u00e7\u00e3o | Loja Interativa 13 de setembro | quarta-feira | Arouca | ESA 10:00-12:00h: Programa Educativo | Cinema na Escola PNA + PNC | Rece\u00e7\u00e3o Alunos ESA + visualiza\u00e7\u00e3o e An\u00e1lise de filmes \/ Sess\u00e3o Competitiva extra | Loja Interativa Turismo 14:30h: Sess\u00e3o Competitiva: Proje\u00e7\u00e3o filmes em competi\u00e7\u00e3o | Loja Interativa 14 de setembro | quinta-feira | Arouca | ESA 9:30-12:00h: Programa Educativo | Cinema na Escola | Orienta\u00e7\u00e3o Helder Antunes |ESA Arouca 14:30h: Sess\u00e3o Competitiva: Proje\u00e7\u00e3o filmes em competi\u00e7\u00e3o | Loja Interativa 15 de setembro | sexta-feira | Arouca | ESA | Porto 9:30-12:30h: Programa Educativo | Cinema na Escola | Workshop Cinema eJornalismo. Como elaborar uma entrevista para o cinema? An\u00e1lise de tert\u00falia realizada com Carmina Balaguer, sob orienta\u00e7\u00e3o da jornalista Maria Adrover | ESA Arouca 17:30h: Apresenta\u00e7\u00e3o Livro \u201cComo se Fosse um Romance\u201d + proje\u00e7\u00e3o \u201cO Cinema noMundo\u201d | M\u00e1rio Augusto | Oca Hotel \/ Flores | Porto Apresenta\u00e7\u00e3o em Ingl\u00eas \/ Portugu\u00eas 21:00h: Conferencia: Intelig\u00eancia Artificial, da Transforma\u00e7\u00e3o do mundo do Trabalho ao Caminho para as Mentes Digitais \u2013 Quando a Realidade Alcan\u00e7a a Fic\u00e7\u00e3o Cient\u00edfica (o exemplo do cinema) | Arlindo Oliveira Em parceria com: C\u00edrculo Cultura e Democracia | Loja de Turismo | Arouca 16 de setembro | s\u00e1bado | Arouca | Loja dos Doces 19:00h: Jantar dos Realizadores | Arouca 20:40h: Abertura de portas \/ rece\u00e7\u00e3o aos convidados | Loja Interativa | Arouca \ud83d\udd34 21h15: Cerim\u00f3nia de abertura do 20.\u00ba Arouca Film Festival (transmiss\u00e3o em direto no Facebook) \ud83d\udd34\u00a0 21:20h: Discursos de Abertura 21:40h: Tert\u00falia cinematogr\u00e1fica: \u201cOs 21 Anos de um Festival de Cinema na regi\u00e3o e no Mundo do Cinema\u201d | Convidados | Loja de Turismo | Arouca 22:10h: Cerim\u00f3nia de Encerramento | An\u00fancio dos vencedores da 21\u00aa edi\u00e7\u00e3o 22:20h: Proje\u00e7\u00e3o do filme de abertura do 21\u00ba Arouca Film Festival | Por do Sol \u2013 O Mist\u00e9rio de S\u00e3o Caj\u00f3 23:50h: A Festa do Cinema | Festa tem\u00e1tica Este programa poder\u00e1 vir a sofrer ligeiras altera\u00e7\u00f5es no decorrer do evento.<\/p>","protected":false},"author":7,"featured_media":4675,"parent":4127,"menu_order":0,"comment_status":"closed","ping_status":"closed","template":"elementor_header_footer","meta":{"zakra_page_container_layout":"centered","zakra_page_sidebar_layout":"no_sidebar","zakra_remove_content_margin":false,"zakra_sidebar":"customizer","zakra_transparent_header":"customizer","zakra_logo":0,"zakra_main_header_style":"default","zakra_menu_item_color":"","zakra_menu_item_hover_color":"","zakra_menu_item_active_color":"","zakra_menu_active_style":"","zakra_page_header":false,"footnotes":""},"class_list":["post-4864","page","type-page","status-publish","has-post-thumbnail","hentry"],"yoast_head":"<!-- This site is optimized with the Yoast SEO plugin v27.2 - https:\/\/yoast.com\/product\/yoast-seo-wordpress\/ -->\n<title>Programa de Festival 2023 - Arouca Film Festival<\/title>\n<meta name=\"description\" content=\"Descubra o que vai acontecer durante o Arouca Film Festival 2023. Muitas emo\u00e7\u00f5es e cinema para todos os gostos.\" \/>\n<meta name=\"robots\" content=\"index, follow, max-snippet:-1, max-image-preview:large, max-video-preview:-1\" \/>\n<link rel=\"canonical\" href=\"https:\/\/aroucafilmfestival.com\/en\/festival-de-cinema\/arouca-film-festival-2023\/programa-de-festival-2023\/\" \/>\n<meta property=\"og:locale\" content=\"en_GB\" \/>\n<meta property=\"og:type\" content=\"article\" \/>\n<meta property=\"og:title\" content=\"Programa de Festival 2023 - Arouca Film Festival\" \/>\n<meta property=\"og:description\" content=\"Descubra o que vai acontecer durante o Arouca Film Festival 2023. Muitas emo\u00e7\u00f5es e cinema para todos os gostos.\" \/>\n<meta property=\"og:url\" content=\"https:\/\/aroucafilmfestival.com\/en\/festival-de-cinema\/arouca-film-festival-2023\/programa-de-festival-2023\/\" \/>\n<meta property=\"og:site_name\" content=\"Arouca Film Festival\" \/>\n<meta property=\"article:publisher\" content=\"https:\/\/www.facebook.com\/aroucafilmfestival\" \/>\n<meta property=\"article:modified_time\" content=\"2023-09-15T15:15:22+00:00\" \/>\n<meta property=\"og:image\" content=\"https:\/\/aroucafilmfestival.com\/wp-content\/uploads\/2023\/08\/Banner-Inscricoes-2023_AFF_1-copiar-2-scaled.jpg\" \/>\n\t<meta property=\"og:image:width\" content=\"2560\" \/>\n\t<meta property=\"og:image:height\" content=\"1068\" \/>\n\t<meta property=\"og:image:type\" content=\"image\/jpeg\" \/>\n<meta name=\"twitter:card\" content=\"summary_large_image\" \/>\n<meta name=\"twitter:label1\" content=\"Estimated reading time\" \/>\n\t<meta name=\"twitter:data1\" content=\"4 minutes\" \/>\n<script type=\"application\/ld+json\" class=\"yoast-schema-graph\">{\"@context\":\"https:\/\/schema.org\",\"@graph\":[{\"@type\":\"WebPage\",\"@id\":\"https:\/\/aroucafilmfestival.com\/festival-de-cinema\/arouca-film-festival-2023\/programa-de-festival-2023\/\",\"url\":\"https:\/\/aroucafilmfestival.com\/festival-de-cinema\/arouca-film-festival-2023\/programa-de-festival-2023\/\",\"name\":\"Programa de Festival 2023 - Arouca Film Festival\",\"isPartOf\":{\"@id\":\"https:\/\/aroucafilmfestival.com\/#website\"},\"primaryImageOfPage\":{\"@id\":\"https:\/\/aroucafilmfestival.com\/festival-de-cinema\/arouca-film-festival-2023\/programa-de-festival-2023\/#primaryimage\"},\"image\":{\"@id\":\"https:\/\/aroucafilmfestival.com\/festival-de-cinema\/arouca-film-festival-2023\/programa-de-festival-2023\/#primaryimage\"},\"thumbnailUrl\":\"https:\/\/aroucafilmfestival.com\/wp-content\/uploads\/2023\/08\/Banner-Inscricoes-2023_AFF_1-copiar-2-scaled.jpg\",\"datePublished\":\"2023-09-03T17:22:01+00:00\",\"dateModified\":\"2023-09-15T15:15:22+00:00\",\"description\":\"Descubra o que vai acontecer durante o Arouca Film Festival 2023. Muitas emo\u00e7\u00f5es e cinema para todos os gostos.\",\"breadcrumb\":{\"@id\":\"https:\/\/aroucafilmfestival.com\/festival-de-cinema\/arouca-film-festival-2023\/programa-de-festival-2023\/#breadcrumb\"},\"inLanguage\":\"en-GB\",\"potentialAction\":[{\"@type\":\"ReadAction\",\"target\":[\"https:\/\/aroucafilmfestival.com\/festival-de-cinema\/arouca-film-festival-2023\/programa-de-festival-2023\/\"]}]},{\"@type\":\"ImageObject\",\"inLanguage\":\"en-GB\",\"@id\":\"https:\/\/aroucafilmfestival.com\/festival-de-cinema\/arouca-film-festival-2023\/programa-de-festival-2023\/#primaryimage\",\"url\":\"https:\/\/aroucafilmfestival.com\/wp-content\/uploads\/2023\/08\/Banner-Inscricoes-2023_AFF_1-copiar-2-scaled.jpg\",\"contentUrl\":\"https:\/\/aroucafilmfestival.com\/wp-content\/uploads\/2023\/08\/Banner-Inscricoes-2023_AFF_1-copiar-2-scaled.jpg\",\"width\":2560,\"height\":1068,\"caption\":\"Banner Filmes Selecionados 2023 AFF\"},{\"@type\":\"BreadcrumbList\",\"@id\":\"https:\/\/aroucafilmfestival.com\/festival-de-cinema\/arouca-film-festival-2023\/programa-de-festival-2023\/#breadcrumb\",\"itemListElement\":[{\"@type\":\"ListItem\",\"position\":1,\"name\":\"In\u00edcio\",\"item\":\"https:\/\/aroucafilmfestival.com\/\"},{\"@type\":\"ListItem\",\"position\":2,\"name\":\"Home\",\"item\":\"https:\/\/aroucafilmfestival.com\/\"},{\"@type\":\"ListItem\",\"position\":3,\"name\":\"Edi\u00e7\u00e3o 2023\",\"item\":\"https:\/\/aroucafilmfestival.com\/festival-de-cinema\/arouca-film-festival-2023\/\"},{\"@type\":\"ListItem\",\"position\":4,\"name\":\"Programa de Festival 2023\"}]},{\"@type\":\"WebSite\",\"@id\":\"https:\/\/aroucafilmfestival.com\/#website\",\"url\":\"https:\/\/aroucafilmfestival.com\/\",\"name\":\"Arouca Film Festival\",\"description\":\"Portuguese Internacional Film Festival\",\"publisher\":{\"@id\":\"https:\/\/aroucafilmfestival.com\/#organization\"},\"potentialAction\":[{\"@type\":\"SearchAction\",\"target\":{\"@type\":\"EntryPoint\",\"urlTemplate\":\"https:\/\/aroucafilmfestival.com\/?s={search_term_string}\"},\"query-input\":{\"@type\":\"PropertyValueSpecification\",\"valueRequired\":true,\"valueName\":\"search_term_string\"}}],\"inLanguage\":\"en-GB\"},{\"@type\":\"Organization\",\"@id\":\"https:\/\/aroucafilmfestival.com\/#organization\",\"name\":\"Arouca Film Festival\",\"alternateName\":\"AFF\",\"url\":\"https:\/\/aroucafilmfestival.com\/\",\"logo\":{\"@type\":\"ImageObject\",\"inLanguage\":\"en-GB\",\"@id\":\"https:\/\/aroucafilmfestival.com\/#\/schema\/logo\/image\/\",\"url\":\"https:\/\/aroucafilmfestival.com\/wp-content\/uploads\/2021\/09\/TelaLIT_AFF_2021_3-scaled-e1631835841735.jpg\",\"contentUrl\":\"https:\/\/aroucafilmfestival.com\/wp-content\/uploads\/2021\/09\/TelaLIT_AFF_2021_3-scaled-e1631835841735.jpg\",\"width\":2560,\"height\":889,\"caption\":\"Arouca Film Festival\"},\"image\":{\"@id\":\"https:\/\/aroucafilmfestival.com\/#\/schema\/logo\/image\/\"},\"sameAs\":[\"https:\/\/www.facebook.com\/aroucafilmfestival\",\"https:\/\/www.instagram.com\/aroucafilmfestival_portugal\/\"]}]}<\/script>\n<!-- \/ Yoast SEO plugin. -->","yoast_head_json":{"title":"Programa de Festival 2023 - Arouca Film Festival","description":"Descubra o que vai acontecer durante o Arouca Film Festival 2023. Muitas emo\u00e7\u00f5es e cinema para todos os gostos.","robots":{"index":"index","follow":"follow","max-snippet":"max-snippet:-1","max-image-preview":"max-image-preview:large","max-video-preview":"max-video-preview:-1"},"canonical":"https:\/\/aroucafilmfestival.com\/en\/festival-de-cinema\/arouca-film-festival-2023\/programa-de-festival-2023\/","og_locale":"en_GB","og_type":"article","og_title":"Programa de Festival 2023 - Arouca Film Festival","og_description":"Descubra o que vai acontecer durante o Arouca Film Festival 2023. Muitas emo\u00e7\u00f5es e cinema para todos os gostos.","og_url":"https:\/\/aroucafilmfestival.com\/en\/festival-de-cinema\/arouca-film-festival-2023\/programa-de-festival-2023\/","og_site_name":"Arouca Film Festival","article_publisher":"https:\/\/www.facebook.com\/aroucafilmfestival","article_modified_time":"2023-09-15T15:15:22+00:00","og_image":[{"width":2560,"height":1068,"url":"https:\/\/aroucafilmfestival.com\/wp-content\/uploads\/2023\/08\/Banner-Inscricoes-2023_AFF_1-copiar-2-scaled.jpg","type":"image\/jpeg"}],"twitter_card":"summary_large_image","twitter_misc":{"Estimated reading time":"4 minutes"},"schema":{"@context":"https:\/\/schema.org","@graph":[{"@type":"WebPage","@id":"https:\/\/aroucafilmfestival.com\/festival-de-cinema\/arouca-film-festival-2023\/programa-de-festival-2023\/","url":"https:\/\/aroucafilmfestival.com\/festival-de-cinema\/arouca-film-festival-2023\/programa-de-festival-2023\/","name":"Programa de Festival 2023 - Arouca Film Festival","isPartOf":{"@id":"https:\/\/aroucafilmfestival.com\/#website"},"primaryImageOfPage":{"@id":"https:\/\/aroucafilmfestival.com\/festival-de-cinema\/arouca-film-festival-2023\/programa-de-festival-2023\/#primaryimage"},"image":{"@id":"https:\/\/aroucafilmfestival.com\/festival-de-cinema\/arouca-film-festival-2023\/programa-de-festival-2023\/#primaryimage"},"thumbnailUrl":"https:\/\/aroucafilmfestival.com\/wp-content\/uploads\/2023\/08\/Banner-Inscricoes-2023_AFF_1-copiar-2-scaled.jpg","datePublished":"2023-09-03T17:22:01+00:00","dateModified":"2023-09-15T15:15:22+00:00","description":"Descubra o que vai acontecer durante o Arouca Film Festival 2023. Muitas emo\u00e7\u00f5es e cinema para todos os gostos.","breadcrumb":{"@id":"https:\/\/aroucafilmfestival.com\/festival-de-cinema\/arouca-film-festival-2023\/programa-de-festival-2023\/#breadcrumb"},"inLanguage":"en-GB","potentialAction":[{"@type":"ReadAction","target":["https:\/\/aroucafilmfestival.com\/festival-de-cinema\/arouca-film-festival-2023\/programa-de-festival-2023\/"]}]},{"@type":"ImageObject","inLanguage":"en-GB","@id":"https:\/\/aroucafilmfestival.com\/festival-de-cinema\/arouca-film-festival-2023\/programa-de-festival-2023\/#primaryimage","url":"https:\/\/aroucafilmfestival.com\/wp-content\/uploads\/2023\/08\/Banner-Inscricoes-2023_AFF_1-copiar-2-scaled.jpg","contentUrl":"https:\/\/aroucafilmfestival.com\/wp-content\/uploads\/2023\/08\/Banner-Inscricoes-2023_AFF_1-copiar-2-scaled.jpg","width":2560,"height":1068,"caption":"Banner Filmes Selecionados 2023 AFF"},{"@type":"BreadcrumbList","@id":"https:\/\/aroucafilmfestival.com\/festival-de-cinema\/arouca-film-festival-2023\/programa-de-festival-2023\/#breadcrumb","itemListElement":[{"@type":"ListItem","position":1,"name":"In\u00edcio","item":"https:\/\/aroucafilmfestival.com\/"},{"@type":"ListItem","position":2,"name":"Home","item":"https:\/\/aroucafilmfestival.com\/"},{"@type":"ListItem","position":3,"name":"Edi\u00e7\u00e3o 2023","item":"https:\/\/aroucafilmfestival.com\/festival-de-cinema\/arouca-film-festival-2023\/"},{"@type":"ListItem","position":4,"name":"Programa de Festival 2023"}]},{"@type":"WebSite","@id":"https:\/\/aroucafilmfestival.com\/#website","url":"https:\/\/aroucafilmfestival.com\/","name":"Arouca Film Festival","description":"Portuguese Internacional Film Festival","publisher":{"@id":"https:\/\/aroucafilmfestival.com\/#organization"},"potentialAction":[{"@type":"SearchAction","target":{"@type":"EntryPoint","urlTemplate":"https:\/\/aroucafilmfestival.com\/?s={search_term_string}"},"query-input":{"@type":"PropertyValueSpecification","valueRequired":true,"valueName":"search_term_string"}}],"inLanguage":"en-GB"},{"@type":"Organization","@id":"https:\/\/aroucafilmfestival.com\/#organization","name":"Arouca Film Festival","alternateName":"AFF","url":"https:\/\/aroucafilmfestival.com\/","logo":{"@type":"ImageObject","inLanguage":"en-GB","@id":"https:\/\/aroucafilmfestival.com\/#\/schema\/logo\/image\/","url":"https:\/\/aroucafilmfestival.com\/wp-content\/uploads\/2021\/09\/TelaLIT_AFF_2021_3-scaled-e1631835841735.jpg","contentUrl":"https:\/\/aroucafilmfestival.com\/wp-content\/uploads\/2021\/09\/TelaLIT_AFF_2021_3-scaled-e1631835841735.jpg","width":2560,"height":889,"caption":"Arouca Film Festival"},"image":{"@id":"https:\/\/aroucafilmfestival.com\/#\/schema\/logo\/image\/"},"sameAs":["https:\/\/www.facebook.com\/aroucafilmfestival","https:\/\/www.instagram.com\/aroucafilmfestival_portugal\/"]}]}},"_links":{"self":[{"href":"https:\/\/aroucafilmfestival.com\/en\/wp-json\/wp\/v2\/pages\/4864","targetHints":{"allow":["GET"]}}],"collection":[{"href":"https:\/\/aroucafilmfestival.com\/en\/wp-json\/wp\/v2\/pages"}],"about":[{"href":"https:\/\/aroucafilmfestival.com\/en\/wp-json\/wp\/v2\/types\/page"}],"author":[{"embeddable":true,"href":"https:\/\/aroucafilmfestival.com\/en\/wp-json\/wp\/v2\/users\/7"}],"replies":[{"embeddable":true,"href":"https:\/\/aroucafilmfestival.com\/en\/wp-json\/wp\/v2\/comments?post=4864"}],"version-history":[{"count":0,"href":"https:\/\/aroucafilmfestival.com\/en\/wp-json\/wp\/v2\/pages\/4864\/revisions"}],"up":[{"embeddable":true,"href":"https:\/\/aroucafilmfestival.com\/en\/wp-json\/wp\/v2\/pages\/4127"}],"wp:featuredmedia":[{"embeddable":true,"href":"https:\/\/aroucafilmfestival.com\/en\/wp-json\/wp\/v2\/media\/4675"}],"wp:attachment":[{"href":"https:\/\/aroucafilmfestival.com\/en\/wp-json\/wp\/v2\/media?parent=4864"}],"curies":[{"name":"wp","href":"https:\/\/api.w.org\/{rel}","templated":true}]}}