{"id":5603,"date":"2025-03-25T21:05:20","date_gmt":"2025-03-25T21:05:20","guid":{"rendered":"https:\/\/aroucafilmfestival.com\/?page_id=5603"},"modified":"2025-09-20T15:08:40","modified_gmt":"2025-09-20T15:08:40","slug":"edicao-2025","status":"publish","type":"page","link":"https:\/\/aroucafilmfestival.com\/en\/edicao-2025\/","title":{"rendered":"Edi\u00e7\u00e3o 2025"},"content":{"rendered":"<div data-elementor-type=\"wp-page\" data-elementor-id=\"5603\" class=\"elementor elementor-5603\">\n\t\t\t\t\t\t<header class=\"elementor-section elementor-top-section elementor-element elementor-element-142065e elementor-section-content-top elementor-section-stretched animated-slow elementor-section-boxed elementor-section-height-default elementor-section-height-default wpr-particle-no wpr-jarallax-no wpr-parallax-no wpr-sticky-section-no elementor-invisible\" data-id=\"142065e\" data-element_type=\"section\" data-e-type=\"section\" data-settings=\"{&quot;stretch_section&quot;:&quot;section-stretched&quot;,&quot;animation&quot;:&quot;bounceIn&quot;,&quot;animation_delay&quot;:600}\">\n\t\t\t\t\t\t<div class=\"elementor-container elementor-column-gap-default\">\n\t\t\t\t\t<div class=\"elementor-column elementor-col-100 elementor-top-column elementor-element elementor-element-28686d7\" data-id=\"28686d7\" data-element_type=\"column\" data-e-type=\"column\" data-settings=\"{&quot;animation&quot;:&quot;none&quot;}\">\n\t\t\t<div class=\"elementor-widget-wrap elementor-element-populated\">\n\t\t\t\t\t\t<div class=\"elementor-element elementor-element-db02bbc elementor-shape-square elementor-grid-0 e-grid-align-center elementor-widget elementor-widget-social-icons\" data-id=\"db02bbc\" data-element_type=\"widget\" data-e-type=\"widget\" data-widget_type=\"social-icons.default\">\n\t\t\t\t\t\t\t<div class=\"elementor-social-icons-wrapper elementor-grid\" role=\"list\">\n\t\t\t\t\t\t\t<span class=\"elementor-grid-item\" role=\"listitem\">\n\t\t\t\t\t<a class=\"elementor-icon elementor-social-icon elementor-social-icon-facebook elementor-animation-shrink elementor-repeater-item-5350427\" href=\"https:\/\/www.facebook.com\/aroucafilmfestival\" target=\"_blank\">\n\t\t\t\t\t\t<span class=\"elementor-screen-only\">Facebook<\/span>\n\t\t\t\t\t\t<i aria-hidden=\"true\" class=\"fab fa-facebook\"><\/i>\t\t\t\t\t<\/a>\n\t\t\t\t<\/span>\n\t\t\t\t\t\t\t<span class=\"elementor-grid-item\" role=\"listitem\">\n\t\t\t\t\t<a class=\"elementor-icon elementor-social-icon elementor-social-icon-youtube elementor-animation-shrink elementor-repeater-item-99722a5\" href=\"https:\/\/www.youtube.com\/channel\/UCZ3yVAfVdYi-9ICF4O5grrg\" target=\"_blank\">\n\t\t\t\t\t\t<span class=\"elementor-screen-only\">Youtube<\/span>\n\t\t\t\t\t\t<i aria-hidden=\"true\" class=\"fab fa-youtube\"><\/i>\t\t\t\t\t<\/a>\n\t\t\t\t<\/span>\n\t\t\t\t\t\t\t<span class=\"elementor-grid-item\" role=\"listitem\">\n\t\t\t\t\t<a class=\"elementor-icon elementor-social-icon elementor-social-icon-instagram elementor-animation-shrink elementor-repeater-item-2cc7f81\" href=\"https:\/\/www.instagram.com\/aroucafilmfestival_portugal\/\" target=\"_blank\">\n\t\t\t\t\t\t<span class=\"elementor-screen-only\">Instagram<\/span>\n\t\t\t\t\t\t<i aria-hidden=\"true\" class=\"fab fa-instagram\"><\/i>\t\t\t\t\t<\/a>\n\t\t\t\t<\/span>\n\t\t\t\t\t<\/div>\n\t\t\t\t\t\t<\/div>\n\t\t\t\t<div class=\"elementor-element elementor-element-0d3ca9f elementor-widget elementor-widget-spacer\" data-id=\"0d3ca9f\" data-element_type=\"widget\" data-e-type=\"widget\" data-widget_type=\"spacer.default\">\n\t\t\t\t\t\t\t<div class=\"elementor-spacer\">\n\t\t\t<div class=\"elementor-spacer-inner\"><\/div>\n\t\t<\/div>\n\t\t\t\t\t\t<\/div>\n\t\t\t\t\t<\/div>\n\t\t<\/div>\n\t\t\t\t\t<\/div>\n\t\t<\/header>\n\t\t<div class=\"elementor-element elementor-element-2bf4380 e-flex e-con-boxed wpr-particle-no wpr-jarallax-no wpr-parallax-no wpr-sticky-section-no e-con e-parent\" data-id=\"2bf4380\" data-element_type=\"container\" data-e-type=\"container\">\n\t\t\t\t\t<div class=\"e-con-inner\">\n\t\t\t\t<div class=\"elementor-element elementor-element-e50a493 elementor-widget elementor-widget-video\" data-id=\"e50a493\" data-element_type=\"widget\" data-e-type=\"widget\" data-settings=\"{&quot;youtube_url&quot;:&quot;https:\\\/\\\/youtu.be\\\/Vt31vYlxCHM?si=B_e2CB32SZauBCWq&quot;,&quot;autoplay&quot;:&quot;yes&quot;,&quot;video_type&quot;:&quot;youtube&quot;}\" data-widget_type=\"video.default\">\n\t\t\t\t\t\t\t<div class=\"elementor-wrapper elementor-open-inline\">\n\t\t\t<div class=\"elementor-video\"><\/div>\t\t<\/div>\n\t\t\t\t\t\t<\/div>\n\t\t\t\t\t<\/div>\n\t\t\t\t<\/div>\n\t\t<div class=\"elementor-element elementor-element-df8c967 e-flex e-con-boxed wpr-particle-no wpr-jarallax-no wpr-parallax-no wpr-sticky-section-no e-con e-parent\" data-id=\"df8c967\" data-element_type=\"container\" data-e-type=\"container\">\n\t\t\t\t\t<div class=\"e-con-inner\">\n\t\t<div class=\"elementor-element elementor-element-c4d0b75 e-con-full e-flex wpr-particle-no wpr-jarallax-no wpr-parallax-no e-con e-child\" data-id=\"c4d0b75\" data-element_type=\"container\" data-e-type=\"container\">\n\t\t\t\t<div class=\"elementor-element elementor-element-2978f61 elementor-widget elementor-widget-heading\" data-id=\"2978f61\" data-element_type=\"widget\" data-e-type=\"widget\" data-widget_type=\"heading.default\">\n\t\t\t\t\t<h1 class=\"elementor-heading-title elementor-size-default\">Edi\u00e7\u00e3o 2025<\/h1>\t\t\t\t<\/div>\n\t\t\t\t<div class=\"elementor-element elementor-element-f5f6624 elementor-widget elementor-widget-heading\" data-id=\"f5f6624\" data-element_type=\"widget\" data-e-type=\"widget\" data-widget_type=\"heading.default\">\n\t\t\t\t\t<h2 class=\"elementor-heading-title elementor-size-default\">Arouca Film Festival 2025<\/h2>\t\t\t\t<\/div>\n\t\t\t\t<div class=\"elementor-element elementor-element-65de760 elementor-widget elementor-widget-heading\" data-id=\"65de760\" data-element_type=\"widget\" data-e-type=\"widget\" data-widget_type=\"heading.default\">\n\t\t\t\t\t<p class=\"elementor-heading-title elementor-size-default\">Aqui poder\u00e3o encontrar todas as informa\u00e7\u00f5es sobre a 23\u00aa edi\u00e7\u00e3o do Arouca Film Festival.\n\nFiquem atentos!<\/p>\t\t\t\t<\/div>\n\t\t\t\t<div class=\"elementor-element elementor-element-64bbbab elementor-widget elementor-widget-image\" data-id=\"64bbbab\" data-element_type=\"widget\" data-e-type=\"widget\" data-widget_type=\"image.default\">\n\t\t\t\t\t\t\t\t\t\t\t\t\t\t\t\t<a href=\"https:\/\/aroucafilmfestival.com\/wp-content\/uploads\/2025\/08\/Cartaz-Oficial-AFF-2025-apoios-copiar-scaled.jpg\" data-elementor-open-lightbox=\"yes\" data-elementor-lightbox-title=\"Poster Edi\u00e7\u00e3o 23 Arouca Film Festival\" data-elementor-lightbox-description=\"Poster Edi\u00e7\u00e3o 23 Arouca Film Festival\" data-e-action-hash=\"#elementor-action%3Aaction%3Dlightbox%26settings%3DeyJpZCI6NTgyMiwidXJsIjoiaHR0cHM6XC9cL2Fyb3VjYWZpbG1mZXN0aXZhbC5jb21cL3dwLWNvbnRlbnRcL3VwbG9hZHNcLzIwMjVcLzA4XC9DYXJ0YXotT2ZpY2lhbC1BRkYtMjAyNS1hcG9pb3MtY29waWFyLXNjYWxlZC5qcGcifQ%3D%3D\">\n\t\t\t\t\t\t\t<img fetchpriority=\"high\" decoding=\"async\" width=\"1811\" height=\"2560\" src=\"https:\/\/aroucafilmfestival.com\/wp-content\/uploads\/2025\/08\/Cartaz-Oficial-AFF-2025-apoios-copiar-scaled.jpg\" class=\"attachment-full size-full wp-image-5822\" alt=\"Poster Edi\u00e7\u00e3o 23 Arouca Film Festival\" srcset=\"https:\/\/aroucafilmfestival.com\/wp-content\/uploads\/2025\/08\/Cartaz-Oficial-AFF-2025-apoios-copiar-scaled.jpg 1811w, https:\/\/aroucafilmfestival.com\/wp-content\/uploads\/2025\/08\/Cartaz-Oficial-AFF-2025-apoios-copiar-212x300.jpg 212w, https:\/\/aroucafilmfestival.com\/wp-content\/uploads\/2025\/08\/Cartaz-Oficial-AFF-2025-apoios-copiar-725x1024.jpg 725w, https:\/\/aroucafilmfestival.com\/wp-content\/uploads\/2025\/08\/Cartaz-Oficial-AFF-2025-apoios-copiar-768x1085.jpg 768w, https:\/\/aroucafilmfestival.com\/wp-content\/uploads\/2025\/08\/Cartaz-Oficial-AFF-2025-apoios-copiar-1087x1536.jpg 1087w, https:\/\/aroucafilmfestival.com\/wp-content\/uploads\/2025\/08\/Cartaz-Oficial-AFF-2025-apoios-copiar-1449x2048.jpg 1449w, https:\/\/aroucafilmfestival.com\/wp-content\/uploads\/2025\/08\/Cartaz-Oficial-AFF-2025-apoios-copiar-8x12.jpg 8w\" sizes=\"(max-width: 1811px) 100vw, 1811px\" \/>\t\t\t\t\t\t\t\t<\/a>\n\t\t\t\t\t\t\t\t\t\t\t\t\t\t\t<\/div>\n\t\t\t\t<\/div>\n\t\t<div class=\"elementor-element elementor-element-8f8d42d e-con-full e-flex wpr-particle-no wpr-jarallax-no wpr-parallax-no wpr-sticky-section-no e-con e-child\" data-id=\"8f8d42d\" data-element_type=\"container\" data-e-type=\"container\">\n\t\t<div class=\"elementor-element elementor-element-c71c8ce e-con-full e-flex wpr-particle-no wpr-jarallax-no wpr-parallax-no wpr-sticky-section-no e-con e-child\" data-id=\"c71c8ce\" data-element_type=\"container\" data-e-type=\"container\">\n\t\t\t\t<div class=\"elementor-element elementor-element-63b8711 elementor-widget elementor-widget-heading\" data-id=\"63b8711\" data-element_type=\"widget\" data-e-type=\"widget\" data-widget_type=\"heading.default\">\n\t\t\t\t\t<h3 class=\"elementor-heading-title elementor-size-default\">Prizes<\/h3>\t\t\t\t<\/div>\n\t\t\t\t<div class=\"elementor-element elementor-element-7593580 elementor-widget elementor-widget-heading\" data-id=\"7593580\" data-element_type=\"widget\" data-e-type=\"widget\" data-widget_type=\"heading.default\">\n\t\t\t\t\t<p class=\"elementor-heading-title elementor-size-default\">Conhe\u00e7a os vencedores da edi\u00e7\u00e3o 2025 do Arouca Film Festival, o principal festival de cinema independente em Portugal, com pr\u00e9mios para Melhor Filme, Realiza\u00e7\u00e3o, Argumento, entre outros.<\/p>\t\t\t\t<\/div>\n\t\t\t\t<div class=\"elementor-element elementor-element-47d0b59 elementor-align-left elementor-widget elementor-widget-button\" data-id=\"47d0b59\" data-element_type=\"widget\" data-e-type=\"widget\" data-widget_type=\"button.default\">\n\t\t\t\t\t\t\t\t\t\t<a class=\"elementor-button elementor-button-link elementor-size-sm\" href=\"https:\/\/aroucafilmfestival.com\/en\/edicao-2025\/vencedores-2025\/\">\n\t\t\t\t\t\t<span class=\"elementor-button-content-wrapper\">\n\t\t\t\t\t\t<span class=\"elementor-button-icon\">\n\t\t\t\t<i aria-hidden=\"true\" class=\"fas fa-award\"><\/i>\t\t\t<\/span>\n\t\t\t\t\t\t\t\t\t<span class=\"elementor-button-text\">Ver Vencedores<\/span>\n\t\t\t\t\t<\/span>\n\t\t\t\t\t<\/a>\n\t\t\t\t\t\t\t\t<\/div>\n\t\t\t\t<div class=\"elementor-element elementor-element-470504d elementor-widget elementor-widget-menu-anchor\" data-id=\"470504d\" data-element_type=\"widget\" data-e-type=\"widget\" data-widget_type=\"menu-anchor.default\">\n\t\t\t\t\t\t\t<div class=\"elementor-menu-anchor\" id=\"jury\"><\/div>\n\t\t\t\t\t\t<\/div>\n\t\t\t\t<div class=\"elementor-element elementor-element-782168b elementor-widget elementor-widget-heading\" data-id=\"782168b\" data-element_type=\"widget\" data-e-type=\"widget\" data-widget_type=\"heading.default\">\n\t\t\t\t\t<h3 class=\"elementor-heading-title elementor-size-default\">Program<\/h3>\t\t\t\t<\/div>\n\t\t\t\t<div class=\"elementor-element elementor-element-148d414 elementor-widget elementor-widget-heading\" data-id=\"148d414\" data-element_type=\"widget\" data-e-type=\"widget\" data-widget_type=\"heading.default\">\n\t\t\t\t\t<p class=\"elementor-heading-title elementor-size-default\">Aqui poder\u00e3o encontrar o programa completo do Arouca Filme Festival 2025, a sua 23\u00aa edi\u00e7\u00e3o. Participa!\u200b<\/p>\t\t\t\t<\/div>\n\t\t\t\t<div class=\"elementor-element elementor-element-e4bac08 elementor-align-left elementor-widget elementor-widget-button\" data-id=\"e4bac08\" data-element_type=\"widget\" data-e-type=\"widget\" data-widget_type=\"button.default\">\n\t\t\t\t\t\t\t\t\t\t<a class=\"elementor-button elementor-button-link elementor-size-sm\" href=\"https:\/\/aroucafilmfestival.com\/en\/edicao-2025\/programa-aff-2025\/\">\n\t\t\t\t\t\t<span class=\"elementor-button-content-wrapper\">\n\t\t\t\t\t\t\t\t\t<span class=\"elementor-button-text\">Go to Program<\/span>\n\t\t\t\t\t<\/span>\n\t\t\t\t\t<\/a>\n\t\t\t\t\t\t\t\t<\/div>\n\t\t\t\t<\/div>\n\t\t<div class=\"elementor-element elementor-element-3d54741 e-con-full e-flex wpr-particle-no wpr-jarallax-no wpr-parallax-no wpr-sticky-section-no e-con e-child\" data-id=\"3d54741\" data-element_type=\"container\" data-e-type=\"container\">\n\t\t\t\t<div class=\"elementor-element elementor-element-91b0a21 elementor-widget elementor-widget-menu-anchor\" data-id=\"91b0a21\" data-element_type=\"widget\" data-e-type=\"widget\" data-widget_type=\"menu-anchor.default\">\n\t\t\t\t\t\t\t<div class=\"elementor-menu-anchor\" id=\"jury\"><\/div>\n\t\t\t\t\t\t<\/div>\n\t\t\t\t<div class=\"elementor-element elementor-element-ec36d77 elementor-widget elementor-widget-heading\" data-id=\"ec36d77\" data-element_type=\"widget\" data-e-type=\"widget\" data-widget_type=\"heading.default\">\n\t\t\t\t\t<h3 class=\"elementor-heading-title elementor-size-default\">Jury<\/h3>\t\t\t\t<\/div>\n\t\t\t\t<div class=\"elementor-element elementor-element-ad51e74 elementor-widget elementor-widget-heading\" data-id=\"ad51e74\" data-element_type=\"widget\" data-e-type=\"widget\" data-widget_type=\"heading.default\">\n\t\t\t\t\t<p class=\"elementor-heading-title elementor-size-default\">Aqui poder\u00e3o encontrar todos os J\u00faris para a 23\u00aa edi\u00e7\u00e3o do Arouca Filme Festival<\/p>\t\t\t\t<\/div>\n\t\t\t\t<div class=\"elementor-element elementor-element-f1bee8f elementor-widget elementor-widget-image\" data-id=\"f1bee8f\" data-element_type=\"widget\" data-e-type=\"widget\" data-widget_type=\"image.default\">\n\t\t\t\t\t\t\t\t\t\t\t\t\t\t\t<img decoding=\"async\" width=\"1638\" height=\"2048\" src=\"https:\/\/aroucafilmfestival.com\/wp-content\/uploads\/2025\/08\/WhatsApp-Image-2025-08-26-at-19.33.27.jpeg\" class=\"attachment-full size-full wp-image-5877\" alt=\"J\u00fari Edi\u00e7\u00e3o 23 Arouca Film Festival\" srcset=\"https:\/\/aroucafilmfestival.com\/wp-content\/uploads\/2025\/08\/WhatsApp-Image-2025-08-26-at-19.33.27.jpeg 1638w, https:\/\/aroucafilmfestival.com\/wp-content\/uploads\/2025\/08\/WhatsApp-Image-2025-08-26-at-19.33.27-240x300.jpeg 240w, https:\/\/aroucafilmfestival.com\/wp-content\/uploads\/2025\/08\/WhatsApp-Image-2025-08-26-at-19.33.27-819x1024.jpeg 819w, https:\/\/aroucafilmfestival.com\/wp-content\/uploads\/2025\/08\/WhatsApp-Image-2025-08-26-at-19.33.27-768x960.jpeg 768w, https:\/\/aroucafilmfestival.com\/wp-content\/uploads\/2025\/08\/WhatsApp-Image-2025-08-26-at-19.33.27-1229x1536.jpeg 1229w, https:\/\/aroucafilmfestival.com\/wp-content\/uploads\/2025\/08\/WhatsApp-Image-2025-08-26-at-19.33.27-10x12.jpeg 10w\" sizes=\"(max-width: 1638px) 100vw, 1638px\" \/>\t\t\t\t\t\t\t\t\t\t\t\t\t\t\t<\/div>\n\t\t\t\t<div class=\"elementor-element elementor-element-d9e016e elementor-align-left elementor-widget elementor-widget-button\" data-id=\"d9e016e\" data-element_type=\"widget\" data-e-type=\"widget\" data-widget_type=\"button.default\">\n\t\t\t\t\t\t\t\t\t\t<a class=\"elementor-button elementor-button-link elementor-size-sm\" href=\"\/en\/edicao-2025\/juri-2025\/\">\n\t\t\t\t\t\t<span class=\"elementor-button-content-wrapper\">\n\t\t\t\t\t\t\t\t\t<span class=\"elementor-button-text\">Ver J\u00fari<\/span>\n\t\t\t\t\t<\/span>\n\t\t\t\t\t<\/a>\n\t\t\t\t\t\t\t\t<\/div>\n\t\t\t\t<\/div>\n\t\t<div class=\"elementor-element elementor-element-58d3dbf e-con-full e-flex wpr-particle-no wpr-jarallax-no wpr-parallax-no wpr-sticky-section-no e-con e-child\" data-id=\"58d3dbf\" data-element_type=\"container\" data-e-type=\"container\">\n\t\t\t\t<div class=\"elementor-element elementor-element-cc753c6 elementor-widget elementor-widget-menu-anchor\" data-id=\"cc753c6\" data-element_type=\"widget\" data-e-type=\"widget\" data-widget_type=\"menu-anchor.default\">\n\t\t\t\t\t\t\t<div class=\"elementor-menu-anchor\" id=\"selected-films\"><\/div>\n\t\t\t\t\t\t<\/div>\n\t\t\t\t<div class=\"elementor-element elementor-element-95b2ad2 elementor-widget elementor-widget-heading\" data-id=\"95b2ad2\" data-element_type=\"widget\" data-e-type=\"widget\" data-widget_type=\"heading.default\">\n\t\t\t\t\t<h3 class=\"elementor-heading-title elementor-size-default\">Selected Films<\/h3>\t\t\t\t<\/div>\n\t\t\t\t<div class=\"elementor-element elementor-element-52416b2 elementor-widget elementor-widget-heading\" data-id=\"52416b2\" data-element_type=\"widget\" data-e-type=\"widget\" data-widget_type=\"heading.default\">\n\t\t\t\t\t<p class=\"elementor-heading-title elementor-size-default\">Aqui poder\u00e3o encontrar todas os filmes selecionados para a 23\u00aa edi\u00e7\u00e3o do Arouca Filme Festival<\/p>\t\t\t\t<\/div>\n\t\t\t\t<div class=\"elementor-element elementor-element-8faa423 elementor-widget elementor-widget-image\" data-id=\"8faa423\" data-element_type=\"widget\" data-e-type=\"widget\" data-widget_type=\"image.default\">\n\t\t\t\t\t\t\t\t\t\t\t\t\t\t\t<img decoding=\"async\" width=\"2048\" height=\"858\" src=\"https:\/\/aroucafilmfestival.com\/wp-content\/uploads\/2025\/08\/AFF-Filmes-Selecionados_.jpg\" class=\"attachment-full size-full wp-image-5738\" alt=\"Filmes Selecionados Edi\u00e7\u00e3o 23 Arouca Film Festival\" srcset=\"https:\/\/aroucafilmfestival.com\/wp-content\/uploads\/2025\/08\/AFF-Filmes-Selecionados_.jpg 2048w, https:\/\/aroucafilmfestival.com\/wp-content\/uploads\/2025\/08\/AFF-Filmes-Selecionados_-300x126.jpg 300w, https:\/\/aroucafilmfestival.com\/wp-content\/uploads\/2025\/08\/AFF-Filmes-Selecionados_-1024x429.jpg 1024w, https:\/\/aroucafilmfestival.com\/wp-content\/uploads\/2025\/08\/AFF-Filmes-Selecionados_-768x322.jpg 768w, https:\/\/aroucafilmfestival.com\/wp-content\/uploads\/2025\/08\/AFF-Filmes-Selecionados_-1536x644.jpg 1536w, https:\/\/aroucafilmfestival.com\/wp-content\/uploads\/2025\/08\/AFF-Filmes-Selecionados_-18x8.jpg 18w\" sizes=\"(max-width: 2048px) 100vw, 2048px\" \/>\t\t\t\t\t\t\t\t\t\t\t\t\t\t\t<\/div>\n\t\t\t\t<div class=\"elementor-element elementor-element-78fbcd4 elementor-align-left elementor-widget elementor-widget-button\" data-id=\"78fbcd4\" data-element_type=\"widget\" data-e-type=\"widget\" data-widget_type=\"button.default\">\n\t\t\t\t\t\t\t\t\t\t<a class=\"elementor-button elementor-button-link elementor-size-sm\" href=\"\/en\/edicao-2025\/filmes-selecionados-2025\/\">\n\t\t\t\t\t\t<span class=\"elementor-button-content-wrapper\">\n\t\t\t\t\t\t\t\t\t<span class=\"elementor-button-text\">Ver Filmes Selecionados<\/span>\n\t\t\t\t\t<\/span>\n\t\t\t\t\t<\/a>\n\t\t\t\t\t\t\t\t<\/div>\n\t\t\t\t<\/div>\n\t\t\t\t<\/div>\n\t\t\t\t\t<\/div>\n\t\t\t\t<\/div>\n\t\t\t\t<section class=\"elementor-section elementor-top-section elementor-element elementor-element-041ba25 elementor-section-boxed elementor-section-height-default elementor-section-height-default wpr-particle-no wpr-jarallax-no wpr-parallax-no wpr-sticky-section-no\" data-id=\"041ba25\" data-element_type=\"section\" data-e-type=\"section\" data-settings=\"{&quot;background_background&quot;:&quot;classic&quot;}\">\n\t\t\t\t\t\t<div class=\"elementor-container elementor-column-gap-default\">\n\t\t\t\t\t<div class=\"elementor-column elementor-col-100 elementor-top-column elementor-element elementor-element-e9011a5\" data-id=\"e9011a5\" data-element_type=\"column\" data-e-type=\"column\">\n\t\t\t<div class=\"elementor-widget-wrap elementor-element-populated\">\n\t\t\t\t\t\t<div class=\"elementor-element elementor-element-bfea30a elementor-widget elementor-widget-spacer\" data-id=\"bfea30a\" data-element_type=\"widget\" data-e-type=\"widget\" data-widget_type=\"spacer.default\">\n\t\t\t\t\t\t\t<div class=\"elementor-spacer\">\n\t\t\t<div class=\"elementor-spacer-inner\"><\/div>\n\t\t<\/div>\n\t\t\t\t\t\t<\/div>\n\t\t\t\t<div class=\"elementor-element elementor-element-f7a8994 elementor-widget elementor-widget-heading\" data-id=\"f7a8994\" data-element_type=\"widget\" data-e-type=\"widget\" data-widget_type=\"heading.default\">\n\t\t\t\t\t<h3 class=\"elementor-heading-title elementor-size-default\">Partners<\/h3>\t\t\t\t<\/div>\n\t\t\t\t<div class=\"elementor-element elementor-element-2408c6d elementor-widget elementor-widget-heading\" data-id=\"2408c6d\" data-element_type=\"widget\" data-e-type=\"widget\" data-widget_type=\"heading.default\">\n\t\t\t\t\t<p class=\"elementor-heading-title elementor-size-default\">Quem apoia o Arouca Film Festival 2025.<\/p>\t\t\t\t<\/div>\n\t\t\t\t<div class=\"elementor-element elementor-element-1ad16d9 elementor-widget elementor-widget-image\" data-id=\"1ad16d9\" data-element_type=\"widget\" data-e-type=\"widget\" data-widget_type=\"image.default\">\n\t\t\t\t\t\t\t\t\t\t\t\t\t\t\t<img loading=\"lazy\" decoding=\"async\" width=\"1024\" height=\"282\" src=\"https:\/\/aroucafilmfestival.com\/wp-content\/uploads\/2025\/08\/logos_2-1024x282.png\" class=\"attachment-large size-large wp-image-5827\" alt=\"Apoios Edi\u00e7\u00e3o 23 Arouca Film Festival\" srcset=\"https:\/\/aroucafilmfestival.com\/wp-content\/uploads\/2025\/08\/logos_2-1024x282.png 1024w, https:\/\/aroucafilmfestival.com\/wp-content\/uploads\/2025\/08\/logos_2-300x83.png 300w, https:\/\/aroucafilmfestival.com\/wp-content\/uploads\/2025\/08\/logos_2-768x212.png 768w, https:\/\/aroucafilmfestival.com\/wp-content\/uploads\/2025\/08\/logos_2-1536x423.png 1536w, https:\/\/aroucafilmfestival.com\/wp-content\/uploads\/2025\/08\/logos_2-2048x564.png 2048w, https:\/\/aroucafilmfestival.com\/wp-content\/uploads\/2025\/08\/logos_2-18x5.png 18w\" sizes=\"(max-width: 1024px) 100vw, 1024px\" \/>\t\t\t\t\t\t\t\t\t\t\t\t\t\t\t<\/div>\n\t\t\t\t<div class=\"elementor-element elementor-element-8dad816 elementor-widget elementor-widget-heading\" data-id=\"8dad816\" data-element_type=\"widget\" data-e-type=\"widget\" data-widget_type=\"heading.default\">\n\t\t\t\t\t<p class=\"elementor-heading-title elementor-size-small\">UNI\u00c3O DE FREGUESIAS DE AROUCA E BURGO<\/p>\t\t\t\t<\/div>\n\t\t\t\t<div class=\"elementor-element elementor-element-5846239 elementor-widget elementor-widget-spacer\" data-id=\"5846239\" data-element_type=\"widget\" data-e-type=\"widget\" data-widget_type=\"spacer.default\">\n\t\t\t\t\t\t\t<div class=\"elementor-spacer\">\n\t\t\t<div class=\"elementor-spacer-inner\"><\/div>\n\t\t<\/div>\n\t\t\t\t\t\t<\/div>\n\t\t\t\t\t<\/div>\n\t\t<\/div>\n\t\t\t\t\t<\/div>\n\t\t<\/section>\n\t\t\t\t<section class=\"elementor-section elementor-top-section elementor-element elementor-element-aa3e7d4 elementor-section-height-min-height elementor-section-boxed elementor-section-height-default elementor-section-items-middle wpr-particle-no wpr-jarallax-no wpr-parallax-no wpr-sticky-section-no\" data-id=\"aa3e7d4\" data-element_type=\"section\" data-e-type=\"section\" data-settings=\"{&quot;background_background&quot;:&quot;classic&quot;}\">\n\t\t\t\t\t\t\t<div class=\"elementor-background-overlay\"><\/div>\n\t\t\t\t\t\t\t<div class=\"elementor-container elementor-column-gap-default\">\n\t\t\t\t\t<div class=\"elementor-column elementor-col-100 elementor-top-column elementor-element elementor-element-518603b\" data-id=\"518603b\" data-element_type=\"column\" data-e-type=\"column\">\n\t\t\t<div class=\"elementor-widget-wrap elementor-element-populated\">\n\t\t\t\t\t<div class=\"elementor-background-overlay\"><\/div>\n\t\t\t\t\t\t<div class=\"elementor-element elementor-element-de89944 elementor-widget elementor-widget-spacer\" data-id=\"de89944\" data-element_type=\"widget\" data-e-type=\"widget\" data-widget_type=\"spacer.default\">\n\t\t\t\t\t\t\t<div class=\"elementor-spacer\">\n\t\t\t<div class=\"elementor-spacer-inner\"><\/div>\n\t\t<\/div>\n\t\t\t\t\t\t<\/div>\n\t\t\t\t<div class=\"elementor-element elementor-element-fff2b6e elementor-widget elementor-widget-image\" data-id=\"fff2b6e\" data-element_type=\"widget\" data-e-type=\"widget\" data-widget_type=\"image.default\">\n\t\t\t\t\t\t\t\t\t\t\t\t\t\t\t<img loading=\"lazy\" decoding=\"async\" width=\"512\" height=\"512\" src=\"https:\/\/aroucafilmfestival.com\/wp-content\/uploads\/2025\/08\/cropped-Design-sem-nome-19.png\" class=\"attachment-full size-full wp-image-5850\" alt=\"Parceiro Arouca Film Festival DOCES CONVENTUAIS DE AROUCA\" srcset=\"https:\/\/aroucafilmfestival.com\/wp-content\/uploads\/2025\/08\/cropped-Design-sem-nome-19.png 512w, https:\/\/aroucafilmfestival.com\/wp-content\/uploads\/2025\/08\/cropped-Design-sem-nome-19-300x300.png 300w, https:\/\/aroucafilmfestival.com\/wp-content\/uploads\/2025\/08\/cropped-Design-sem-nome-19-150x150.png 150w, https:\/\/aroucafilmfestival.com\/wp-content\/uploads\/2025\/08\/cropped-Design-sem-nome-19-12x12.png 12w\" sizes=\"(max-width: 512px) 100vw, 512px\" \/>\t\t\t\t\t\t\t\t\t\t\t\t\t\t\t<\/div>\n\t\t\t\t<div class=\"elementor-element elementor-element-8e551f5 elementor-widget elementor-widget-heading\" data-id=\"8e551f5\" data-element_type=\"widget\" data-e-type=\"widget\" data-widget_type=\"heading.default\">\n\t\t\t\t\t<h2 class=\"elementor-heading-title elementor-size-default\">Conhe\u00e7a os Doces Conventuais de Arouca\n<\/h2>\t\t\t\t<\/div>\n\t\t\t\t<div class=\"elementor-element elementor-element-30aeea8 elementor-align-center elementor-widget elementor-widget-button\" data-id=\"30aeea8\" data-element_type=\"widget\" data-e-type=\"widget\" data-widget_type=\"button.default\">\n\t\t\t\t\t\t\t\t\t\t<a class=\"elementor-button elementor-button-link elementor-size-sm\" href=\"https:\/\/conventuais.pt\" target=\"_blank\">\n\t\t\t\t\t\t<span class=\"elementor-button-content-wrapper\">\n\t\t\t\t\t\t<span class=\"elementor-button-icon\">\n\t\t\t\t<i aria-hidden=\"true\" class=\"fas fa-link\"><\/i>\t\t\t<\/span>\n\t\t\t\t\t\t\t\t\t<span class=\"elementor-button-text\">Conhecer<\/span>\n\t\t\t\t\t<\/span>\n\t\t\t\t\t<\/a>\n\t\t\t\t\t\t\t\t<\/div>\n\t\t\t\t<div class=\"elementor-element elementor-element-ab2e4a2 elementor-widget elementor-widget-spacer\" data-id=\"ab2e4a2\" data-element_type=\"widget\" data-e-type=\"widget\" data-widget_type=\"spacer.default\">\n\t\t\t\t\t\t\t<div class=\"elementor-spacer\">\n\t\t\t<div class=\"elementor-spacer-inner\"><\/div>\n\t\t<\/div>\n\t\t\t\t\t\t<\/div>\n\t\t\t\t\t<\/div>\n\t\t<\/div>\n\t\t\t\t\t<\/div>\n\t\t<\/section>\n\t\t\t\t<section class=\"elementor-section elementor-top-section elementor-element elementor-element-bb07bda elementor-section-boxed elementor-section-height-default elementor-section-height-default wpr-particle-no wpr-jarallax-no wpr-parallax-no wpr-sticky-section-no\" data-id=\"bb07bda\" data-element_type=\"section\" data-e-type=\"section\">\n\t\t\t\t\t\t<div class=\"elementor-container elementor-column-gap-default\">\n\t\t\t\t\t<div class=\"elementor-column elementor-col-100 elementor-top-column elementor-element elementor-element-af2560e\" data-id=\"af2560e\" data-element_type=\"column\" data-e-type=\"column\">\n\t\t\t<div class=\"elementor-widget-wrap elementor-element-populated\">\n\t\t\t\t\t\t<div class=\"elementor-element elementor-element-2e75887 elementor-widget elementor-widget-menu-anchor\" data-id=\"2e75887\" data-element_type=\"widget\" data-e-type=\"widget\" data-widget_type=\"menu-anchor.default\">\n\t\t\t\t\t\t\t<div class=\"elementor-menu-anchor\" id=\"selected-films\"><\/div>\n\t\t\t\t\t\t<\/div>\n\t\t\t\t<div class=\"elementor-element elementor-element-bfa0987 elementor-widget elementor-widget-heading\" data-id=\"bfa0987\" data-element_type=\"widget\" data-e-type=\"widget\" data-widget_type=\"heading.default\">\n\t\t\t\t\t<h3 class=\"elementor-heading-title elementor-size-default\">Incri\u00e7\u00f5es Fechadas<\/h3>\t\t\t\t<\/div>\n\t\t\t\t<div class=\"elementor-element elementor-element-5071578 elementor-widget elementor-widget-heading\" data-id=\"5071578\" data-element_type=\"widget\" data-e-type=\"widget\" data-widget_type=\"heading.default\">\n\t\t\t\t\t<p class=\"elementor-heading-title elementor-size-default\">As inscri\u00e7\u00f5es encerraram a 7 de Junho de 2025<\/p>\t\t\t\t<\/div>\n\t\t\t\t\t<\/div>\n\t\t<\/div>\n\t\t\t\t\t<\/div>\n\t\t<\/section>\n\t\t\t\t<\/div>","protected":false},"excerpt":{"rendered":"<p>Facebook Youtube Instagram https:\/\/youtu.be\/Vt31vYlxCHM?si=B_e2CB32SZauBCWq Edi\u00e7\u00e3o 2025 Arouca Film Festival 2025 Aqui poder\u00e3o encontrar todas as informa\u00e7\u00f5es sobre a 23\u00aa edi\u00e7\u00e3o do Arouca Film Festival. Fiquem atentos! Pr\u00e9mios Conhe\u00e7a os vencedores da edi\u00e7\u00e3o 2025 do Arouca Film Festival, o principal festival de cinema independente em Portugal, com pr\u00e9mios para Melhor Filme, Realiza\u00e7\u00e3o, Argumento, entre outros. Ver Vencedores Programa Aqui poder\u00e3o encontrar o programa completo do Arouca Filme Festival 2025, a sua 23\u00aa edi\u00e7\u00e3o. Participa!\u200b Ver Programa J\u00fari Aqui poder\u00e3o encontrar todos os J\u00faris para a 23\u00aa edi\u00e7\u00e3o do Arouca Filme Festival Ver J\u00fari Filmes Selecionados Aqui poder\u00e3o encontrar todas os filmes selecionados para a 23\u00aa edi\u00e7\u00e3o do Arouca Filme Festival Ver Filmes Selecionados Parceiros Quem apoia o Arouca Film Festival 2025. UNI\u00c3O DE FREGUESIAS DE AROUCA E BURGO Conhe\u00e7a os Doces Conventuais de Arouca Conhecer Incri\u00e7\u00f5es Fechadas As inscri\u00e7\u00f5es encerraram a 7 de Junho de 2025<\/p>","protected":false},"author":7,"featured_media":5336,"parent":0,"menu_order":0,"comment_status":"closed","ping_status":"closed","template":"elementor_header_footer","meta":{"zakra_page_container_layout":"customizer","zakra_page_sidebar_layout":"customizer","zakra_remove_content_margin":false,"zakra_sidebar":"customizer","zakra_transparent_header":"customizer","zakra_logo":0,"zakra_main_header_style":"default","zakra_menu_item_color":"","zakra_menu_item_hover_color":"","zakra_menu_item_active_color":"","zakra_menu_active_style":"","zakra_page_header":false,"footnotes":""},"class_list":["post-5603","page","type-page","status-publish","has-post-thumbnail","hentry"],"yoast_head":"<!-- This site is optimized with the Yoast SEO plugin v27.2 - https:\/\/yoast.com\/product\/yoast-seo-wordpress\/ -->\n<title>Edi\u00e7\u00e3o 2025 - Arouca Film Festival<\/title>\n<meta name=\"description\" content=\"Aqui poder\u00e3o encontrar todas as informa\u00e7\u00f5es sobre a Edi\u00e7\u00e3o 2025 do Arouca Film Festival. As Inscri\u00e7\u00f5es j\u00e1 est\u00e3o abertas!\" \/>\n<meta name=\"robots\" content=\"index, follow, max-snippet:-1, max-image-preview:large, max-video-preview:-1\" \/>\n<link rel=\"canonical\" href=\"https:\/\/aroucafilmfestival.com\/en\/edicao-2025\/\" \/>\n<meta property=\"og:locale\" content=\"en_GB\" \/>\n<meta property=\"og:type\" content=\"article\" \/>\n<meta property=\"og:title\" content=\"Edi\u00e7\u00e3o 2025 - Arouca Film Festival\" \/>\n<meta property=\"og:description\" content=\"Aqui poder\u00e3o encontrar todas as informa\u00e7\u00f5es sobre a Edi\u00e7\u00e3o 2025 do Arouca Film Festival. As Inscri\u00e7\u00f5es j\u00e1 est\u00e3o abertas!\" \/>\n<meta property=\"og:url\" content=\"https:\/\/aroucafilmfestival.com\/en\/edicao-2025\/\" \/>\n<meta property=\"og:site_name\" content=\"Arouca Film Festival\" \/>\n<meta property=\"article:publisher\" content=\"https:\/\/www.facebook.com\/aroucafilmfestival\" \/>\n<meta property=\"article:modified_time\" content=\"2025-09-20T15:08:40+00:00\" \/>\n<meta property=\"og:image\" content=\"https:\/\/aroucafilmfestival.com\/wp-content\/uploads\/2025\/03\/flyer-registrations-2025-scaled.jpg\" \/>\n\t<meta property=\"og:image:width\" content=\"2048\" \/>\n\t<meta property=\"og:image:height\" content=\"2560\" \/>\n\t<meta property=\"og:image:type\" content=\"image\/jpeg\" \/>\n<meta name=\"twitter:card\" content=\"summary_large_image\" \/>\n<meta name=\"twitter:label1\" content=\"Estimated reading time\" \/>\n\t<meta name=\"twitter:data1\" content=\"1 minute\" \/>\n<script type=\"application\/ld+json\" class=\"yoast-schema-graph\">{\"@context\":\"https:\/\/schema.org\",\"@graph\":[{\"@type\":\"WebPage\",\"@id\":\"https:\/\/aroucafilmfestival.com\/edicao-2025\/\",\"url\":\"https:\/\/aroucafilmfestival.com\/edicao-2025\/\",\"name\":\"Edi\u00e7\u00e3o 2025 - Arouca Film Festival\",\"isPartOf\":{\"@id\":\"https:\/\/aroucafilmfestival.com\/#website\"},\"primaryImageOfPage\":{\"@id\":\"https:\/\/aroucafilmfestival.com\/edicao-2025\/#primaryimage\"},\"image\":{\"@id\":\"https:\/\/aroucafilmfestival.com\/edicao-2025\/#primaryimage\"},\"thumbnailUrl\":\"https:\/\/aroucafilmfestival.com\/wp-content\/uploads\/2024\/09\/IMG_1406-2-copia-scaled.jpg\",\"datePublished\":\"2025-03-25T21:05:20+00:00\",\"dateModified\":\"2025-09-20T15:08:40+00:00\",\"description\":\"Aqui poder\u00e3o encontrar todas as informa\u00e7\u00f5es sobre a Edi\u00e7\u00e3o 2025 do Arouca Film Festival. As Inscri\u00e7\u00f5es j\u00e1 est\u00e3o abertas!\",\"breadcrumb\":{\"@id\":\"https:\/\/aroucafilmfestival.com\/edicao-2025\/#breadcrumb\"},\"inLanguage\":\"en-GB\",\"potentialAction\":[{\"@type\":\"ReadAction\",\"target\":[\"https:\/\/aroucafilmfestival.com\/edicao-2025\/\"]}]},{\"@type\":\"ImageObject\",\"inLanguage\":\"en-GB\",\"@id\":\"https:\/\/aroucafilmfestival.com\/edicao-2025\/#primaryimage\",\"url\":\"https:\/\/aroucafilmfestival.com\/wp-content\/uploads\/2024\/09\/IMG_1406-2-copia-scaled.jpg\",\"contentUrl\":\"https:\/\/aroucafilmfestival.com\/wp-content\/uploads\/2024\/09\/IMG_1406-2-copia-scaled.jpg\",\"width\":2560,\"height\":1920},{\"@type\":\"BreadcrumbList\",\"@id\":\"https:\/\/aroucafilmfestival.com\/edicao-2025\/#breadcrumb\",\"itemListElement\":[{\"@type\":\"ListItem\",\"position\":1,\"name\":\"In\u00edcio\",\"item\":\"https:\/\/aroucafilmfestival.com\/\"},{\"@type\":\"ListItem\",\"position\":2,\"name\":\"Edi\u00e7\u00e3o 2025\"}]},{\"@type\":\"WebSite\",\"@id\":\"https:\/\/aroucafilmfestival.com\/#website\",\"url\":\"https:\/\/aroucafilmfestival.com\/\",\"name\":\"Arouca Film Festival\",\"description\":\"Portuguese Internacional Film Festival\",\"publisher\":{\"@id\":\"https:\/\/aroucafilmfestival.com\/#organization\"},\"potentialAction\":[{\"@type\":\"SearchAction\",\"target\":{\"@type\":\"EntryPoint\",\"urlTemplate\":\"https:\/\/aroucafilmfestival.com\/?s={search_term_string}\"},\"query-input\":{\"@type\":\"PropertyValueSpecification\",\"valueRequired\":true,\"valueName\":\"search_term_string\"}}],\"inLanguage\":\"en-GB\"},{\"@type\":\"Organization\",\"@id\":\"https:\/\/aroucafilmfestival.com\/#organization\",\"name\":\"Arouca Film Festival\",\"alternateName\":\"AFF\",\"url\":\"https:\/\/aroucafilmfestival.com\/\",\"logo\":{\"@type\":\"ImageObject\",\"inLanguage\":\"en-GB\",\"@id\":\"https:\/\/aroucafilmfestival.com\/#\/schema\/logo\/image\/\",\"url\":\"https:\/\/aroucafilmfestival.com\/wp-content\/uploads\/2021\/09\/TelaLIT_AFF_2021_3-scaled-e1631835841735.jpg\",\"contentUrl\":\"https:\/\/aroucafilmfestival.com\/wp-content\/uploads\/2021\/09\/TelaLIT_AFF_2021_3-scaled-e1631835841735.jpg\",\"width\":2560,\"height\":889,\"caption\":\"Arouca Film Festival\"},\"image\":{\"@id\":\"https:\/\/aroucafilmfestival.com\/#\/schema\/logo\/image\/\"},\"sameAs\":[\"https:\/\/www.facebook.com\/aroucafilmfestival\",\"https:\/\/www.instagram.com\/aroucafilmfestival_portugal\/\"]}]}<\/script>\n<!-- \/ Yoast SEO plugin. -->","yoast_head_json":{"title":"Edi\u00e7\u00e3o 2025 - Arouca Film Festival","description":"Aqui poder\u00e3o encontrar todas as informa\u00e7\u00f5es sobre a Edi\u00e7\u00e3o 2025 do Arouca Film Festival. As Inscri\u00e7\u00f5es j\u00e1 est\u00e3o abertas!","robots":{"index":"index","follow":"follow","max-snippet":"max-snippet:-1","max-image-preview":"max-image-preview:large","max-video-preview":"max-video-preview:-1"},"canonical":"https:\/\/aroucafilmfestival.com\/en\/edicao-2025\/","og_locale":"en_GB","og_type":"article","og_title":"Edi\u00e7\u00e3o 2025 - Arouca Film Festival","og_description":"Aqui poder\u00e3o encontrar todas as informa\u00e7\u00f5es sobre a Edi\u00e7\u00e3o 2025 do Arouca Film Festival. As Inscri\u00e7\u00f5es j\u00e1 est\u00e3o abertas!","og_url":"https:\/\/aroucafilmfestival.com\/en\/edicao-2025\/","og_site_name":"Arouca Film Festival","article_publisher":"https:\/\/www.facebook.com\/aroucafilmfestival","article_modified_time":"2025-09-20T15:08:40+00:00","og_image":[{"width":2048,"height":2560,"url":"https:\/\/aroucafilmfestival.com\/wp-content\/uploads\/2025\/03\/flyer-registrations-2025-scaled.jpg","type":"image\/jpeg"}],"twitter_card":"summary_large_image","twitter_misc":{"Estimated reading time":"1 minute"},"schema":{"@context":"https:\/\/schema.org","@graph":[{"@type":"WebPage","@id":"https:\/\/aroucafilmfestival.com\/edicao-2025\/","url":"https:\/\/aroucafilmfestival.com\/edicao-2025\/","name":"Edi\u00e7\u00e3o 2025 - Arouca Film Festival","isPartOf":{"@id":"https:\/\/aroucafilmfestival.com\/#website"},"primaryImageOfPage":{"@id":"https:\/\/aroucafilmfestival.com\/edicao-2025\/#primaryimage"},"image":{"@id":"https:\/\/aroucafilmfestival.com\/edicao-2025\/#primaryimage"},"thumbnailUrl":"https:\/\/aroucafilmfestival.com\/wp-content\/uploads\/2024\/09\/IMG_1406-2-copia-scaled.jpg","datePublished":"2025-03-25T21:05:20+00:00","dateModified":"2025-09-20T15:08:40+00:00","description":"Aqui poder\u00e3o encontrar todas as informa\u00e7\u00f5es sobre a Edi\u00e7\u00e3o 2025 do Arouca Film Festival. As Inscri\u00e7\u00f5es j\u00e1 est\u00e3o abertas!","breadcrumb":{"@id":"https:\/\/aroucafilmfestival.com\/edicao-2025\/#breadcrumb"},"inLanguage":"en-GB","potentialAction":[{"@type":"ReadAction","target":["https:\/\/aroucafilmfestival.com\/edicao-2025\/"]}]},{"@type":"ImageObject","inLanguage":"en-GB","@id":"https:\/\/aroucafilmfestival.com\/edicao-2025\/#primaryimage","url":"https:\/\/aroucafilmfestival.com\/wp-content\/uploads\/2024\/09\/IMG_1406-2-copia-scaled.jpg","contentUrl":"https:\/\/aroucafilmfestival.com\/wp-content\/uploads\/2024\/09\/IMG_1406-2-copia-scaled.jpg","width":2560,"height":1920},{"@type":"BreadcrumbList","@id":"https:\/\/aroucafilmfestival.com\/edicao-2025\/#breadcrumb","itemListElement":[{"@type":"ListItem","position":1,"name":"In\u00edcio","item":"https:\/\/aroucafilmfestival.com\/"},{"@type":"ListItem","position":2,"name":"Edi\u00e7\u00e3o 2025"}]},{"@type":"WebSite","@id":"https:\/\/aroucafilmfestival.com\/#website","url":"https:\/\/aroucafilmfestival.com\/","name":"Arouca Film Festival","description":"Portuguese Internacional Film Festival","publisher":{"@id":"https:\/\/aroucafilmfestival.com\/#organization"},"potentialAction":[{"@type":"SearchAction","target":{"@type":"EntryPoint","urlTemplate":"https:\/\/aroucafilmfestival.com\/?s={search_term_string}"},"query-input":{"@type":"PropertyValueSpecification","valueRequired":true,"valueName":"search_term_string"}}],"inLanguage":"en-GB"},{"@type":"Organization","@id":"https:\/\/aroucafilmfestival.com\/#organization","name":"Arouca Film Festival","alternateName":"AFF","url":"https:\/\/aroucafilmfestival.com\/","logo":{"@type":"ImageObject","inLanguage":"en-GB","@id":"https:\/\/aroucafilmfestival.com\/#\/schema\/logo\/image\/","url":"https:\/\/aroucafilmfestival.com\/wp-content\/uploads\/2021\/09\/TelaLIT_AFF_2021_3-scaled-e1631835841735.jpg","contentUrl":"https:\/\/aroucafilmfestival.com\/wp-content\/uploads\/2021\/09\/TelaLIT_AFF_2021_3-scaled-e1631835841735.jpg","width":2560,"height":889,"caption":"Arouca Film Festival"},"image":{"@id":"https:\/\/aroucafilmfestival.com\/#\/schema\/logo\/image\/"},"sameAs":["https:\/\/www.facebook.com\/aroucafilmfestival","https:\/\/www.instagram.com\/aroucafilmfestival_portugal\/"]}]}},"_links":{"self":[{"href":"https:\/\/aroucafilmfestival.com\/en\/wp-json\/wp\/v2\/pages\/5603","targetHints":{"allow":["GET"]}}],"collection":[{"href":"https:\/\/aroucafilmfestival.com\/en\/wp-json\/wp\/v2\/pages"}],"about":[{"href":"https:\/\/aroucafilmfestival.com\/en\/wp-json\/wp\/v2\/types\/page"}],"author":[{"embeddable":true,"href":"https:\/\/aroucafilmfestival.com\/en\/wp-json\/wp\/v2\/users\/7"}],"replies":[{"embeddable":true,"href":"https:\/\/aroucafilmfestival.com\/en\/wp-json\/wp\/v2\/comments?post=5603"}],"version-history":[{"count":107,"href":"https:\/\/aroucafilmfestival.com\/en\/wp-json\/wp\/v2\/pages\/5603\/revisions"}],"predecessor-version":[{"id":6141,"href":"https:\/\/aroucafilmfestival.com\/en\/wp-json\/wp\/v2\/pages\/5603\/revisions\/6141"}],"wp:featuredmedia":[{"embeddable":true,"href":"https:\/\/aroucafilmfestival.com\/en\/wp-json\/wp\/v2\/media\/5336"}],"wp:attachment":[{"href":"https:\/\/aroucafilmfestival.com\/en\/wp-json\/wp\/v2\/media?parent=5603"}],"curies":[{"name":"wp","href":"https:\/\/api.w.org\/{rel}","templated":true}]}}