{"id":5766,"date":"2025-08-22T12:10:20","date_gmt":"2025-08-22T12:10:20","guid":{"rendered":"https:\/\/aroucafilmfestival.com\/?page_id=5766"},"modified":"2025-08-26T18:36:49","modified_gmt":"2025-08-26T18:36:49","slug":"juri-2025","status":"publish","type":"page","link":"https:\/\/aroucafilmfestival.com\/en\/edicao-2025\/juri-2025\/","title":{"rendered":"J\u00fari 2025"},"content":{"rendered":"<div data-elementor-type=\"wp-page\" data-elementor-id=\"5766\" class=\"elementor elementor-5766\">\n\t\t\t\t\t\t<section class=\"elementor-section elementor-top-section elementor-element elementor-element-ba72ed2 elementor-section-boxed elementor-section-height-default elementor-section-height-default wpr-particle-no wpr-jarallax-no wpr-parallax-no wpr-sticky-section-no\" data-id=\"ba72ed2\" data-element_type=\"section\" data-e-type=\"section\">\n\t\t\t\t\t\t<div class=\"elementor-container elementor-column-gap-default\">\n\t\t\t\t\t<div class=\"elementor-column elementor-col-100 elementor-top-column elementor-element elementor-element-51d4eba\" data-id=\"51d4eba\" data-element_type=\"column\" data-e-type=\"column\">\n\t\t\t<div class=\"elementor-widget-wrap elementor-element-populated\">\n\t\t\t\t\t\t<div class=\"elementor-element elementor-element-45b36ac elementor-widget elementor-widget-heading\" data-id=\"45b36ac\" data-element_type=\"widget\" data-e-type=\"widget\" data-widget_type=\"heading.default\">\n\t\t\t\t\t<h1 class=\"elementor-heading-title elementor-size-default\">Jury<\/h1>\t\t\t\t<\/div>\n\t\t\t\t<div class=\"elementor-element elementor-element-d32479d elementor-widget elementor-widget-heading\" data-id=\"d32479d\" data-element_type=\"widget\" data-e-type=\"widget\" data-widget_type=\"heading.default\">\n\t\t\t\t\t<h2 class=\"elementor-heading-title elementor-size-default\">Arouca Film Festival 2025<\/h2>\t\t\t\t<\/div>\n\t\t\t\t<div class=\"elementor-element elementor-element-99f6a6b elementor-widget elementor-widget-image\" data-id=\"99f6a6b\" data-element_type=\"widget\" data-e-type=\"widget\" data-widget_type=\"image.default\">\n\t\t\t\t\t\t\t\t\t\t\t\t\t\t\t\t<a href=\"https:\/\/aroucafilmfestival.com\/wp-content\/uploads\/2025\/08\/WhatsApp-Image-2025-08-26-at-19.33.27.jpeg\" data-elementor-open-lightbox=\"yes\" data-elementor-lightbox-title=\"J\u00fari Edi\u00e7\u00e3o 23 Arouca Film Festival\" data-elementor-lightbox-description=\"J\u00fari Edi\u00e7\u00e3o 23 Arouca Film Festival\" data-e-action-hash=\"#elementor-action%3Aaction%3Dlightbox%26settings%3DeyJpZCI6NTg3NywidXJsIjoiaHR0cHM6XC9cL2Fyb3VjYWZpbG1mZXN0aXZhbC5jb21cL3dwLWNvbnRlbnRcL3VwbG9hZHNcLzIwMjVcLzA4XC9XaGF0c0FwcC1JbWFnZS0yMDI1LTA4LTI2LWF0LTE5LjMzLjI3LmpwZWcifQ%3D%3D\">\n\t\t\t\t\t\t\t<img fetchpriority=\"high\" decoding=\"async\" width=\"1638\" height=\"2048\" src=\"https:\/\/aroucafilmfestival.com\/wp-content\/uploads\/2025\/08\/WhatsApp-Image-2025-08-26-at-19.33.27.jpeg\" class=\"attachment-full size-full wp-image-5877\" alt=\"J\u00fari Edi\u00e7\u00e3o 23 Arouca Film Festival\" srcset=\"https:\/\/aroucafilmfestival.com\/wp-content\/uploads\/2025\/08\/WhatsApp-Image-2025-08-26-at-19.33.27.jpeg 1638w, https:\/\/aroucafilmfestival.com\/wp-content\/uploads\/2025\/08\/WhatsApp-Image-2025-08-26-at-19.33.27-240x300.jpeg 240w, https:\/\/aroucafilmfestival.com\/wp-content\/uploads\/2025\/08\/WhatsApp-Image-2025-08-26-at-19.33.27-819x1024.jpeg 819w, https:\/\/aroucafilmfestival.com\/wp-content\/uploads\/2025\/08\/WhatsApp-Image-2025-08-26-at-19.33.27-768x960.jpeg 768w, https:\/\/aroucafilmfestival.com\/wp-content\/uploads\/2025\/08\/WhatsApp-Image-2025-08-26-at-19.33.27-1229x1536.jpeg 1229w, https:\/\/aroucafilmfestival.com\/wp-content\/uploads\/2025\/08\/WhatsApp-Image-2025-08-26-at-19.33.27-10x12.jpeg 10w\" sizes=\"(max-width: 1638px) 100vw, 1638px\" \/>\t\t\t\t\t\t\t\t<\/a>\n\t\t\t\t\t\t\t\t\t\t\t\t\t\t\t<\/div>\n\t\t\t\t<div class=\"elementor-element elementor-element-3db6706 elementor-widget elementor-widget-heading\" data-id=\"3db6706\" data-element_type=\"widget\" data-e-type=\"widget\" data-widget_type=\"heading.default\">\n\t\t\t\t\t<p class=\"elementor-heading-title elementor-size-default\">Aqui poder\u00e3o encontrar todos os J\u00faris para a 23\u00aa edi\u00e7\u00e3o do Arouca Filme Festival<\/p>\t\t\t\t<\/div>\n\t\t\t\t\t<\/div>\n\t\t<\/div>\n\t\t\t\t\t<\/div>\n\t\t<\/section>\n\t\t\t\t<section class=\"elementor-section elementor-top-section elementor-element elementor-element-df7c685 elementor-section-boxed elementor-section-height-default elementor-section-height-default wpr-particle-no wpr-jarallax-no wpr-parallax-no wpr-sticky-section-no\" data-id=\"df7c685\" data-element_type=\"section\" data-e-type=\"section\">\n\t\t\t\t\t\t<div class=\"elementor-container elementor-column-gap-default\">\n\t\t\t\t\t<div class=\"elementor-column elementor-col-100 elementor-top-column elementor-element elementor-element-6934574\" data-id=\"6934574\" data-element_type=\"column\" data-e-type=\"column\">\n\t\t\t<div class=\"elementor-widget-wrap elementor-element-populated\">\n\t\t\t\t\t\t<div class=\"elementor-element elementor-element-bf1ca36 elementor-widget elementor-widget-spacer\" data-id=\"bf1ca36\" data-element_type=\"widget\" data-e-type=\"widget\" data-widget_type=\"spacer.default\">\n\t\t\t\t\t\t\t<div class=\"elementor-spacer\">\n\t\t\t<div class=\"elementor-spacer-inner\"><\/div>\n\t\t<\/div>\n\t\t\t\t\t\t<\/div>\n\t\t\t\t<div class=\"elementor-element elementor-element-0453bc7 elementor-widget elementor-widget-text-editor\" data-id=\"0453bc7\" data-element_type=\"widget\" data-e-type=\"widget\" data-widget_type=\"text-editor.default\">\n\t\t\t\t\t\t\t\t\t<p><strong data-start=\"109\" data-end=\"127\">Fernando Pinho<\/strong> | Artistic Director | Portugal \/ United Kingdom<\/p><p><strong data-start=\"178\" data-end=\"197\">Bernardo Freire<\/strong> | Film Critic | Portugal<\/p><p><strong data-start=\"225\" data-end=\"243\">Miguel Cadilhe<\/strong> | Filmmaker | Portugal<\/p><p><strong data-start=\"269\" data-end=\"283\" data-is-only-node=\"\">Amy Clarke<\/strong> | Screenwriter | United Kingdom<\/p><p><strong data-start=\"318\" data-end=\"339\">Fernando M. Pinho<\/strong> | Journalist | Portugal<\/p><p><strong data-start=\"366\" data-end=\"382\">Hugo Nicolau<\/strong> | Actor | Portugal \/ United Kingdom<\/p><p><strong data-start=\"421\" data-end=\"437\">In\u00eas Marques<\/strong> | Producer | Denmark \/ Portugal<\/p><p><strong data-start=\"472\" data-end=\"489\">Javid Sobhani<\/strong> | Filmmaker | Iran<\/p><p><strong data-start=\"511\" data-end=\"527\">Mike Beddoes<\/strong> | Producer \/ Filmmaker | United Kingdom<\/p><p><strong data-start=\"570\" data-end=\"595\">Fernando M. Rodrigues<\/strong> | Anthropologist \/ Researcher | Portugal<\/p><p><strong data-start=\"639\" data-end=\"661\">Meritxell A. Valls<\/strong> | Filmmaker | Spain<\/p><p><strong data-start=\"684\" data-end=\"703\">Raul do Ros\u00e1rio<\/strong> | Actor \/ Theatre Director | Angola<\/p><p><strong data-start=\"751\" data-end=\"770\">Carlos Teixeira<\/strong> | Photographer | Portugal<\/p><p><strong data-start=\"799\" data-end=\"816\">Lu\u00eds Fardilha<\/strong> | Multimedia Specialist | Portugal<\/p><p><strong data-start=\"854\" data-end=\"868\">Nani Mator<\/strong> | Filmmaker | Spain<\/p><p><strong data-start=\"891\" data-end=\"908\">C\u00e9sar N\u00f3brega<\/strong> | Journalist \/ Film Presenter | Portugal<\/p>\t\t\t\t\t\t\t\t<\/div>\n\t\t\t\t\t<\/div>\n\t\t<\/div>\n\t\t\t\t\t<\/div>\n\t\t<\/section>\n\t\t\t\t<\/div>","protected":false},"excerpt":{"rendered":"<p>J\u00fari Arouca Film Festival 2025 Aqui poder\u00e3o encontrar todos os J\u00faris para a 23\u00aa edi\u00e7\u00e3o do Arouca Filme Festival Fernando Pinho | Artistic Director | Portugal \/ United Kingdom Bernardo Freire | Film Critic | Portugal Miguel Cadilhe | Filmmaker | Portugal Amy Clarke | Screenwriter | United Kingdom Fernando M. Pinho | Journalist | Portugal Hugo Nicolau | Actor | Portugal \/ United Kingdom In\u00eas Marques | Producer | Denmark \/ Portugal Javid Sobhani | Filmmaker | Iran Mike Beddoes | Producer \/ Filmmaker | United Kingdom Fernando M. Rodrigues | Anthropologist \/ Researcher | Portugal Meritxell A. Valls | Filmmaker | Spain Raul do Ros\u00e1rio | Actor \/ Theatre Director | Angola Carlos Teixeira | Photographer | Portugal Lu\u00eds Fardilha | Multimedia Specialist | Portugal Nani Mator | Filmmaker | Spain C\u00e9sar N\u00f3brega | Journalist \/ Film Presenter | Portugal<\/p>","protected":false},"author":7,"featured_media":5767,"parent":5603,"menu_order":0,"comment_status":"closed","ping_status":"closed","template":"elementor_header_footer","meta":{"zakra_page_container_layout":"customizer","zakra_page_sidebar_layout":"customizer","zakra_remove_content_margin":false,"zakra_sidebar":"customizer","zakra_transparent_header":"customizer","zakra_logo":0,"zakra_main_header_style":"default","zakra_menu_item_color":"","zakra_menu_item_hover_color":"","zakra_menu_item_active_color":"","zakra_menu_active_style":"","zakra_page_header":false,"footnotes":""},"class_list":["post-5766","page","type-page","status-publish","has-post-thumbnail","hentry"],"yoast_head":"<!-- This site is optimized with the Yoast SEO plugin v27.2 - https:\/\/yoast.com\/product\/yoast-seo-wordpress\/ -->\n<title>J\u00fari 2025 - Arouca Film Festival<\/title>\n<meta name=\"description\" content=\"Aqui poder\u00e3o encontrar todos os filmes selecionados para a 23\u00aa edi\u00e7\u00e3o do Arouca Filme Festival\" \/>\n<meta name=\"robots\" content=\"index, follow, max-snippet:-1, max-image-preview:large, max-video-preview:-1\" \/>\n<link rel=\"canonical\" href=\"https:\/\/aroucafilmfestival.com\/en\/edicao-2025\/juri-2025\/\" \/>\n<meta property=\"og:locale\" content=\"en_GB\" \/>\n<meta property=\"og:type\" content=\"article\" \/>\n<meta property=\"og:title\" content=\"J\u00fari Arouca Film Festival 2025\" \/>\n<meta property=\"og:description\" content=\"Aqui poder\u00e3o encontrar todos os J\u00faris para a 23\u00aa edi\u00e7\u00e3o do Arouca Filme Festival\" \/>\n<meta property=\"og:url\" content=\"https:\/\/aroucafilmfestival.com\/en\/edicao-2025\/juri-2025\/\" \/>\n<meta property=\"og:site_name\" content=\"Arouca Film Festival\" \/>\n<meta property=\"article:publisher\" content=\"https:\/\/www.facebook.com\/aroucafilmfestival\" \/>\n<meta property=\"article:modified_time\" content=\"2025-08-26T18:36:49+00:00\" \/>\n<meta property=\"og:image\" content=\"https:\/\/aroucafilmfestival.com\/wp-content\/uploads\/2025\/08\/Banner-AFF-Insta-juris-Oficial-scaled.jpg\" \/>\n\t<meta property=\"og:image:width\" content=\"2048\" \/>\n\t<meta property=\"og:image:height\" content=\"2560\" \/>\n\t<meta property=\"og:image:type\" content=\"image\/jpeg\" \/>\n<meta name=\"twitter:card\" content=\"summary_large_image\" \/>\n<meta name=\"twitter:title\" content=\"J\u00fari Arouca Film Festival 2025\" \/>\n<meta name=\"twitter:description\" content=\"Aqui poder\u00e3o encontrar todos os J\u00faris para a 23\u00aa edi\u00e7\u00e3o do Arouca Filme Festival\" \/>\n<meta name=\"twitter:image\" content=\"https:\/\/aroucafilmfestival.com\/wp-content\/uploads\/2025\/08\/Banner-AFF-Insta-juris-Oficial-scaled.jpg\" \/>\n<meta name=\"twitter:label1\" content=\"Estimated reading time\" \/>\n\t<meta name=\"twitter:data1\" content=\"1 minute\" \/>\n<script type=\"application\/ld+json\" class=\"yoast-schema-graph\">{\"@context\":\"https:\/\/schema.org\",\"@graph\":[{\"@type\":\"WebPage\",\"@id\":\"https:\/\/aroucafilmfestival.com\/edicao-2025\/juri-2025\/\",\"url\":\"https:\/\/aroucafilmfestival.com\/edicao-2025\/juri-2025\/\",\"name\":\"J\u00fari 2025 - Arouca Film Festival\",\"isPartOf\":{\"@id\":\"https:\/\/aroucafilmfestival.com\/#website\"},\"primaryImageOfPage\":{\"@id\":\"https:\/\/aroucafilmfestival.com\/edicao-2025\/juri-2025\/#primaryimage\"},\"image\":{\"@id\":\"https:\/\/aroucafilmfestival.com\/edicao-2025\/juri-2025\/#primaryimage\"},\"thumbnailUrl\":\"https:\/\/aroucafilmfestival.com\/wp-content\/uploads\/2025\/08\/Banner-AFF-Insta-juris-Oficial-scaled.jpg\",\"datePublished\":\"2025-08-22T12:10:20+00:00\",\"dateModified\":\"2025-08-26T18:36:49+00:00\",\"description\":\"Aqui poder\u00e3o encontrar todos os filmes selecionados para a 23\u00aa edi\u00e7\u00e3o do Arouca Filme Festival\",\"breadcrumb\":{\"@id\":\"https:\/\/aroucafilmfestival.com\/edicao-2025\/juri-2025\/#breadcrumb\"},\"inLanguage\":\"en-GB\",\"potentialAction\":[{\"@type\":\"ReadAction\",\"target\":[\"https:\/\/aroucafilmfestival.com\/edicao-2025\/juri-2025\/\"]}]},{\"@type\":\"ImageObject\",\"inLanguage\":\"en-GB\",\"@id\":\"https:\/\/aroucafilmfestival.com\/edicao-2025\/juri-2025\/#primaryimage\",\"url\":\"https:\/\/aroucafilmfestival.com\/wp-content\/uploads\/2025\/08\/Banner-AFF-Insta-juris-Oficial-scaled.jpg\",\"contentUrl\":\"https:\/\/aroucafilmfestival.com\/wp-content\/uploads\/2025\/08\/Banner-AFF-Insta-juris-Oficial-scaled.jpg\",\"width\":2048,\"height\":2560,\"caption\":\"J\u00fari Edi\u00e7\u00e3o 23 Arouca Film Festival\"},{\"@type\":\"BreadcrumbList\",\"@id\":\"https:\/\/aroucafilmfestival.com\/edicao-2025\/juri-2025\/#breadcrumb\",\"itemListElement\":[{\"@type\":\"ListItem\",\"position\":1,\"name\":\"In\u00edcio\",\"item\":\"https:\/\/aroucafilmfestival.com\/\"},{\"@type\":\"ListItem\",\"position\":2,\"name\":\"Edi\u00e7\u00e3o 2025\",\"item\":\"https:\/\/aroucafilmfestival.com\/edicao-2025\/\"},{\"@type\":\"ListItem\",\"position\":3,\"name\":\"J\u00fari 2025\"}]},{\"@type\":\"WebSite\",\"@id\":\"https:\/\/aroucafilmfestival.com\/#website\",\"url\":\"https:\/\/aroucafilmfestival.com\/\",\"name\":\"Arouca Film Festival\",\"description\":\"Portuguese Internacional Film Festival\",\"publisher\":{\"@id\":\"https:\/\/aroucafilmfestival.com\/#organization\"},\"potentialAction\":[{\"@type\":\"SearchAction\",\"target\":{\"@type\":\"EntryPoint\",\"urlTemplate\":\"https:\/\/aroucafilmfestival.com\/?s={search_term_string}\"},\"query-input\":{\"@type\":\"PropertyValueSpecification\",\"valueRequired\":true,\"valueName\":\"search_term_string\"}}],\"inLanguage\":\"en-GB\"},{\"@type\":\"Organization\",\"@id\":\"https:\/\/aroucafilmfestival.com\/#organization\",\"name\":\"Arouca Film Festival\",\"alternateName\":\"AFF\",\"url\":\"https:\/\/aroucafilmfestival.com\/\",\"logo\":{\"@type\":\"ImageObject\",\"inLanguage\":\"en-GB\",\"@id\":\"https:\/\/aroucafilmfestival.com\/#\/schema\/logo\/image\/\",\"url\":\"https:\/\/aroucafilmfestival.com\/wp-content\/uploads\/2021\/09\/TelaLIT_AFF_2021_3-scaled-e1631835841735.jpg\",\"contentUrl\":\"https:\/\/aroucafilmfestival.com\/wp-content\/uploads\/2021\/09\/TelaLIT_AFF_2021_3-scaled-e1631835841735.jpg\",\"width\":2560,\"height\":889,\"caption\":\"Arouca Film Festival\"},\"image\":{\"@id\":\"https:\/\/aroucafilmfestival.com\/#\/schema\/logo\/image\/\"},\"sameAs\":[\"https:\/\/www.facebook.com\/aroucafilmfestival\",\"https:\/\/www.instagram.com\/aroucafilmfestival_portugal\/\"]}]}<\/script>\n<!-- \/ Yoast SEO plugin. -->","yoast_head_json":{"title":"J\u00fari 2025 - Arouca Film Festival","description":"Aqui poder\u00e3o encontrar todos os filmes selecionados para a 23\u00aa edi\u00e7\u00e3o do Arouca Filme Festival","robots":{"index":"index","follow":"follow","max-snippet":"max-snippet:-1","max-image-preview":"max-image-preview:large","max-video-preview":"max-video-preview:-1"},"canonical":"https:\/\/aroucafilmfestival.com\/en\/edicao-2025\/juri-2025\/","og_locale":"en_GB","og_type":"article","og_title":"J\u00fari Arouca Film Festival 2025","og_description":"Aqui poder\u00e3o encontrar todos os J\u00faris para a 23\u00aa edi\u00e7\u00e3o do Arouca Filme Festival","og_url":"https:\/\/aroucafilmfestival.com\/en\/edicao-2025\/juri-2025\/","og_site_name":"Arouca Film Festival","article_publisher":"https:\/\/www.facebook.com\/aroucafilmfestival","article_modified_time":"2025-08-26T18:36:49+00:00","og_image":[{"width":2048,"height":2560,"url":"https:\/\/aroucafilmfestival.com\/wp-content\/uploads\/2025\/08\/Banner-AFF-Insta-juris-Oficial-scaled.jpg","type":"image\/jpeg"}],"twitter_card":"summary_large_image","twitter_title":"J\u00fari Arouca Film Festival 2025","twitter_description":"Aqui poder\u00e3o encontrar todos os J\u00faris para a 23\u00aa edi\u00e7\u00e3o do Arouca Filme Festival","twitter_image":"https:\/\/aroucafilmfestival.com\/wp-content\/uploads\/2025\/08\/Banner-AFF-Insta-juris-Oficial-scaled.jpg","twitter_misc":{"Estimated reading time":"1 minute"},"schema":{"@context":"https:\/\/schema.org","@graph":[{"@type":"WebPage","@id":"https:\/\/aroucafilmfestival.com\/edicao-2025\/juri-2025\/","url":"https:\/\/aroucafilmfestival.com\/edicao-2025\/juri-2025\/","name":"J\u00fari 2025 - Arouca Film Festival","isPartOf":{"@id":"https:\/\/aroucafilmfestival.com\/#website"},"primaryImageOfPage":{"@id":"https:\/\/aroucafilmfestival.com\/edicao-2025\/juri-2025\/#primaryimage"},"image":{"@id":"https:\/\/aroucafilmfestival.com\/edicao-2025\/juri-2025\/#primaryimage"},"thumbnailUrl":"https:\/\/aroucafilmfestival.com\/wp-content\/uploads\/2025\/08\/Banner-AFF-Insta-juris-Oficial-scaled.jpg","datePublished":"2025-08-22T12:10:20+00:00","dateModified":"2025-08-26T18:36:49+00:00","description":"Aqui poder\u00e3o encontrar todos os filmes selecionados para a 23\u00aa edi\u00e7\u00e3o do Arouca Filme Festival","breadcrumb":{"@id":"https:\/\/aroucafilmfestival.com\/edicao-2025\/juri-2025\/#breadcrumb"},"inLanguage":"en-GB","potentialAction":[{"@type":"ReadAction","target":["https:\/\/aroucafilmfestival.com\/edicao-2025\/juri-2025\/"]}]},{"@type":"ImageObject","inLanguage":"en-GB","@id":"https:\/\/aroucafilmfestival.com\/edicao-2025\/juri-2025\/#primaryimage","url":"https:\/\/aroucafilmfestival.com\/wp-content\/uploads\/2025\/08\/Banner-AFF-Insta-juris-Oficial-scaled.jpg","contentUrl":"https:\/\/aroucafilmfestival.com\/wp-content\/uploads\/2025\/08\/Banner-AFF-Insta-juris-Oficial-scaled.jpg","width":2048,"height":2560,"caption":"J\u00fari Edi\u00e7\u00e3o 23 Arouca Film Festival"},{"@type":"BreadcrumbList","@id":"https:\/\/aroucafilmfestival.com\/edicao-2025\/juri-2025\/#breadcrumb","itemListElement":[{"@type":"ListItem","position":1,"name":"In\u00edcio","item":"https:\/\/aroucafilmfestival.com\/"},{"@type":"ListItem","position":2,"name":"Edi\u00e7\u00e3o 2025","item":"https:\/\/aroucafilmfestival.com\/edicao-2025\/"},{"@type":"ListItem","position":3,"name":"J\u00fari 2025"}]},{"@type":"WebSite","@id":"https:\/\/aroucafilmfestival.com\/#website","url":"https:\/\/aroucafilmfestival.com\/","name":"Arouca Film Festival","description":"Portuguese Internacional Film Festival","publisher":{"@id":"https:\/\/aroucafilmfestival.com\/#organization"},"potentialAction":[{"@type":"SearchAction","target":{"@type":"EntryPoint","urlTemplate":"https:\/\/aroucafilmfestival.com\/?s={search_term_string}"},"query-input":{"@type":"PropertyValueSpecification","valueRequired":true,"valueName":"search_term_string"}}],"inLanguage":"en-GB"},{"@type":"Organization","@id":"https:\/\/aroucafilmfestival.com\/#organization","name":"Arouca Film Festival","alternateName":"AFF","url":"https:\/\/aroucafilmfestival.com\/","logo":{"@type":"ImageObject","inLanguage":"en-GB","@id":"https:\/\/aroucafilmfestival.com\/#\/schema\/logo\/image\/","url":"https:\/\/aroucafilmfestival.com\/wp-content\/uploads\/2021\/09\/TelaLIT_AFF_2021_3-scaled-e1631835841735.jpg","contentUrl":"https:\/\/aroucafilmfestival.com\/wp-content\/uploads\/2021\/09\/TelaLIT_AFF_2021_3-scaled-e1631835841735.jpg","width":2560,"height":889,"caption":"Arouca Film Festival"},"image":{"@id":"https:\/\/aroucafilmfestival.com\/#\/schema\/logo\/image\/"},"sameAs":["https:\/\/www.facebook.com\/aroucafilmfestival","https:\/\/www.instagram.com\/aroucafilmfestival_portugal\/"]}]}},"_links":{"self":[{"href":"https:\/\/aroucafilmfestival.com\/en\/wp-json\/wp\/v2\/pages\/5766","targetHints":{"allow":["GET"]}}],"collection":[{"href":"https:\/\/aroucafilmfestival.com\/en\/wp-json\/wp\/v2\/pages"}],"about":[{"href":"https:\/\/aroucafilmfestival.com\/en\/wp-json\/wp\/v2\/types\/page"}],"author":[{"embeddable":true,"href":"https:\/\/aroucafilmfestival.com\/en\/wp-json\/wp\/v2\/users\/7"}],"replies":[{"embeddable":true,"href":"https:\/\/aroucafilmfestival.com\/en\/wp-json\/wp\/v2\/comments?post=5766"}],"version-history":[{"count":22,"href":"https:\/\/aroucafilmfestival.com\/en\/wp-json\/wp\/v2\/pages\/5766\/revisions"}],"predecessor-version":[{"id":5880,"href":"https:\/\/aroucafilmfestival.com\/en\/wp-json\/wp\/v2\/pages\/5766\/revisions\/5880"}],"up":[{"embeddable":true,"href":"https:\/\/aroucafilmfestival.com\/en\/wp-json\/wp\/v2\/pages\/5603"}],"wp:featuredmedia":[{"embeddable":true,"href":"https:\/\/aroucafilmfestival.com\/en\/wp-json\/wp\/v2\/media\/5767"}],"wp:attachment":[{"href":"https:\/\/aroucafilmfestival.com\/en\/wp-json\/wp\/v2\/media?parent=5766"}],"curies":[{"name":"wp","href":"https:\/\/api.w.org\/{rel}","templated":true}]}}