{"id":5779,"date":"2025-08-22T12:29:21","date_gmt":"2025-08-22T12:29:21","guid":{"rendered":"https:\/\/aroucafilmfestival.com\/?page_id=5779"},"modified":"2025-09-20T13:59:43","modified_gmt":"2025-09-20T13:59:43","slug":"programa-aff-2025","status":"publish","type":"page","link":"https:\/\/aroucafilmfestival.com\/en\/edicao-2025\/programa-aff-2025\/","title":{"rendered":"Programa 2025"},"content":{"rendered":"<div data-elementor-type=\"wp-page\" data-elementor-id=\"5779\" class=\"elementor elementor-5779\">\n\t\t\t\t\t\t<section class=\"elementor-section elementor-top-section elementor-element elementor-element-ba72ed2 elementor-section-boxed elementor-section-height-default elementor-section-height-default wpr-particle-no wpr-jarallax-no wpr-parallax-no wpr-sticky-section-no\" data-id=\"ba72ed2\" data-element_type=\"section\" data-e-type=\"section\">\n\t\t\t\t\t\t<div class=\"elementor-container elementor-column-gap-default\">\n\t\t\t\t\t<div class=\"elementor-column elementor-col-100 elementor-top-column elementor-element elementor-element-51d4eba\" data-id=\"51d4eba\" data-element_type=\"column\" data-e-type=\"column\">\n\t\t\t<div class=\"elementor-widget-wrap elementor-element-populated\">\n\t\t\t\t\t\t<div class=\"elementor-element elementor-element-45b36ac elementor-widget elementor-widget-heading\" data-id=\"45b36ac\" data-element_type=\"widget\" data-e-type=\"widget\" data-widget_type=\"heading.default\">\n\t\t\t\t\t<h1 class=\"elementor-heading-title elementor-size-default\">Program<\/h1>\t\t\t\t<\/div>\n\t\t\t\t<div class=\"elementor-element elementor-element-d32479d elementor-widget elementor-widget-heading\" data-id=\"d32479d\" data-element_type=\"widget\" data-e-type=\"widget\" data-widget_type=\"heading.default\">\n\t\t\t\t\t<h2 class=\"elementor-heading-title elementor-size-default\">Arouca Film Festival 2025<\/h2>\t\t\t\t<\/div>\n\t\t\t\t<div class=\"elementor-element elementor-element-99f6a6b elementor-widget elementor-widget-image\" data-id=\"99f6a6b\" data-element_type=\"widget\" data-e-type=\"widget\" data-widget_type=\"image.default\">\n\t\t\t\t\t\t\t\t\t\t\t\t\t\t\t<img fetchpriority=\"high\" decoding=\"async\" width=\"2048\" height=\"858\" src=\"https:\/\/aroucafilmfestival.com\/wp-content\/uploads\/2025\/07\/AFF-Face-2025.jpeg\" class=\"attachment-full size-full wp-image-5678\" alt=\"Edi\u00e7\u00e3o 23 Arouca Film Festival\" srcset=\"https:\/\/aroucafilmfestival.com\/wp-content\/uploads\/2025\/07\/AFF-Face-2025.jpeg 2048w, https:\/\/aroucafilmfestival.com\/wp-content\/uploads\/2025\/07\/AFF-Face-2025-300x126.jpeg 300w, https:\/\/aroucafilmfestival.com\/wp-content\/uploads\/2025\/07\/AFF-Face-2025-1024x429.jpeg 1024w, https:\/\/aroucafilmfestival.com\/wp-content\/uploads\/2025\/07\/AFF-Face-2025-768x322.jpeg 768w, https:\/\/aroucafilmfestival.com\/wp-content\/uploads\/2025\/07\/AFF-Face-2025-1536x644.jpeg 1536w, https:\/\/aroucafilmfestival.com\/wp-content\/uploads\/2025\/07\/AFF-Face-2025-18x8.jpeg 18w\" sizes=\"(max-width: 2048px) 100vw, 2048px\" \/>\t\t\t\t\t\t\t\t\t\t\t\t\t\t\t<\/div>\n\t\t\t\t<div class=\"elementor-element elementor-element-3db6706 elementor-widget elementor-widget-heading\" data-id=\"3db6706\" data-element_type=\"widget\" data-e-type=\"widget\" data-widget_type=\"heading.default\">\n\t\t\t\t\t<p class=\"elementor-heading-title elementor-size-default\">Aqui poder\u00e3o encontrar o programa completo do Arouca Filme Festival 2025, a sua 23\u00aa edi\u00e7\u00e3o. Participa!<\/p>\t\t\t\t<\/div>\n\t\t\t\t\t<\/div>\n\t\t<\/div>\n\t\t\t\t\t<\/div>\n\t\t<\/section>\n\t\t<div class=\"elementor-element elementor-element-0123f99 e-grid e-con-boxed wpr-particle-no wpr-jarallax-no wpr-parallax-no wpr-sticky-section-no e-con e-parent\" data-id=\"0123f99\" data-element_type=\"container\" data-e-type=\"container\">\n\t\t\t\t\t<div class=\"e-con-inner\">\n\t\t<div class=\"elementor-element elementor-element-af1582b e-con-full e-flex wpr-particle-no wpr-jarallax-no wpr-parallax-no wpr-sticky-section-no e-con e-child\" data-id=\"af1582b\" data-element_type=\"container\" data-e-type=\"container\" data-settings=\"{&quot;background_background&quot;:&quot;classic&quot;}\">\n\t\t\t\t<div class=\"elementor-element elementor-element-5f07157 elementor-widget elementor-widget-text-editor\" data-id=\"5f07157\" data-element_type=\"widget\" data-e-type=\"widget\" data-widget_type=\"text-editor.default\">\n\t\t\t\t\t\t\t\t\t<p>Lorem ipsum dolor sit amet, consectetur adipiscing elit. Ut elit tellus, luctus nec ullamcorper mattis, pulvinar dapibus leo.<\/p>\t\t\t\t\t\t\t\t<\/div>\n\t\t\t\t<div class=\"elementor-element elementor-element-39a4d9b elementor-widget elementor-widget-heading\" data-id=\"39a4d9b\" data-element_type=\"widget\" data-e-type=\"widget\" data-widget_type=\"heading.default\">\n\t\t\t\t\t<h3 class=\"elementor-heading-title elementor-size-default\">10 de setembro<\/h3>\t\t\t\t<\/div>\n\t\t\t\t<div class=\"elementor-element elementor-element-ae734b4 elementor-widget elementor-widget-heading\" data-id=\"ae734b4\" data-element_type=\"widget\" data-e-type=\"widget\" data-widget_type=\"heading.default\">\n\t\t\t\t\t<span class=\"elementor-heading-title elementor-size-default\">Quarta-Feira<\/span>\t\t\t\t<\/div>\n\t\t\t\t<div class=\"elementor-element elementor-element-6871cdd elementor-widget elementor-widget-text-editor\" data-id=\"6871cdd\" data-element_type=\"widget\" data-e-type=\"widget\" data-widget_type=\"text-editor.default\">\n\t\t\t\t\t\t\t\t\t<ul><li style=\"font-weight: 400;\" aria-level=\"1\"><span style=\"font-weight: 400;\">10:30h: <\/span><b>Dia do AFF (Portugal) em Luanda, Angola \/ <\/b><span style=\"font-weight: 400;\">Diamond Films | <\/span><b>Sess\u00e3o Competitiva Proje\u00e7\u00e3o de Filmes<\/b><span style=\"font-weight: 400;\"> | Luanda \/ Angola\u00a0<\/span><\/li><li style=\"font-weight: 400;\" aria-level=\"1\"><span style=\"font-weight: 400;\">14:30h: <\/span><b>O Cinema e a Liberdade na Ucr\u00e2nia \/ Associa\u00e7\u00e3o La\u00e7o Azul<\/b><span style=\"font-weight: 400;\"> | Porto<\/span><\/li><li style=\"font-weight: 400;\" aria-level=\"1\"><span style=\"font-weight: 400;\">15:00h \u00e0s 16:30h: <\/span><b>Sess\u00e3o Competitiva:<\/b><span style=\"font-weight: 400;\"> Proje\u00e7\u00e3o filmes competi\u00e7\u00e3o | Arouca | Loja Interativa de Turismo<\/span><\/li><li style=\"font-weight: 400;\" aria-level=\"1\"><span style=\"font-weight: 400;\">15:30h: <\/span><b>Visita \u00e0 produtora FILBOX com o cineasta Miguel Cadilhe<\/b><span style=\"font-weight: 400;\"> | Porto<\/span><\/li><li style=\"font-weight: 400;\" aria-level=\"1\"><span style=\"font-weight: 400;\">16:30h: <\/span><b>Conversa \u201cO futuro do Cinema Portugu\u00eas\u201d: cineasta Miguel Cadilhe e o cineasta Lu\u00eds Ismael:<\/b><span style=\"font-weight: 400;\">\u00a0 | Est\u00fadios LightBox | Porto<\/span><\/li><\/ul>\t\t\t\t\t\t\t\t<\/div>\n\t\t\t\t<div class=\"elementor-element elementor-element-5271c27 elementor-widget elementor-widget-heading\" data-id=\"5271c27\" data-element_type=\"widget\" data-e-type=\"widget\" data-widget_type=\"heading.default\">\n\t\t\t\t\t<span class=\"elementor-heading-title elementor-size-default\">Luanda | S. Jo\u00e3o da Madeira | Arouca<\/span>\t\t\t\t<\/div>\n\t\t\t\t<\/div>\n\t\t\t\t<div class=\"elementor-element elementor-element-916b505 elementor-widget elementor-widget-image\" data-id=\"916b505\" data-element_type=\"widget\" data-e-type=\"widget\" data-widget_type=\"image.default\">\n\t\t\t\t\t\t\t\t\t\t\t\t\t\t\t<img decoding=\"async\" width=\"819\" height=\"1024\" src=\"https:\/\/aroucafilmfestival.com\/wp-content\/uploads\/2025\/09\/Conversas-AFF-Meritxell-OCA-819x1024.jpg\" class=\"attachment-large size-large wp-image-5974\" alt=\"Conversas AFF Meritxell OCA\" srcset=\"https:\/\/aroucafilmfestival.com\/wp-content\/uploads\/2025\/09\/Conversas-AFF-Meritxell-OCA-819x1024.jpg 819w, https:\/\/aroucafilmfestival.com\/wp-content\/uploads\/2025\/09\/Conversas-AFF-Meritxell-OCA-240x300.jpg 240w, https:\/\/aroucafilmfestival.com\/wp-content\/uploads\/2025\/09\/Conversas-AFF-Meritxell-OCA-768x960.jpg 768w, https:\/\/aroucafilmfestival.com\/wp-content\/uploads\/2025\/09\/Conversas-AFF-Meritxell-OCA-1229x1536.jpg 1229w, https:\/\/aroucafilmfestival.com\/wp-content\/uploads\/2025\/09\/Conversas-AFF-Meritxell-OCA-1638x2048.jpg 1638w, https:\/\/aroucafilmfestival.com\/wp-content\/uploads\/2025\/09\/Conversas-AFF-Meritxell-OCA-10x12.jpg 10w, https:\/\/aroucafilmfestival.com\/wp-content\/uploads\/2025\/09\/Conversas-AFF-Meritxell-OCA-scaled.jpg 2048w\" sizes=\"(max-width: 819px) 100vw, 819px\" \/>\t\t\t\t\t\t\t\t\t\t\t\t\t\t\t<\/div>\n\t\t<div class=\"elementor-element elementor-element-bb67b19 e-con-full e-flex wpr-particle-no wpr-jarallax-no wpr-parallax-no wpr-sticky-section-no e-con e-child\" data-id=\"bb67b19\" data-element_type=\"container\" data-e-type=\"container\" data-settings=\"{&quot;background_background&quot;:&quot;classic&quot;}\">\n\t\t\t\t<div class=\"elementor-element elementor-element-0efd9eb elementor-widget elementor-widget-heading\" data-id=\"0efd9eb\" data-element_type=\"widget\" data-e-type=\"widget\" data-widget_type=\"heading.default\">\n\t\t\t\t\t<h3 class=\"elementor-heading-title elementor-size-default\">11 de setembro<\/h3>\t\t\t\t<\/div>\n\t\t\t\t<div class=\"elementor-element elementor-element-7631a38 elementor-widget elementor-widget-heading\" data-id=\"7631a38\" data-element_type=\"widget\" data-e-type=\"widget\" data-widget_type=\"heading.default\">\n\t\t\t\t\t<span class=\"elementor-heading-title elementor-size-default\">Quinta-Feira<\/span>\t\t\t\t<\/div>\n\t\t\t\t<div class=\"elementor-element elementor-element-5b97324 elementor-widget elementor-widget-text-editor\" data-id=\"5b97324\" data-element_type=\"widget\" data-e-type=\"widget\" data-widget_type=\"text-editor.default\">\n\t\t\t\t\t\t\t\t\t<ul><li style=\"font-weight: 400;\" aria-level=\"1\"><span style=\"font-weight: 400;\">11:30h: <\/span><b>Programa:<\/b> <b>O Cinema nas Escolas<\/b> <b>\/ <\/b><span style=\"font-weight: 400;\">A\u00e7\u00e3o de Promo\u00e7\u00e3o do Festival junto dos Alunos no centro de Arouca<\/span> <span style=\"font-weight: 400;\">em colabora\u00e7\u00e3o com<\/span><b> o PNA e PNC da ESA <\/b><span style=\"font-weight: 400;\">| ESA<\/span><\/li><li style=\"font-weight: 400;\" aria-level=\"1\"><span style=\"font-weight: 400;\">14:00h: <\/span><b>Dia do AFF (Portugal) em Luanda, Angola \/ <\/b><span style=\"font-weight: 400;\">Diamond Films | <\/span><b>Sess\u00e3o Competitiva Proje\u00e7\u00e3o de Filmes<\/b><span style=\"font-weight: 400;\"> | Luanda \/ Angola<\/span><\/li><li style=\"font-weight: 400;\" aria-level=\"1\"><span style=\"font-weight: 400;\">14:30h: <\/span><b>Visita Cultural \u201cOs Chap\u00e9u no Cinema\u201d \/ Museu da Chapelaria <\/b><span style=\"font-weight: 400;\">| S. Jo\u00e3o da Madeira<\/span><\/li><li style=\"font-weight: 400;\" aria-level=\"1\"><span style=\"font-weight: 400;\">15:00h \u00e0s 16:30h: <\/span><b>Sess\u00e3o Competitiva:<\/b><span style=\"font-weight: 400;\"> Proje\u00e7\u00e3o filmes competi\u00e7\u00e3o | Arouca | Loja Interativa de Turismo<\/span><\/li><\/ul>\t\t\t\t\t\t\t\t<\/div>\n\t\t\t\t<div class=\"elementor-element elementor-element-b137c53 elementor-widget elementor-widget-heading\" data-id=\"b137c53\" data-element_type=\"widget\" data-e-type=\"widget\" data-widget_type=\"heading.default\">\n\t\t\t\t\t<span class=\"elementor-heading-title elementor-size-default\">Luanda | S. Jo\u00e3o da Madeira | Arouca<\/span>\t\t\t\t<\/div>\n\t\t\t\t<\/div>\n\t\t<div class=\"elementor-element elementor-element-f45a3e1 e-con-full e-flex wpr-particle-no wpr-jarallax-no wpr-parallax-no wpr-sticky-section-no e-con e-child\" data-id=\"f45a3e1\" data-element_type=\"container\" data-e-type=\"container\" data-settings=\"{&quot;background_background&quot;:&quot;classic&quot;}\">\n\t\t\t\t<div class=\"elementor-element elementor-element-08aac13 elementor-widget elementor-widget-heading\" data-id=\"08aac13\" data-element_type=\"widget\" data-e-type=\"widget\" data-widget_type=\"heading.default\">\n\t\t\t\t\t<h3 class=\"elementor-heading-title elementor-size-default\">12 de setembro<\/h3>\t\t\t\t<\/div>\n\t\t\t\t<div class=\"elementor-element elementor-element-53fd395 elementor-widget elementor-widget-heading\" data-id=\"53fd395\" data-element_type=\"widget\" data-e-type=\"widget\" data-widget_type=\"heading.default\">\n\t\t\t\t\t<span class=\"elementor-heading-title elementor-size-default\">Sexta-Feira<\/span>\t\t\t\t<\/div>\n\t\t\t\t<div class=\"elementor-element elementor-element-59e8200 elementor-widget elementor-widget-text-editor\" data-id=\"59e8200\" data-element_type=\"widget\" data-e-type=\"widget\" data-widget_type=\"text-editor.default\">\n\t\t\t\t\t\t\t\t\t<ul><li style=\"font-weight: 400;\" aria-level=\"1\"><span style=\"font-weight: 400;\">09:45h: <\/span><b>Programa:<\/b> <b>O Cinema nas Escolas<\/b> <b>\/ Sess\u00e3o Competitiva \/ do filme A ALMERIA DE LEONE<\/b><span style=\"font-weight: 400;\">, em <\/span><b>colabora\u00e7\u00e3o com o Curso de Audiovisual e Multim\u00e9dia da ESA <\/b><span style=\"font-weight: 400;\">| ESA Arouca (em confirma\u00e7\u00e3o)<\/span><\/li><li style=\"font-weight: 400;\" aria-level=\"1\"><span style=\"font-weight: 400;\">15:30h: <\/span><b>Rece\u00e7\u00e3o no Porto cineasta Meritxell Valls<\/b><span style=\"font-weight: 400;\"> | Porto<\/span><\/li><li style=\"font-weight: 400;\" aria-level=\"1\"><span style=\"font-weight: 400;\">17:00h: <\/span><b>Visita ao \u201cFragmento do Muro de Berlim\u201d com Meritxell Valls<\/b><span style=\"font-weight: 400;\"> | S. Jo\u00e3o da Madeira<\/span><\/li><li style=\"font-weight: 400;\" aria-level=\"1\"><span style=\"font-weight: 400;\">17:30h: <\/span><b>Rece\u00e7\u00e3o na autarquia de SJM a Meritxell Valls<\/b><span style=\"font-weight: 400;\"> | Autarquia de S. Jo\u00e3o da Madeira<\/span><\/li><li style=\"font-weight: 400;\" aria-level=\"1\"><span style=\"font-weight: 400;\">18:15h: <\/span><b>Visita Cultural com cineasta Meritxell Valls<\/b><span style=\"font-weight: 400;\"> | Centro de Arte Oliva e Museu do Cal\u00e7ado | S. Jo\u00e3o da Madeira<\/span><\/li><li style=\"font-weight: 400;\" aria-level=\"1\"><span style=\"font-weight: 400;\">19:00h: <\/span><b>Jantar dos Realizadores<\/b><span style=\"font-weight: 400;\"> | S. Jo\u00e3o da Madeira<\/span><\/li><li style=\"font-weight: 400;\" aria-level=\"1\"><span style=\"font-weight: 400;\">20:20h: Abertura de Portas do festival \/ Casa da Criatividade<\/span><\/li><li style=\"font-weight: 400;\" aria-level=\"1\"><span style=\"font-weight: 400;\">20:30h: <\/span><b>Cerim\u00f3nia Abertura |<\/b><span style=\"font-weight: 400;\"> Rece\u00e7\u00e3o convidados | Casa da Criatividade<\/span><\/li><li style=\"font-weight: 400;\" aria-level=\"1\"><span style=\"font-weight: 400;\">20:40h: <\/span><b>Sess\u00e3o Fotogr\u00e1fica |<\/b><span style=\"font-weight: 400;\"> P\u00fablico e convidados especiais<\/span><\/li><li style=\"font-weight: 400;\" aria-level=\"1\"><span style=\"font-weight: 400;\">20:45h: <\/span><b>Prova de Doces Conventuais<\/b><span style=\"font-weight: 400;\"> \/ Loja dos doces Conventuais de Arouca .<\/span><b>come<\/b><\/li><\/ul><ul><li aria-level=\"1\"><span style=\"font-weight: 400;\">21:30h:<\/span><b> Momento Musical<\/b><\/li><\/ul><ul><li style=\"font-weight: 400;\" aria-level=\"1\"><span style=\"font-weight: 400;\">21:35h: <\/span><b>Discurso de abertura e Tert\u00falia cinematogr\u00e1fica: (a import\u00e2ncia de um filme realizado numa cidade)<\/b><span style=\"font-weight: 400;\"> Convidados | Casa da Criatividade<\/span><\/li><li style=\"font-weight: 400;\" aria-level=\"1\"><span style=\"font-weight: 400;\">21:20h: <\/span><b>Entrega do \u201cFOX AWARD\u201d \u00e0 Cineasta Meritxell Valls e lembran\u00e7as aos convidados<\/b><\/li><li style=\"font-weight: 400;\" aria-level=\"1\"><span style=\"font-weight: 400;\">22:25h: <\/span><b>Sess\u00e3o Competitiva de filmes |<\/b><span style=\"font-weight: 400;\"> Casa da Criatividade<\/span><\/li><li style=\"font-weight: 400;\" aria-level=\"1\"><span style=\"font-weight: 400;\">22:30h: Projeto <\/span><b>Cine S. Jo\u00e3o \/<\/b><span style=\"font-weight: 400;\"> Proje\u00e7\u00e3o do filme: <\/span><b>PORTUGUESES <\/b><span style=\"font-weight: 400;\">| Casa da Criatividade<\/span><\/li><\/ul>\t\t\t\t\t\t\t\t<\/div>\n\t\t\t\t<div class=\"elementor-element elementor-element-641beb6 elementor-widget elementor-widget-image\" data-id=\"641beb6\" data-element_type=\"widget\" data-e-type=\"widget\" data-widget_type=\"image.default\">\n\t\t\t\t\t\t\t\t\t\t\t\t\t\t\t<img decoding=\"async\" width=\"679\" height=\"1024\" src=\"https:\/\/aroucafilmfestival.com\/wp-content\/uploads\/2025\/09\/WhatsApp-Image-2025-09-03-at-16.31.49-679x1024.jpeg\" class=\"attachment-large size-large wp-image-5972\" alt=\"Portugueses\" srcset=\"https:\/\/aroucafilmfestival.com\/wp-content\/uploads\/2025\/09\/WhatsApp-Image-2025-09-03-at-16.31.49-679x1024.jpeg 679w, https:\/\/aroucafilmfestival.com\/wp-content\/uploads\/2025\/09\/WhatsApp-Image-2025-09-03-at-16.31.49-199x300.jpeg 199w, https:\/\/aroucafilmfestival.com\/wp-content\/uploads\/2025\/09\/WhatsApp-Image-2025-09-03-at-16.31.49-768x1158.jpeg 768w, https:\/\/aroucafilmfestival.com\/wp-content\/uploads\/2025\/09\/WhatsApp-Image-2025-09-03-at-16.31.49-1019x1536.jpeg 1019w, https:\/\/aroucafilmfestival.com\/wp-content\/uploads\/2025\/09\/WhatsApp-Image-2025-09-03-at-16.31.49-8x12.jpeg 8w, https:\/\/aroucafilmfestival.com\/wp-content\/uploads\/2025\/09\/WhatsApp-Image-2025-09-03-at-16.31.49.jpeg 1358w\" sizes=\"(max-width: 679px) 100vw, 679px\" \/>\t\t\t\t\t\t\t\t\t\t\t\t\t\t\t<\/div>\n\t\t\t\t<div class=\"elementor-element elementor-element-c69c379 elementor-widget elementor-widget-image\" data-id=\"c69c379\" data-element_type=\"widget\" data-e-type=\"widget\" data-widget_type=\"image.default\">\n\t\t\t\t\t\t\t\t\t\t\t\t\t\t\t<img loading=\"lazy\" decoding=\"async\" width=\"819\" height=\"1024\" src=\"https:\/\/aroucafilmfestival.com\/wp-content\/uploads\/2025\/09\/Convidado-Especial-AFF-SJM-Miguel-Cadilhe-819x1024.jpg\" class=\"attachment-large size-large wp-image-5969\" alt=\"Convidado Especial AFF SJM Miguel Cadilhe\" srcset=\"https:\/\/aroucafilmfestival.com\/wp-content\/uploads\/2025\/09\/Convidado-Especial-AFF-SJM-Miguel-Cadilhe-819x1024.jpg 819w, https:\/\/aroucafilmfestival.com\/wp-content\/uploads\/2025\/09\/Convidado-Especial-AFF-SJM-Miguel-Cadilhe-240x300.jpg 240w, https:\/\/aroucafilmfestival.com\/wp-content\/uploads\/2025\/09\/Convidado-Especial-AFF-SJM-Miguel-Cadilhe-768x960.jpg 768w, https:\/\/aroucafilmfestival.com\/wp-content\/uploads\/2025\/09\/Convidado-Especial-AFF-SJM-Miguel-Cadilhe-1229x1536.jpg 1229w, https:\/\/aroucafilmfestival.com\/wp-content\/uploads\/2025\/09\/Convidado-Especial-AFF-SJM-Miguel-Cadilhe-1638x2048.jpg 1638w, https:\/\/aroucafilmfestival.com\/wp-content\/uploads\/2025\/09\/Convidado-Especial-AFF-SJM-Miguel-Cadilhe-10x12.jpg 10w, https:\/\/aroucafilmfestival.com\/wp-content\/uploads\/2025\/09\/Convidado-Especial-AFF-SJM-Miguel-Cadilhe-scaled.jpg 2048w\" sizes=\"(max-width: 819px) 100vw, 819px\" \/>\t\t\t\t\t\t\t\t\t\t\t\t\t\t\t<\/div>\n\t\t\t\t<div class=\"elementor-element elementor-element-5d57331 elementor-widget elementor-widget-image\" data-id=\"5d57331\" data-element_type=\"widget\" data-e-type=\"widget\" data-widget_type=\"image.default\">\n\t\t\t\t\t\t\t\t\t\t\t\t\t\t\t<img loading=\"lazy\" decoding=\"async\" width=\"819\" height=\"1024\" src=\"https:\/\/aroucafilmfestival.com\/wp-content\/uploads\/2025\/09\/Convidado-Especial-AFF-Meritxell-819x1024.jpg\" class=\"attachment-large size-large wp-image-5967\" alt=\"Convidado Especial AFF Meritxell\" srcset=\"https:\/\/aroucafilmfestival.com\/wp-content\/uploads\/2025\/09\/Convidado-Especial-AFF-Meritxell-819x1024.jpg 819w, https:\/\/aroucafilmfestival.com\/wp-content\/uploads\/2025\/09\/Convidado-Especial-AFF-Meritxell-240x300.jpg 240w, https:\/\/aroucafilmfestival.com\/wp-content\/uploads\/2025\/09\/Convidado-Especial-AFF-Meritxell-768x960.jpg 768w, https:\/\/aroucafilmfestival.com\/wp-content\/uploads\/2025\/09\/Convidado-Especial-AFF-Meritxell-1229x1536.jpg 1229w, https:\/\/aroucafilmfestival.com\/wp-content\/uploads\/2025\/09\/Convidado-Especial-AFF-Meritxell-1638x2048.jpg 1638w, https:\/\/aroucafilmfestival.com\/wp-content\/uploads\/2025\/09\/Convidado-Especial-AFF-Meritxell-10x12.jpg 10w, https:\/\/aroucafilmfestival.com\/wp-content\/uploads\/2025\/09\/Convidado-Especial-AFF-Meritxell-scaled.jpg 2048w\" sizes=\"(max-width: 819px) 100vw, 819px\" \/>\t\t\t\t\t\t\t\t\t\t\t\t\t\t\t<\/div>\n\t\t\t\t<div class=\"elementor-element elementor-element-369c447 elementor-widget elementor-widget-heading\" data-id=\"369c447\" data-element_type=\"widget\" data-e-type=\"widget\" data-widget_type=\"heading.default\">\n\t\t\t\t\t<span class=\"elementor-heading-title elementor-size-default\">S. Jo\u00e3o da Madeira | Arouca | Casa da Criatividade<\/span>\t\t\t\t<\/div>\n\t\t\t\t<\/div>\n\t\t<div class=\"elementor-element elementor-element-3e4eb20 e-con-full e-flex wpr-particle-no wpr-jarallax-no wpr-parallax-no wpr-sticky-section-no e-con e-child\" data-id=\"3e4eb20\" data-element_type=\"container\" data-e-type=\"container\" data-settings=\"{&quot;background_background&quot;:&quot;classic&quot;}\">\n\t\t\t\t<div class=\"elementor-element elementor-element-add262d elementor-widget elementor-widget-heading\" data-id=\"add262d\" data-element_type=\"widget\" data-e-type=\"widget\" data-widget_type=\"heading.default\">\n\t\t\t\t\t<h3 class=\"elementor-heading-title elementor-size-default\">13 de setembro<\/h3>\t\t\t\t<\/div>\n\t\t\t\t<div class=\"elementor-element elementor-element-6a74e3f elementor-widget elementor-widget-heading\" data-id=\"6a74e3f\" data-element_type=\"widget\" data-e-type=\"widget\" data-widget_type=\"heading.default\">\n\t\t\t\t\t<span class=\"elementor-heading-title elementor-size-default\">S\u00e1bado<\/span>\t\t\t\t<\/div>\n\t\t\t\t<div class=\"elementor-element elementor-element-74fd456 elementor-widget elementor-widget-text-editor\" data-id=\"74fd456\" data-element_type=\"widget\" data-e-type=\"widget\" data-widget_type=\"text-editor.default\">\n\t\t\t\t\t\t\t\t\t<ul><li style=\"font-weight: 400;\" aria-level=\"1\"><span style=\"font-weight: 400;\">10:00h: <\/span><b>Visita Cultural com cineasta Meritxell Valls<\/b><span style=\"font-weight: 400;\"> | CAO &#8211; Centro de Arte Oliva | S. Jo\u00e3o da Madeira<\/span><\/li><li style=\"font-weight: 400;\" aria-level=\"1\"><span style=\"font-weight: 400;\">11:00h: <\/span><b>Visita aos est\u00fadios da LIGHTBOX com a cineasta Meritxell Valls<\/b><span style=\"font-weight: 400;\"> | Porto<\/span><\/li><li style=\"font-weight: 400;\" aria-level=\"1\"><span style=\"font-weight: 400;\">11:30h: <\/span><b>Conversa \u201ccom Cinema\u201d: cineasta Meritxell Valls e o cineasta Lu\u00eds Ismael:<\/b><span style=\"font-weight: 400;\"> | Est\u00fadios LightBox| Porto<\/span><\/li><li style=\"font-weight: 400;\" aria-level=\"1\"><span style=\"font-weight: 400;\">14:40h: <\/span><b>Sess\u00e3o Competitiva de filmes:<\/b><span style=\"font-weight: 400;\"> Proje\u00e7\u00e3o | Loja Interativa de Turismo | Arouca<\/span><\/li><li style=\"font-weight: 400;\" aria-level=\"1\"><span style=\"font-weight: 400;\">15:00h: Visita ao local de realiza\u00e7\u00e3o do primeiro filme portugu\u00eas \u201c<\/span><b>Sa\u00edda do Pessoal Oper\u00e1rio da F\u00e1brica Confian\u00e7a<\/b><span style=\"font-weight: 400;\"> (1896)\u201d \/ <\/span><b>com a cineasta Meritxell Valls<\/b><span style=\"font-weight: 400;\"> | Porto<\/span><\/li><li style=\"font-weight: 400;\" aria-level=\"1\"><span style=\"font-weight: 400;\">17:15h: <\/span><b>Proje\u00e7\u00e3o filme \u201cECO\u201d <\/b><i><span style=\"font-weight: 400;\">(filme vencedor do pr\u00e9mio FOX\u201d Melhor Som\u201d<\/span><\/i> <span style=\"font-weight: 400;\">e conversa com a cineasta, <\/span><b>Meritxell Valls<\/b><span style=\"font-weight: 400;\"> \/ linguagem Ingl\u00eas + Espanhol | <\/span><b>OCA Hotels<\/b> <b>\/ Flores <\/b><span style=\"font-weight: 400;\">| Porto<\/span><\/li><li style=\"font-weight: 400;\" aria-level=\"1\"><span style=\"font-weight: 400;\">18:30h: <\/span><b>Prova de Doces Conventuais + Cinema<\/b><span style=\"font-weight: 400;\">, empresa: <\/span><b>Loja dos doces Conventuais de Arouca<\/b><span style=\"font-weight: 400;\"> .<\/span><b>come Conventuais <\/b><span style=\"font-weight: 400;\">| <\/span><b>OCA Hotels<\/b> <b>\/ Flores <\/b><span style=\"font-weight: 400;\">| Porto\u00a0<\/span><\/li><li style=\"font-weight: 400;\" aria-level=\"1\"><span style=\"font-weight: 400;\">19:00h: Visita aos antigos locais de realiza\u00e7\u00e3o dos filmes \u201cDouro Faina Fluvial\u201d (1931) e Aniki B\u00f3b\u00f3\u201d do cineasta Manoel de Oliveira (1942) \/ <\/span><b>com a cineasta Meritxell Valls<\/b><span style=\"font-weight: 400;\"> | Porto<\/span><\/li><li style=\"font-weight: 400;\" aria-level=\"1\"><span style=\"font-weight: 400;\">20:30h: <\/span><b>Prova de vinhos do Porto + conversa sobre cinema <\/b><span style=\"font-weight: 400;\">| Ribeira |<\/span> <span style=\"font-weight: 400;\">Porto <\/span><i><span style=\"font-weight: 400;\">(local a anunciar)<\/span><\/i><\/li><li style=\"font-weight: 400;\" aria-level=\"1\"><span style=\"font-weight: 400;\">21:315h: <\/span><b>Dia de Luanda \/ Angola em Arouca<\/b><span style=\"font-weight: 400;\"> | <\/span><b>Sess\u00e3o Competitiva Proje\u00e7\u00e3o de Filmes<\/b><span style=\"font-weight: 400;\"> | Loja Interativa \/ Arouca<\/span><\/li><\/ul>\t\t\t\t\t\t\t\t<\/div>\n\t\t\t\t<div class=\"elementor-element elementor-element-98e5ef0 elementor-widget elementor-widget-heading\" data-id=\"98e5ef0\" data-element_type=\"widget\" data-e-type=\"widget\" data-widget_type=\"heading.default\">\n\t\t\t\t\t<span class=\"elementor-heading-title elementor-size-default\">Porto | Arouca<\/span>\t\t\t\t<\/div>\n\t\t\t\t<\/div>\n\t\t<div class=\"elementor-element elementor-element-b9f4394 e-con-full e-flex wpr-particle-no wpr-jarallax-no wpr-parallax-no wpr-sticky-section-no e-con e-child\" data-id=\"b9f4394\" data-element_type=\"container\" data-e-type=\"container\" data-settings=\"{&quot;background_background&quot;:&quot;classic&quot;}\">\n\t\t\t\t<div class=\"elementor-element elementor-element-d96e0f3 elementor-widget elementor-widget-heading\" data-id=\"d96e0f3\" data-element_type=\"widget\" data-e-type=\"widget\" data-widget_type=\"heading.default\">\n\t\t\t\t\t<h3 class=\"elementor-heading-title elementor-size-default\">14 de setembro<\/h3>\t\t\t\t<\/div>\n\t\t\t\t<div class=\"elementor-element elementor-element-cb6a1f5 elementor-widget elementor-widget-heading\" data-id=\"cb6a1f5\" data-element_type=\"widget\" data-e-type=\"widget\" data-widget_type=\"heading.default\">\n\t\t\t\t\t<span class=\"elementor-heading-title elementor-size-default\">Domingo<\/span>\t\t\t\t<\/div>\n\t\t\t\t<div class=\"elementor-element elementor-element-2592cc6 elementor-widget elementor-widget-text-editor\" data-id=\"2592cc6\" data-element_type=\"widget\" data-e-type=\"widget\" data-widget_type=\"text-editor.default\">\n\t\t\t\t\t\t\t\t\t<ul><li style=\"font-weight: 400;\" aria-level=\"1\"><span style=\"font-weight: 400;\">14:30h: <\/span><b>Doces Conventuais, Caf\u00e9 e o Cinema \/ conversa <\/b><span style=\"font-weight: 400;\">| | Arouca | Loja dos Doces Conventuais de Arouca<\/span><\/li><li style=\"font-weight: 400;\" aria-level=\"1\"><span style=\"font-weight: 400;\">15:15h \u00e0s 17:30h: <\/span><b>Sess\u00e3o Competitiva:<\/b><span style=\"font-weight: 400;\"> Proje\u00e7\u00e3o filmes competi\u00e7\u00e3o | Arouca | Loja Interativa<\/span><\/li><li style=\"font-weight: 400;\" aria-level=\"1\"><span style=\"font-weight: 400;\">15:20h: <\/span><b>Dia de Luanda \/ Angola em Arouca \/ <\/b><span style=\"font-weight: 400;\">Diamond Filmes | <\/span><b>Sess\u00e3o Competitiva Proje\u00e7\u00e3o de Filmes<\/b><span style=\"font-weight: 400;\"> | Loja Interativa \/ Arouca<\/span><\/li><li style=\"font-weight: 400;\" aria-level=\"1\"><span style=\"font-weight: 400;\">17:15h: <\/span><b>Proje\u00e7\u00e3o filmes em Competi\u00e7\u00e3o <\/b><span style=\"font-weight: 400;\">| <\/span><b>OCA Hotels<\/b> <b>\/ Flores <\/b><span style=\"font-weight: 400;\">| Porto<\/span><\/li><\/ul>\t\t\t\t\t\t\t\t<\/div>\n\t\t\t\t<div class=\"elementor-element elementor-element-84bb22d elementor-widget elementor-widget-heading\" data-id=\"84bb22d\" data-element_type=\"widget\" data-e-type=\"widget\" data-widget_type=\"heading.default\">\n\t\t\t\t\t<span class=\"elementor-heading-title elementor-size-default\">Arouca<\/span>\t\t\t\t<\/div>\n\t\t\t\t<\/div>\n\t\t<div class=\"elementor-element elementor-element-c9639a7 e-con-full e-flex wpr-particle-no wpr-jarallax-no wpr-parallax-no wpr-sticky-section-no e-con e-child\" data-id=\"c9639a7\" data-element_type=\"container\" data-e-type=\"container\" data-settings=\"{&quot;background_background&quot;:&quot;classic&quot;}\">\n\t\t\t\t<div class=\"elementor-element elementor-element-a8387f3 elementor-widget elementor-widget-heading\" data-id=\"a8387f3\" data-element_type=\"widget\" data-e-type=\"widget\" data-widget_type=\"heading.default\">\n\t\t\t\t\t<h3 class=\"elementor-heading-title elementor-size-default\">15 de setembro<\/h3>\t\t\t\t<\/div>\n\t\t\t\t<div class=\"elementor-element elementor-element-cc48395 elementor-widget elementor-widget-heading\" data-id=\"cc48395\" data-element_type=\"widget\" data-e-type=\"widget\" data-widget_type=\"heading.default\">\n\t\t\t\t\t<span class=\"elementor-heading-title elementor-size-default\">Segunda-Feira<\/span>\t\t\t\t<\/div>\n\t\t\t\t<div class=\"elementor-element elementor-element-1b6488f elementor-widget elementor-widget-text-editor\" data-id=\"1b6488f\" data-element_type=\"widget\" data-e-type=\"widget\" data-widget_type=\"text-editor.default\">\n\t\t\t\t\t\t\t\t\t<ul><li style=\"font-weight: 400;\" aria-level=\"1\"><span style=\"font-weight: 400;\">09:45h: <\/span><b>Programa:<\/b> <b>O Cinema nas Escolas<\/b> <b>\/ Sess\u00e3o Competitiva \/ proje\u00e7\u00e3o de filmes com os alunos da ESA Arouca:<\/b><span style=\"font-weight: 400;\"> Proje\u00e7\u00e3o filmes em competi\u00e7\u00e3o, em <\/span><b>colabora\u00e7\u00e3o com o PNA e PNC da ESA <\/b><span style=\"font-weight: 400;\">| Loja Interativa de Turismo (em confirma\u00e7\u00e3o)<\/span><\/li><li style=\"font-weight: 400;\" aria-level=\"1\"><span style=\"font-weight: 400;\">09:50h \u00e0s 12:00h: <\/span><b>Sess\u00e3o Competitiva:<\/b><span style=\"font-weight: 400;\"> Proje\u00e7\u00e3o filmes competi\u00e7\u00e3o | Arouca | Loja Interativa de Turismo<\/span><\/li><li style=\"font-weight: 400;\" aria-level=\"1\"><span style=\"font-weight: 400;\">14:45h \u00e0s 17:00h: <\/span><b>Sess\u00e3o Competitiva:<\/b><span style=\"font-weight: 400;\"> Proje\u00e7\u00e3o filmes competi\u00e7\u00e3o | Arouca | Loja Interativa de Turismo<\/span><\/li><\/ul>\t\t\t\t\t\t\t\t<\/div>\n\t\t\t\t<div class=\"elementor-element elementor-element-d32d560 elementor-widget elementor-widget-heading\" data-id=\"d32d560\" data-element_type=\"widget\" data-e-type=\"widget\" data-widget_type=\"heading.default\">\n\t\t\t\t\t<span class=\"elementor-heading-title elementor-size-default\">Arouca<\/span>\t\t\t\t<\/div>\n\t\t\t\t<\/div>\n\t\t<div class=\"elementor-element elementor-element-6315773 e-con-full e-flex wpr-particle-no wpr-jarallax-no wpr-parallax-no wpr-sticky-section-no e-con e-child\" data-id=\"6315773\" data-element_type=\"container\" data-e-type=\"container\" data-settings=\"{&quot;background_background&quot;:&quot;classic&quot;}\">\n\t\t\t\t<div class=\"elementor-element elementor-element-9a77f23 elementor-widget elementor-widget-heading\" data-id=\"9a77f23\" data-element_type=\"widget\" data-e-type=\"widget\" data-widget_type=\"heading.default\">\n\t\t\t\t\t<h3 class=\"elementor-heading-title elementor-size-default\">16 de setembro<\/h3>\t\t\t\t<\/div>\n\t\t\t\t<div class=\"elementor-element elementor-element-8173eaf elementor-widget elementor-widget-heading\" data-id=\"8173eaf\" data-element_type=\"widget\" data-e-type=\"widget\" data-widget_type=\"heading.default\">\n\t\t\t\t\t<span class=\"elementor-heading-title elementor-size-default\">Ter\u00e7a-Feira<\/span>\t\t\t\t<\/div>\n\t\t\t\t<div class=\"elementor-element elementor-element-7690ccd elementor-widget elementor-widget-text-editor\" data-id=\"7690ccd\" data-element_type=\"widget\" data-e-type=\"widget\" data-widget_type=\"text-editor.default\">\n\t\t\t\t\t\t\t\t\t<ul><li style=\"font-weight: 400;\" aria-level=\"1\"><span style=\"font-weight: 400;\">09:30h: <\/span><b>O Cinema nas Escolas \/<\/b> <b>Workshop: como construir um filme <\/b><span style=\"font-weight: 400;\">(Maria Adrover)<\/span> <span style=\"font-weight: 400;\">| Escola Secund\u00e1ria de Arouca \/ ESA (em confirma\u00e7\u00e3o)<\/span><\/li><li style=\"font-weight: 400;\" aria-level=\"1\"><span style=\"font-weight: 400;\">09:50h \u00e0s 12:00h: <\/span><b>Sess\u00e3o Competitiva:<\/b><span style=\"font-weight: 400;\"> Proje\u00e7\u00e3o filmes competi\u00e7\u00e3o | Arouca | Loja Interativa de Turismo<\/span><\/li><li style=\"font-weight: 400;\" aria-level=\"1\"><span style=\"font-weight: 400;\">14:45h: <\/span><b>Sess\u00e3o Competitiva:<\/b><span style=\"font-weight: 400;\"> Proje\u00e7\u00e3o filmes em competi\u00e7\u00e3o | Loja Interativa Turismo<\/span><\/li><li style=\"font-weight: 400;\" aria-level=\"1\"><span style=\"font-weight: 400;\">21:00h: <\/span><b>Sess\u00e3o Competitiva:<\/b><span style=\"font-weight: 400;\"> Proje\u00e7\u00e3o filmes em competi\u00e7\u00e3o | Loja Interativa<\/span><\/li><\/ul>\t\t\t\t\t\t\t\t<\/div>\n\t\t\t\t<div class=\"elementor-element elementor-element-549abf4 elementor-widget elementor-widget-heading\" data-id=\"549abf4\" data-element_type=\"widget\" data-e-type=\"widget\" data-widget_type=\"heading.default\">\n\t\t\t\t\t<span class=\"elementor-heading-title elementor-size-default\">Arouca | S\u00e3o Jo\u00e3o da Madeira<\/span>\t\t\t\t<\/div>\n\t\t\t\t<\/div>\n\t\t<div class=\"elementor-element elementor-element-1ccc160 e-con-full e-flex wpr-particle-no wpr-jarallax-no wpr-parallax-no wpr-sticky-section-no e-con e-child\" data-id=\"1ccc160\" data-element_type=\"container\" data-e-type=\"container\" data-settings=\"{&quot;background_background&quot;:&quot;classic&quot;}\">\n\t\t\t\t<div class=\"elementor-element elementor-element-06a6d35 elementor-widget elementor-widget-heading\" data-id=\"06a6d35\" data-element_type=\"widget\" data-e-type=\"widget\" data-widget_type=\"heading.default\">\n\t\t\t\t\t<h3 class=\"elementor-heading-title elementor-size-default\">17 de setembro<\/h3>\t\t\t\t<\/div>\n\t\t\t\t<div class=\"elementor-element elementor-element-b7e7115 elementor-widget elementor-widget-heading\" data-id=\"b7e7115\" data-element_type=\"widget\" data-e-type=\"widget\" data-widget_type=\"heading.default\">\n\t\t\t\t\t<span class=\"elementor-heading-title elementor-size-default\">Quarta-Feira<\/span>\t\t\t\t<\/div>\n\t\t\t\t<div class=\"elementor-element elementor-element-e2f8bca elementor-widget elementor-widget-text-editor\" data-id=\"e2f8bca\" data-element_type=\"widget\" data-e-type=\"widget\" data-widget_type=\"text-editor.default\">\n\t\t\t\t\t\t\t\t\t<ul><li style=\"font-weight: 400;\" aria-level=\"1\"><span style=\"font-weight: 400;\">09:30h: <\/span><b>Programa:<\/b> <b>O Cinema nas Escolas<\/b> <b>\/ Sess\u00e3o Competitiva \/ proje\u00e7\u00e3o de filmes com os alunos da ESA Arouca:<\/b><span style=\"font-weight: 400;\"> Proje\u00e7\u00e3o filmes em competi\u00e7\u00e3o, em <\/span><b>colabora\u00e7\u00e3o com o PNA e PNC da ESA <\/b><span style=\"font-weight: 400;\">| ESA Arouca (em confirma\u00e7\u00e3o)<\/span><\/li><li style=\"font-weight: 400;\" aria-level=\"1\"><span style=\"font-weight: 400;\">09:50h \u00e0s 12:00h: <\/span><b>Sess\u00e3o Competitiva:<\/b><span style=\"font-weight: 400;\"> Proje\u00e7\u00e3o filmes competi\u00e7\u00e3o | Arouca | Loja Interativa de Turismo<\/span><\/li><li style=\"font-weight: 400;\" aria-level=\"1\"><span style=\"font-weight: 400;\">14:45h: <\/span><b>Sess\u00e3o Competitiva:<\/b><span style=\"font-weight: 400;\"> Proje\u00e7\u00e3o filmes em competi\u00e7\u00e3o | Loja Interativa<\/span><\/li><li style=\"font-weight: 400;\" aria-level=\"1\"><span style=\"font-weight: 400;\">17:30h: <\/span><b>Encontro com representantes ucranianos em Portugal<\/b><span style=\"font-weight: 400;\"> \/ Rece\u00e7\u00e3o na autarquia \/ <\/span><b>A Liberdade e o Cinema<\/b><span style=\"font-weight: 400;\"> | S. Jo\u00e3o da Madeira<\/span><\/li><li style=\"font-weight: 400;\" aria-level=\"1\"><span style=\"font-weight: 400;\">21:00h: <\/span><b>Sess\u00e3o Competitiva:<\/b><span style=\"font-weight: 400;\"> Proje\u00e7\u00e3o filmes em competi\u00e7\u00e3o | Loja Interativa Arouca<\/span><\/li><li style=\"font-weight: 400;\" aria-level=\"1\"><span style=\"font-weight: 400;\">21:15h: <\/span><b>Proje\u00e7\u00e3o de filme Ucraniano \u201cCUPRESSUS\u201d com debate:<\/b> <b>Associa\u00e7\u00e3o La\u00e7o Portugal Ucr\u00e2nia e presen\u00e7a do Embaixador Ucraniano<\/b><span style=\"font-weight: 400;\"> | S. Jo\u00e3o da Madeira \/ Pa\u00e7os da Cultura<\/span><\/li><\/ul>\t\t\t\t\t\t\t\t<\/div>\n\t\t\t\t<div class=\"elementor-element elementor-element-d252bd0 elementor-widget elementor-widget-heading\" data-id=\"d252bd0\" data-element_type=\"widget\" data-e-type=\"widget\" data-widget_type=\"heading.default\">\n\t\t\t\t\t<span class=\"elementor-heading-title elementor-size-default\">Arouca | S\u00e3o Jo\u00e3o da Madeira<\/span>\t\t\t\t<\/div>\n\t\t\t\t<\/div>\n\t\t<div class=\"elementor-element elementor-element-651c7a9 e-con-full e-flex wpr-particle-no wpr-jarallax-no wpr-parallax-no wpr-sticky-section-no e-con e-child\" data-id=\"651c7a9\" data-element_type=\"container\" data-e-type=\"container\" data-settings=\"{&quot;background_background&quot;:&quot;classic&quot;}\">\n\t\t\t\t<div class=\"elementor-element elementor-element-0a52e3c elementor-widget elementor-widget-heading\" data-id=\"0a52e3c\" data-element_type=\"widget\" data-e-type=\"widget\" data-widget_type=\"heading.default\">\n\t\t\t\t\t<h3 class=\"elementor-heading-title elementor-size-default\">18 de setembro<\/h3>\t\t\t\t<\/div>\n\t\t\t\t<div class=\"elementor-element elementor-element-26cc549 elementor-widget elementor-widget-heading\" data-id=\"26cc549\" data-element_type=\"widget\" data-e-type=\"widget\" data-widget_type=\"heading.default\">\n\t\t\t\t\t<span class=\"elementor-heading-title elementor-size-default\">Quinta-Feira<\/span>\t\t\t\t<\/div>\n\t\t\t\t<div class=\"elementor-element elementor-element-cf2d5fc elementor-widget elementor-widget-text-editor\" data-id=\"cf2d5fc\" data-element_type=\"widget\" data-e-type=\"widget\" data-widget_type=\"text-editor.default\">\n\t\t\t\t\t\t\t\t\t<ul><li style=\"font-weight: 400;\" aria-level=\"1\"><span style=\"font-weight: 400;\">10:00-12:00h: <\/span><b>Programa Educativo | Cinema na Escola PNA + PNC<\/b><span style=\"font-weight: 400;\"> | visualiza\u00e7\u00e3o e an\u00e1lise de filmes \/ Sess\u00e3o Competitiva extra | Escola Secund\u00e1ria Arouca (a confirmar).<\/span><\/li><li style=\"font-weight: 400;\" aria-level=\"1\"><span style=\"font-weight: 400;\">14:30h-15:30h: <\/span><b>O Cinema nas Escolas \/ Sess\u00e3o Debate <\/b><span style=\"font-weight: 400;\">| Agrupamento Escolas Oliveira J\u00fanior \/ SJM<\/span><\/li><li style=\"font-weight: 400;\" aria-level=\"1\"><span style=\"font-weight: 400;\">14:45h: <\/span><b>Sess\u00e3o Competitiva:<\/b><span style=\"font-weight: 400;\"> Proje\u00e7\u00e3o filmes em competi\u00e7\u00e3o | Loja Interativa<\/span><\/li><\/ul>\t\t\t\t\t\t\t\t<\/div>\n\t\t\t\t<div class=\"elementor-element elementor-element-6485751 elementor-widget elementor-widget-heading\" data-id=\"6485751\" data-element_type=\"widget\" data-e-type=\"widget\" data-widget_type=\"heading.default\">\n\t\t\t\t\t<span class=\"elementor-heading-title elementor-size-default\">Arouca | ESA | S. Jo\u00e3o da Madeira<\/span>\t\t\t\t<\/div>\n\t\t\t\t<\/div>\n\t\t<div class=\"elementor-element elementor-element-2ee4501 e-con-full e-flex wpr-particle-no wpr-jarallax-no wpr-parallax-no wpr-sticky-section-no e-con e-child\" data-id=\"2ee4501\" data-element_type=\"container\" data-e-type=\"container\" data-settings=\"{&quot;background_background&quot;:&quot;classic&quot;}\">\n\t\t\t\t<div class=\"elementor-element elementor-element-6330ae3 elementor-widget elementor-widget-heading\" data-id=\"6330ae3\" data-element_type=\"widget\" data-e-type=\"widget\" data-widget_type=\"heading.default\">\n\t\t\t\t\t<h3 class=\"elementor-heading-title elementor-size-default\">19 de setembro<\/h3>\t\t\t\t<\/div>\n\t\t\t\t<div class=\"elementor-element elementor-element-59424a2 elementor-widget elementor-widget-heading\" data-id=\"59424a2\" data-element_type=\"widget\" data-e-type=\"widget\" data-widget_type=\"heading.default\">\n\t\t\t\t\t<span class=\"elementor-heading-title elementor-size-default\">Sexta-Feira<\/span>\t\t\t\t<\/div>\n\t\t\t\t<div class=\"elementor-element elementor-element-5d3afac elementor-widget elementor-widget-text-editor\" data-id=\"5d3afac\" data-element_type=\"widget\" data-e-type=\"widget\" data-widget_type=\"text-editor.default\">\n\t\t\t\t\t\t\t\t\t<ul><li style=\"font-weight: 400;\" aria-level=\"1\"><span style=\"font-weight: 400;\">09:45h: <\/span><b>Sess\u00e3o Competitiva:<\/b><span style=\"font-weight: 400;\"> Proje\u00e7\u00e3o filmes em competi\u00e7\u00e3o | Loja Interativa\u00a0<\/span><\/li><li style=\"font-weight: 400;\" aria-level=\"1\"><span style=\"font-weight: 400;\">10:20: <\/span><b>Programa Educativo | Cinema na Escola com cineasta Nani Matos<\/b><span style=\"font-weight: 400;\"> | ESA Arouca | Arouca\u00a0<\/span><\/li><li style=\"font-weight: 400;\" aria-level=\"1\"><span style=\"font-weight: 400;\">10:30: <\/span><b>Programa Educativo | Cinema na Escola | filme: Antes de Que se Po\u00f1a el Sol<\/b><span style=\"font-weight: 400;\"> | ESA Arouca | Arouca\u00a0<\/span><\/li><li style=\"font-weight: 400;\" aria-level=\"1\"><span style=\"font-weight: 400;\">11:30h: <\/span><b>Rece\u00e7\u00e3o na autarquia de Arouca \/ Cineasta Nani Matos<\/b><span style=\"font-weight: 400;\"> | Autarquia de Arouca<\/span><\/li><li style=\"font-weight: 400;\" aria-level=\"1\"><span style=\"font-weight: 400;\">12:15h: Visita a locais de rodagem do primeiro filme realizado em Arouca \u201c<\/span><b>Mulheres da Beira<\/b><span style=\"font-weight: 400;\"> (1921-1923)\u201d \/ <\/span><b>com o cineasta Nani Matos <\/b><span style=\"font-weight: 400;\">| Arouca<\/span><\/li><li aria-level=\"1\"><span style=\"font-weight: 400;\">14:30h: <\/span><b>Cinema, Caf\u00e9 e Doces:<\/b><span style=\"font-weight: 400;\"> conversa informal e aberta ao p\u00fablico, com cineasta Nani Matos e Miguel Cadilhe| <\/span><b>Loja dos Doces Conventuais .COME<\/b><\/li><li style=\"font-weight: 400;\" aria-level=\"1\"><span style=\"font-weight: 400;\">14:45h: <\/span><b>Sess\u00e3o Competitiva:<\/b><span style=\"font-weight: 400;\"> Proje\u00e7\u00e3o filmes em competi\u00e7\u00e3o | Loja Interativa<\/span><\/li><li style=\"font-weight: 400;\" aria-level=\"1\"><span style=\"font-weight: 400;\">15:30h: Visita livre, segunda parte \/ locais de rodagem do primeiro filme realizado em Arouca \u201c<\/span><b>Mulheres da Beira<\/b><span style=\"font-weight: 400;\"> (1921-1923)\u201d \/ <\/span><b>com o cineasta Nani Matos e o Cineasta Miguel Cadilhe <\/b><span style=\"font-weight: 400;\">| Arouca<\/span><\/li><li style=\"font-weight: 400;\" aria-level=\"1\"><span style=\"font-weight: 400;\">19:00h: <\/span><b>Jantar dos Realizadores <\/b><span style=\"font-weight: 400;\">(com inscri\u00e7\u00e3o)<\/span> <span style=\"font-weight: 400;\">| Arouca\u00a0<\/span><\/li><li style=\"font-weight: 400;\" aria-level=\"1\"><span style=\"font-weight: 400;\">20:35h: <\/span><b>Abertura de portas \/ rece\u00e7\u00e3o aos convidados<\/b><span style=\"font-weight: 400;\"> | Loja Interativa | Arouca<\/span><\/li><li style=\"font-weight: 400;\" aria-level=\"1\"><span style=\"font-weight: 400;\">20:45h: <\/span><b>Prova de Doces Conventuais<\/b><span style=\"font-weight: 400;\"> \/ Loja dos doces Conventuais de Arouca .<\/span><b>come<\/b><\/li><li style=\"font-weight: 400;\" aria-level=\"1\"><span style=\"font-weight: 400;\">21h15: <\/span><b>Inicio da<\/b> <b>Cerim\u00f3nia de encerramento<\/b> <b>do 23\u00ba Arouca Film Festival<\/b><\/li><\/ul><ul><li aria-level=\"1\"><span style=\"font-weight: 400;\">21:20h:<\/span><b> Performance Cultural \/ Momento Musical<\/b><\/li><li style=\"font-weight: 400;\" aria-level=\"1\"><span style=\"font-weight: 400;\">21:25h: <\/span><b>Entrega do \u201cFOX AWARD\u201d ao Cineasta Nani Matos<\/b><\/li><li style=\"font-weight: 400;\" aria-level=\"1\"><span style=\"font-weight: 400;\">21:35h: <\/span><b>Discursos de Encerramento<\/b> <b>e Tert\u00falia cinematogr\u00e1fica: (a import\u00e2ncia de um filme realizado numa cidade)<\/b><span style=\"font-weight: 400;\"> Convidados | Arouca<\/span><\/li><li style=\"font-weight: 400;\" aria-level=\"1\"><span style=\"font-weight: 400;\">22:20h: <\/span><b>Cerim\u00f3nia de Encerramento <\/b><span style=\"font-weight: 400;\">| An\u00fancio dos vencedores da 23\u00aa edi\u00e7\u00e3o<\/span><\/li><li><span style=\"font-weight: 400;\">22:20h:<\/span><b> Proje\u00e7\u00e3o do filme de encerramento do 23\u00ba Arouca Film Festival | VIVE E DEIXA ANDAR<\/b><\/li><\/ul>\t\t\t\t\t\t\t\t<\/div>\n\t\t\t\t<div class=\"elementor-element elementor-element-9117bf4 elementor-widget elementor-widget-image\" data-id=\"9117bf4\" data-element_type=\"widget\" data-e-type=\"widget\" data-widget_type=\"image.default\">\n\t\t\t\t\t\t\t\t\t\t\t\t\t\t\t<img loading=\"lazy\" decoding=\"async\" width=\"819\" height=\"1024\" src=\"https:\/\/aroucafilmfestival.com\/wp-content\/uploads\/2025\/09\/Convidado-Especial-AFF-Arouca-Miguel-Cadilhe-819x1024.jpg\" class=\"attachment-large size-large wp-image-5966\" alt=\"Convidado Especial AFF Arouca Miguel Cadilhe\" srcset=\"https:\/\/aroucafilmfestival.com\/wp-content\/uploads\/2025\/09\/Convidado-Especial-AFF-Arouca-Miguel-Cadilhe-819x1024.jpg 819w, https:\/\/aroucafilmfestival.com\/wp-content\/uploads\/2025\/09\/Convidado-Especial-AFF-Arouca-Miguel-Cadilhe-240x300.jpg 240w, https:\/\/aroucafilmfestival.com\/wp-content\/uploads\/2025\/09\/Convidado-Especial-AFF-Arouca-Miguel-Cadilhe-768x960.jpg 768w, https:\/\/aroucafilmfestival.com\/wp-content\/uploads\/2025\/09\/Convidado-Especial-AFF-Arouca-Miguel-Cadilhe-1229x1536.jpg 1229w, https:\/\/aroucafilmfestival.com\/wp-content\/uploads\/2025\/09\/Convidado-Especial-AFF-Arouca-Miguel-Cadilhe-1638x2048.jpg 1638w, https:\/\/aroucafilmfestival.com\/wp-content\/uploads\/2025\/09\/Convidado-Especial-AFF-Arouca-Miguel-Cadilhe-10x12.jpg 10w, https:\/\/aroucafilmfestival.com\/wp-content\/uploads\/2025\/09\/Convidado-Especial-AFF-Arouca-Miguel-Cadilhe-scaled.jpg 2048w\" sizes=\"(max-width: 819px) 100vw, 819px\" \/>\t\t\t\t\t\t\t\t\t\t\t\t\t\t\t<\/div>\n\t\t\t\t<div class=\"elementor-element elementor-element-88dff1c elementor-widget elementor-widget-image\" data-id=\"88dff1c\" data-element_type=\"widget\" data-e-type=\"widget\" data-widget_type=\"image.default\">\n\t\t\t\t\t\t\t\t\t\t\t\t\t\t\t<img loading=\"lazy\" decoding=\"async\" width=\"819\" height=\"1024\" src=\"https:\/\/aroucafilmfestival.com\/wp-content\/uploads\/2025\/09\/Convidado-Especial-AFF-Nani-MAtos-Arouca-819x1024.jpg\" class=\"attachment-large size-large wp-image-5968\" alt=\"Convidado Especial AFF Nani MAtos Arouca\" srcset=\"https:\/\/aroucafilmfestival.com\/wp-content\/uploads\/2025\/09\/Convidado-Especial-AFF-Nani-MAtos-Arouca-819x1024.jpg 819w, https:\/\/aroucafilmfestival.com\/wp-content\/uploads\/2025\/09\/Convidado-Especial-AFF-Nani-MAtos-Arouca-240x300.jpg 240w, https:\/\/aroucafilmfestival.com\/wp-content\/uploads\/2025\/09\/Convidado-Especial-AFF-Nani-MAtos-Arouca-768x960.jpg 768w, https:\/\/aroucafilmfestival.com\/wp-content\/uploads\/2025\/09\/Convidado-Especial-AFF-Nani-MAtos-Arouca-1229x1536.jpg 1229w, https:\/\/aroucafilmfestival.com\/wp-content\/uploads\/2025\/09\/Convidado-Especial-AFF-Nani-MAtos-Arouca-1638x2048.jpg 1638w, https:\/\/aroucafilmfestival.com\/wp-content\/uploads\/2025\/09\/Convidado-Especial-AFF-Nani-MAtos-Arouca-10x12.jpg 10w, https:\/\/aroucafilmfestival.com\/wp-content\/uploads\/2025\/09\/Convidado-Especial-AFF-Nani-MAtos-Arouca-scaled.jpg 2048w\" sizes=\"(max-width: 819px) 100vw, 819px\" \/>\t\t\t\t\t\t\t\t\t\t\t\t\t\t\t<\/div>\n\t\t\t\t<div class=\"elementor-element elementor-element-e61c576 elementor-widget elementor-widget-image\" data-id=\"e61c576\" data-element_type=\"widget\" data-e-type=\"widget\" data-widget_type=\"image.default\">\n\t\t\t\t\t\t\t\t\t\t\t\t\t\t\t<img loading=\"lazy\" decoding=\"async\" width=\"679\" height=\"1024\" src=\"https:\/\/aroucafilmfestival.com\/wp-content\/uploads\/2025\/09\/WhatsApp-Image-2025-09-03-at-16.29.27-679x1024.jpeg\" class=\"attachment-large size-large wp-image-5971\" alt=\"Vive e deixa andar\" srcset=\"https:\/\/aroucafilmfestival.com\/wp-content\/uploads\/2025\/09\/WhatsApp-Image-2025-09-03-at-16.29.27-679x1024.jpeg 679w, https:\/\/aroucafilmfestival.com\/wp-content\/uploads\/2025\/09\/WhatsApp-Image-2025-09-03-at-16.29.27-199x300.jpeg 199w, https:\/\/aroucafilmfestival.com\/wp-content\/uploads\/2025\/09\/WhatsApp-Image-2025-09-03-at-16.29.27-768x1158.jpeg 768w, https:\/\/aroucafilmfestival.com\/wp-content\/uploads\/2025\/09\/WhatsApp-Image-2025-09-03-at-16.29.27-1019x1536.jpeg 1019w, https:\/\/aroucafilmfestival.com\/wp-content\/uploads\/2025\/09\/WhatsApp-Image-2025-09-03-at-16.29.27-8x12.jpeg 8w, https:\/\/aroucafilmfestival.com\/wp-content\/uploads\/2025\/09\/WhatsApp-Image-2025-09-03-at-16.29.27.jpeg 1358w\" sizes=\"(max-width: 679px) 100vw, 679px\" \/>\t\t\t\t\t\t\t\t\t\t\t\t\t\t\t<\/div>\n\t\t\t\t<div class=\"elementor-element elementor-element-dda10fb elementor-widget elementor-widget-heading\" data-id=\"dda10fb\" data-element_type=\"widget\" data-e-type=\"widget\" data-widget_type=\"heading.default\">\n\t\t\t\t\t<span class=\"elementor-heading-title elementor-size-default\">Arouca | ESA | S. Jo\u00e3o da Madeira<\/span>\t\t\t\t<\/div>\n\t\t\t\t<\/div>\n\t\t<div class=\"elementor-element elementor-element-2700713 e-con-full e-flex wpr-particle-no wpr-jarallax-no wpr-parallax-no wpr-sticky-section-no e-con e-child\" data-id=\"2700713\" data-element_type=\"container\" data-e-type=\"container\" data-settings=\"{&quot;background_background&quot;:&quot;classic&quot;}\">\n\t\t\t\t<div class=\"elementor-element elementor-element-2eac555 elementor-widget elementor-widget-heading\" data-id=\"2eac555\" data-element_type=\"widget\" data-e-type=\"widget\" data-widget_type=\"heading.default\">\n\t\t\t\t\t<h3 class=\"elementor-heading-title elementor-size-default\">20 de setembro<\/h3>\t\t\t\t<\/div>\n\t\t\t\t<div class=\"elementor-element elementor-element-4faaac8 elementor-widget elementor-widget-heading\" data-id=\"4faaac8\" data-element_type=\"widget\" data-e-type=\"widget\" data-widget_type=\"heading.default\">\n\t\t\t\t\t<span class=\"elementor-heading-title elementor-size-default\">S\u00e1bado<\/span>\t\t\t\t<\/div>\n\t\t\t\t<div class=\"elementor-element elementor-element-ec7e9ec elementor-widget elementor-widget-text-editor\" data-id=\"ec7e9ec\" data-element_type=\"widget\" data-e-type=\"widget\" data-widget_type=\"text-editor.default\">\n\t\t\t\t\t\t\t\t\t<ul><li aria-level=\"1\"><span style=\"font-weight: 400;\">10:20h: <\/span><b>Cinema + Caf\u00e9 + Doces:<\/b><span style=\"font-weight: 400;\"> conversa informal e aberta ao p\u00fablico, com cineasta Nani Matos| <\/span><b>Loja dos Doces Conventuais .COME<\/b><\/li><li style=\"font-weight: 400;\" aria-level=\"1\"><span style=\"font-weight: 400;\">11:00h: Visita a locais de rodagem, visita livre \/ exteriores \/ <\/span><b>Serra da Freita<\/b><span style=\"font-weight: 400;\"> \/ Projeto: <\/span><b>Produce Your Film in Portugal<\/b><span style=\"font-weight: 400;\"> | Arouca<\/span><\/li><li style=\"font-weight: 400;\" aria-level=\"1\"><span style=\"font-weight: 400;\">15:00h: Visita Tur\u00edstica livre \/ <\/span><b>Passadi\u00e7os do Paiva<\/b><span style=\"font-weight: 400;\"> \/ Projeto: <\/span><b>Produce Your Film in Portugal<\/b><span style=\"font-weight: 400;\"> | Arouca<\/span><\/li><li style=\"font-weight: 400;\" aria-level=\"1\"><span style=\"font-weight: 400;\">16:00h: Visita Tur\u00edstica livre \/ <\/span><b>Ponte 516, Ponte Suspensa<\/b><span style=\"font-weight: 400;\"> \/ Projeto: <\/span><b>Produce Your Film in Portugal<\/b><span style=\"font-weight: 400;\"> | Arouca<\/span><\/li><li style=\"font-weight: 400;\" aria-level=\"1\"><span style=\"font-weight: 400;\">17:00h: <\/span><b>Proje\u00e7\u00e3o do filme vencedor da 23\u00aa edi\u00e7\u00e3o do AFF:<\/b><span style=\"font-weight: 400;\"> Proje\u00e7\u00e3o de filme | Loja Interativa de Turismo |<\/span> <span style=\"font-weight: 400;\">Arouca<\/span><\/li><\/ul>\t\t\t\t\t\t\t\t<\/div>\n\t\t\t\t<div class=\"elementor-element elementor-element-9719eac elementor-widget elementor-widget-heading\" data-id=\"9719eac\" data-element_type=\"widget\" data-e-type=\"widget\" data-widget_type=\"heading.default\">\n\t\t\t\t\t<span class=\"elementor-heading-title elementor-size-default\">Arouca<\/span>\t\t\t\t<\/div>\n\t\t\t\t<\/div>\n\t\t\t\t\t<\/div>\n\t\t\t\t<\/div>\n\t\t<div class=\"elementor-element elementor-element-9109ad7 e-flex e-con-boxed wpr-particle-no wpr-jarallax-no wpr-parallax-no wpr-sticky-section-no e-con e-parent\" data-id=\"9109ad7\" data-element_type=\"container\" data-e-type=\"container\">\n\t\t\t\t\t<div class=\"e-con-inner\">\n\t\t\t\t<div class=\"elementor-element elementor-element-039f20f elementor-widget elementor-widget-spacer\" data-id=\"039f20f\" data-element_type=\"widget\" data-e-type=\"widget\" data-widget_type=\"spacer.default\">\n\t\t\t\t\t\t\t<div class=\"elementor-spacer\">\n\t\t\t<div class=\"elementor-spacer-inner\"><\/div>\n\t\t<\/div>\n\t\t\t\t\t\t<\/div>\n\t\t\t\t<div class=\"elementor-element elementor-element-53708f8 elementor-widget elementor-widget-heading\" data-id=\"53708f8\" data-element_type=\"widget\" data-e-type=\"widget\" data-widget_type=\"heading.default\">\n\t\t\t\t\t<h3 class=\"elementor-heading-title elementor-size-default\">Filmes por Sess\u00f5es<\/h3>\t\t\t\t<\/div>\n\t\t\t\t<div class=\"elementor-element elementor-element-ffade95 elementor-widget elementor-widget-text-editor\" data-id=\"ffade95\" data-element_type=\"widget\" data-e-type=\"widget\" data-widget_type=\"text-editor.default\">\n\t\t\t\t\t\t\t\t\t<h4>Quarta-feira 10 | 10:30h | Angola \/ Luanda<\/h4><ul><li>SEFARAD | Lu\u00eds Ismael | 90\u00b4 | Fiction | Portugal<br \/>Quarta-feira 10 | 15:00h &#8211; 16:30h | Arouca \u2013 Loja Interativa<\/li><li>RED WIND | Vasilije Bujakovic, Filip Marojevic, Ljubica Blagojevic | 4\u00b4| Fiction |\u00a0Servia<\/li><li>ADI\u00d3S | \u00c1lvaro G. Company, Mario Hern\u00e1ndez | 13\u00b4 | Fiction | Spain<\/li><li>DOG TAGS | Soheil Arab | 3\u00b4 | Fiction | Iran<\/li><li>CARLITOS NARANJAS | Julia Motta Cardozo | 2\u00b4 | Anim. | Brasil<\/li><li>AL\u00c9M DO TERNO | Camila Taunay | 4\u00b4 | Anim. | Brasil<\/li><li>O MUNDO POR CARLITOS | Karine Itao Paulos | 4\u00b4 | Anim. | Brasil<\/li><li>CARMELA | Vicente Mallols | 14\u00b4 | Anim. | Spain<\/li><li>\u00a0I EXIST | Fatemeh Mokhtari | 11\u00b4 | Fiction | Iran<\/li><\/ul><h4>Quinta-feira 11 | 15:00h &#8211; 16:30h | Loja Interativa | Arouca<\/h4><ul><li>MEDUSAS | I\u00f1aki S\u00e1nchez Arrieta | 6\u00b4 | Fiction | Spain<\/li><li>PREDATOR | Javier Fesser | 8\u00b4 | Fiction | Spain<\/li><li>GARU Y PONKY | Cristhian Jallier | 11\u00b4 | Anim. | Spain<\/li><li>WHAT IS LEFT OF US | Diego Borges | 62\u00b4 | Fiction | Portugal<\/li><\/ul><h4>Sexta-feira 12 | 22:30h | Casa da Criatividade | SJM<\/h4><ul><li>PORTUGUESES | Vicente Alves do \u00d3 | 120\u00b4 | Fiction | Portugal<\/li><\/ul><h4>S\u00e1bado 13 | 14:40h \u00e0s 16:40h | Loja Interativa Turismo | Arouca<\/h4><ul><li>DONDE SE QUEJAN LOS PINOS | Ed Antoja | 11\u00b4 | Fiction | Spain<\/li><li>EL CASTING | Mar\u00eda Maganto Buitrago | 9\u00b4 | Fiction | Spain<\/li><li>RED | Elif Boyacioglu | 2\u00b4 | Anim. | Canada<\/li><li>BRIGHT | Caterina de Marchis O\u00f1ate, Ana Tirado S\u00e1ez-Bravo | 6\u00b4 | Anim. | Spain<\/li><li>ALUADO | Cla\u00fadio Jordao | 7\u00b4 | Anim. | Portugal<\/li><li>GUIOMAR | Jessyka Santos | 1\u00b4 | Exp. | Brasil<\/li><li>SOM DA ALMA | Luis Moya | 21\u00b4 | Doc. | Portugal<\/li><li>NINGU\u00c9M \u00c9 CAMPE\u00c3O SOZINHO | Elder Fraga | 80\u00b4 | Doc. | Brasil<\/li><\/ul><h4>Domingo 14 | 14:40h \u00e0s 16:50h | Loja Interativa Turismo | Arouca<\/h4><ul><li>BONITA | Albert Carb\u00f3, Eva Santana | 15\u00b4 | Fiction | Maiorca Spain<\/li><li>C\u00d2LERA | Jose Luis L\u00e1zaro | 10\u00b4 | Fiction | Spain<\/li><li>CAN\u00c7\u00c3O DA PACI\u00caNCIA | Pedro E. Semedo | 3\u00b4 | Video-Clip | Portugal<\/li><li>JAMUARY | Joaquim Pav\u00e3o | 4\u00b4 | V\u00eddeo-Clip | Portugal<\/li><li>PLANO B | Dorivaldo Cortez | 87\u00b4 | Fiction | Angola<\/li><\/ul><h4>Segunda-feira 15 | 15h | Loja Interativa Turismo | Arouca<\/h4><ul><li>ALGUIEN QUE S\u00cd | Veki Velilla | 10\u00b4 | Fiction | Spain<\/li><li>7 MINUTS AL PARAD\u00cdS | Victoria Aviny\u00f3 | 14\u00b4 | Fiction | Maiorca Spain<\/li><li>ANGIE | Josep Varo | 9\u00b4 | Fiction | Spain<\/li><\/ul><h4>Ter\u00e7a-feira 16 | 14:30h \u00e0s 16h | Loja Interativa Turismo | Arouca<\/h4><ul><li>DISPARO DE NIEVE | Guillermo Rodr\u00edguez Marruecos | 8\u00b4 | Fiction | Spain<\/li><li>A NEWLYWED STORY | Renu Razdan | 14\u00b4 | Fiction | USA<\/li><li>LA GENTE NO TIENE PRINCIPIOS | Helher Escribano | 6\u00b4 | Fiction | Spain<\/li><li>EVOLUA | Guilherme Ogura | 2\u00b4 | Anim. | Brasil<\/li><li>MASSAIA | Carlos Silva, Pedro Carvalho de Almeida, Helena Caspurro | 3\u00b4 |<br \/>Anim. | Portugal<\/li><li>A ALM\u00c9RIA DE LEONE | Paulo Fajardo | 53\u00b4 | Doc. | Portugal<\/li><\/ul><h4>Quarta-feira 17 | 14:30h \u00e0s 16h | Loja Interativa Turismo | Arouca | SJM<\/h4><ul><li>GOOD TRACK | Marco Pellegrino | 3\u00b4 | Video-Clip | Italy<\/li><li>PERSONAL JESUS | Pedro E. Semedo | 5\u00b4 | Video-Clip | Portugal<\/li><li>AMPHIBOLOS LITHOS | Valery Grysha | 9\u00b4 | Exp. | Ukrain<\/li><li>RHEUM | Xilindraw Lab. | 2\u00b4 | Anim. | Brasil<\/li><li>PERIQUITOS | Alex Rey | 6\u00b4 | Anim. | Spain<\/li><li>TRUE_IT.UA\/DEFENCE_TECH | Artem Burba | 75\u00b4 | Doc. | Ucrain<br \/>21:15h<\/li><li>QUEM \u00c9 O PAI DO MI\u00daDO? | Henrique \u201cDito\u201d Narciso | 90\u00b4 | Fiction | Angola<\/li><li>21:15h CINEMA UCRANIANO \/ FILME: CUPRESSUS \/ SJM Pa\u00e7os da<br \/>Cultura<\/li><\/ul><h4>Quinta-feira 18 | 14:30h \u00e0s 16:40h | Loja Interativa Turismo | Arouca<\/h4><ul><li>B203 | Manuel Rodriguez | 12\u00b4 | Fiction | Germany<\/li><li>SILENT NIGHT | Michael Cygan | 11\u00b4 | Fiction | United Kingdom<\/li><li>IRRELEVANTE | Joel Munu | 4\u00b4 | Fiction | Spain<\/li><li>LA MONTA\u00d1A T\u00d3XICA | Luis Miguel Ariza | 6\u00b4 | Doc. | Spain<\/li><li>A DIFFERENT GOAL | Marco Joubert | 3\u00b4 | Anim | Canada<\/li><li>RICORDI | Cindy Macedo e Vitor Taborda | 3\u00b4 | Anim. | Brasil<\/li><li>THE WOMAN AND THE CROSS | Arno Oehri | 80\u00b4 | Fiction | Liechtenstein<br \/>21:15h<\/li><li>A CAIXA | Carlos G. Rodrigues | 98\u00b4 | Fiction | Angola<\/li><\/ul><h4>Sexta-feira 19 | 14:30h \u00e0s 16h \/ 21:15h | Loja Interativa Turismo | Arouca<\/h4><ul><li>FEAR NOT FEAR ITSELF | Dawn Westlake | 5\u00b4 | Fiction | Los Angels USA<\/li><li>YOU GOT MY BACK? | Javier Fesser | 10\u00b4 | Fiction | Spain<\/li><li>THE SWEET PERFUME | Mohammadi Reza Mohammadi | 15\u00b4 | Fiction | Iran<\/li><li>21:15h | Vive e Deixa Andar | Miguel Cadilhe | Fiction | Portugal<\/li><\/ul><h4>S\u00e1bado 20 | 17h | Loja Interativa Turismo | Arouca<\/h4><ul><li>Proje\u00e7\u00e3o do filme vencedor da 23\u00aa edi\u00e7\u00e3o AFF<\/li><\/ul>\t\t\t\t\t\t\t\t<\/div>\n\t\t\t\t\t<\/div>\n\t\t\t\t<\/div>\n\t\t\t\t<section class=\"elementor-section elementor-top-section elementor-element elementor-element-df7c685 elementor-section-boxed elementor-section-height-default elementor-section-height-default wpr-particle-no wpr-jarallax-no wpr-parallax-no wpr-sticky-section-no\" data-id=\"df7c685\" data-element_type=\"section\" data-e-type=\"section\">\n\t\t\t\t\t\t<div class=\"elementor-container elementor-column-gap-default\">\n\t\t\t\t\t<div class=\"elementor-column elementor-col-100 elementor-top-column elementor-element elementor-element-6934574\" data-id=\"6934574\" data-element_type=\"column\" data-e-type=\"column\">\n\t\t\t<div class=\"elementor-widget-wrap elementor-element-populated\">\n\t\t\t\t\t\t<div class=\"elementor-element elementor-element-bf1ca36 elementor-widget elementor-widget-spacer\" data-id=\"bf1ca36\" data-element_type=\"widget\" data-e-type=\"widget\" data-widget_type=\"spacer.default\">\n\t\t\t\t\t\t\t<div class=\"elementor-spacer\">\n\t\t\t<div class=\"elementor-spacer-inner\"><\/div>\n\t\t<\/div>\n\t\t\t\t\t\t<\/div>\n\t\t\t\t<div class=\"elementor-element elementor-element-26853d5 elementor-widget elementor-widget-heading\" data-id=\"26853d5\" data-element_type=\"widget\" data-e-type=\"widget\" data-widget_type=\"heading.default\">\n\t\t\t\t\t<h3 class=\"elementor-heading-title elementor-size-default\">Programa Completo<\/h3>\t\t\t\t<\/div>\n\t\t\t\t<div class=\"elementor-element elementor-element-0453bc7 elementor-widget elementor-widget-text-editor\" data-id=\"0453bc7\" data-element_type=\"widget\" data-e-type=\"widget\" data-widget_type=\"text-editor.default\">\n\t\t\t\t\t\t\t\t\t<p><span style=\"font-weight: 400;\">10 de setembro | quarta-feira | Luanda | S. Jo\u00e3o da Madeira | Arouca<\/span><\/p><ul><li style=\"font-weight: 400;\" aria-level=\"1\"><span style=\"font-weight: 400;\">10:30h: <\/span><b>Dia do AFF (Portugal) em Luanda, Angola \/ <\/b><span style=\"font-weight: 400;\">Diamond Films | <\/span><b>Sess\u00e3o Competitiva Proje\u00e7\u00e3o de Filmes<\/b><span style=\"font-weight: 400;\"> | Luanda \/ Angola\u00a0<\/span><\/li><li style=\"font-weight: 400;\" aria-level=\"1\"><span style=\"font-weight: 400;\">14:30h: <\/span><b>O Cinema e a Liberdade na Ucr\u00e2nia \/ Associa\u00e7\u00e3o La\u00e7o Azul<\/b><span style=\"font-weight: 400;\"> | Porto<\/span><\/li><li style=\"font-weight: 400;\" aria-level=\"1\"><span style=\"font-weight: 400;\">15:00h \u00e0s 16:30h: <\/span><b>Sess\u00e3o Competitiva:<\/b><span style=\"font-weight: 400;\"> Proje\u00e7\u00e3o filmes competi\u00e7\u00e3o | Arouca | Loja Interativa de Turismo<\/span><\/li><li style=\"font-weight: 400;\" aria-level=\"1\"><span style=\"font-weight: 400;\">15:30h: <\/span><b>Visita \u00e0 produtora FILBOX com o cineasta Miguel Cadilhe<\/b><span style=\"font-weight: 400;\"> | Porto<\/span><\/li><li style=\"font-weight: 400;\" aria-level=\"1\"><span style=\"font-weight: 400;\">16:30h: <\/span><b>Conversa \u201cO futuro do Cinema Portugu\u00eas\u201d: cineasta Miguel Cadilhe e o cineasta Lu\u00eds Ismael:<\/b><span style=\"font-weight: 400;\">\u00a0 | Est\u00fadios LightBox | Porto<\/span><\/li><\/ul><p><span style=\"font-weight: 400;\">11 de setembro | quinta-feira | Luanda | S. Jo\u00e3o da Madeira | Arouca<\/span><\/p><ul><li style=\"font-weight: 400;\" aria-level=\"1\"><span style=\"font-weight: 400;\">11:30h: <\/span><b>Programa:<\/b> <b>O Cinema nas Escolas<\/b> <b>\/ <\/b><span style=\"font-weight: 400;\">A\u00e7\u00e3o de Promo\u00e7\u00e3o do Festival junto dos Alunos no centro de Arouca<\/span> <span style=\"font-weight: 400;\">em colabora\u00e7\u00e3o com<\/span><b> o PNA e PNC da ESA <\/b><span style=\"font-weight: 400;\">| ESA<\/span><\/li><li style=\"font-weight: 400;\" aria-level=\"1\"><span style=\"font-weight: 400;\">14:00h: <\/span><b>Dia do AFF (Portugal) em Luanda, Angola \/ <\/b><span style=\"font-weight: 400;\">Diamond Films | <\/span><b>Sess\u00e3o Competitiva Proje\u00e7\u00e3o de Filmes<\/b><span style=\"font-weight: 400;\"> | Luanda \/ Angola<\/span><\/li><li style=\"font-weight: 400;\" aria-level=\"1\"><span style=\"font-weight: 400;\">14:30h: <\/span><b>Visita Cultural \u201cOs Chap\u00e9u no Cinema\u201d \/ Museu da Chapelaria <\/b><span style=\"font-weight: 400;\">| S. Jo\u00e3o da Madeira<\/span><\/li><li style=\"font-weight: 400;\" aria-level=\"1\"><span style=\"font-weight: 400;\">15:00h \u00e0s 16:30h: <\/span><b>Sess\u00e3o Competitiva:<\/b><span style=\"font-weight: 400;\"> Proje\u00e7\u00e3o filmes competi\u00e7\u00e3o | Arouca | Loja Interativa de Turismo<\/span><\/li><\/ul><p><span style=\"font-weight: 400;\">12 de setembro | sexta-feira | S. Jo\u00e3o da Madeira | (Arouca) | Casa da Criatividade<\/span><\/p><ul><li style=\"font-weight: 400;\" aria-level=\"1\"><span style=\"font-weight: 400;\">09:45h: <\/span><b>Programa:<\/b> <b>O Cinema nas Escolas<\/b> <b>\/ Sess\u00e3o Competitiva \/ do filme A ALMERIA DE LEONE<\/b><span style=\"font-weight: 400;\">, em <\/span><b>colabora\u00e7\u00e3o com o Curso de Audiovisual e Multim\u00e9dia da ESA <\/b><span style=\"font-weight: 400;\">| ESA Arouca (em confirma\u00e7\u00e3o)<\/span><\/li><li style=\"font-weight: 400;\" aria-level=\"1\"><span style=\"font-weight: 400;\">15:30h: <\/span><b>Rece\u00e7\u00e3o no Porto cineasta Meritxell Valls<\/b><span style=\"font-weight: 400;\"> | Porto<\/span><\/li><li style=\"font-weight: 400;\" aria-level=\"1\"><span style=\"font-weight: 400;\">17:00h: <\/span><b>Visita ao \u201cFragmento do Muro de Berlim\u201d com Meritxell Valls<\/b><span style=\"font-weight: 400;\"> | S. Jo\u00e3o da Madeira<\/span><\/li><li style=\"font-weight: 400;\" aria-level=\"1\"><span style=\"font-weight: 400;\">17:30h: <\/span><b>Rece\u00e7\u00e3o na autarquia de SJM a Meritxell Valls<\/b><span style=\"font-weight: 400;\"> | Autarquia de S. Jo\u00e3o da Madeira<\/span><\/li><li style=\"font-weight: 400;\" aria-level=\"1\"><span style=\"font-weight: 400;\">18:15h: <\/span><b>Visita Cultural com cineasta Meritxell Valls<\/b><span style=\"font-weight: 400;\"> | Centro de Arte Oliva e Museu do Cal\u00e7ado | S. Jo\u00e3o da Madeira<\/span><\/li><li style=\"font-weight: 400;\" aria-level=\"1\"><span style=\"font-weight: 400;\">19:00h: <\/span><b>Jantar dos Realizadores<\/b><span style=\"font-weight: 400;\"> | S. Jo\u00e3o da Madeira<\/span><\/li><li style=\"font-weight: 400;\" aria-level=\"1\"><span style=\"font-weight: 400;\">20:20h: Abertura de Portas do festival \/ Casa da Criatividade<\/span><\/li><li style=\"font-weight: 400;\" aria-level=\"1\"><span style=\"font-weight: 400;\">20:30h: <\/span><b>Cerim\u00f3nia Abertura |<\/b><span style=\"font-weight: 400;\"> Rece\u00e7\u00e3o convidados | Casa da Criatividade<\/span><\/li><li style=\"font-weight: 400;\" aria-level=\"1\"><span style=\"font-weight: 400;\">20:40h: <\/span><b>Sess\u00e3o Fotogr\u00e1fica |<\/b><span style=\"font-weight: 400;\"> P\u00fablico e convidados especiais<\/span><\/li><li style=\"font-weight: 400;\" aria-level=\"1\"><span style=\"font-weight: 400;\">20:45h: <\/span><b>Prova de Doces Conventuais<\/b><span style=\"font-weight: 400;\"> \/ Loja dos doces Conventuais de Arouca .<\/span><b>come<\/b><\/li><\/ul><ul><li aria-level=\"1\"><span style=\"font-weight: 400;\">21:30h:<\/span><b> Momento Musical<\/b><\/li><li style=\"font-weight: 400;\" aria-level=\"1\"><span style=\"font-weight: 400;\">21:35h: <\/span><b>Discurso de abertura e Tert\u00falia cinematogr\u00e1fica: (a import\u00e2ncia de um filme realizado numa cidade)<\/b><span style=\"font-weight: 400;\"> Convidados | Casa da Criatividade<\/span><\/li><li style=\"font-weight: 400;\" aria-level=\"1\"><span style=\"font-weight: 400;\">21:20h: <\/span><b>Entrega do \u201cFOX AWARD\u201d \u00e0 Cineasta Meritxell Valls e lembran\u00e7as aos convidados<\/b><\/li><li style=\"font-weight: 400;\" aria-level=\"1\"><span style=\"font-weight: 400;\">22:25h: <\/span><b>Sess\u00e3o Competitiva de filmes |<\/b><span style=\"font-weight: 400;\"> Casa da Criatividade<\/span><\/li><li style=\"font-weight: 400;\" aria-level=\"1\"><span style=\"font-weight: 400;\">22:30h: Projeto <\/span><b>Cine S. Jo\u00e3o \/<\/b><span style=\"font-weight: 400;\"> Proje\u00e7\u00e3o do filme: <\/span><b>PORTUGUESES <\/b><span style=\"font-weight: 400;\">| Casa da Criatividade<\/span><\/li><\/ul><p><span style=\"font-weight: 400;\">13 de setembro | s\u00e1bado | Porto | Arouca \/ Loja Interativa de Turismo Arouca<\/span><\/p><ul><li style=\"font-weight: 400;\" aria-level=\"1\"><span style=\"font-weight: 400;\">10:00h: <\/span><b>Visita Cultural com cineasta Meritxell Valls<\/b><span style=\"font-weight: 400;\"> | CAO &#8211; Centro de Arte Oliva | S. Jo\u00e3o da Madeira<\/span><\/li><li style=\"font-weight: 400;\" aria-level=\"1\"><span style=\"font-weight: 400;\">11:00h: <\/span><b>Visita aos est\u00fadios da LIGHTBOX com a cineasta Meritxell Valls<\/b><span style=\"font-weight: 400;\"> | Porto<\/span><\/li><li style=\"font-weight: 400;\" aria-level=\"1\"><span style=\"font-weight: 400;\">11:30h: <\/span><b>Conversa \u201ccom Cinema\u201d: cineasta Meritxell Valls e o cineasta Lu\u00eds Ismael:<\/b><span style=\"font-weight: 400;\"> | Est\u00fadios LightBox| Porto<\/span><\/li><li style=\"font-weight: 400;\" aria-level=\"1\"><span style=\"font-weight: 400;\">14:40h: <\/span><b>Sess\u00e3o Competitiva de filmes:<\/b><span style=\"font-weight: 400;\"> Proje\u00e7\u00e3o | Loja Interativa de Turismo | Arouca<\/span><\/li><li style=\"font-weight: 400;\" aria-level=\"1\"><span style=\"font-weight: 400;\">15:00h: Visita ao local de realiza\u00e7\u00e3o do primeiro filme portugu\u00eas \u201c<\/span><b>Sa\u00edda do Pessoal Oper\u00e1rio da F\u00e1brica Confian\u00e7a<\/b><span style=\"font-weight: 400;\"> (1896)\u201d \/ <\/span><b>com a cineasta Meritxell Valls<\/b><span style=\"font-weight: 400;\"> | Porto<\/span><\/li><li style=\"font-weight: 400;\" aria-level=\"1\"><span style=\"font-weight: 400;\">17:15h: <\/span><b>Proje\u00e7\u00e3o filme \u201cECO\u201d <\/b><i><span style=\"font-weight: 400;\">(filme vencedor do pr\u00e9mio FOX\u201d Melhor Som\u201d<\/span><\/i> <span style=\"font-weight: 400;\">e conversa com a cineasta, <\/span><b>Meritxell Valls<\/b><span style=\"font-weight: 400;\"> \/ linguagem Ingl\u00eas + Espanhol | <\/span><b>OCA Hotels<\/b> <b>\/ Flores <\/b><span style=\"font-weight: 400;\">| Porto<\/span><\/li><li style=\"font-weight: 400;\" aria-level=\"1\"><span style=\"font-weight: 400;\">18:30h: <\/span><b>Prova de Doces Conventuais + Cinema<\/b><span style=\"font-weight: 400;\">, empresa: <\/span><b>Loja dos doces Conventuais de Arouca<\/b><span style=\"font-weight: 400;\"> .<\/span><b>come Conventuais <\/b><span style=\"font-weight: 400;\">| <\/span><b>OCA Hotels<\/b> <b>\/ Flores <\/b><span style=\"font-weight: 400;\">| Porto\u00a0<\/span><\/li><li style=\"font-weight: 400;\" aria-level=\"1\"><span style=\"font-weight: 400;\">19:00h: Visita aos antigos locais de realiza\u00e7\u00e3o dos filmes \u201cDouro Faina Fluvial\u201d (1931) e Aniki B\u00f3b\u00f3\u201d do cineasta Manoel de Oliveira (1942) \/ <\/span><b>com a cineasta Meritxell Valls<\/b><span style=\"font-weight: 400;\"> | Porto<\/span><\/li><li style=\"font-weight: 400;\" aria-level=\"1\"><span style=\"font-weight: 400;\">20:30h: <\/span><b>Prova de vinhos do Porto + conversa sobre cinema <\/b><span style=\"font-weight: 400;\">| Ribeira |<\/span> <span style=\"font-weight: 400;\">Porto <\/span><i><span style=\"font-weight: 400;\">(local a anunciar)<\/span><\/i><\/li><li style=\"font-weight: 400;\" aria-level=\"1\"><span style=\"font-weight: 400;\">21:315h: <\/span><b>Dia de Luanda \/ Angola em Arouca<\/b><span style=\"font-weight: 400;\"> | <\/span><b>Sess\u00e3o Competitiva Proje\u00e7\u00e3o de Filmes<\/b><span style=\"font-weight: 400;\"> | Loja Interativa \/ Arouca<\/span><\/li><\/ul><p><span style=\"font-weight: 400;\">14 de setembro | domingo | Arouca \/ Loja Interativa de Turismo Arouca<\/span><\/p><ul><li style=\"font-weight: 400;\" aria-level=\"1\"><span style=\"font-weight: 400;\">14:30h: <\/span><b>Doces Conventuais, Caf\u00e9 e o Cinema \/ conversa <\/b><span style=\"font-weight: 400;\">| | Arouca | Loja dos Doces Conventuais de Arouca<\/span><\/li><li style=\"font-weight: 400;\" aria-level=\"1\"><span style=\"font-weight: 400;\">15:15h \u00e0s 17:30h: <\/span><b>Sess\u00e3o Competitiva:<\/b><span style=\"font-weight: 400;\"> Proje\u00e7\u00e3o filmes competi\u00e7\u00e3o | Arouca | Loja Interativa<\/span><\/li><li style=\"font-weight: 400;\" aria-level=\"1\"><span style=\"font-weight: 400;\">15:20h: <\/span><b>Dia de Luanda \/ Angola em Arouca \/ <\/b><span style=\"font-weight: 400;\">Diamond Filmes | <\/span><b>Sess\u00e3o Competitiva Proje\u00e7\u00e3o de Filmes<\/b><span style=\"font-weight: 400;\"> | Loja Interativa \/ Arouca<\/span><\/li><li style=\"font-weight: 400;\" aria-level=\"1\"><span style=\"font-weight: 400;\">17:15h: <\/span><b>Proje\u00e7\u00e3o filmes em Competi\u00e7\u00e3o <\/b><span style=\"font-weight: 400;\">| <\/span><b>OCA Hotels<\/b> <b>\/ Flores <\/b><span style=\"font-weight: 400;\">| Porto<\/span><\/li><\/ul><p><span style=\"font-weight: 400;\">(Angie \u2013 9m \/ Bonita \u2013 15m \/ C\u00f3lera \u2013 10m \/ Dogg Tags &#8211; 3m \/ El Casting \u2013 9m \/ Evolua \u2013 2m \/ Predator \u2013 8m)<\/span><\/p><p><span style=\"font-weight: 400;\">15 de setembro | segunda | Arouca\u00a0<\/span><\/p><ul><li style=\"font-weight: 400;\" aria-level=\"1\"><span style=\"font-weight: 400;\">09:45h: <\/span><b>Programa:<\/b> <b>O Cinema nas Escolas<\/b> <b>\/ Sess\u00e3o Competitiva \/ proje\u00e7\u00e3o de filmes com os alunos da ESA Arouca:<\/b><span style=\"font-weight: 400;\"> Proje\u00e7\u00e3o filmes em competi\u00e7\u00e3o, em <\/span><b>colabora\u00e7\u00e3o com o PNA e PNC da ESA <\/b><span style=\"font-weight: 400;\">| Loja Interativa de Turismo (em confirma\u00e7\u00e3o)<\/span><\/li><li style=\"font-weight: 400;\" aria-level=\"1\"><span style=\"font-weight: 400;\">09:50h \u00e0s 12:00h: <\/span><b>Sess\u00e3o Competitiva:<\/b><span style=\"font-weight: 400;\"> Proje\u00e7\u00e3o filmes competi\u00e7\u00e3o | Arouca | Loja Interativa de Turismo<\/span><\/li><li style=\"font-weight: 400;\" aria-level=\"1\"><span style=\"font-weight: 400;\">14:45h \u00e0s 17:00h: <\/span><b>Sess\u00e3o Competitiva:<\/b><span style=\"font-weight: 400;\"> Proje\u00e7\u00e3o filmes competi\u00e7\u00e3o | Arouca | Loja Interativa de Turismo<\/span><\/li><\/ul><p><span style=\"font-weight: 400;\">16 de setembro | ter\u00e7a-feira | Arouca | S. Jo\u00e3o da Madeira<\/span><\/p><ul><li style=\"font-weight: 400;\" aria-level=\"1\"><span style=\"font-weight: 400;\">09:30h: <\/span><b>O Cinema nas Escolas \/<\/b> <b>Workshop: como construir um filme <\/b><span style=\"font-weight: 400;\">(Maria Adrover)<\/span> <span style=\"font-weight: 400;\">| Escola Secund\u00e1ria de Arouca \/ ESA (em confirma\u00e7\u00e3o)<\/span><\/li><li style=\"font-weight: 400;\" aria-level=\"1\"><span style=\"font-weight: 400;\">09:50h \u00e0s 12:00h: <\/span><b>Sess\u00e3o Competitiva:<\/b><span style=\"font-weight: 400;\"> Proje\u00e7\u00e3o filmes competi\u00e7\u00e3o | Arouca | Loja Interativa de Turismo<\/span><\/li><li style=\"font-weight: 400;\" aria-level=\"1\"><span style=\"font-weight: 400;\">14:45h: <\/span><b>Sess\u00e3o Competitiva:<\/b><span style=\"font-weight: 400;\"> Proje\u00e7\u00e3o filmes em competi\u00e7\u00e3o | Loja Interativa Turismo<\/span><\/li><li style=\"font-weight: 400;\" aria-level=\"1\"><span style=\"font-weight: 400;\">21:00h: <\/span><b>Sess\u00e3o Competitiva:<\/b><span style=\"font-weight: 400;\"> Proje\u00e7\u00e3o filmes em competi\u00e7\u00e3o | Loja Interativa<\/span><\/li><\/ul><p><span style=\"font-weight: 400;\">17 de setembro | quarta-feira | Arouca | S. Jo\u00e3o da Madeira<\/span><\/p><ul><li style=\"font-weight: 400;\" aria-level=\"1\"><span style=\"font-weight: 400;\">09:30h: <\/span><b>Programa:<\/b> <b>O Cinema nas Escolas<\/b> <b>\/ Sess\u00e3o Competitiva \/ proje\u00e7\u00e3o de filmes com os alunos da ESA Arouca:<\/b><span style=\"font-weight: 400;\"> Proje\u00e7\u00e3o filmes em competi\u00e7\u00e3o, em <\/span><b>colabora\u00e7\u00e3o com o PNA e PNC da ESA <\/b><span style=\"font-weight: 400;\">| ESA Arouca (em confirma\u00e7\u00e3o)<\/span><\/li><li style=\"font-weight: 400;\" aria-level=\"1\"><span style=\"font-weight: 400;\">09:50h \u00e0s 12:00h: <\/span><b>Sess\u00e3o Competitiva:<\/b><span style=\"font-weight: 400;\"> Proje\u00e7\u00e3o filmes competi\u00e7\u00e3o | Arouca | Loja Interativa de Turismo<\/span><\/li><li style=\"font-weight: 400;\" aria-level=\"1\"><span style=\"font-weight: 400;\">14:45h: <\/span><b>Sess\u00e3o Competitiva:<\/b><span style=\"font-weight: 400;\"> Proje\u00e7\u00e3o filmes em competi\u00e7\u00e3o | Loja Interativa<\/span><\/li><li style=\"font-weight: 400;\" aria-level=\"1\"><span style=\"font-weight: 400;\">17:30h: <\/span><b>Encontro com representantes ucranianos em Portugal<\/b><span style=\"font-weight: 400;\"> \/ Rece\u00e7\u00e3o na autarquia \/ <\/span><b>A Liberdade e o Cinema<\/b><span style=\"font-weight: 400;\"> | S. Jo\u00e3o da Madeira<\/span><\/li><li style=\"font-weight: 400;\" aria-level=\"1\"><span style=\"font-weight: 400;\">21:00h: <\/span><b>Sess\u00e3o Competitiva:<\/b><span style=\"font-weight: 400;\"> Proje\u00e7\u00e3o filmes em competi\u00e7\u00e3o | Loja Interativa Arouca<\/span><\/li><li style=\"font-weight: 400;\" aria-level=\"1\"><span style=\"font-weight: 400;\">21:15h: <\/span><b>Proje\u00e7\u00e3o de filme Ucraniano \u201cCUPRESSUS\u201d com debate:<\/b> <b>Associa\u00e7\u00e3o La\u00e7o Portugal Ucr\u00e2nia e presen\u00e7a do Embaixador Ucraniano<\/b><span style=\"font-weight: 400;\"> | S. Jo\u00e3o da Madeira \/ Pa\u00e7os da Cultura<\/span><\/li><\/ul><ol><li style=\"font-weight: 400;\" aria-level=\"1\"><span style=\"font-weight: 400;\">de setembro | quinta-feira | Arouca | ESA | S. Jo\u00e3o da Madeira<\/span><\/li><\/ol><ul><li style=\"font-weight: 400;\" aria-level=\"1\"><span style=\"font-weight: 400;\">10:00-12:00h: <\/span><b>Programa Educativo | Cinema na Escola PNA + PNC<\/b><span style=\"font-weight: 400;\"> | visualiza\u00e7\u00e3o e an\u00e1lise de filmes \/ Sess\u00e3o Competitiva extra | Escola Secund\u00e1ria Arouca (a confirmar).<\/span><\/li><li style=\"font-weight: 400;\" aria-level=\"1\"><span style=\"font-weight: 400;\">14:30h-15:30h: <\/span><b>O Cinema nas Escolas \/ Sess\u00e3o Debate <\/b><span style=\"font-weight: 400;\">| Agrupamento Escolas Oliveira J\u00fanior \/ SJM<\/span><\/li><li style=\"font-weight: 400;\" aria-level=\"1\"><span style=\"font-weight: 400;\">14:45h: <\/span><b>Sess\u00e3o Competitiva:<\/b><span style=\"font-weight: 400;\"> Proje\u00e7\u00e3o filmes em competi\u00e7\u00e3o | Loja Interativa<\/span><\/li><\/ul><p><span style=\"font-weight: 400;\">19 de setembro | sexta-feira | Arouca | ESA | SJM<\/span><\/p><ul><li style=\"font-weight: 400;\" aria-level=\"1\"><span style=\"font-weight: 400;\">09:45h: <\/span><b>Sess\u00e3o Competitiva:<\/b><span style=\"font-weight: 400;\"> Proje\u00e7\u00e3o filmes em competi\u00e7\u00e3o | Loja Interativa\u00a0<\/span><\/li><li style=\"font-weight: 400;\" aria-level=\"1\"><span style=\"font-weight: 400;\">10:20: <\/span><b>Programa Educativo | Cinema na Escola com cineasta Nani Matos<\/b><span style=\"font-weight: 400;\"> | ESA Arouca | Arouca\u00a0<\/span><\/li><li style=\"font-weight: 400;\" aria-level=\"1\"><span style=\"font-weight: 400;\">10:30: <\/span><b>Programa Educativo | Cinema na Escola | filme: Antes de Que se Po\u00f1a el Sol<\/b><span style=\"font-weight: 400;\"> | ESA Arouca | Arouca\u00a0<\/span><\/li><li style=\"font-weight: 400;\" aria-level=\"1\"><span style=\"font-weight: 400;\">11:30h: <\/span><b>Rece\u00e7\u00e3o na autarquia de Arouca \/ Cineasta Nani Matos<\/b><span style=\"font-weight: 400;\"> | Autarquia de Arouca<\/span><\/li><li style=\"font-weight: 400;\" aria-level=\"1\"><span style=\"font-weight: 400;\">12:15h: Visita a locais de rodagem do primeiro filme realizado em Arouca \u201c<\/span><b>Mulheres da Beira<\/b><span style=\"font-weight: 400;\"> (1921-1923)\u201d \/ <\/span><b>com o cineasta Nani Matos <\/b><span style=\"font-weight: 400;\">| Arouca<\/span><\/li><li aria-level=\"1\"><span style=\"font-weight: 400;\">14:30h: <\/span><b>Cinema, Caf\u00e9 e Doces:<\/b><span style=\"font-weight: 400;\"> conversa informal e aberta ao p\u00fablico, com cineasta Nani Matos e Miguel Cadilhe| <\/span><b>Loja dos Doces Conventuais .COME<\/b><\/li><li style=\"font-weight: 400;\" aria-level=\"1\"><span style=\"font-weight: 400;\">14:45h: <\/span><b>Sess\u00e3o Competitiva:<\/b><span style=\"font-weight: 400;\"> Proje\u00e7\u00e3o filmes em competi\u00e7\u00e3o | Loja Interativa<\/span><\/li><li style=\"font-weight: 400;\" aria-level=\"1\"><span style=\"font-weight: 400;\">15:30h: Visita livre, segunda parte \/ locais de rodagem do primeiro filme realizado em Arouca \u201c<\/span><b>Mulheres da Beira<\/b><span style=\"font-weight: 400;\"> (1921-1923)\u201d \/ <\/span><b>com o cineasta Nani Matos e o Cineasta Miguel Cadilhe <\/b><span style=\"font-weight: 400;\">| Arouca<\/span><\/li><li style=\"font-weight: 400;\" aria-level=\"1\"><span style=\"font-weight: 400;\">19:00h: <\/span><b>Jantar dos Realizadores <\/b><span style=\"font-weight: 400;\">(com inscri\u00e7\u00e3o)<\/span> <span style=\"font-weight: 400;\">| Arouca\u00a0<\/span><\/li><li style=\"font-weight: 400;\" aria-level=\"1\"><span style=\"font-weight: 400;\">20:35h: <\/span><b>Abertura de portas \/ rece\u00e7\u00e3o aos convidados<\/b><span style=\"font-weight: 400;\"> | Loja Interativa | Arouca<\/span><\/li><li style=\"font-weight: 400;\" aria-level=\"1\"><span style=\"font-weight: 400;\">20:45h: <\/span><b>Prova de Doces Conventuais<\/b><span style=\"font-weight: 400;\"> \/ Loja dos doces Conventuais de Arouca .<\/span><b>come<\/b><\/li><li style=\"font-weight: 400;\" aria-level=\"1\"><span style=\"font-weight: 400;\">21h15: <\/span><b>Inicio da<\/b> <b>Cerim\u00f3nia de encerramento<\/b> <b>do 23\u00ba Arouca Film Festival<\/b><\/li><\/ul><ul><li aria-level=\"1\"><span style=\"font-weight: 400;\">21:20h:<\/span><b> Performance Cultural \/ Momento Musical<\/b><\/li><li style=\"font-weight: 400;\" aria-level=\"1\"><span style=\"font-weight: 400;\">21:25h: <\/span><b>Entrega do \u201cFOX AWARD\u201d ao Cineasta Nani Matos<\/b><\/li><li style=\"font-weight: 400;\" aria-level=\"1\"><span style=\"font-weight: 400;\">21:35h: <\/span><b>Discursos de Encerramento<\/b> <b>e Tert\u00falia cinematogr\u00e1fica: (a import\u00e2ncia de um filme realizado numa cidade)<\/b><span style=\"font-weight: 400;\"> Convidados | Arouca<\/span><\/li><li style=\"font-weight: 400;\" aria-level=\"1\"><span style=\"font-weight: 400;\">22:20h: <\/span><b>Cerim\u00f3nia de Encerramento <\/b><span style=\"font-weight: 400;\">| An\u00fancio dos vencedores da 23\u00aa edi\u00e7\u00e3o<\/span><\/li><\/ul><p><span style=\"font-weight: 400;\">22:20h:<\/span><b> Proje\u00e7\u00e3o do filme de encerramento do 23\u00ba Arouca Film Festival | VIVE E DEIXA ANDAR<\/b><\/p><p><span style=\"font-weight: 400;\">21 de setembro | s\u00e1bado | Arouca<\/span><b><\/b><\/p><ul><li aria-level=\"1\"><span style=\"font-weight: 400;\">10:20h: <\/span><b>Cinema + Caf\u00e9 + Doces:<\/b><span style=\"font-weight: 400;\"> conversa informal e aberta ao p\u00fablico, com cineasta Nani Matos| <\/span><b>Loja dos Doces Conventuais .COME<\/b><\/li><li style=\"font-weight: 400;\" aria-level=\"1\"><span style=\"font-weight: 400;\">11:00h: Visita a locais de rodagem, visita livre \/ exteriores \/ <\/span><b>Serra da Freita<\/b><span style=\"font-weight: 400;\"> \/ Projeto: <\/span><b>Produce Your Film in Portugal<\/b><span style=\"font-weight: 400;\"> | Arouca<\/span><\/li><li style=\"font-weight: 400;\" aria-level=\"1\"><span style=\"font-weight: 400;\">15:00h: Visita Tur\u00edstica livre \/ <\/span><b>Passadi\u00e7os do Paiva<\/b><span style=\"font-weight: 400;\"> \/ Projeto: <\/span><b>Produce Your Film in Portugal<\/b><span style=\"font-weight: 400;\"> | Arouca<\/span><\/li><li style=\"font-weight: 400;\" aria-level=\"1\"><span style=\"font-weight: 400;\">16:00h: Visita Tur\u00edstica livre \/ <\/span><b>Ponte 516, Ponte Suspensa<\/b><span style=\"font-weight: 400;\"> \/ Projeto: <\/span><b>Produce Your Film in Portugal<\/b><span style=\"font-weight: 400;\"> | Arouca<\/span><\/li><li style=\"font-weight: 400;\" aria-level=\"1\"><span style=\"font-weight: 400;\">17:00h: <\/span><b>Proje\u00e7\u00e3o do filme vencedor da 23\u00aa edi\u00e7\u00e3o do AFF:<\/b><span style=\"font-weight: 400;\"> Proje\u00e7\u00e3o de filme | Loja Interativa de Turismo |<\/span> <span style=\"font-weight: 400;\">Arouca<\/span><\/li><\/ul><h3>\u00a0<\/h3>\t\t\t\t\t\t\t\t<\/div>\n\t\t\t\t\t<\/div>\n\t\t<\/div>\n\t\t\t\t\t<\/div>\n\t\t<\/section>\n\t\t\t\t<\/div>","protected":false},"excerpt":{"rendered":"<p>Programa Arouca Film Festival 2025 Aqui poder\u00e3o encontrar o programa completo do Arouca Filme Festival 2025, a sua 23\u00aa edi\u00e7\u00e3o. Participa! Lorem ipsum dolor sit amet, consectetur adipiscing elit. Ut elit tellus, luctus nec ullamcorper mattis, pulvinar dapibus leo. 10 de setembro Quarta-Feira 10:30h: Dia do AFF (Portugal) em Luanda, Angola \/ Diamond Films | Sess\u00e3o Competitiva Proje\u00e7\u00e3o de Filmes | Luanda \/ Angola\u00a0 14:30h: O Cinema e a Liberdade na Ucr\u00e2nia \/ Associa\u00e7\u00e3o La\u00e7o Azul | Porto 15:00h \u00e0s 16:30h: Sess\u00e3o Competitiva: Proje\u00e7\u00e3o filmes competi\u00e7\u00e3o | Arouca | Loja Interativa de Turismo 15:30h: Visita \u00e0 produtora FILBOX com o cineasta Miguel Cadilhe | Porto 16:30h: Conversa \u201cO futuro do Cinema Portugu\u00eas\u201d: cineasta Miguel Cadilhe e o cineasta Lu\u00eds Ismael:\u00a0 | Est\u00fadios LightBox | Porto Luanda | S. Jo\u00e3o da Madeira | Arouca 11 de setembro Quinta-Feira 11:30h: Programa: O Cinema nas Escolas \/ A\u00e7\u00e3o de Promo\u00e7\u00e3o do Festival junto dos Alunos no centro de Arouca em colabora\u00e7\u00e3o com o PNA e PNC da ESA | ESA 14:00h: Dia do AFF (Portugal) em Luanda, Angola \/ Diamond Films | Sess\u00e3o Competitiva Proje\u00e7\u00e3o de Filmes | Luanda \/ Angola 14:30h: Visita Cultural \u201cOs Chap\u00e9u no Cinema\u201d \/ Museu da Chapelaria | S. Jo\u00e3o da Madeira 15:00h \u00e0s 16:30h: Sess\u00e3o Competitiva: Proje\u00e7\u00e3o filmes competi\u00e7\u00e3o | Arouca | Loja Interativa de Turismo Luanda | S. Jo\u00e3o da Madeira | Arouca 12 de setembro Sexta-Feira 09:45h: Programa: O Cinema nas Escolas \/ Sess\u00e3o Competitiva \/ do filme A ALMERIA DE LEONE, em colabora\u00e7\u00e3o com o Curso de Audiovisual e Multim\u00e9dia da ESA | ESA Arouca (em confirma\u00e7\u00e3o) 15:30h: Rece\u00e7\u00e3o no Porto cineasta Meritxell Valls | Porto 17:00h: Visita ao \u201cFragmento do Muro de Berlim\u201d com Meritxell Valls | S. Jo\u00e3o da Madeira 17:30h: Rece\u00e7\u00e3o na autarquia de SJM a Meritxell Valls | Autarquia de S. Jo\u00e3o da Madeira 18:15h: Visita Cultural com cineasta Meritxell Valls | Centro de Arte Oliva e Museu do Cal\u00e7ado | S. Jo\u00e3o da Madeira 19:00h: Jantar dos Realizadores | S. Jo\u00e3o da Madeira 20:20h: Abertura de Portas do festival \/ Casa da Criatividade 20:30h: Cerim\u00f3nia Abertura | Rece\u00e7\u00e3o convidados | Casa da Criatividade 20:40h: Sess\u00e3o Fotogr\u00e1fica | P\u00fablico e convidados especiais 20:45h: Prova de Doces Conventuais \/ Loja dos doces Conventuais de Arouca .come 21:30h: Momento Musical 21:35h: Discurso de abertura e Tert\u00falia cinematogr\u00e1fica: (a import\u00e2ncia de um filme realizado numa cidade) Convidados | Casa da Criatividade 21:20h: Entrega do \u201cFOX AWARD\u201d \u00e0 Cineasta Meritxell Valls e lembran\u00e7as aos convidados 22:25h: Sess\u00e3o Competitiva de filmes | Casa da Criatividade 22:30h: Projeto Cine S. Jo\u00e3o \/ Proje\u00e7\u00e3o do filme: PORTUGUESES | Casa da Criatividade S. Jo\u00e3o da Madeira | Arouca | Casa da Criatividade 13 de setembro S\u00e1bado 10:00h: Visita Cultural com cineasta Meritxell Valls | CAO &#8211; Centro de Arte Oliva | S. Jo\u00e3o da Madeira 11:00h: Visita aos est\u00fadios da LIGHTBOX com a cineasta Meritxell Valls | Porto 11:30h: Conversa \u201ccom Cinema\u201d: cineasta Meritxell Valls e o cineasta Lu\u00eds Ismael: | Est\u00fadios LightBox| Porto 14:40h: Sess\u00e3o Competitiva de filmes: Proje\u00e7\u00e3o | Loja Interativa de Turismo | Arouca 15:00h: Visita ao local de realiza\u00e7\u00e3o do primeiro filme portugu\u00eas \u201cSa\u00edda do Pessoal Oper\u00e1rio da F\u00e1brica Confian\u00e7a (1896)\u201d \/ com a cineasta Meritxell Valls | Porto 17:15h: Proje\u00e7\u00e3o filme \u201cECO\u201d (filme vencedor do pr\u00e9mio FOX\u201d Melhor Som\u201d e conversa com a cineasta, Meritxell Valls \/ linguagem Ingl\u00eas + Espanhol | OCA Hotels \/ Flores | Porto 18:30h: Prova de Doces Conventuais + Cinema, empresa: Loja dos doces Conventuais de Arouca .come Conventuais | OCA Hotels \/ Flores | Porto\u00a0 19:00h: Visita aos antigos locais de realiza\u00e7\u00e3o dos filmes \u201cDouro Faina Fluvial\u201d (1931) e Aniki B\u00f3b\u00f3\u201d do cineasta Manoel de Oliveira (1942) \/ com a cineasta Meritxell Valls | Porto 20:30h: Prova de vinhos do Porto + conversa sobre cinema | Ribeira | Porto (local a anunciar) 21:315h: Dia de Luanda \/ Angola em Arouca | Sess\u00e3o Competitiva Proje\u00e7\u00e3o de Filmes | Loja Interativa \/ Arouca Porto | Arouca 14 de setembro Domingo 14:30h: Doces Conventuais, Caf\u00e9 e o Cinema \/ conversa | | Arouca | Loja dos Doces Conventuais de Arouca 15:15h \u00e0s 17:30h: Sess\u00e3o Competitiva: Proje\u00e7\u00e3o filmes competi\u00e7\u00e3o | Arouca | Loja Interativa 15:20h: Dia de Luanda \/ Angola em Arouca \/ Diamond Filmes | Sess\u00e3o Competitiva Proje\u00e7\u00e3o de Filmes | Loja Interativa \/ Arouca 17:15h: Proje\u00e7\u00e3o filmes em Competi\u00e7\u00e3o | OCA Hotels \/ Flores | Porto Arouca 15 de setembro Segunda-Feira 09:45h: Programa: O Cinema nas Escolas \/ Sess\u00e3o Competitiva \/ proje\u00e7\u00e3o de filmes com os alunos da ESA Arouca: Proje\u00e7\u00e3o filmes em competi\u00e7\u00e3o, em colabora\u00e7\u00e3o com o PNA e PNC da ESA | Loja Interativa de Turismo (em confirma\u00e7\u00e3o) 09:50h \u00e0s 12:00h: Sess\u00e3o Competitiva: Proje\u00e7\u00e3o filmes competi\u00e7\u00e3o | Arouca | Loja Interativa de Turismo 14:45h \u00e0s 17:00h: Sess\u00e3o Competitiva: Proje\u00e7\u00e3o filmes competi\u00e7\u00e3o | Arouca | Loja Interativa de Turismo Arouca 16 de setembro Ter\u00e7a-Feira 09:30h: O Cinema nas Escolas \/ Workshop: como construir um filme (Maria Adrover) | Escola Secund\u00e1ria de Arouca \/ ESA (em confirma\u00e7\u00e3o) 09:50h \u00e0s 12:00h: Sess\u00e3o Competitiva: Proje\u00e7\u00e3o filmes competi\u00e7\u00e3o | Arouca | Loja Interativa de Turismo 14:45h: Sess\u00e3o Competitiva: Proje\u00e7\u00e3o filmes em competi\u00e7\u00e3o | Loja Interativa Turismo 21:00h: Sess\u00e3o Competitiva: Proje\u00e7\u00e3o filmes em competi\u00e7\u00e3o | Loja Interativa Arouca | S\u00e3o Jo\u00e3o da Madeira 17 de setembro Quarta-Feira 09:30h: Programa: O Cinema nas Escolas \/ Sess\u00e3o Competitiva \/ proje\u00e7\u00e3o de filmes com os alunos da ESA Arouca: Proje\u00e7\u00e3o filmes em competi\u00e7\u00e3o, em colabora\u00e7\u00e3o com o PNA e PNC da ESA | ESA Arouca (em confirma\u00e7\u00e3o) 09:50h \u00e0s 12:00h: Sess\u00e3o Competitiva: Proje\u00e7\u00e3o filmes competi\u00e7\u00e3o | Arouca | Loja Interativa de Turismo 14:45h: Sess\u00e3o Competitiva: Proje\u00e7\u00e3o filmes em competi\u00e7\u00e3o | Loja Interativa 17:30h: Encontro com representantes ucranianos em Portugal \/ Rece\u00e7\u00e3o na autarquia \/ A Liberdade e o Cinema | S. Jo\u00e3o da Madeira 21:00h: Sess\u00e3o Competitiva: Proje\u00e7\u00e3o filmes em competi\u00e7\u00e3o | Loja Interativa Arouca 21:15h: Proje\u00e7\u00e3o de filme Ucraniano \u201cCUPRESSUS\u201d com debate: Associa\u00e7\u00e3o La\u00e7o Portugal Ucr\u00e2nia e presen\u00e7a do Embaixador Ucraniano | S. Jo\u00e3o da Madeira \/ Pa\u00e7os da Cultura Arouca | S\u00e3o Jo\u00e3o<\/p>","protected":false},"author":7,"featured_media":5678,"parent":5603,"menu_order":0,"comment_status":"closed","ping_status":"closed","template":"elementor_header_footer","meta":{"zakra_page_container_layout":"customizer","zakra_page_sidebar_layout":"customizer","zakra_remove_content_margin":false,"zakra_sidebar":"customizer","zakra_transparent_header":"customizer","zakra_logo":0,"zakra_main_header_style":"default","zakra_menu_item_color":"","zakra_menu_item_hover_color":"","zakra_menu_item_active_color":"","zakra_menu_active_style":"","zakra_page_header":false,"footnotes":""},"class_list":["post-5779","page","type-page","status-publish","has-post-thumbnail","hentry"],"yoast_head":"<!-- This site is optimized with the Yoast SEO plugin v27.2 - https:\/\/yoast.com\/product\/yoast-seo-wordpress\/ -->\n<title>Programa 2025 - Arouca Film Festival<\/title>\n<meta name=\"description\" content=\"Aqui poder\u00e3o encontrar o programa completo do Arouca Filme Festival 2025, a sua 23\u00aa edi\u00e7\u00e3o. Participa!\" \/>\n<meta name=\"robots\" content=\"index, follow, max-snippet:-1, max-image-preview:large, max-video-preview:-1\" \/>\n<link rel=\"canonical\" href=\"https:\/\/aroucafilmfestival.com\/en\/edicao-2025\/programa-aff-2025\/\" \/>\n<meta property=\"og:locale\" content=\"en_GB\" \/>\n<meta property=\"og:type\" content=\"article\" \/>\n<meta property=\"og:title\" content=\"Programa Arouca Film Festival 2025\" \/>\n<meta property=\"og:description\" content=\"Aqui poder\u00e3o encontrar o programa completo do Arouca Filme Festival 2025, a sua 23\u00aa edi\u00e7\u00e3o. Participa!\" \/>\n<meta property=\"og:url\" content=\"https:\/\/aroucafilmfestival.com\/en\/edicao-2025\/programa-aff-2025\/\" \/>\n<meta property=\"og:site_name\" content=\"Arouca Film Festival\" \/>\n<meta property=\"article:publisher\" content=\"https:\/\/www.facebook.com\/aroucafilmfestival\" \/>\n<meta property=\"article:modified_time\" content=\"2025-09-20T13:59:43+00:00\" \/>\n<meta property=\"og:image\" content=\"https:\/\/aroucafilmfestival.com\/wp-content\/uploads\/2025\/07\/AFF-Face-2025.jpeg\" \/>\n\t<meta property=\"og:image:width\" content=\"2048\" \/>\n\t<meta property=\"og:image:height\" content=\"858\" \/>\n\t<meta property=\"og:image:type\" content=\"image\/jpeg\" \/>\n<meta name=\"twitter:card\" content=\"summary_large_image\" \/>\n<meta name=\"twitter:title\" content=\"Programa Arouca Film Festival 2025\" \/>\n<meta name=\"twitter:description\" content=\"Aqui poder\u00e3o encontrar o programa completo do Arouca Filme Festival 2025, a sua 23\u00aa edi\u00e7\u00e3o. Participa!\" \/>\n<meta name=\"twitter:image\" content=\"https:\/\/aroucafilmfestival.com\/wp-content\/uploads\/2025\/07\/AFF-Face-2025.jpeg\" \/>\n<meta name=\"twitter:label1\" content=\"Estimated reading time\" \/>\n\t<meta name=\"twitter:data1\" content=\"21 minutes\" \/>\n<script type=\"application\/ld+json\" class=\"yoast-schema-graph\">{\"@context\":\"https:\/\/schema.org\",\"@graph\":[{\"@type\":\"WebPage\",\"@id\":\"https:\/\/aroucafilmfestival.com\/edicao-2025\/programa-aff-2025\/\",\"url\":\"https:\/\/aroucafilmfestival.com\/edicao-2025\/programa-aff-2025\/\",\"name\":\"Programa 2025 - Arouca Film Festival\",\"isPartOf\":{\"@id\":\"https:\/\/aroucafilmfestival.com\/#website\"},\"primaryImageOfPage\":{\"@id\":\"https:\/\/aroucafilmfestival.com\/edicao-2025\/programa-aff-2025\/#primaryimage\"},\"image\":{\"@id\":\"https:\/\/aroucafilmfestival.com\/edicao-2025\/programa-aff-2025\/#primaryimage\"},\"thumbnailUrl\":\"https:\/\/aroucafilmfestival.com\/wp-content\/uploads\/2025\/07\/AFF-Face-2025.jpeg\",\"datePublished\":\"2025-08-22T12:29:21+00:00\",\"dateModified\":\"2025-09-20T13:59:43+00:00\",\"description\":\"Aqui poder\u00e3o encontrar o programa completo do Arouca Filme Festival 2025, a sua 23\u00aa edi\u00e7\u00e3o. Participa!\",\"breadcrumb\":{\"@id\":\"https:\/\/aroucafilmfestival.com\/edicao-2025\/programa-aff-2025\/#breadcrumb\"},\"inLanguage\":\"en-GB\",\"potentialAction\":[{\"@type\":\"ReadAction\",\"target\":[\"https:\/\/aroucafilmfestival.com\/edicao-2025\/programa-aff-2025\/\"]}]},{\"@type\":\"ImageObject\",\"inLanguage\":\"en-GB\",\"@id\":\"https:\/\/aroucafilmfestival.com\/edicao-2025\/programa-aff-2025\/#primaryimage\",\"url\":\"https:\/\/aroucafilmfestival.com\/wp-content\/uploads\/2025\/07\/AFF-Face-2025.jpeg\",\"contentUrl\":\"https:\/\/aroucafilmfestival.com\/wp-content\/uploads\/2025\/07\/AFF-Face-2025.jpeg\",\"width\":2048,\"height\":858,\"caption\":\"Edi\u00e7\u00e3o 23 Arouca Film Festival\"},{\"@type\":\"BreadcrumbList\",\"@id\":\"https:\/\/aroucafilmfestival.com\/edicao-2025\/programa-aff-2025\/#breadcrumb\",\"itemListElement\":[{\"@type\":\"ListItem\",\"position\":1,\"name\":\"In\u00edcio\",\"item\":\"https:\/\/aroucafilmfestival.com\/\"},{\"@type\":\"ListItem\",\"position\":2,\"name\":\"Edi\u00e7\u00e3o 2025\",\"item\":\"https:\/\/aroucafilmfestival.com\/edicao-2025\/\"},{\"@type\":\"ListItem\",\"position\":3,\"name\":\"Programa 2025\"}]},{\"@type\":\"WebSite\",\"@id\":\"https:\/\/aroucafilmfestival.com\/#website\",\"url\":\"https:\/\/aroucafilmfestival.com\/\",\"name\":\"Arouca Film Festival\",\"description\":\"Portuguese Internacional Film Festival\",\"publisher\":{\"@id\":\"https:\/\/aroucafilmfestival.com\/#organization\"},\"potentialAction\":[{\"@type\":\"SearchAction\",\"target\":{\"@type\":\"EntryPoint\",\"urlTemplate\":\"https:\/\/aroucafilmfestival.com\/?s={search_term_string}\"},\"query-input\":{\"@type\":\"PropertyValueSpecification\",\"valueRequired\":true,\"valueName\":\"search_term_string\"}}],\"inLanguage\":\"en-GB\"},{\"@type\":\"Organization\",\"@id\":\"https:\/\/aroucafilmfestival.com\/#organization\",\"name\":\"Arouca Film Festival\",\"alternateName\":\"AFF\",\"url\":\"https:\/\/aroucafilmfestival.com\/\",\"logo\":{\"@type\":\"ImageObject\",\"inLanguage\":\"en-GB\",\"@id\":\"https:\/\/aroucafilmfestival.com\/#\/schema\/logo\/image\/\",\"url\":\"https:\/\/aroucafilmfestival.com\/wp-content\/uploads\/2021\/09\/TelaLIT_AFF_2021_3-scaled-e1631835841735.jpg\",\"contentUrl\":\"https:\/\/aroucafilmfestival.com\/wp-content\/uploads\/2021\/09\/TelaLIT_AFF_2021_3-scaled-e1631835841735.jpg\",\"width\":2560,\"height\":889,\"caption\":\"Arouca Film Festival\"},\"image\":{\"@id\":\"https:\/\/aroucafilmfestival.com\/#\/schema\/logo\/image\/\"},\"sameAs\":[\"https:\/\/www.facebook.com\/aroucafilmfestival\",\"https:\/\/www.instagram.com\/aroucafilmfestival_portugal\/\"]}]}<\/script>\n<!-- \/ Yoast SEO plugin. -->","yoast_head_json":{"title":"Programa 2025 - Arouca Film Festival","description":"Aqui poder\u00e3o encontrar o programa completo do Arouca Filme Festival 2025, a sua 23\u00aa edi\u00e7\u00e3o. Participa!","robots":{"index":"index","follow":"follow","max-snippet":"max-snippet:-1","max-image-preview":"max-image-preview:large","max-video-preview":"max-video-preview:-1"},"canonical":"https:\/\/aroucafilmfestival.com\/en\/edicao-2025\/programa-aff-2025\/","og_locale":"en_GB","og_type":"article","og_title":"Programa Arouca Film Festival 2025","og_description":"Aqui poder\u00e3o encontrar o programa completo do Arouca Filme Festival 2025, a sua 23\u00aa edi\u00e7\u00e3o. Participa!","og_url":"https:\/\/aroucafilmfestival.com\/en\/edicao-2025\/programa-aff-2025\/","og_site_name":"Arouca Film Festival","article_publisher":"https:\/\/www.facebook.com\/aroucafilmfestival","article_modified_time":"2025-09-20T13:59:43+00:00","og_image":[{"width":2048,"height":858,"url":"https:\/\/aroucafilmfestival.com\/wp-content\/uploads\/2025\/07\/AFF-Face-2025.jpeg","type":"image\/jpeg"}],"twitter_card":"summary_large_image","twitter_title":"Programa Arouca Film Festival 2025","twitter_description":"Aqui poder\u00e3o encontrar o programa completo do Arouca Filme Festival 2025, a sua 23\u00aa edi\u00e7\u00e3o. Participa!","twitter_image":"https:\/\/aroucafilmfestival.com\/wp-content\/uploads\/2025\/07\/AFF-Face-2025.jpeg","twitter_misc":{"Estimated reading time":"21 minutes"},"schema":{"@context":"https:\/\/schema.org","@graph":[{"@type":"WebPage","@id":"https:\/\/aroucafilmfestival.com\/edicao-2025\/programa-aff-2025\/","url":"https:\/\/aroucafilmfestival.com\/edicao-2025\/programa-aff-2025\/","name":"Programa 2025 - Arouca Film Festival","isPartOf":{"@id":"https:\/\/aroucafilmfestival.com\/#website"},"primaryImageOfPage":{"@id":"https:\/\/aroucafilmfestival.com\/edicao-2025\/programa-aff-2025\/#primaryimage"},"image":{"@id":"https:\/\/aroucafilmfestival.com\/edicao-2025\/programa-aff-2025\/#primaryimage"},"thumbnailUrl":"https:\/\/aroucafilmfestival.com\/wp-content\/uploads\/2025\/07\/AFF-Face-2025.jpeg","datePublished":"2025-08-22T12:29:21+00:00","dateModified":"2025-09-20T13:59:43+00:00","description":"Aqui poder\u00e3o encontrar o programa completo do Arouca Filme Festival 2025, a sua 23\u00aa edi\u00e7\u00e3o. Participa!","breadcrumb":{"@id":"https:\/\/aroucafilmfestival.com\/edicao-2025\/programa-aff-2025\/#breadcrumb"},"inLanguage":"en-GB","potentialAction":[{"@type":"ReadAction","target":["https:\/\/aroucafilmfestival.com\/edicao-2025\/programa-aff-2025\/"]}]},{"@type":"ImageObject","inLanguage":"en-GB","@id":"https:\/\/aroucafilmfestival.com\/edicao-2025\/programa-aff-2025\/#primaryimage","url":"https:\/\/aroucafilmfestival.com\/wp-content\/uploads\/2025\/07\/AFF-Face-2025.jpeg","contentUrl":"https:\/\/aroucafilmfestival.com\/wp-content\/uploads\/2025\/07\/AFF-Face-2025.jpeg","width":2048,"height":858,"caption":"Edi\u00e7\u00e3o 23 Arouca Film Festival"},{"@type":"BreadcrumbList","@id":"https:\/\/aroucafilmfestival.com\/edicao-2025\/programa-aff-2025\/#breadcrumb","itemListElement":[{"@type":"ListItem","position":1,"name":"In\u00edcio","item":"https:\/\/aroucafilmfestival.com\/"},{"@type":"ListItem","position":2,"name":"Edi\u00e7\u00e3o 2025","item":"https:\/\/aroucafilmfestival.com\/edicao-2025\/"},{"@type":"ListItem","position":3,"name":"Programa 2025"}]},{"@type":"WebSite","@id":"https:\/\/aroucafilmfestival.com\/#website","url":"https:\/\/aroucafilmfestival.com\/","name":"Arouca Film Festival","description":"Portuguese Internacional Film Festival","publisher":{"@id":"https:\/\/aroucafilmfestival.com\/#organization"},"potentialAction":[{"@type":"SearchAction","target":{"@type":"EntryPoint","urlTemplate":"https:\/\/aroucafilmfestival.com\/?s={search_term_string}"},"query-input":{"@type":"PropertyValueSpecification","valueRequired":true,"valueName":"search_term_string"}}],"inLanguage":"en-GB"},{"@type":"Organization","@id":"https:\/\/aroucafilmfestival.com\/#organization","name":"Arouca Film Festival","alternateName":"AFF","url":"https:\/\/aroucafilmfestival.com\/","logo":{"@type":"ImageObject","inLanguage":"en-GB","@id":"https:\/\/aroucafilmfestival.com\/#\/schema\/logo\/image\/","url":"https:\/\/aroucafilmfestival.com\/wp-content\/uploads\/2021\/09\/TelaLIT_AFF_2021_3-scaled-e1631835841735.jpg","contentUrl":"https:\/\/aroucafilmfestival.com\/wp-content\/uploads\/2021\/09\/TelaLIT_AFF_2021_3-scaled-e1631835841735.jpg","width":2560,"height":889,"caption":"Arouca Film Festival"},"image":{"@id":"https:\/\/aroucafilmfestival.com\/#\/schema\/logo\/image\/"},"sameAs":["https:\/\/www.facebook.com\/aroucafilmfestival","https:\/\/www.instagram.com\/aroucafilmfestival_portugal\/"]}]}},"_links":{"self":[{"href":"https:\/\/aroucafilmfestival.com\/en\/wp-json\/wp\/v2\/pages\/5779","targetHints":{"allow":["GET"]}}],"collection":[{"href":"https:\/\/aroucafilmfestival.com\/en\/wp-json\/wp\/v2\/pages"}],"about":[{"href":"https:\/\/aroucafilmfestival.com\/en\/wp-json\/wp\/v2\/types\/page"}],"author":[{"embeddable":true,"href":"https:\/\/aroucafilmfestival.com\/en\/wp-json\/wp\/v2\/users\/7"}],"replies":[{"embeddable":true,"href":"https:\/\/aroucafilmfestival.com\/en\/wp-json\/wp\/v2\/comments?post=5779"}],"version-history":[{"count":70,"href":"https:\/\/aroucafilmfestival.com\/en\/wp-json\/wp\/v2\/pages\/5779\/revisions"}],"predecessor-version":[{"id":6070,"href":"https:\/\/aroucafilmfestival.com\/en\/wp-json\/wp\/v2\/pages\/5779\/revisions\/6070"}],"up":[{"embeddable":true,"href":"https:\/\/aroucafilmfestival.com\/en\/wp-json\/wp\/v2\/pages\/5603"}],"wp:featuredmedia":[{"embeddable":true,"href":"https:\/\/aroucafilmfestival.com\/en\/wp-json\/wp\/v2\/media\/5678"}],"wp:attachment":[{"href":"https:\/\/aroucafilmfestival.com\/en\/wp-json\/wp\/v2\/media?parent=5779"}],"curies":[{"name":"wp","href":"https:\/\/api.w.org\/{rel}","templated":true}]}}