{"id":6081,"date":"2025-09-20T14:14:45","date_gmt":"2025-09-20T14:14:45","guid":{"rendered":"https:\/\/aroucafilmfestival.com\/?page_id=6081"},"modified":"2025-09-23T21:06:21","modified_gmt":"2025-09-23T21:06:21","slug":"vencedores-2025","status":"publish","type":"page","link":"https:\/\/aroucafilmfestival.com\/en\/edicao-2025\/vencedores-2025\/","title":{"rendered":"Vencedores Arouca Film Festival 2025"},"content":{"rendered":"<div data-elementor-type=\"wp-page\" data-elementor-id=\"6081\" class=\"elementor elementor-6081\">\n\t\t\t\t\t\t<section class=\"elementor-section elementor-top-section elementor-element elementor-element-ba72ed2 elementor-section-boxed elementor-section-height-default elementor-section-height-default wpr-particle-no wpr-jarallax-no wpr-parallax-no wpr-sticky-section-no\" data-id=\"ba72ed2\" data-element_type=\"section\" data-e-type=\"section\">\n\t\t\t\t\t\t<div class=\"elementor-container elementor-column-gap-default\">\n\t\t\t\t\t<div class=\"elementor-column elementor-col-100 elementor-top-column elementor-element elementor-element-51d4eba\" data-id=\"51d4eba\" data-element_type=\"column\" data-e-type=\"column\">\n\t\t\t<div class=\"elementor-widget-wrap elementor-element-populated\">\n\t\t\t\t\t\t<div class=\"elementor-element elementor-element-45b36ac elementor-widget elementor-widget-heading\" data-id=\"45b36ac\" data-element_type=\"widget\" data-e-type=\"widget\" data-widget_type=\"heading.default\">\n\t\t\t\t\t<h1 class=\"elementor-heading-title elementor-size-default\">Vencedores Arouca Film Festival 2025<\/h1>\t\t\t\t<\/div>\n\t\t\t\t<div class=\"elementor-element elementor-element-3db6706 elementor-widget elementor-widget-heading\" data-id=\"3db6706\" data-element_type=\"widget\" data-e-type=\"widget\" data-widget_type=\"heading.default\">\n\t\t\t\t\t<p class=\"elementor-heading-title elementor-size-default\">Conhe\u00e7a os vencedores da edi\u00e7\u00e3o 2025 do Arouca Film Festival, o principal festival de cinema independente em Portugal, com pr\u00e9mios para Melhor Filme, Realiza\u00e7\u00e3o, Argumento, entre outros.<\/p>\t\t\t\t<\/div>\n\t\t\t\t<div class=\"elementor-element elementor-element-a51ba72 elementor-widget elementor-widget-spacer\" data-id=\"a51ba72\" data-element_type=\"widget\" data-e-type=\"widget\" data-widget_type=\"spacer.default\">\n\t\t\t\t\t\t\t<div class=\"elementor-spacer\">\n\t\t\t<div class=\"elementor-spacer-inner\"><\/div>\n\t\t<\/div>\n\t\t\t\t\t\t<\/div>\n\t\t\t\t\t<\/div>\n\t\t<\/div>\n\t\t\t\t\t<\/div>\n\t\t<\/section>\n\t\t<div class=\"elementor-element elementor-element-ded4187 e-flex e-con-boxed wpr-particle-no wpr-jarallax-no wpr-parallax-no wpr-sticky-section-no e-con e-parent\" data-id=\"ded4187\" data-element_type=\"container\" data-e-type=\"container\">\n\t\t\t\t\t<div class=\"e-con-inner\">\n\t\t<div class=\"elementor-element elementor-element-380e198 e-con-full e-flex wpr-particle-no wpr-jarallax-no wpr-parallax-no wpr-sticky-section-no e-con e-child\" data-id=\"380e198\" data-element_type=\"container\" data-e-type=\"container\" data-settings=\"{&quot;background_background&quot;:&quot;gradient&quot;}\">\n\t\t\t\t<div class=\"elementor-element elementor-element-90188bb elementor-widget elementor-widget-heading\" data-id=\"90188bb\" data-element_type=\"widget\" data-e-type=\"widget\" data-widget_type=\"heading.default\">\n\t\t\t\t\t<h2 class=\"elementor-heading-title elementor-size-default\">Gold Fox<\/h2>\t\t\t\t<\/div>\n\t\t\t\t<div class=\"elementor-element elementor-element-5177cbf elementor-widget elementor-widget-heading\" data-id=\"5177cbf\" data-element_type=\"widget\" data-e-type=\"widget\" data-widget_type=\"heading.default\">\n\t\t\t\t\t<p class=\"elementor-heading-title elementor-size-default\">Melhor Filme do Festival \/ Best film of the Festival<\/p>\t\t\t\t<\/div>\n\t\t\t\t<div class=\"elementor-element elementor-element-8304ec8 elementor-widget elementor-widget-heading\" data-id=\"8304ec8\" data-element_type=\"widget\" data-e-type=\"widget\" data-widget_type=\"heading.default\">\n\t\t\t\t\t<h3 class=\"elementor-heading-title elementor-size-default\">ADI\u00d3S<\/h3>\t\t\t\t<\/div>\n\t\t\t\t<div class=\"elementor-element elementor-element-07b009a elementor-widget elementor-widget-image\" data-id=\"07b009a\" data-element_type=\"widget\" data-e-type=\"widget\" data-widget_type=\"image.default\">\n\t\t\t\t\t\t\t\t\t\t\t\t\t\t\t\t<a href=\"https:\/\/aroucafilmfestival.com\/wp-content\/uploads\/2025\/09\/Vencedores-AFF-2025-Best-Film-Curta-scaled.png\" data-elementor-open-lightbox=\"yes\" data-elementor-lightbox-title=\"ADI\u00d3S | \u00c1lvaro G. Company, Mario Hern\u00e1ndez | Spain\u200b\" data-elementor-lightbox-description=\"ADI\u00d3S | \u00c1lvaro G. Company, Mario Hern\u00e1ndez | Spain\u200b\" data-e-action-hash=\"#elementor-action%3Aaction%3Dlightbox%26settings%3DeyJpZCI6NjA5MSwidXJsIjoiaHR0cHM6XC9cL2Fyb3VjYWZpbG1mZXN0aXZhbC5jb21cL3dwLWNvbnRlbnRcL3VwbG9hZHNcLzIwMjVcLzA5XC9WZW5jZWRvcmVzLUFGRi0yMDI1LUJlc3QtRmlsbS1DdXJ0YS1zY2FsZWQucG5nIn0%3D\">\n\t\t\t\t\t\t\t<img fetchpriority=\"high\" decoding=\"async\" width=\"2560\" height=\"954\" src=\"https:\/\/aroucafilmfestival.com\/wp-content\/uploads\/2025\/09\/Vencedores-AFF-2025-Best-Film-Curta-scaled.png\" class=\"attachment-full size-full wp-image-6091\" alt=\"ADI\u00d3S | \u00c1lvaro G. Company, Mario Hern\u00e1ndez | Spain\u200b\" srcset=\"https:\/\/aroucafilmfestival.com\/wp-content\/uploads\/2025\/09\/Vencedores-AFF-2025-Best-Film-Curta-scaled.png 2560w, https:\/\/aroucafilmfestival.com\/wp-content\/uploads\/2025\/09\/Vencedores-AFF-2025-Best-Film-Curta-300x112.png 300w, https:\/\/aroucafilmfestival.com\/wp-content\/uploads\/2025\/09\/Vencedores-AFF-2025-Best-Film-Curta-1024x382.png 1024w, https:\/\/aroucafilmfestival.com\/wp-content\/uploads\/2025\/09\/Vencedores-AFF-2025-Best-Film-Curta-768x286.png 768w, https:\/\/aroucafilmfestival.com\/wp-content\/uploads\/2025\/09\/Vencedores-AFF-2025-Best-Film-Curta-1536x572.png 1536w, https:\/\/aroucafilmfestival.com\/wp-content\/uploads\/2025\/09\/Vencedores-AFF-2025-Best-Film-Curta-2048x763.png 2048w, https:\/\/aroucafilmfestival.com\/wp-content\/uploads\/2025\/09\/Vencedores-AFF-2025-Best-Film-Curta-18x7.png 18w\" sizes=\"(max-width: 2560px) 100vw, 2560px\" \/>\t\t\t\t\t\t\t\t<\/a>\n\t\t\t\t\t\t\t\t\t\t\t\t\t\t\t<\/div>\n\t\t\t\t<div class=\"elementor-element elementor-element-357ce3a elementor-widget elementor-widget-heading\" data-id=\"357ce3a\" data-element_type=\"widget\" data-e-type=\"widget\" data-widget_type=\"heading.default\">\n\t\t\t\t\t<p class=\"elementor-heading-title elementor-size-default\">\u00c1lvaro G. Company, Mario Hern\u00e1ndez | Spain<\/p>\t\t\t\t<\/div>\n\t\t\t\t<\/div>\n\t\t\t\t\t<\/div>\n\t\t\t\t<\/div>\n\t\t<div class=\"elementor-element elementor-element-b78e05a e-flex e-con-boxed wpr-particle-no wpr-jarallax-no wpr-parallax-no wpr-sticky-section-no e-con e-parent\" data-id=\"b78e05a\" data-element_type=\"container\" data-e-type=\"container\">\n\t\t\t\t\t<div class=\"e-con-inner\">\n\t\t\t\t<div class=\"elementor-element elementor-element-504bc6c elementor-widget elementor-widget-spacer\" data-id=\"504bc6c\" data-element_type=\"widget\" data-e-type=\"widget\" data-widget_type=\"spacer.default\">\n\t\t\t\t\t\t\t<div class=\"elementor-spacer\">\n\t\t\t<div class=\"elementor-spacer-inner\"><\/div>\n\t\t<\/div>\n\t\t\t\t\t\t<\/div>\n\t\t<div class=\"elementor-element elementor-element-f1f721f e-con-full e-flex wpr-particle-no wpr-jarallax-no wpr-parallax-no wpr-sticky-section-no e-con e-child\" data-id=\"f1f721f\" data-element_type=\"container\" data-e-type=\"container\" data-settings=\"{&quot;background_background&quot;:&quot;gradient&quot;}\">\n\t\t\t\t<div class=\"elementor-element elementor-element-fb83bf7 elementor-widget elementor-widget-heading\" data-id=\"fb83bf7\" data-element_type=\"widget\" data-e-type=\"widget\" data-widget_type=\"heading.default\">\n\t\t\t\t\t<h2 class=\"elementor-heading-title elementor-size-default\">Silver Fox<\/h2>\t\t\t\t<\/div>\n\t\t\t\t<div class=\"elementor-element elementor-element-ec48b1c elementor-widget elementor-widget-heading\" data-id=\"ec48b1c\" data-element_type=\"widget\" data-e-type=\"widget\" data-widget_type=\"heading.default\">\n\t\t\t\t\t<p class=\"elementor-heading-title elementor-size-default\">Segundo Melhor Filme do Festival \/ Second Best film of the Festival<\/p>\t\t\t\t<\/div>\n\t\t\t\t<div class=\"elementor-element elementor-element-af261b7 elementor-widget elementor-widget-heading\" data-id=\"af261b7\" data-element_type=\"widget\" data-e-type=\"widget\" data-widget_type=\"heading.default\">\n\t\t\t\t\t<h3 class=\"elementor-heading-title elementor-size-default\">CARMELA<\/h3>\t\t\t\t<\/div>\n\t\t\t\t<div class=\"elementor-element elementor-element-698e745 elementor-widget elementor-widget-image\" data-id=\"698e745\" data-element_type=\"widget\" data-e-type=\"widget\" data-widget_type=\"image.default\">\n\t\t\t\t\t\t\t\t\t\t\t\t\t\t\t\t<a href=\"https:\/\/aroucafilmfestival.com\/wp-content\/uploads\/2025\/09\/Vencedores-AFF-2025-2-Best-Film-Curta-CARMELA-scaled.jpg\" data-elementor-open-lightbox=\"yes\" data-elementor-lightbox-title=\"CARMELA | Vicente Mallols | Spain\u200b\" data-elementor-lightbox-description=\"CARMELA | Vicente Mallols | Spain\u200b\" data-e-action-hash=\"#elementor-action%3Aaction%3Dlightbox%26settings%3DeyJpZCI6NjA5MCwidXJsIjoiaHR0cHM6XC9cL2Fyb3VjYWZpbG1mZXN0aXZhbC5jb21cL3dwLWNvbnRlbnRcL3VwbG9hZHNcLzIwMjVcLzA5XC9WZW5jZWRvcmVzLUFGRi0yMDI1LTItQmVzdC1GaWxtLUN1cnRhLUNBUk1FTEEtc2NhbGVkLmpwZyJ9\">\n\t\t\t\t\t\t\t<img decoding=\"async\" width=\"2560\" height=\"954\" src=\"https:\/\/aroucafilmfestival.com\/wp-content\/uploads\/2025\/09\/Vencedores-AFF-2025-2-Best-Film-Curta-CARMELA-scaled.jpg\" class=\"attachment-full size-full wp-image-6090\" alt=\"CARMELA | Vicente Mallols | Spain\u200b\" srcset=\"https:\/\/aroucafilmfestival.com\/wp-content\/uploads\/2025\/09\/Vencedores-AFF-2025-2-Best-Film-Curta-CARMELA-scaled.jpg 2560w, https:\/\/aroucafilmfestival.com\/wp-content\/uploads\/2025\/09\/Vencedores-AFF-2025-2-Best-Film-Curta-CARMELA-300x112.jpg 300w, https:\/\/aroucafilmfestival.com\/wp-content\/uploads\/2025\/09\/Vencedores-AFF-2025-2-Best-Film-Curta-CARMELA-1024x382.jpg 1024w, https:\/\/aroucafilmfestival.com\/wp-content\/uploads\/2025\/09\/Vencedores-AFF-2025-2-Best-Film-Curta-CARMELA-768x286.jpg 768w, https:\/\/aroucafilmfestival.com\/wp-content\/uploads\/2025\/09\/Vencedores-AFF-2025-2-Best-Film-Curta-CARMELA-1536x572.jpg 1536w, https:\/\/aroucafilmfestival.com\/wp-content\/uploads\/2025\/09\/Vencedores-AFF-2025-2-Best-Film-Curta-CARMELA-2048x763.jpg 2048w, https:\/\/aroucafilmfestival.com\/wp-content\/uploads\/2025\/09\/Vencedores-AFF-2025-2-Best-Film-Curta-CARMELA-18x7.jpg 18w\" sizes=\"(max-width: 2560px) 100vw, 2560px\" \/>\t\t\t\t\t\t\t\t<\/a>\n\t\t\t\t\t\t\t\t\t\t\t\t\t\t\t<\/div>\n\t\t\t\t<div class=\"elementor-element elementor-element-b49e924 elementor-widget elementor-widget-heading\" data-id=\"b49e924\" data-element_type=\"widget\" data-e-type=\"widget\" data-widget_type=\"heading.default\">\n\t\t\t\t\t<p class=\"elementor-heading-title elementor-size-default\">Vicente Mallols | Spain<\/p>\t\t\t\t<\/div>\n\t\t\t\t<\/div>\n\t\t\t\t\t<\/div>\n\t\t\t\t<\/div>\n\t\t<div class=\"elementor-element elementor-element-4c9cd49 e-flex e-con-boxed wpr-particle-no wpr-jarallax-no wpr-parallax-no wpr-sticky-section-no e-con e-parent\" data-id=\"4c9cd49\" data-element_type=\"container\" data-e-type=\"container\">\n\t\t\t\t\t<div class=\"e-con-inner\">\n\t\t\t\t<div class=\"elementor-element elementor-element-ab01448 elementor-widget elementor-widget-spacer\" data-id=\"ab01448\" data-element_type=\"widget\" data-e-type=\"widget\" data-widget_type=\"spacer.default\">\n\t\t\t\t\t\t\t<div class=\"elementor-spacer\">\n\t\t\t<div class=\"elementor-spacer-inner\"><\/div>\n\t\t<\/div>\n\t\t\t\t\t\t<\/div>\n\t\t<div class=\"elementor-element elementor-element-53c8c0b e-con-full e-flex wpr-particle-no wpr-jarallax-no wpr-parallax-no wpr-sticky-section-no e-con e-child\" data-id=\"53c8c0b\" data-element_type=\"container\" data-e-type=\"container\" data-settings=\"{&quot;background_background&quot;:&quot;gradient&quot;}\">\n\t\t\t\t<div class=\"elementor-element elementor-element-d29f864 elementor-widget elementor-widget-heading\" data-id=\"d29f864\" data-element_type=\"widget\" data-e-type=\"widget\" data-widget_type=\"heading.default\">\n\t\t\t\t\t<h2 class=\"elementor-heading-title elementor-size-default\">Gold Fox - Long Film<\/h2>\t\t\t\t<\/div>\n\t\t\t\t<div class=\"elementor-element elementor-element-a499ffd elementor-widget elementor-widget-heading\" data-id=\"a499ffd\" data-element_type=\"widget\" data-e-type=\"widget\" data-widget_type=\"heading.default\">\n\t\t\t\t\t<p class=\"elementor-heading-title elementor-size-default\">Melhor Filme, LONGA-METRAGEM do Festival \/ Best LONG FILM of the Festival<\/p>\t\t\t\t<\/div>\n\t\t\t\t<div class=\"elementor-element elementor-element-74500f9 elementor-widget elementor-widget-heading\" data-id=\"74500f9\" data-element_type=\"widget\" data-e-type=\"widget\" data-widget_type=\"heading.default\">\n\t\t\t\t\t<h4 class=\"elementor-heading-title elementor-size-default\">PORTUGUESES<\/h4>\t\t\t\t<\/div>\n\t\t\t\t<div class=\"elementor-element elementor-element-ba6160d elementor-widget elementor-widget-image\" data-id=\"ba6160d\" data-element_type=\"widget\" data-e-type=\"widget\" data-widget_type=\"image.default\">\n\t\t\t\t\t\t\t\t\t\t\t\t\t\t\t\t<a href=\"https:\/\/aroucafilmfestival.com\/wp-content\/uploads\/2025\/09\/Vencedores-AFF-2025-Best-Film-Longa-PORTUGUESES-scaled.jpg\" data-elementor-open-lightbox=\"yes\" data-elementor-lightbox-title=\"SEFARAD | Lu\u00eds Ismael | Portugal\" data-elementor-lightbox-description=\"SEFARAD | Lu\u00eds Ismael | Portugal\" data-e-action-hash=\"#elementor-action%3Aaction%3Dlightbox%26settings%3DeyJpZCI6NjA4OSwidXJsIjoiaHR0cHM6XC9cL2Fyb3VjYWZpbG1mZXN0aXZhbC5jb21cL3dwLWNvbnRlbnRcL3VwbG9hZHNcLzIwMjVcLzA5XC9WZW5jZWRvcmVzLUFGRi0yMDI1LUJlc3QtRmlsbS1Mb25nYS1QT1JUVUdVRVNFUy1zY2FsZWQuanBnIn0%3D\">\n\t\t\t\t\t\t\t<img decoding=\"async\" width=\"2560\" height=\"954\" src=\"https:\/\/aroucafilmfestival.com\/wp-content\/uploads\/2025\/09\/Vencedores-AFF-2025-Best-Film-Longa-PORTUGUESES-scaled.jpg\" class=\"attachment-full size-full wp-image-6089\" alt=\"SEFARAD | Lu\u00eds Ismael | Portugal\" srcset=\"https:\/\/aroucafilmfestival.com\/wp-content\/uploads\/2025\/09\/Vencedores-AFF-2025-Best-Film-Longa-PORTUGUESES-scaled.jpg 2560w, https:\/\/aroucafilmfestival.com\/wp-content\/uploads\/2025\/09\/Vencedores-AFF-2025-Best-Film-Longa-PORTUGUESES-300x112.jpg 300w, https:\/\/aroucafilmfestival.com\/wp-content\/uploads\/2025\/09\/Vencedores-AFF-2025-Best-Film-Longa-PORTUGUESES-1024x382.jpg 1024w, https:\/\/aroucafilmfestival.com\/wp-content\/uploads\/2025\/09\/Vencedores-AFF-2025-Best-Film-Longa-PORTUGUESES-768x286.jpg 768w, https:\/\/aroucafilmfestival.com\/wp-content\/uploads\/2025\/09\/Vencedores-AFF-2025-Best-Film-Longa-PORTUGUESES-1536x572.jpg 1536w, https:\/\/aroucafilmfestival.com\/wp-content\/uploads\/2025\/09\/Vencedores-AFF-2025-Best-Film-Longa-PORTUGUESES-2048x763.jpg 2048w, https:\/\/aroucafilmfestival.com\/wp-content\/uploads\/2025\/09\/Vencedores-AFF-2025-Best-Film-Longa-PORTUGUESES-18x7.jpg 18w\" sizes=\"(max-width: 2560px) 100vw, 2560px\" \/>\t\t\t\t\t\t\t\t<\/a>\n\t\t\t\t\t\t\t\t\t\t\t\t\t\t\t<\/div>\n\t\t\t\t<div class=\"elementor-element elementor-element-5aad2b4 elementor-widget elementor-widget-heading\" data-id=\"5aad2b4\" data-element_type=\"widget\" data-e-type=\"widget\" data-widget_type=\"heading.default\">\n\t\t\t\t\t<p class=\"elementor-heading-title elementor-size-default\">Vicente Alves do \u00d3 | Portugal<\/p>\t\t\t\t<\/div>\n\t\t\t\t<\/div>\n\t\t\t\t\t<\/div>\n\t\t\t\t<\/div>\n\t\t<div class=\"elementor-element elementor-element-1080a6a e-flex e-con-boxed wpr-particle-no wpr-jarallax-no wpr-parallax-no wpr-sticky-section-no e-con e-parent\" data-id=\"1080a6a\" data-element_type=\"container\" data-e-type=\"container\">\n\t\t\t\t\t<div class=\"e-con-inner\">\n\t\t\t\t<div class=\"elementor-element elementor-element-000d422 elementor-widget elementor-widget-spacer\" data-id=\"000d422\" data-element_type=\"widget\" data-e-type=\"widget\" data-widget_type=\"spacer.default\">\n\t\t\t\t\t\t\t<div class=\"elementor-spacer\">\n\t\t\t<div class=\"elementor-spacer-inner\"><\/div>\n\t\t<\/div>\n\t\t\t\t\t\t<\/div>\n\t\t<div class=\"elementor-element elementor-element-49e294b e-con-full e-flex wpr-particle-no wpr-jarallax-no wpr-parallax-no wpr-sticky-section-no e-con e-child\" data-id=\"49e294b\" data-element_type=\"container\" data-e-type=\"container\" data-settings=\"{&quot;background_background&quot;:&quot;gradient&quot;}\">\n\t\t\t\t<div class=\"elementor-element elementor-element-3570d0f elementor-widget elementor-widget-heading\" data-id=\"3570d0f\" data-element_type=\"widget\" data-e-type=\"widget\" data-widget_type=\"heading.default\">\n\t\t\t\t\t<h2 class=\"elementor-heading-title elementor-size-default\">Silver Fox - Long Film<\/h2>\t\t\t\t<\/div>\n\t\t\t\t<div class=\"elementor-element elementor-element-ffe6390 elementor-widget elementor-widget-heading\" data-id=\"ffe6390\" data-element_type=\"widget\" data-e-type=\"widget\" data-widget_type=\"heading.default\">\n\t\t\t\t\t<p class=\"elementor-heading-title elementor-size-default\">Second Best Long Film of the Festival \/ Segundo Melhor Filme do Festival<\/p>\t\t\t\t<\/div>\n\t\t\t\t<div class=\"elementor-element elementor-element-b57a88f elementor-widget elementor-widget-heading\" data-id=\"b57a88f\" data-element_type=\"widget\" data-e-type=\"widget\" data-widget_type=\"heading.default\">\n\t\t\t\t\t<h3 class=\"elementor-heading-title elementor-size-default\">SEFARAD<\/h3>\t\t\t\t<\/div>\n\t\t\t\t<div class=\"elementor-element elementor-element-7213247 elementor-widget elementor-widget-image\" data-id=\"7213247\" data-element_type=\"widget\" data-e-type=\"widget\" data-widget_type=\"image.default\">\n\t\t\t\t\t\t\t\t\t\t\t\t\t\t\t\t<a href=\"https:\/\/aroucafilmfestival.com\/wp-content\/uploads\/2025\/09\/Vencedores-AFF-2025-Best-Film-Longa-SEFARAD-scaled.jpg\" data-elementor-open-lightbox=\"yes\" data-elementor-lightbox-title=\"C\u00d2LERA | Jose Luis L\u00e1zaro | Spain\" data-elementor-lightbox-description=\"C\u00d2LERA | Jose Luis L\u00e1zaro | Spain\" data-e-action-hash=\"#elementor-action%3Aaction%3Dlightbox%26settings%3DeyJpZCI6NjA5MiwidXJsIjoiaHR0cHM6XC9cL2Fyb3VjYWZpbG1mZXN0aXZhbC5jb21cL3dwLWNvbnRlbnRcL3VwbG9hZHNcLzIwMjVcLzA5XC9WZW5jZWRvcmVzLUFGRi0yMDI1LUJlc3QtRmlsbS1Mb25nYS1TRUZBUkFELXNjYWxlZC5qcGcifQ%3D%3D\">\n\t\t\t\t\t\t\t<img loading=\"lazy\" decoding=\"async\" width=\"2560\" height=\"954\" src=\"https:\/\/aroucafilmfestival.com\/wp-content\/uploads\/2025\/09\/Vencedores-AFF-2025-Best-Film-Longa-SEFARAD-scaled.jpg\" class=\"attachment-full size-full wp-image-6092\" alt=\"C\u00d2LERA | Jose Luis L\u00e1zaro | Spain\" srcset=\"https:\/\/aroucafilmfestival.com\/wp-content\/uploads\/2025\/09\/Vencedores-AFF-2025-Best-Film-Longa-SEFARAD-scaled.jpg 2560w, https:\/\/aroucafilmfestival.com\/wp-content\/uploads\/2025\/09\/Vencedores-AFF-2025-Best-Film-Longa-SEFARAD-300x112.jpg 300w, https:\/\/aroucafilmfestival.com\/wp-content\/uploads\/2025\/09\/Vencedores-AFF-2025-Best-Film-Longa-SEFARAD-1024x382.jpg 1024w, https:\/\/aroucafilmfestival.com\/wp-content\/uploads\/2025\/09\/Vencedores-AFF-2025-Best-Film-Longa-SEFARAD-768x286.jpg 768w, https:\/\/aroucafilmfestival.com\/wp-content\/uploads\/2025\/09\/Vencedores-AFF-2025-Best-Film-Longa-SEFARAD-1536x572.jpg 1536w, https:\/\/aroucafilmfestival.com\/wp-content\/uploads\/2025\/09\/Vencedores-AFF-2025-Best-Film-Longa-SEFARAD-2048x763.jpg 2048w, https:\/\/aroucafilmfestival.com\/wp-content\/uploads\/2025\/09\/Vencedores-AFF-2025-Best-Film-Longa-SEFARAD-18x7.jpg 18w\" sizes=\"(max-width: 2560px) 100vw, 2560px\" \/>\t\t\t\t\t\t\t\t<\/a>\n\t\t\t\t\t\t\t\t\t\t\t\t\t\t\t<\/div>\n\t\t\t\t<div class=\"elementor-element elementor-element-8869569 elementor-widget elementor-widget-heading\" data-id=\"8869569\" data-element_type=\"widget\" data-e-type=\"widget\" data-widget_type=\"heading.default\">\n\t\t\t\t\t<p class=\"elementor-heading-title elementor-size-default\">Lu\u00eds Ismael | Portugal<\/p>\t\t\t\t<\/div>\n\t\t\t\t<\/div>\n\t\t\t\t\t<\/div>\n\t\t\t\t<\/div>\n\t\t<div class=\"elementor-element elementor-element-af3fa4a e-flex e-con-boxed wpr-particle-no wpr-jarallax-no wpr-parallax-no wpr-sticky-section-no e-con e-parent\" data-id=\"af3fa4a\" data-element_type=\"container\" data-e-type=\"container\">\n\t\t\t\t\t<div class=\"e-con-inner\">\n\t\t\t\t<div class=\"elementor-element elementor-element-bc78d21 elementor-widget elementor-widget-spacer\" data-id=\"bc78d21\" data-element_type=\"widget\" data-e-type=\"widget\" data-widget_type=\"spacer.default\">\n\t\t\t\t\t\t\t<div class=\"elementor-spacer\">\n\t\t\t<div class=\"elementor-spacer-inner\"><\/div>\n\t\t<\/div>\n\t\t\t\t\t\t<\/div>\n\t\t<div class=\"elementor-element elementor-element-6ef44af e-con-full e-flex wpr-particle-no wpr-jarallax-no wpr-parallax-no wpr-sticky-section-no e-con e-child\" data-id=\"6ef44af\" data-element_type=\"container\" data-e-type=\"container\" data-settings=\"{&quot;background_background&quot;:&quot;gradient&quot;}\">\n\t\t\t\t<div class=\"elementor-element elementor-element-64ea756 elementor-widget elementor-widget-heading\" data-id=\"64ea756\" data-element_type=\"widget\" data-e-type=\"widget\" data-widget_type=\"heading.default\">\n\t\t\t\t\t<h2 class=\"elementor-heading-title elementor-size-default\">1 Audience Award<\/h2>\t\t\t\t<\/div>\n\t\t\t\t<div class=\"elementor-element elementor-element-a36ce55 elementor-widget elementor-widget-heading\" data-id=\"a36ce55\" data-element_type=\"widget\" data-e-type=\"widget\" data-widget_type=\"heading.default\">\n\t\t\t\t\t<p class=\"elementor-heading-title elementor-size-default\">1 Pr\u00e9mio do P\u00fablico \/ First Audience Award<\/p>\t\t\t\t<\/div>\n\t\t\t\t<div class=\"elementor-element elementor-element-4e9e411 elementor-widget elementor-widget-heading\" data-id=\"4e9e411\" data-element_type=\"widget\" data-e-type=\"widget\" data-widget_type=\"heading.default\">\n\t\t\t\t\t<h3 class=\"elementor-heading-title elementor-size-default\">NINGU\u00c9M \u00c9 CAMPE\u00c3O SOZINHO<\/h3>\t\t\t\t<\/div>\n\t\t\t\t<div class=\"elementor-element elementor-element-60f61d1 elementor-widget elementor-widget-image\" data-id=\"60f61d1\" data-element_type=\"widget\" data-e-type=\"widget\" data-widget_type=\"image.default\">\n\t\t\t\t\t\t\t\t\t\t\t\t\t\t\t\t<a href=\"https:\/\/aroucafilmfestival.com\/wp-content\/uploads\/2025\/09\/Vencedores-AFF-2025-Best-Film-LONGA-NINGUEM-E-CAMPEAO-PUBLICO-scaled.jpg\" data-elementor-open-lightbox=\"yes\" data-elementor-lightbox-title=\"Screenshot\" data-e-action-hash=\"#elementor-action%3Aaction%3Dlightbox%26settings%3DeyJpZCI6NjA5MywidXJsIjoiaHR0cHM6XC9cL2Fyb3VjYWZpbG1mZXN0aXZhbC5jb21cL3dwLWNvbnRlbnRcL3VwbG9hZHNcLzIwMjVcLzA5XC9WZW5jZWRvcmVzLUFGRi0yMDI1LUJlc3QtRmlsbS1MT05HQS1OSU5HVUVNLUUtQ0FNUEVBTy1QVUJMSUNPLXNjYWxlZC5qcGcifQ%3D%3D\">\n\t\t\t\t\t\t\t<img loading=\"lazy\" decoding=\"async\" width=\"2560\" height=\"954\" src=\"https:\/\/aroucafilmfestival.com\/wp-content\/uploads\/2025\/09\/Vencedores-AFF-2025-Best-Film-LONGA-NINGUEM-E-CAMPEAO-PUBLICO-scaled.jpg\" class=\"attachment-full size-full wp-image-6093\" alt=\"\" srcset=\"https:\/\/aroucafilmfestival.com\/wp-content\/uploads\/2025\/09\/Vencedores-AFF-2025-Best-Film-LONGA-NINGUEM-E-CAMPEAO-PUBLICO-scaled.jpg 2560w, https:\/\/aroucafilmfestival.com\/wp-content\/uploads\/2025\/09\/Vencedores-AFF-2025-Best-Film-LONGA-NINGUEM-E-CAMPEAO-PUBLICO-300x112.jpg 300w, https:\/\/aroucafilmfestival.com\/wp-content\/uploads\/2025\/09\/Vencedores-AFF-2025-Best-Film-LONGA-NINGUEM-E-CAMPEAO-PUBLICO-1024x382.jpg 1024w, https:\/\/aroucafilmfestival.com\/wp-content\/uploads\/2025\/09\/Vencedores-AFF-2025-Best-Film-LONGA-NINGUEM-E-CAMPEAO-PUBLICO-768x286.jpg 768w, https:\/\/aroucafilmfestival.com\/wp-content\/uploads\/2025\/09\/Vencedores-AFF-2025-Best-Film-LONGA-NINGUEM-E-CAMPEAO-PUBLICO-1536x572.jpg 1536w, https:\/\/aroucafilmfestival.com\/wp-content\/uploads\/2025\/09\/Vencedores-AFF-2025-Best-Film-LONGA-NINGUEM-E-CAMPEAO-PUBLICO-2048x763.jpg 2048w, https:\/\/aroucafilmfestival.com\/wp-content\/uploads\/2025\/09\/Vencedores-AFF-2025-Best-Film-LONGA-NINGUEM-E-CAMPEAO-PUBLICO-18x7.jpg 18w\" sizes=\"(max-width: 2560px) 100vw, 2560px\" \/>\t\t\t\t\t\t\t\t<\/a>\n\t\t\t\t\t\t\t\t\t\t\t\t\t\t\t<\/div>\n\t\t\t\t<div class=\"elementor-element elementor-element-60e4b92 elementor-widget elementor-widget-heading\" data-id=\"60e4b92\" data-element_type=\"widget\" data-e-type=\"widget\" data-widget_type=\"heading.default\">\n\t\t\t\t\t<p class=\"elementor-heading-title elementor-size-default\">Elder Fraga | Brasil<\/p>\t\t\t\t<\/div>\n\t\t\t\t<\/div>\n\t\t\t\t<div class=\"elementor-element elementor-element-0cb914a elementor-widget elementor-widget-spacer\" data-id=\"0cb914a\" data-element_type=\"widget\" data-e-type=\"widget\" data-widget_type=\"spacer.default\">\n\t\t\t\t\t\t\t<div class=\"elementor-spacer\">\n\t\t\t<div class=\"elementor-spacer-inner\"><\/div>\n\t\t<\/div>\n\t\t\t\t\t\t<\/div>\n\t\t\t\t\t<\/div>\n\t\t\t\t<\/div>\n\t\t<div class=\"elementor-element elementor-element-51c9604 e-flex e-con-boxed wpr-particle-no wpr-jarallax-no wpr-parallax-no wpr-sticky-section-no e-con e-parent\" data-id=\"51c9604\" data-element_type=\"container\" data-e-type=\"container\" data-settings=\"{&quot;background_background&quot;:&quot;classic&quot;}\">\n\t\t\t\t\t<div class=\"e-con-inner\">\n\t\t<div class=\"elementor-element elementor-element-f9b1d3f e-con-full e-flex wpr-particle-no wpr-jarallax-no wpr-parallax-no wpr-sticky-section-no e-con e-child\" data-id=\"f9b1d3f\" data-element_type=\"container\" data-e-type=\"container\" data-settings=\"{&quot;background_background&quot;:&quot;classic&quot;}\">\n\t\t\t\t<div class=\"elementor-element elementor-element-5332d1f elementor-widget elementor-widget-text-editor\" data-id=\"5332d1f\" data-element_type=\"widget\" data-e-type=\"widget\" data-widget_type=\"text-editor.default\">\n\t\t\t\t\t\t\t\t\t<section><p><strong>Best film of the Festival \u201cGold Fox\u201d<\/strong><br \/>Melhor Filme do Festival<br \/><strong>ADI\u00d3S | \u00c1lvaro G. Company, Mario Hern\u00e1ndez | Spain<\/strong><\/p><p><strong>Second Best Film of the Festival \u201cSilver Fox\u201d<\/strong><br \/>Segundo Melhor Filme do Festival<br \/><strong>CARMELA | Vicente Mallols | Spain<\/strong><\/p><p><strong>Best Fiction Film<\/strong><br \/>Melhor Filme Fic\u00e7\u00e3o<br \/><strong>C\u00d2LERA | Jose Luis L\u00e1zaro | Spain<\/strong><\/p><p><strong>Best Documentary Film<\/strong><br \/>Best Documentary Film<br \/><strong>SOM DA ALMA | Luis Moya | Portugal<\/strong><\/p><p><strong>Best Animation Film<\/strong><br \/>Melhor Filme Anima\u00e7\u00e3o<br \/><strong>CARMELA | Vicente Mallols | Spain<\/strong><\/p><p><strong>Best Videoclip Film<\/strong><br \/>Best Videoclip Film<br \/><strong>GOOD TRACK | Marco Pellegrino | Italy<\/strong><\/p><p><strong>Best Experimental Film<\/strong><br \/>Best Experimental Film<br \/><strong>GUIOMAR | Jessyka Santos | Brasil<\/strong><\/p><p><strong>Best Directing<\/strong><br \/>Melhor Realiza\u00e7\u00e3o<br \/><strong>ADI\u00d3S | \u00c1lvaro G. Company, Mario Hern\u00e1ndez | Spain<\/strong><\/p><p><strong>Best Script<\/strong><br \/>Best Argument<br \/><strong>PREDATOR | Javier Fesser | Spain<\/strong><\/p><p><strong>Best Photography<\/strong><br \/>Best Photography<br \/><strong>DONDE SE QUEJAN LOS PINOS | Ed Antoja | Spain<\/strong><\/p><p><strong>Best Edition<\/strong><br \/>Melhor Edi\u00e7\u00e3o<br \/><strong>SOM DA ALMA | Luis Moya | Portugal<\/strong><\/p><p><strong>Best Acting<\/strong><br \/>Melhor Representa\u00e7\u00e3o Lara Martorell<br \/><strong>ANGIE | Josep Varo | Spain<\/strong><\/p><p><strong>Best Sound<\/strong><br \/>Best Sound<br \/><strong>SILENT NIGHT | Michael Cygan | United Kingdom<\/strong><\/p><p><strong>1 Audience Award<\/strong><br \/>1 Pr\u00e9mio do P\u00fablico<br \/><strong>NINGU\u00c9M \u00c9 CAMPE\u00c3O SOZINHO | Elder Fraga | Brasil<\/strong><\/p><p><strong>2 Audience Award<\/strong><br \/>1 Pr\u00e9mio do P\u00fablico<br \/><strong>A NEWLYWED STORY | Renu Razdan | USA<\/strong><\/p><p><strong>Honorable Mention<\/strong><br \/>Honorable Mention<br \/><strong>MEDUSAS | I\u00f1aki S\u00e1nchez Arrieta | Spain<\/strong><\/p><p><strong>Honorable Mention<\/strong><br \/>Honorable Mention<br \/><strong>PERSONAL JESUS | Pedro E. Semedo | Portugal<\/strong><\/p><p><strong>Honorable Mention<\/strong><br \/>Honorable Mention<br \/><strong>BONITA | Albert Carb\u00f3, Eva Santana | Maiorca Spain<\/strong><\/p><p><strong>Honorable Mention<\/strong><br \/>Honorable Mention<br \/><strong>ANGIE | Josep Varo | Spain<\/strong><\/p><h3><span style=\"color: #000000;\"><strong>LONG FILMS<\/strong><\/span><\/h3><p><strong>Best LONG FILM of the Festival \u201cGold Fox\u201d<\/strong><br \/>Melhor Filme, LONGA-METRAGEM do Festival<br \/><strong>PORTUGUESES | Vicente Alves do \u00d3 | Portugal<\/strong><\/p><p><strong>Second Best Long Film of the Festival \u201cSilver Fox\u201d<\/strong><br \/>Segundo Melhor Filme do Festival<br \/><strong>SEFARAD | Lu\u00eds Ismael | Portugal<\/strong><\/p><p><strong>Best SOUND &#8211; Long Film<\/strong><br \/>Melhor Som &#8211; Longa metragem<br \/><strong>PORTUGUESES | Vicente Alves do \u00d3 | Portugal<\/strong><\/p><p><strong>Best ACTING &#8211; Long Film<\/strong><br \/>Melhor Representa\u00e7\u00e3o &#8211; Longa metragem<br \/><strong>A CAIXA | Carlos G. Rodrigues | Angola<\/strong><\/p><p><strong>Best EDITION &#8211; Long Film<\/strong><br \/>Melhor Edi\u00e7\u00e3o &#8211; Longa metragem<br \/><strong>A ALM\u00c9RIA DE LEONE | Paulo Fajardo | Portugal<\/strong><\/p><p><strong>Best PHOTOGRAPHY &#8211; Long Film<\/strong><br \/>Best Photography - Long Film<br \/><strong>SEFARAD | Lu\u00eds Ismael | Portugal<\/strong><\/p><p><strong>Best &#8211; SCRIPT Film<\/strong><br \/>Best Script - Long Film<br \/><strong>QUEM \u00c9 O PAI DO MI\u00daDO? | Henrique \u201cDito\u201d Narciso | Angola<\/strong><\/p><p><strong>Best &#8211; DIRECTING Film<\/strong><br \/>Melhor Realiza\u00e7\u00e3o &#8211; Longa metragem<\/p><p><strong>PORTUGUESES | Vicente Alves do \u00d3 | Portugal<\/strong><\/p><\/section>\t\t\t\t\t\t\t\t<\/div>\n\t\t\t\t<\/div>\n\t\t\t\t\t<\/div>\n\t\t\t\t<\/div>\n\t\t<div class=\"elementor-element elementor-element-f241792 e-flex e-con-boxed wpr-particle-no wpr-jarallax-no wpr-parallax-no wpr-sticky-section-no e-con e-parent\" data-id=\"f241792\" data-element_type=\"container\" data-e-type=\"container\">\n\t\t\t\t\t<div class=\"e-con-inner\">\n\t\t\t\t\t<\/div>\n\t\t\t\t<\/div>\n\t\t\t\t<\/div>","protected":false},"excerpt":{"rendered":"<p>Vencedores Arouca Film Festival 2025 Conhe\u00e7a os vencedores da edi\u00e7\u00e3o 2025 do Arouca Film Festival, o principal festival de cinema independente em Portugal, com pr\u00e9mios para Melhor Filme, Realiza\u00e7\u00e3o, Argumento, entre outros. Gold Fox Melhor Filme do Festival \/ Best film of the Festival ADI\u00d3S \u00c1lvaro G. Company, Mario Hern\u00e1ndez | Spain Silver Fox Segundo Melhor Filme do Festival \/ Second Best film of the Festival CARMELA Vicente Mallols | Spain Gold Fox &#8211; Long Film Melhor Filme, LONGA-METRAGEM do Festival \/ Best LONG FILM of the Festival PORTUGUESES Vicente Alves do \u00d3 | Portugal Silver Fox &#8211; Long Film Second Best Long Film of the Festival \/ Segundo Melhor Filme do Festival SEFARAD Lu\u00eds Ismael | Portugal 1 Audience Award 1 Pr\u00e9mio do P\u00fablico \/ First Audience Award NINGU\u00c9M \u00c9 CAMPE\u00c3O SOZINHO Elder Fraga | Brasil Best film of the Festival \u201cGold Fox\u201dMelhor Filme do FestivalADI\u00d3S | \u00c1lvaro G. Company, Mario Hern\u00e1ndez | Spain Second Best Film of the Festival \u201cSilver Fox\u201dSegundo Melhor Filme do FestivalCARMELA | Vicente Mallols | Spain Best Fiction FilmMelhor Filme Fic\u00e7\u00e3oC\u00d2LERA | Jose Luis L\u00e1zaro | Spain Best Documentary FilmMelhor Filme Document\u00e1rioSOM DA ALMA | Luis Moya | Portugal Best Animation FilmMelhor Filme Anima\u00e7\u00e3oCARMELA | Vicente Mallols | Spain Best Videoclip FilmMelhor VideoclipGOOD TRACK | Marco Pellegrino | Italy Best Experimental FilmMelhor Filme ExperimentalGUIOMAR | Jessyka Santos | Brasil Best DirectingMelhor Realiza\u00e7\u00e3oADI\u00d3S | \u00c1lvaro G. Company, Mario Hern\u00e1ndez | Spain Best ScriptMelhor ArgumentoPREDATOR | Javier Fesser | Spain Best PhotographyMelhor FotografiaDONDE SE QUEJAN LOS PINOS | Ed Antoja | Spain Best EditionMelhor Edi\u00e7\u00e3oSOM DA ALMA | Luis Moya | Portugal Best ActingMelhor Representa\u00e7\u00e3o Lara MartorellANGIE | Josep Varo | Spain Best SoundMelhor SomSILENT NIGHT | Michael Cygan | United Kingdom 1 Audience Award1 Pr\u00e9mio do P\u00fablicoNINGU\u00c9M \u00c9 CAMPE\u00c3O SOZINHO | Elder Fraga | Brasil 2 Audience Award1 Pr\u00e9mio do P\u00fablicoA NEWLYWED STORY | Renu Razdan | USA Honorable MentionMen\u00e7\u00e3o HonrosaMEDUSAS | I\u00f1aki S\u00e1nchez Arrieta | Spain Honorable MentionMen\u00e7\u00e3o HonrosaPERSONAL JESUS | Pedro E. Semedo | Portugal Honorable MentionMen\u00e7\u00e3o HonrosaBONITA | Albert Carb\u00f3, Eva Santana | Maiorca Spain Honorable MentionMen\u00e7\u00e3o HonrosaANGIE | Josep Varo | Spain LONG FILMS Best LONG FILM of the Festival \u201cGold Fox\u201dMelhor Filme, LONGA-METRAGEM do FestivalPORTUGUESES | Vicente Alves do \u00d3 | Portugal Second Best Long Film of the Festival \u201cSilver Fox\u201dSegundo Melhor Filme do FestivalSEFARAD | Lu\u00eds Ismael | Portugal Best SOUND &#8211; Long FilmMelhor Som &#8211; Longa metragemPORTUGUESES | Vicente Alves do \u00d3 | Portugal Best ACTING &#8211; Long FilmMelhor Representa\u00e7\u00e3o &#8211; Longa metragemA CAIXA | Carlos G. Rodrigues | Angola Best EDITION &#8211; Long FilmMelhor Edi\u00e7\u00e3o &#8211; Longa metragemA ALM\u00c9RIA DE LEONE | Paulo Fajardo | Portugal Best PHOTOGRAPHY &#8211; Long FilmMelhor Fotografia &#8211; Longa metragemSEFARAD | Lu\u00eds Ismael | Portugal Best &#8211; SCRIPT FilmMelhor Argumento &#8211; Longa metragemQUEM \u00c9 O PAI DO MI\u00daDO? | Henrique \u201cDito\u201d Narciso | Angola Best &#8211; DIRECTING FilmMelhor Realiza\u00e7\u00e3o &#8211; Longa metragem PORTUGUESES | Vicente Alves do \u00d3 | Portugal<\/p>","protected":false},"author":7,"featured_media":6091,"parent":5603,"menu_order":0,"comment_status":"closed","ping_status":"closed","template":"elementor_header_footer","meta":{"zakra_page_container_layout":"customizer","zakra_page_sidebar_layout":"customizer","zakra_remove_content_margin":false,"zakra_sidebar":"customizer","zakra_transparent_header":"customizer","zakra_logo":0,"zakra_main_header_style":"default","zakra_menu_item_color":"","zakra_menu_item_hover_color":"","zakra_menu_item_active_color":"","zakra_menu_active_style":"","zakra_page_header":false,"footnotes":""},"class_list":["post-6081","page","type-page","status-publish","has-post-thumbnail","hentry"],"yoast_head":"<!-- This site is optimized with the Yoast SEO plugin v27.2 - https:\/\/yoast.com\/product\/yoast-seo-wordpress\/ -->\n<title>Vencedores Arouca Film Festival 2025 - Arouca Film Festival<\/title>\n<meta name=\"description\" content=\"Conhe\u00e7a os vencedores da edi\u00e7\u00e3o 2025 do Arouca Film Festival, o principal festival de cinema independente em Portugal, com pr\u00e9mios para Melhor Filme, Realiza\u00e7\u00e3o, Argumento, entre outros.\u200b\" \/>\n<meta name=\"robots\" content=\"index, follow, max-snippet:-1, max-image-preview:large, max-video-preview:-1\" \/>\n<link rel=\"canonical\" href=\"https:\/\/aroucafilmfestival.com\/en\/edicao-2025\/vencedores-2025\/\" \/>\n<meta property=\"og:locale\" content=\"en_GB\" \/>\n<meta property=\"og:type\" content=\"article\" \/>\n<meta property=\"og:title\" content=\"Programa Arouca Film Festival 2025\" \/>\n<meta property=\"og:description\" content=\"Aqui poder\u00e3o encontrar o programa completo do Arouca Filme Festival 2025, a sua 23\u00aa edi\u00e7\u00e3o. Participa!\" \/>\n<meta property=\"og:url\" content=\"https:\/\/aroucafilmfestival.com\/en\/edicao-2025\/vencedores-2025\/\" \/>\n<meta property=\"og:site_name\" content=\"Arouca Film Festival\" \/>\n<meta property=\"article:publisher\" content=\"https:\/\/www.facebook.com\/aroucafilmfestival\" \/>\n<meta property=\"article:modified_time\" content=\"2025-09-23T21:06:21+00:00\" \/>\n<meta property=\"og:image\" content=\"https:\/\/aroucafilmfestival.com\/wp-content\/uploads\/2025\/07\/AFF-Face-2025.jpeg\" \/>\n\t<meta property=\"og:image:width\" content=\"2048\" \/>\n\t<meta property=\"og:image:height\" content=\"858\" \/>\n\t<meta property=\"og:image:type\" content=\"image\/jpeg\" \/>\n<meta name=\"twitter:card\" content=\"summary_large_image\" \/>\n<meta name=\"twitter:title\" content=\"Programa Arouca Film Festival 2025\" \/>\n<meta name=\"twitter:description\" content=\"Aqui poder\u00e3o encontrar o programa completo do Arouca Filme Festival 2025, a sua 23\u00aa edi\u00e7\u00e3o. Participa!\" \/>\n<meta name=\"twitter:image\" content=\"https:\/\/aroucafilmfestival.com\/wp-content\/uploads\/2025\/07\/AFF-Face-2025.jpeg\" \/>\n<meta name=\"twitter:label1\" content=\"Estimated reading time\" \/>\n\t<meta name=\"twitter:data1\" content=\"4 minutes\" \/>\n<script type=\"application\/ld+json\" class=\"yoast-schema-graph\">{\"@context\":\"https:\/\/schema.org\",\"@graph\":[{\"@type\":\"WebPage\",\"@id\":\"https:\/\/aroucafilmfestival.com\/edicao-2025\/vencedores-2025\/\",\"url\":\"https:\/\/aroucafilmfestival.com\/edicao-2025\/vencedores-2025\/\",\"name\":\"Vencedores Arouca Film Festival 2025 - Arouca Film Festival\",\"isPartOf\":{\"@id\":\"https:\/\/aroucafilmfestival.com\/#website\"},\"primaryImageOfPage\":{\"@id\":\"https:\/\/aroucafilmfestival.com\/edicao-2025\/vencedores-2025\/#primaryimage\"},\"image\":{\"@id\":\"https:\/\/aroucafilmfestival.com\/edicao-2025\/vencedores-2025\/#primaryimage\"},\"thumbnailUrl\":\"https:\/\/aroucafilmfestival.com\/wp-content\/uploads\/2025\/09\/Vencedores-AFF-2025-Best-Film-Curta-scaled.png\",\"datePublished\":\"2025-09-20T14:14:45+00:00\",\"dateModified\":\"2025-09-23T21:06:21+00:00\",\"description\":\"Conhe\u00e7a os vencedores da edi\u00e7\u00e3o 2025 do Arouca Film Festival, o principal festival de cinema independente em Portugal, com pr\u00e9mios para Melhor Filme, Realiza\u00e7\u00e3o, Argumento, entre outros.\u200b\",\"breadcrumb\":{\"@id\":\"https:\/\/aroucafilmfestival.com\/edicao-2025\/vencedores-2025\/#breadcrumb\"},\"inLanguage\":\"en-GB\",\"potentialAction\":[{\"@type\":\"ReadAction\",\"target\":[\"https:\/\/aroucafilmfestival.com\/edicao-2025\/vencedores-2025\/\"]}]},{\"@type\":\"ImageObject\",\"inLanguage\":\"en-GB\",\"@id\":\"https:\/\/aroucafilmfestival.com\/edicao-2025\/vencedores-2025\/#primaryimage\",\"url\":\"https:\/\/aroucafilmfestival.com\/wp-content\/uploads\/2025\/09\/Vencedores-AFF-2025-Best-Film-Curta-scaled.png\",\"contentUrl\":\"https:\/\/aroucafilmfestival.com\/wp-content\/uploads\/2025\/09\/Vencedores-AFF-2025-Best-Film-Curta-scaled.png\",\"width\":2560,\"height\":954,\"caption\":\"ADI\u00d3S | \u00c1lvaro G. Company, Mario Hern\u00e1ndez | Spain\u200b\"},{\"@type\":\"BreadcrumbList\",\"@id\":\"https:\/\/aroucafilmfestival.com\/edicao-2025\/vencedores-2025\/#breadcrumb\",\"itemListElement\":[{\"@type\":\"ListItem\",\"position\":1,\"name\":\"In\u00edcio\",\"item\":\"https:\/\/aroucafilmfestival.com\/\"},{\"@type\":\"ListItem\",\"position\":2,\"name\":\"Edi\u00e7\u00e3o 2025\",\"item\":\"https:\/\/aroucafilmfestival.com\/edicao-2025\/\"},{\"@type\":\"ListItem\",\"position\":3,\"name\":\"Vencedores Arouca Film Festival 2025\"}]},{\"@type\":\"WebSite\",\"@id\":\"https:\/\/aroucafilmfestival.com\/#website\",\"url\":\"https:\/\/aroucafilmfestival.com\/\",\"name\":\"Arouca Film Festival\",\"description\":\"Portuguese Internacional Film Festival\",\"publisher\":{\"@id\":\"https:\/\/aroucafilmfestival.com\/#organization\"},\"potentialAction\":[{\"@type\":\"SearchAction\",\"target\":{\"@type\":\"EntryPoint\",\"urlTemplate\":\"https:\/\/aroucafilmfestival.com\/?s={search_term_string}\"},\"query-input\":{\"@type\":\"PropertyValueSpecification\",\"valueRequired\":true,\"valueName\":\"search_term_string\"}}],\"inLanguage\":\"en-GB\"},{\"@type\":\"Organization\",\"@id\":\"https:\/\/aroucafilmfestival.com\/#organization\",\"name\":\"Arouca Film Festival\",\"alternateName\":\"AFF\",\"url\":\"https:\/\/aroucafilmfestival.com\/\",\"logo\":{\"@type\":\"ImageObject\",\"inLanguage\":\"en-GB\",\"@id\":\"https:\/\/aroucafilmfestival.com\/#\/schema\/logo\/image\/\",\"url\":\"https:\/\/aroucafilmfestival.com\/wp-content\/uploads\/2021\/09\/TelaLIT_AFF_2021_3-scaled-e1631835841735.jpg\",\"contentUrl\":\"https:\/\/aroucafilmfestival.com\/wp-content\/uploads\/2021\/09\/TelaLIT_AFF_2021_3-scaled-e1631835841735.jpg\",\"width\":2560,\"height\":889,\"caption\":\"Arouca Film Festival\"},\"image\":{\"@id\":\"https:\/\/aroucafilmfestival.com\/#\/schema\/logo\/image\/\"},\"sameAs\":[\"https:\/\/www.facebook.com\/aroucafilmfestival\",\"https:\/\/www.instagram.com\/aroucafilmfestival_portugal\/\"]}]}<\/script>\n<!-- \/ Yoast SEO plugin. -->","yoast_head_json":{"title":"Vencedores Arouca Film Festival 2025 - Arouca Film Festival","description":"Conhe\u00e7a os vencedores da edi\u00e7\u00e3o 2025 do Arouca Film Festival, o principal festival de cinema independente em Portugal, com pr\u00e9mios para Melhor Filme, Realiza\u00e7\u00e3o, Argumento, entre outros.\u200b","robots":{"index":"index","follow":"follow","max-snippet":"max-snippet:-1","max-image-preview":"max-image-preview:large","max-video-preview":"max-video-preview:-1"},"canonical":"https:\/\/aroucafilmfestival.com\/en\/edicao-2025\/vencedores-2025\/","og_locale":"en_GB","og_type":"article","og_title":"Programa Arouca Film Festival 2025","og_description":"Aqui poder\u00e3o encontrar o programa completo do Arouca Filme Festival 2025, a sua 23\u00aa edi\u00e7\u00e3o. Participa!","og_url":"https:\/\/aroucafilmfestival.com\/en\/edicao-2025\/vencedores-2025\/","og_site_name":"Arouca Film Festival","article_publisher":"https:\/\/www.facebook.com\/aroucafilmfestival","article_modified_time":"2025-09-23T21:06:21+00:00","og_image":[{"width":2048,"height":858,"url":"https:\/\/aroucafilmfestival.com\/wp-content\/uploads\/2025\/07\/AFF-Face-2025.jpeg","type":"image\/jpeg"}],"twitter_card":"summary_large_image","twitter_title":"Programa Arouca Film Festival 2025","twitter_description":"Aqui poder\u00e3o encontrar o programa completo do Arouca Filme Festival 2025, a sua 23\u00aa edi\u00e7\u00e3o. Participa!","twitter_image":"https:\/\/aroucafilmfestival.com\/wp-content\/uploads\/2025\/07\/AFF-Face-2025.jpeg","twitter_misc":{"Estimated reading time":"4 minutes"},"schema":{"@context":"https:\/\/schema.org","@graph":[{"@type":"WebPage","@id":"https:\/\/aroucafilmfestival.com\/edicao-2025\/vencedores-2025\/","url":"https:\/\/aroucafilmfestival.com\/edicao-2025\/vencedores-2025\/","name":"Vencedores Arouca Film Festival 2025 - Arouca Film Festival","isPartOf":{"@id":"https:\/\/aroucafilmfestival.com\/#website"},"primaryImageOfPage":{"@id":"https:\/\/aroucafilmfestival.com\/edicao-2025\/vencedores-2025\/#primaryimage"},"image":{"@id":"https:\/\/aroucafilmfestival.com\/edicao-2025\/vencedores-2025\/#primaryimage"},"thumbnailUrl":"https:\/\/aroucafilmfestival.com\/wp-content\/uploads\/2025\/09\/Vencedores-AFF-2025-Best-Film-Curta-scaled.png","datePublished":"2025-09-20T14:14:45+00:00","dateModified":"2025-09-23T21:06:21+00:00","description":"Conhe\u00e7a os vencedores da edi\u00e7\u00e3o 2025 do Arouca Film Festival, o principal festival de cinema independente em Portugal, com pr\u00e9mios para Melhor Filme, Realiza\u00e7\u00e3o, Argumento, entre outros.\u200b","breadcrumb":{"@id":"https:\/\/aroucafilmfestival.com\/edicao-2025\/vencedores-2025\/#breadcrumb"},"inLanguage":"en-GB","potentialAction":[{"@type":"ReadAction","target":["https:\/\/aroucafilmfestival.com\/edicao-2025\/vencedores-2025\/"]}]},{"@type":"ImageObject","inLanguage":"en-GB","@id":"https:\/\/aroucafilmfestival.com\/edicao-2025\/vencedores-2025\/#primaryimage","url":"https:\/\/aroucafilmfestival.com\/wp-content\/uploads\/2025\/09\/Vencedores-AFF-2025-Best-Film-Curta-scaled.png","contentUrl":"https:\/\/aroucafilmfestival.com\/wp-content\/uploads\/2025\/09\/Vencedores-AFF-2025-Best-Film-Curta-scaled.png","width":2560,"height":954,"caption":"ADI\u00d3S | \u00c1lvaro G. Company, Mario Hern\u00e1ndez | Spain\u200b"},{"@type":"BreadcrumbList","@id":"https:\/\/aroucafilmfestival.com\/edicao-2025\/vencedores-2025\/#breadcrumb","itemListElement":[{"@type":"ListItem","position":1,"name":"In\u00edcio","item":"https:\/\/aroucafilmfestival.com\/"},{"@type":"ListItem","position":2,"name":"Edi\u00e7\u00e3o 2025","item":"https:\/\/aroucafilmfestival.com\/edicao-2025\/"},{"@type":"ListItem","position":3,"name":"Vencedores Arouca Film Festival 2025"}]},{"@type":"WebSite","@id":"https:\/\/aroucafilmfestival.com\/#website","url":"https:\/\/aroucafilmfestival.com\/","name":"Arouca Film Festival","description":"Portuguese Internacional Film Festival","publisher":{"@id":"https:\/\/aroucafilmfestival.com\/#organization"},"potentialAction":[{"@type":"SearchAction","target":{"@type":"EntryPoint","urlTemplate":"https:\/\/aroucafilmfestival.com\/?s={search_term_string}"},"query-input":{"@type":"PropertyValueSpecification","valueRequired":true,"valueName":"search_term_string"}}],"inLanguage":"en-GB"},{"@type":"Organization","@id":"https:\/\/aroucafilmfestival.com\/#organization","name":"Arouca Film Festival","alternateName":"AFF","url":"https:\/\/aroucafilmfestival.com\/","logo":{"@type":"ImageObject","inLanguage":"en-GB","@id":"https:\/\/aroucafilmfestival.com\/#\/schema\/logo\/image\/","url":"https:\/\/aroucafilmfestival.com\/wp-content\/uploads\/2021\/09\/TelaLIT_AFF_2021_3-scaled-e1631835841735.jpg","contentUrl":"https:\/\/aroucafilmfestival.com\/wp-content\/uploads\/2021\/09\/TelaLIT_AFF_2021_3-scaled-e1631835841735.jpg","width":2560,"height":889,"caption":"Arouca Film Festival"},"image":{"@id":"https:\/\/aroucafilmfestival.com\/#\/schema\/logo\/image\/"},"sameAs":["https:\/\/www.facebook.com\/aroucafilmfestival","https:\/\/www.instagram.com\/aroucafilmfestival_portugal\/"]}]}},"_links":{"self":[{"href":"https:\/\/aroucafilmfestival.com\/en\/wp-json\/wp\/v2\/pages\/6081","targetHints":{"allow":["GET"]}}],"collection":[{"href":"https:\/\/aroucafilmfestival.com\/en\/wp-json\/wp\/v2\/pages"}],"about":[{"href":"https:\/\/aroucafilmfestival.com\/en\/wp-json\/wp\/v2\/types\/page"}],"author":[{"embeddable":true,"href":"https:\/\/aroucafilmfestival.com\/en\/wp-json\/wp\/v2\/users\/7"}],"replies":[{"embeddable":true,"href":"https:\/\/aroucafilmfestival.com\/en\/wp-json\/wp\/v2\/comments?post=6081"}],"version-history":[{"count":46,"href":"https:\/\/aroucafilmfestival.com\/en\/wp-json\/wp\/v2\/pages\/6081\/revisions"}],"predecessor-version":[{"id":6161,"href":"https:\/\/aroucafilmfestival.com\/en\/wp-json\/wp\/v2\/pages\/6081\/revisions\/6161"}],"up":[{"embeddable":true,"href":"https:\/\/aroucafilmfestival.com\/en\/wp-json\/wp\/v2\/pages\/5603"}],"wp:featuredmedia":[{"embeddable":true,"href":"https:\/\/aroucafilmfestival.com\/en\/wp-json\/wp\/v2\/media\/6091"}],"wp:attachment":[{"href":"https:\/\/aroucafilmfestival.com\/en\/wp-json\/wp\/v2\/media?parent=6081"}],"curies":[{"name":"wp","href":"https:\/\/api.w.org\/{rel}","templated":true}]}}